{"id":9790,"date":"2019-03-07T13:48:59","date_gmt":"2019-03-07T12:48:59","guid":{"rendered":"https:\/\/www.vichycatalan.com\/categorie-du-produits\/"},"modified":"2026-01-15T11:26:12","modified_gmt":"2026-01-15T10:26:12","slug":"categorie-du-produits","status":"publish","type":"page","link":"https:\/\/www.vichycatalan.com\/fr\/nos-marques\/categorie-du-produits\/","title":{"rendered":"Cat\u00e9gorie du produits"},"content":{"rendered":"<p>[et_pb_section fb_built=\u00a0\u00bb1&Prime; fullwidth=\u00a0\u00bbon\u00a0\u00bb _builder_version=\u00a0\u00bb4.16&Prime; custom_margin=\u00a0\u00bb||50px|\u00a0\u00bb custom_padding=\u00a0\u00bb||||false|false\u00a0\u00bb bottom_divider_color=\u00a0\u00bb#ffffff\u00a0\u00bb bottom_divider_height=\u00a0\u00bb50px\u00a0\u00bb global_colors_info=\u00a0\u00bb{}\u00a0\u00bb][et_pb_fullwidth_header title=\u00a0\u00bbCat\u00e9gorie du produits\u00a0\u00bb background_overlay_color=\u00a0\u00bbrgba(44,42,41,0.44)\u00a0\u00bb content_max_width=\u00a0\u00bb60%\u00a0\u00bb content_max_width_tablet=\u00a0\u00bb100%\u00a0\u00bb content_max_width_phone=\u00a0\u00bb\u00a0\u00bb content_max_width_last_edited=\u00a0\u00bbon|phone\u00a0\u00bb _builder_version=\u00a0\u00bb4.16&Prime; title_font=\u00a0\u00bbHelvetica Neue standar|700|||||||\u00a0\u00bb title_font_size=\u00a0\u00bb56px\u00a0\u00bb content_text_align=\u00a0\u00bbleft\u00a0\u00bb content_font_size=\u00a0\u00bb23px\u00a0\u00bb content_line_height=\u00a0\u00bb1.1em\u00a0\u00bb background_image=\u00a0\u00bbhttps:\/\/www.vichycatalan.com\/wp-content\/uploads\/2018\/11\/slider-marcas.jpg\u00a0\u00bb custom_margin=\u00a0\u00bb0px|0px|0px|0px\u00a0\u00bb custom_padding=\u00a0\u00bb100px|0px|200px|0px\u00a0\u00bb custom_padding_tablet=\u00a0\u00bb50px|0px|150px|0px\u00a0\u00bb custom_padding_phone=\u00a0\u00bb0px||100px\u00a0\u00bb custom_padding_last_edited=\u00a0\u00bbon|phone\u00a0\u00bb title_text_shadow_style=\u00a0\u00bbpreset1&Prime; content_text_shadow_style=\u00a0\u00bbpreset1&Prime; text_shadow_style=\u00a0\u00bbpreset1&Prime; global_colors_info=\u00a0\u00bb{}\u00a0\u00bb]D\u00e9couvrez nos vari\u00e9t\u00e9s de produits<br \/>\n[\/et_pb_fullwidth_header][\/et_pb_section][et_pb_section fb_built=\u00a0\u00bb1&Prime; module_id=\u00a0\u00bbagua-mineral-con-gas\u00a0\u00bb _builder_version=\u00a0\u00bb4.16&Prime; background_video_width=\u00a0\u00bb1280&Prime; background_video_height=\u00a0\u00bb720&Prime; custom_margin=\u00a0\u00bb||\u00a0\u00bb custom_padding=\u00a0\u00bb0|0px|16px|0px|false|false\u00a0\u00bb top_divider_color=\u00a0\u00bb#ffffff\u00a0\u00bb top_divider_height=\u00a0\u00bb50px\u00a0\u00bb bottom_divider_color=\u00a0\u00bb#c1c1c1&Prime; bottom_divider_height=\u00a0\u00bb136px\u00a0\u00bb global_colors_info=\u00a0\u00bb{}\u00a0\u00bb][et_pb_row _builder_version=\u00a0\u00bb4.16&Prime; custom_padding=\u00a0\u00bb||0px|\u00a0\u00bb global_colors_info=\u00a0\u00bb{}\u00a0\u00bb][et_pb_column type=\u00a0\u00bb4_4&Prime; _builder_version=\u00a0\u00bb4.16&Prime; custom_padding=\u00a0\u00bb|||\u00a0\u00bb global_colors_info=\u00a0\u00bb{}\u00a0\u00bb custom_padding__hover=\u00a0\u00bb|||\u00a0\u00bb][et_pb_divider divider_style=\u00a0\u00bbdouble\u00a0\u00bb divider_position=\u00a0\u00bbcenter\u00a0\u00bb divider_weight=\u00a0\u00bb7px\u00a0\u00bb _builder_version=\u00a0\u00bb4.16&Prime; global_colors_info=\u00a0\u00bb{}\u00a0\u00bb]<br \/>\n[\/et_pb_divider][\/et_pb_column][\/et_pb_row][et_pb_row _builder_version=\u00a0\u00bb4.16&Prime; background_size=\u00a0\u00bbinitial\u00a0\u00bb background_position=\u00a0\u00bbtop_left\u00a0\u00bb background_repeat=\u00a0\u00bbrepeat\u00a0\u00bb global_colors_info=\u00a0\u00bb{}\u00a0\u00bb][et_pb_column type=\u00a0\u00bb4_4&Prime; _builder_version=\u00a0\u00bb4.16&Prime; custom_padding=\u00a0\u00bb|||\u00a0\u00bb global_colors_info=\u00a0\u00bb{}\u00a0\u00bb custom_padding__hover=\u00a0\u00bb|||\u00a0\u00bb][et_pb_text _builder_version=\u00a0\u00bb4.16&Prime; header_2_font=\u00a0\u00bbHelvetica Neue standar||||||||\u00a0\u00bb header_2_font_size=\u00a0\u00bb39px\u00a0\u00bb background_color=\u00a0\u00bb#ffffff\u00a0\u00bb max_width=\u00a0\u00bb50%\u00a0\u00bb module_alignment=\u00a0\u00bbcenter\u00a0\u00bb custom_margin=\u00a0\u00bb-60px|||\u00a0\u00bb header_2_font_size_tablet=\u00a0\u00bb30px\u00a0\u00bb header_2_font_size_phone=\u00a0\u00bb22px\u00a0\u00bb header_2_font_size_last_edited=\u00a0\u00bbon|phone\u00a0\u00bb inline_fonts=\u00a0\u00bbHelvetica Neue bold\u00a0\u00bb global_colors_info=\u00a0\u00bb{}\u00a0\u00bb]<\/p>\n<h2 style=\"text-align: center;\">EAU MIN\u00c9RALE GAZEUSE<\/h2>\n<p>[\/et_pb_text][\/et_pb_column][\/et_pb_row][et_pb_row column_structure=\u00a0\u00bb1_4,1_4,1_4,1_4&Prime; use_custom_gutter=\u00a0\u00bbon\u00a0\u00bb gutter_width=\u00a0\u00bb4&Prime; module_class=\u00a0\u00bbsubmarcas\u00a0\u00bb _builder_version=\u00a0\u00bb4.16&Prime; global_colors_info=\u00a0\u00bb{}\u00a0\u00bb][et_pb_column type=\u00a0\u00bb1_4&Prime; _builder_version=\u00a0\u00bb4.16&Prime; custom_padding=\u00a0\u00bb|||\u00a0\u00bb global_colors_info=\u00a0\u00bb{}\u00a0\u00bb custom_padding__hover=\u00a0\u00bb|||\u00a0\u00bb][et_pb_image src=\u00a0\u00bbhttps:\/\/www.vichycatalan.com\/wp-content\/uploads\/2025\/09\/Vichy-Catalan-Genuina-1.jpg\u00a0\u00bb alt=\u00a0\u00bbVichy Catalan Genuina \u00a0\u00bb title_text=\u00a0\u00bbVichy Catalan Genuina \u00a0\u00bb url=\u00a0\u00bbhttps:\/\/www.vichycatalan.com\/fr\/nos-marques\/vichy-catalan-genuina\/\u00a0\u00bb use_overlay=\u00a0\u00bbon\u00a0\u00bb overlay_icon_color=\u00a0\u00bb#ffffff\u00a0\u00bb hover_overlay_color=\u00a0\u00bbrgba(252,210,153,0.66)\u00a0\u00bb hover_icon=\u00a0\u00bb&#x55;||divi||400&Prime; show_bottom_space=\u00a0\u00bboff\u00a0\u00bb align=\u00a0\u00bbcenter\u00a0\u00bb align_tablet=\u00a0\u00bbcenter\u00a0\u00bb align_phone=\u00a0\u00bb\u00a0\u00bb align_last_edited=\u00a0\u00bbon|desktop\u00a0\u00bb _builder_version=\u00a0\u00bb4.27.4&Prime; global_colors_info=\u00a0\u00bb{}\u00a0\u00bb][\/et_pb_image][et_pb_text _builder_version=\u00a0\u00bb4.16&Prime; global_colors_info=\u00a0\u00bb{}\u00a0\u00bb]<\/p>\n<p style=\"text-align: center;\">Vichy Catalan \u00ab\u00a0Genuina\u00a0\u00bb<\/p>\n<p>[\/et_pb_text][\/et_pb_column][et_pb_column type=\u00a0\u00bb1_4&Prime; _builder_version=\u00a0\u00bb4.16&Prime; custom_padding=\u00a0\u00bb|||\u00a0\u00bb global_colors_info=\u00a0\u00bb{}\u00a0\u00bb custom_padding__hover=\u00a0\u00bb|||\u00a0\u00bb][et_pb_image src=\u00a0\u00bbhttps:\/\/www.vichycatalan.com\/wp-content\/uploads\/2025\/09\/VCH-Barcelona-y-Vichy-Barcelona-Genuina.jpg\u00a0\u00bb alt=\u00a0\u00bbVCH Barcelona y Vichy Barcelona Genuina\u00a0\u00bb title_text=\u00a0\u00bbVCH Barcelona y Vichy Barcelona Genuina\u00a0\u00bb url=\u00a0\u00bbhttps:\/\/www.vichycatalan.com\/fr\/nos-marques\/vch-barcelona-et-vichy-barcelona-genuina\/\u00a0\u00bb use_overlay=\u00a0\u00bbon\u00a0\u00bb overlay_icon_color=\u00a0\u00bb#ffffff\u00a0\u00bb hover_overlay_color=\u00a0\u00bbrgba(252,210,153,0.66)\u00a0\u00bb hover_icon=\u00a0\u00bb&#x55;||divi||400&Prime; show_bottom_space=\u00a0\u00bboff\u00a0\u00bb align=\u00a0\u00bbcenter\u00a0\u00bb align_tablet=\u00a0\u00bbcenter\u00a0\u00bb align_phone=\u00a0\u00bb\u00a0\u00bb align_last_edited=\u00a0\u00bbon|desktop\u00a0\u00bb _builder_version=\u00a0\u00bb4.27.4&Prime; global_colors_info=\u00a0\u00bb{}\u00a0\u00bb][\/et_pb_image][et_pb_text _builder_version=\u00a0\u00bb4.16&Prime; global_colors_info=\u00a0\u00bb{}\u00a0\u00bb]<\/p>\n<p style=\"text-align: center;\">VCH Barcelona et Vichy Barcelona Genuina<\/p>\n<p>[\/et_pb_text][\/et_pb_column][et_pb_column type=\u00a0\u00bb1_4&Prime; _builder_version=\u00a0\u00bb4.16&Prime; custom_padding=\u00a0\u00bb|||\u00a0\u00bb global_colors_info=\u00a0\u00bb{}\u00a0\u00bb custom_padding__hover=\u00a0\u00bb|||\u00a0\u00bb][et_pb_image src=\u00a0\u00bbhttps:\/\/www.vichycatalan.com\/wp-content\/uploads\/2025\/09\/Mondariz-con-gas.jpg\u00a0\u00bb alt=\u00a0\u00bbMondariz con gas\u00a0\u00bb title_text=\u00a0\u00bbMondariz con gas\u00a0\u00bb url=\u00a0\u00bbhttps:\/\/www.vichycatalan.com\/fr\/nos-marques\/eau-minerale-naturelle-gazeuse-mondariz\/\u00a0\u00bb use_overlay=\u00a0\u00bbon\u00a0\u00bb overlay_icon_color=\u00a0\u00bb#ffffff\u00a0\u00bb hover_overlay_color=\u00a0\u00bbrgba(252,210,153,0.66)\u00a0\u00bb hover_icon=\u00a0\u00bb&#x55;||divi||400&Prime; show_bottom_space=\u00a0\u00bboff\u00a0\u00bb align=\u00a0\u00bbcenter\u00a0\u00bb align_tablet=\u00a0\u00bbcenter\u00a0\u00bb align_phone=\u00a0\u00bb\u00a0\u00bb align_last_edited=\u00a0\u00bbon|desktop\u00a0\u00bb _builder_version=\u00a0\u00bb4.27.4&Prime; global_colors_info=\u00a0\u00bb{}\u00a0\u00bb][\/et_pb_image][et_pb_text _builder_version=\u00a0\u00bb4.16&Prime; global_colors_info=\u00a0\u00bb{}\u00a0\u00bb]<\/p>\n<p style=\"text-align: center;\">Mondariz gazeuse<\/p>\n<p>[\/et_pb_text][\/et_pb_column][et_pb_column type=\u00a0\u00bb1_4&Prime; _builder_version=\u00a0\u00bb4.16&Prime; custom_padding=\u00a0\u00bb|||\u00a0\u00bb global_colors_info=\u00a0\u00bb{}\u00a0\u00bb custom_padding__hover=\u00a0\u00bb|||\u00a0\u00bb][et_pb_image src=\u00a0\u00bbhttps:\/\/www.vichycatalan.com\/wp-content\/uploads\/2025\/09\/Monte-Pinos-con-gas.jpg\u00a0\u00bb alt=\u00a0\u00bbMonte Pinos con gas\u00a0\u00bb title_text=\u00a0\u00bbMonte Pinos con gas\u00a0\u00bb url=\u00a0\u00bbhttps:\/\/www.vichycatalan.com\/fr\/nos-marques\/monte-pinos\/#monte-pinos-con-gas\u00a0\u00bb use_overlay=\u00a0\u00bbon\u00a0\u00bb overlay_icon_color=\u00a0\u00bb#ffffff\u00a0\u00bb hover_overlay_color=\u00a0\u00bbrgba(252,210,153,0.66)\u00a0\u00bb hover_icon=\u00a0\u00bb&#x55;||divi||400&Prime; show_bottom_space=\u00a0\u00bboff\u00a0\u00bb align=\u00a0\u00bbcenter\u00a0\u00bb align_tablet=\u00a0\u00bbcenter\u00a0\u00bb align_phone=\u00a0\u00bb\u00a0\u00bb align_last_edited=\u00a0\u00bbon|desktop\u00a0\u00bb _builder_version=\u00a0\u00bb4.27.4&Prime; global_colors_info=\u00a0\u00bb{}\u00a0\u00bb][\/et_pb_image][et_pb_text _builder_version=\u00a0\u00bb4.16&Prime; global_colors_info=\u00a0\u00bb{}\u00a0\u00bb]<\/p>\n<p style=\"text-align: center;\">Monte Pinos gazeuse<\/p>\n<p>[\/et_pb_text][\/et_pb_column][\/et_pb_row][et_pb_row column_structure=\u00a0\u00bb1_4,1_4,1_4,1_4&Prime; use_custom_gutter=\u00a0\u00bbon\u00a0\u00bb gutter_width=\u00a0\u00bb4&Prime; module_class=\u00a0\u00bbsubmarcas\u00a0\u00bb _builder_version=\u00a0\u00bb4.16&Prime; global_colors_info=\u00a0\u00bb{}\u00a0\u00bb][et_pb_column type=\u00a0\u00bb1_4&Prime; _builder_version=\u00a0\u00bb4.16&Prime; custom_padding=\u00a0\u00bb|||\u00a0\u00bb global_colors_info=\u00a0\u00bb{}\u00a0\u00bb custom_padding__hover=\u00a0\u00bb|||\u00a0\u00bb][et_pb_image src=\u00a0\u00bbhttps:\/\/www.vichycatalan.com\/wp-content\/uploads\/2019\/03\/malavella-original-0-75-l.jpg\u00a0\u00bb url=\u00a0\u00bbhttps:\/\/www.vichycatalan.com\/fr\/nos-marques\/malavella\/#malavella-original\u00a0\u00bb use_overlay=\u00a0\u00bbon\u00a0\u00bb overlay_icon_color=\u00a0\u00bb#ffffff\u00a0\u00bb hover_overlay_color=\u00a0\u00bbrgba(252,210,153,0.66)\u00a0\u00bb hover_icon=\u00a0\u00bb&#x55;||divi||400&Prime; show_bottom_space=\u00a0\u00bboff\u00a0\u00bb align=\u00a0\u00bbcenter\u00a0\u00bb align_tablet=\u00a0\u00bbcenter\u00a0\u00bb align_phone=\u00a0\u00bb\u00a0\u00bb align_last_edited=\u00a0\u00bbon|desktop\u00a0\u00bb _builder_version=\u00a0\u00bb4.16&Prime; global_colors_info=\u00a0\u00bb{}\u00a0\u00bb][\/et_pb_image][et_pb_text _builder_version=\u00a0\u00bb4.16&Prime; global_colors_info=\u00a0\u00bb{}\u00a0\u00bb]<\/p>\n<p style=\"text-align: center;\">Malavella Original<\/p>\n<p>[\/et_pb_text][\/et_pb_column][et_pb_column type=\u00a0\u00bb1_4&Prime; _builder_version=\u00a0\u00bb4.16&Prime; custom_padding=\u00a0\u00bb|||\u00a0\u00bb global_colors_info=\u00a0\u00bb{}\u00a0\u00bb custom_padding__hover=\u00a0\u00bb|||\u00a0\u00bb][et_pb_image src=\u00a0\u00bbhttps:\/\/www.vichycatalan.com\/wp-content\/uploads\/2025\/09\/Malavella.jpg\u00a0\u00bb alt=\u00a0\u00bbMalavella\u00a0\u00bb title_text=\u00a0\u00bbMalavella\u00a0\u00bb url=\u00a0\u00bbhttps:\/\/www.vichycatalan.com\/fr\/nos-marques\/malavella\/#malavella-classic\u00a0\u00bb use_overlay=\u00a0\u00bbon\u00a0\u00bb overlay_icon_color=\u00a0\u00bb#ffffff\u00a0\u00bb hover_overlay_color=\u00a0\u00bbrgba(252,210,153,0.66)\u00a0\u00bb hover_icon=\u00a0\u00bb&#x55;||divi||400&Prime; show_bottom_space=\u00a0\u00bboff\u00a0\u00bb align=\u00a0\u00bbcenter\u00a0\u00bb align_tablet=\u00a0\u00bbcenter\u00a0\u00bb align_phone=\u00a0\u00bb\u00a0\u00bb align_last_edited=\u00a0\u00bbon|desktop\u00a0\u00bb _builder_version=\u00a0\u00bb4.27.4&Prime; global_colors_info=\u00a0\u00bb{}\u00a0\u00bb][\/et_pb_image][et_pb_text _builder_version=\u00a0\u00bb4.16&Prime; global_colors_info=\u00a0\u00bb{}\u00a0\u00bb]<\/p>\n<p style=\"text-align: center;\">Malavella Classic<\/p>\n<p>[\/et_pb_text][\/et_pb_column][et_pb_column type=\u00a0\u00bb1_4&Prime; _builder_version=\u00a0\u00bb4.16&Prime; custom_padding=\u00a0\u00bb|||\u00a0\u00bb global_colors_info=\u00a0\u00bb{}\u00a0\u00bb custom_padding__hover=\u00a0\u00bb|||\u00a0\u00bb][et_pb_image src=\u00a0\u00bbhttps:\/\/www.vichycatalan.com\/wp-content\/uploads\/2025\/09\/Fuente-del-Val_-con-gas.jpg\u00a0\u00bb alt=\u00a0\u00bbFuente del Val\u00a0\u00bb title_text=\u00a0\u00bbFuente del Val_ con gas\u00a0\u00bb url=\u00a0\u00bbhttps:\/\/www.vichycatalan.com\/fr\/nos-marques\/fuente-del-val\/#fuente-del-val-con-gas\u00a0\u00bb use_overlay=\u00a0\u00bbon\u00a0\u00bb overlay_icon_color=\u00a0\u00bb#ffffff\u00a0\u00bb hover_overlay_color=\u00a0\u00bbrgba(252,210,153,0.66)\u00a0\u00bb hover_icon=\u00a0\u00bb&#x55;||divi||400&Prime; show_bottom_space=\u00a0\u00bboff\u00a0\u00bb align=\u00a0\u00bbcenter\u00a0\u00bb align_tablet=\u00a0\u00bbcenter\u00a0\u00bb align_phone=\u00a0\u00bb\u00a0\u00bb align_last_edited=\u00a0\u00bbon|desktop\u00a0\u00bb _builder_version=\u00a0\u00bb4.27.4&Prime; global_colors_info=\u00a0\u00bb{}\u00a0\u00bb][\/et_pb_image][et_pb_text _builder_version=\u00a0\u00bb4.16&Prime; global_colors_info=\u00a0\u00bb{}\u00a0\u00bb]<\/p>\n<p style=\"text-align: center;\">Fuente del Val gazeuse<\/p>\n<p>[\/et_pb_text][\/et_pb_column][et_pb_column type=\u00a0\u00bb1_4&Prime; _builder_version=\u00a0\u00bb4.16&Prime; custom_padding=\u00a0\u00bb|||\u00a0\u00bb global_colors_info=\u00a0\u00bb{}\u00a0\u00bb custom_padding__hover=\u00a0\u00bb|||\u00a0\u00bb][\/et_pb_column][\/et_pb_row][\/et_pb_section][et_pb_section fb_built=\u00a0\u00bb1&Prime; module_id=\u00a0\u00bbagua-mineral-sin-gas\u00a0\u00bb _builder_version=\u00a0\u00bb4.16&Prime; background_video_width=\u00a0\u00bb1280&Prime; background_video_height=\u00a0\u00bb720&Prime; custom_margin=\u00a0\u00bb||\u00a0\u00bb custom_padding=\u00a0\u00bb0|0px|16px|0px|false|false\u00a0\u00bb top_divider_color=\u00a0\u00bb#ffffff\u00a0\u00bb top_divider_height=\u00a0\u00bb50px\u00a0\u00bb bottom_divider_color=\u00a0\u00bb#c1c1c1&Prime; bottom_divider_height=\u00a0\u00bb136px\u00a0\u00bb global_colors_info=\u00a0\u00bb{}\u00a0\u00bb][et_pb_row _builder_version=\u00a0\u00bb4.16&Prime; custom_padding=\u00a0\u00bb||0px|\u00a0\u00bb global_colors_info=\u00a0\u00bb{}\u00a0\u00bb][et_pb_column type=\u00a0\u00bb4_4&Prime; _builder_version=\u00a0\u00bb4.16&Prime; custom_padding=\u00a0\u00bb|||\u00a0\u00bb global_colors_info=\u00a0\u00bb{}\u00a0\u00bb custom_padding__hover=\u00a0\u00bb|||\u00a0\u00bb][et_pb_divider divider_style=\u00a0\u00bbdouble\u00a0\u00bb divider_position=\u00a0\u00bbcenter\u00a0\u00bb divider_weight=\u00a0\u00bb7px\u00a0\u00bb _builder_version=\u00a0\u00bb4.16&Prime; global_colors_info=\u00a0\u00bb{}\u00a0\u00bb]<br \/>\n[\/et_pb_divider][\/et_pb_column][\/et_pb_row][et_pb_row _builder_version=\u00a0\u00bb4.16&Prime; background_size=\u00a0\u00bbinitial\u00a0\u00bb background_position=\u00a0\u00bbtop_left\u00a0\u00bb background_repeat=\u00a0\u00bbrepeat\u00a0\u00bb global_colors_info=\u00a0\u00bb{}\u00a0\u00bb][et_pb_column type=\u00a0\u00bb4_4&Prime; _builder_version=\u00a0\u00bb4.16&Prime; custom_padding=\u00a0\u00bb|||\u00a0\u00bb global_colors_info=\u00a0\u00bb{}\u00a0\u00bb custom_padding__hover=\u00a0\u00bb|||\u00a0\u00bb][et_pb_text _builder_version=\u00a0\u00bb4.16&Prime; header_2_font=\u00a0\u00bbHelvetica Neue standar||||||||\u00a0\u00bb header_2_font_size=\u00a0\u00bb39px\u00a0\u00bb background_color=\u00a0\u00bb#ffffff\u00a0\u00bb max_width=\u00a0\u00bb50%\u00a0\u00bb module_alignment=\u00a0\u00bbcenter\u00a0\u00bb custom_margin=\u00a0\u00bb-60px|||\u00a0\u00bb header_2_font_size_tablet=\u00a0\u00bb30px\u00a0\u00bb header_2_font_size_phone=\u00a0\u00bb22px\u00a0\u00bb header_2_font_size_last_edited=\u00a0\u00bbon|phone\u00a0\u00bb inline_fonts=\u00a0\u00bbHelvetica Neue bold\u00a0\u00bb global_colors_info=\u00a0\u00bb{}\u00a0\u00bb]<\/p>\n<h2 style=\"text-align: center;\">EAU MIN\u00c9RALE PLATE<\/h2>\n<p>[\/et_pb_text][\/et_pb_column][\/et_pb_row][et_pb_row column_structure=\u00a0\u00bb1_4,1_4,1_4,1_4&Prime; use_custom_gutter=\u00a0\u00bbon\u00a0\u00bb gutter_width=\u00a0\u00bb4&Prime; module_class=\u00a0\u00bbsubmarcas\u00a0\u00bb _builder_version=\u00a0\u00bb4.16&Prime; global_colors_info=\u00a0\u00bb{}\u00a0\u00bb][et_pb_column type=\u00a0\u00bb1_4&Prime; _builder_version=\u00a0\u00bb4.16&Prime; custom_padding=\u00a0\u00bb|||\u00a0\u00bb global_colors_info=\u00a0\u00bb{}\u00a0\u00bb custom_padding__hover=\u00a0\u00bb|||\u00a0\u00bb][et_pb_image src=\u00a0\u00bbhttps:\/\/www.vichycatalan.com\/wp-content\/uploads\/2025\/09\/Font-dOr.jpg\u00a0\u00bb alt=\u00a0\u00bbFont d&rsquo;Or\u00a0\u00bb title_text=\u00a0\u00bbFont d&rsquo;Or\u00a0\u00bb url=\u00a0\u00bbhttps:\/\/www.vichycatalan.com\/fr\/nos-marques\/font-dor-classic\/\u00a0\u00bb use_overlay=\u00a0\u00bbon\u00a0\u00bb overlay_icon_color=\u00a0\u00bb#ffffff\u00a0\u00bb hover_overlay_color=\u00a0\u00bbrgba(252,210,153,0.66)\u00a0\u00bb hover_icon=\u00a0\u00bb&#x55;||divi||400&Prime; show_bottom_space=\u00a0\u00bboff\u00a0\u00bb align=\u00a0\u00bbcenter\u00a0\u00bb align_tablet=\u00a0\u00bbcenter\u00a0\u00bb align_phone=\u00a0\u00bb\u00a0\u00bb align_last_edited=\u00a0\u00bbon|desktop\u00a0\u00bb _builder_version=\u00a0\u00bb4.27.4&Prime; global_colors_info=\u00a0\u00bb{}\u00a0\u00bb][\/et_pb_image][et_pb_text _builder_version=\u00a0\u00bb4.16&Prime; global_colors_info=\u00a0\u00bb{}\u00a0\u00bb]<\/p>\n<p style=\"text-align: center;\">Font d\u2019Or Classic<\/p>\n<p>[\/et_pb_text][\/et_pb_column][et_pb_column type=\u00a0\u00bb1_4&Prime; _builder_version=\u00a0\u00bb4.16&Prime; custom_padding=\u00a0\u00bb|||\u00a0\u00bb global_colors_info=\u00a0\u00bb{}\u00a0\u00bb custom_padding__hover=\u00a0\u00bb|||\u00a0\u00bb][et_pb_image src=\u00a0\u00bbhttps:\/\/www.vichycatalan.com\/wp-content\/uploads\/2025\/09\/Font-dOr-Maximum.jpg\u00a0\u00bb alt=\u00a0\u00bbFont d&rsquo;Or Maximum\u00a0\u00bb title_text=\u00a0\u00bbFont d&rsquo;Or Maximum\u00a0\u00bb url=\u00a0\u00bbhttps:\/\/www.vichycatalan.com\/fr\/nos-marques\/font-dor-maximum\/\u00a0\u00bb use_overlay=\u00a0\u00bbon\u00a0\u00bb overlay_icon_color=\u00a0\u00bb#ffffff\u00a0\u00bb hover_overlay_color=\u00a0\u00bbrgba(252,210,153,0.66)\u00a0\u00bb hover_icon=\u00a0\u00bb&#x55;||divi||400&Prime; show_bottom_space=\u00a0\u00bboff\u00a0\u00bb align=\u00a0\u00bbcenter\u00a0\u00bb align_tablet=\u00a0\u00bbcenter\u00a0\u00bb align_phone=\u00a0\u00bb\u00a0\u00bb align_last_edited=\u00a0\u00bbon|desktop\u00a0\u00bb _builder_version=\u00a0\u00bb4.27.4&Prime; global_colors_info=\u00a0\u00bb{}\u00a0\u00bb][\/et_pb_image][et_pb_text _builder_version=\u00a0\u00bb4.16&Prime; global_colors_info=\u00a0\u00bb{}\u00a0\u00bb]<\/p>\n<p style=\"text-align: center;\">Font d\u2019Or Maximum<\/p>\n<p>[\/et_pb_text][\/et_pb_column][et_pb_column type=\u00a0\u00bb1_4&Prime; _builder_version=\u00a0\u00bb4.16&Prime; custom_padding=\u00a0\u00bb|||\u00a0\u00bb global_colors_info=\u00a0\u00bb{}\u00a0\u00bb custom_padding__hover=\u00a0\u00bb|||\u00a0\u00bb][et_pb_image src=\u00a0\u00bbhttps:\/\/www.vichycatalan.com\/wp-content\/uploads\/2025\/09\/Font-dOr-PET.jpg\u00a0\u00bb alt=\u00a0\u00bbFont d&rsquo;Or PET\u00a0\u00bb title_text=\u00a0\u00bbFont d&rsquo;Or PET\u00a0\u00bb url=\u00a0\u00bbhttps:\/\/www.vichycatalan.com\/fr\/nos-marques\/font-dor-pet\/\u00a0\u00bb use_overlay=\u00a0\u00bbon\u00a0\u00bb overlay_icon_color=\u00a0\u00bb#ffffff\u00a0\u00bb hover_overlay_color=\u00a0\u00bbrgba(252,210,153,0.66)\u00a0\u00bb hover_icon=\u00a0\u00bb&#x55;||divi||400&Prime; show_bottom_space=\u00a0\u00bboff\u00a0\u00bb align=\u00a0\u00bbcenter\u00a0\u00bb align_tablet=\u00a0\u00bbcenter\u00a0\u00bb align_phone=\u00a0\u00bb\u00a0\u00bb align_last_edited=\u00a0\u00bbon|desktop\u00a0\u00bb _builder_version=\u00a0\u00bb4.27.4&Prime; global_colors_info=\u00a0\u00bb{}\u00a0\u00bb][\/et_pb_image][et_pb_text _builder_version=\u00a0\u00bb4.16&Prime; global_colors_info=\u00a0\u00bb{}\u00a0\u00bb]<\/p>\n<p style=\"text-align: center;\">Font d\u2019Or PET<\/p>\n<p>[\/et_pb_text][\/et_pb_column][et_pb_column type=\u00a0\u00bb1_4&Prime; _builder_version=\u00a0\u00bb4.16&Prime; custom_padding=\u00a0\u00bb|||\u00a0\u00bb global_colors_info=\u00a0\u00bb{}\u00a0\u00bb custom_padding__hover=\u00a0\u00bb|||\u00a0\u00bb][et_pb_image src=\u00a0\u00bbhttps:\/\/www.vichycatalan.com\/wp-content\/uploads\/2025\/09\/Mondariz-1.jpg\u00a0\u00bb alt=\u00a0\u00bbMondariz sin gas\u00a0\u00bb title_text=\u00a0\u00bbMondariz (1)\u00a0\u00bb url=\u00a0\u00bbhttps:\/\/www.vichycatalan.com\/fr\/nos-marques\/eau-minerale-naturelle-plate-mondariz\/\u00a0\u00bb use_overlay=\u00a0\u00bbon\u00a0\u00bb overlay_icon_color=\u00a0\u00bb#ffffff\u00a0\u00bb hover_overlay_color=\u00a0\u00bbrgba(252,210,153,0.66)\u00a0\u00bb hover_icon=\u00a0\u00bb&#x55;||divi||400&Prime; show_bottom_space=\u00a0\u00bboff\u00a0\u00bb align=\u00a0\u00bbcenter\u00a0\u00bb align_tablet=\u00a0\u00bbcenter\u00a0\u00bb align_phone=\u00a0\u00bb\u00a0\u00bb align_last_edited=\u00a0\u00bbon|desktop\u00a0\u00bb _builder_version=\u00a0\u00bb4.27.4&Prime; global_colors_info=\u00a0\u00bb{}\u00a0\u00bb][\/et_pb_image][et_pb_text _builder_version=\u00a0\u00bb4.16&Prime; global_colors_info=\u00a0\u00bb{}\u00a0\u00bb]<\/p>\n<p style=\"text-align: center;\">Mondariz eau plate<\/p>\n<p>[\/et_pb_text][\/et_pb_column][\/et_pb_row][et_pb_row column_structure=\u00a0\u00bb1_4,1_4,1_4,1_4&Prime; use_custom_gutter=\u00a0\u00bbon\u00a0\u00bb gutter_width=\u00a0\u00bb4&Prime; module_class=\u00a0\u00bbsubmarcas\u00a0\u00bb _builder_version=\u00a0\u00bb4.16&Prime; global_colors_info=\u00a0\u00bb{}\u00a0\u00bb][et_pb_column type=\u00a0\u00bb1_4&Prime; _builder_version=\u00a0\u00bb4.16&Prime; custom_padding=\u00a0\u00bb|||\u00a0\u00bb global_colors_info=\u00a0\u00bb{}\u00a0\u00bb custom_padding__hover=\u00a0\u00bb|||\u00a0\u00bb][et_pb_image src=\u00a0\u00bbhttps:\/\/www.vichycatalan.com\/wp-content\/uploads\/2025\/09\/Monte-Pinos-sin-gas.jpg\u00a0\u00bb alt=\u00a0\u00bbMonte Pinos sin gas\u00a0\u00bb title_text=\u00a0\u00bbMonte Pinos sin gas\u00a0\u00bb url=\u00a0\u00bbhttps:\/\/www.vichycatalan.com\/fr\/nos-marques\/monte-pinos\/#monte-pinos-sin-gas\u00a0\u00bb use_overlay=\u00a0\u00bbon\u00a0\u00bb overlay_icon_color=\u00a0\u00bb#ffffff\u00a0\u00bb hover_overlay_color=\u00a0\u00bbrgba(252,210,153,0.66)\u00a0\u00bb hover_icon=\u00a0\u00bb&#x55;||divi||400&Prime; show_bottom_space=\u00a0\u00bboff\u00a0\u00bb align=\u00a0\u00bbcenter\u00a0\u00bb align_tablet=\u00a0\u00bbcenter\u00a0\u00bb align_phone=\u00a0\u00bb\u00a0\u00bb align_last_edited=\u00a0\u00bbon|desktop\u00a0\u00bb _builder_version=\u00a0\u00bb4.27.4&Prime; global_colors_info=\u00a0\u00bb{}\u00a0\u00bb][\/et_pb_image][et_pb_text _builder_version=\u00a0\u00bb4.16&Prime; global_colors_info=\u00a0\u00bb{}\u00a0\u00bb]<\/p>\n<p style=\"text-align: center;\">Monte Pinos eau plate<\/p>\n<p>[\/et_pb_text][\/et_pb_column][et_pb_column type=\u00a0\u00bb1_4&Prime; _builder_version=\u00a0\u00bb4.16&Prime; custom_padding=\u00a0\u00bb|||\u00a0\u00bb global_colors_info=\u00a0\u00bb{}\u00a0\u00bb custom_padding__hover=\u00a0\u00bb|||\u00a0\u00bb][et_pb_image src=\u00a0\u00bbhttps:\/\/www.vichycatalan.com\/wp-content\/uploads\/2018\/11\/les-creus-diamant-1-l.jpg\u00a0\u00bb url=\u00a0\u00bbhttps:\/\/www.vichycatalan.com\/fr\/nos-marques\/les-creus\/#les-creus-diamant\u00a0\u00bb use_overlay=\u00a0\u00bbon\u00a0\u00bb overlay_icon_color=\u00a0\u00bb#ffffff\u00a0\u00bb hover_overlay_color=\u00a0\u00bbrgba(252,210,153,0.66)\u00a0\u00bb hover_icon=\u00a0\u00bb&#x55;||divi||400&Prime; show_bottom_space=\u00a0\u00bboff\u00a0\u00bb align=\u00a0\u00bbcenter\u00a0\u00bb align_tablet=\u00a0\u00bbcenter\u00a0\u00bb align_phone=\u00a0\u00bb\u00a0\u00bb align_last_edited=\u00a0\u00bbon|desktop\u00a0\u00bb _builder_version=\u00a0\u00bb4.16&Prime; global_colors_info=\u00a0\u00bb{}\u00a0\u00bb][\/et_pb_image][et_pb_text _builder_version=\u00a0\u00bb4.16&Prime; global_colors_info=\u00a0\u00bb{}\u00a0\u00bb]<\/p>\n<p style=\"text-align: center;\">Les Creus Diamant<\/p>\n<p>[\/et_pb_text][\/et_pb_column][et_pb_column type=\u00a0\u00bb1_4&Prime; _builder_version=\u00a0\u00bb4.16&Prime; custom_padding=\u00a0\u00bb|||\u00a0\u00bb global_colors_info=\u00a0\u00bb{}\u00a0\u00bb custom_padding__hover=\u00a0\u00bb|||\u00a0\u00bb][et_pb_image src=\u00a0\u00bbhttps:\/\/www.vichycatalan.com\/wp-content\/uploads\/2025\/12\/Categoria-Producto-Les-Creus.jpg\u00a0\u00bb alt=\u00a0\u00bbCat\u00e9gorie du produits Les Creus\u00a0\u00bb title_text=\u00a0\u00bbCat\u00e9gorie du produits Les Creus\u00a0\u00bb url=\u00a0\u00bbhttps:\/\/www.vichycatalan.com\/fr\/nos-marques\/les-creus\/#les-creus-classic\u00a0\u00bb use_overlay=\u00a0\u00bbon\u00a0\u00bb overlay_icon_color=\u00a0\u00bb#ffffff\u00a0\u00bb hover_overlay_color=\u00a0\u00bbrgba(252,210,153,0.66)\u00a0\u00bb hover_icon=\u00a0\u00bb&#x55;||divi||400&Prime; show_bottom_space=\u00a0\u00bboff\u00a0\u00bb align=\u00a0\u00bbcenter\u00a0\u00bb align_tablet=\u00a0\u00bbcenter\u00a0\u00bb align_phone=\u00a0\u00bb\u00a0\u00bb align_last_edited=\u00a0\u00bbon|desktop\u00a0\u00bb _builder_version=\u00a0\u00bb4.27.4&Prime; global_colors_info=\u00a0\u00bb{}\u00a0\u00bb][\/et_pb_image][et_pb_text _builder_version=\u00a0\u00bb4.16&Prime; global_colors_info=\u00a0\u00bb{}\u00a0\u00bb]<\/p>\n<p style=\"text-align: center;\">Les Creus Classic<\/p>\n<p>[\/et_pb_text][\/et_pb_column][et_pb_column type=\u00a0\u00bb1_4&Prime; _builder_version=\u00a0\u00bb4.16&Prime; custom_padding=\u00a0\u00bb|||\u00a0\u00bb global_colors_info=\u00a0\u00bb{}\u00a0\u00bb custom_padding__hover=\u00a0\u00bb|||\u00a0\u00bb][et_pb_image src=\u00a0\u00bbhttps:\/\/www.vichycatalan.com\/wp-content\/uploads\/2019\/02\/font-regas-pet-8-l.jpg\u00a0\u00bb url=\u00a0\u00bbhttps:\/\/www.vichycatalan.com\/fr\/nos-marques\/font-del-regas\/\u00a0\u00bb use_overlay=\u00a0\u00bbon\u00a0\u00bb overlay_icon_color=\u00a0\u00bb#ffffff\u00a0\u00bb hover_overlay_color=\u00a0\u00bbrgba(252,210,153,0.66)\u00a0\u00bb hover_icon=\u00a0\u00bb&#x55;||divi||400&Prime; show_bottom_space=\u00a0\u00bboff\u00a0\u00bb align=\u00a0\u00bbcenter\u00a0\u00bb align_tablet=\u00a0\u00bbcenter\u00a0\u00bb align_phone=\u00a0\u00bb\u00a0\u00bb align_last_edited=\u00a0\u00bbon|desktop\u00a0\u00bb _builder_version=\u00a0\u00bb4.16&Prime; global_colors_info=\u00a0\u00bb{}\u00a0\u00bb][\/et_pb_image][et_pb_text _builder_version=\u00a0\u00bb4.16&Prime; global_colors_info=\u00a0\u00bb{}\u00a0\u00bb]<\/p>\n<p style=\"text-align: center;\">Font del Reg\u00e0s<\/p>\n<p>[\/et_pb_text][\/et_pb_column][\/et_pb_row][et_pb_row column_structure=\u00a0\u00bb1_4,1_4,1_4,1_4&Prime; use_custom_gutter=\u00a0\u00bbon\u00a0\u00bb gutter_width=\u00a0\u00bb4&Prime; module_class=\u00a0\u00bbsubmarcas\u00a0\u00bb _builder_version=\u00a0\u00bb4.16&Prime; global_colors_info=\u00a0\u00bb{}\u00a0\u00bb][et_pb_column type=\u00a0\u00bb1_4&Prime; _builder_version=\u00a0\u00bb4.16&Prime; custom_padding=\u00a0\u00bb|||\u00a0\u00bb global_colors_info=\u00a0\u00bb{}\u00a0\u00bb custom_padding__hover=\u00a0\u00bb|||\u00a0\u00bb][et_pb_image src=\u00a0\u00bbhttps:\/\/www.vichycatalan.com\/wp-content\/uploads\/2025\/09\/Mondariz-1.jpg\u00a0\u00bb alt=\u00a0\u00bbMondariz sin gas\u00a0\u00bb title_text=\u00a0\u00bbMondariz\u00a0\u00bb url=\u00a0\u00bbhttps:\/\/www.vichycatalan.com\/fr\/nos-marques\/fuente-del-val\/#fuente-del-val-sin-gas\u00a0\u00bb use_overlay=\u00a0\u00bbon\u00a0\u00bb overlay_icon_color=\u00a0\u00bb#ffffff\u00a0\u00bb hover_overlay_color=\u00a0\u00bbrgba(252,210,153,0.66)\u00a0\u00bb hover_icon=\u00a0\u00bb&#x55;||divi||400&Prime; show_bottom_space=\u00a0\u00bboff\u00a0\u00bb align=\u00a0\u00bbcenter\u00a0\u00bb align_tablet=\u00a0\u00bbcenter\u00a0\u00bb align_phone=\u00a0\u00bb\u00a0\u00bb align_last_edited=\u00a0\u00bbon|desktop\u00a0\u00bb _builder_version=\u00a0\u00bb4.27.4&Prime; global_colors_info=\u00a0\u00bb{}\u00a0\u00bb][\/et_pb_image][et_pb_text _builder_version=\u00a0\u00bb4.16&Prime; global_colors_info=\u00a0\u00bb{}\u00a0\u00bb]<\/p>\n<p style=\"text-align: center;\">Fuente del Val eau plate<\/p>\n<p>[\/et_pb_text][\/et_pb_column][et_pb_column type=\u00a0\u00bb1_4&Prime; _builder_version=\u00a0\u00bb4.16&Prime; custom_padding=\u00a0\u00bb|||\u00a0\u00bb global_colors_info=\u00a0\u00bb{}\u00a0\u00bb custom_padding__hover=\u00a0\u00bb|||\u00a0\u00bb][et_pb_image src=\u00a0\u00bbhttps:\/\/www.vichycatalan.com\/wp-content\/uploads\/2019\/01\/euroacqua-8-l.jpg\u00a0\u00bb url=\u00a0\u00bbhttps:\/\/www.vichycatalan.com\/fr\/nos-marques\/euroacqua\/\u00a0\u00bb use_overlay=\u00a0\u00bbon\u00a0\u00bb overlay_icon_color=\u00a0\u00bb#ffffff\u00a0\u00bb hover_overlay_color=\u00a0\u00bbrgba(252,210,153,0.66)\u00a0\u00bb hover_icon=\u00a0\u00bb&#x55;||divi||400&Prime; show_bottom_space=\u00a0\u00bboff\u00a0\u00bb align=\u00a0\u00bbcenter\u00a0\u00bb align_tablet=\u00a0\u00bbcenter\u00a0\u00bb align_phone=\u00a0\u00bb\u00a0\u00bb align_last_edited=\u00a0\u00bbon|desktop\u00a0\u00bb _builder_version=\u00a0\u00bb4.16&Prime; global_colors_info=\u00a0\u00bb{}\u00a0\u00bb][\/et_pb_image][et_pb_text _builder_version=\u00a0\u00bb4.16&Prime; global_colors_info=\u00a0\u00bb{}\u00a0\u00bb]<\/p>\n<p style=\"text-align: center;\">Euroacqua<\/p>\n<p>[\/et_pb_text][\/et_pb_column][et_pb_column type=\u00a0\u00bb1_4&Prime; _builder_version=\u00a0\u00bb4.16&Prime; custom_padding=\u00a0\u00bb|||\u00a0\u00bb global_colors_info=\u00a0\u00bb{}\u00a0\u00bb custom_padding__hover=\u00a0\u00bb|||\u00a0\u00bb][et_pb_image src=\u00a0\u00bbhttps:\/\/www.vichycatalan.com\/wp-content\/uploads\/2025\/09\/Uniaqua-15L.jpg\u00a0\u00bb alt=\u00a0\u00bbUniaqua 1,5L\u00a0\u00bb title_text=\u00a0\u00bbUniaqua 1,5L\u00a0\u00bb url=\u00a0\u00bbhttps:\/\/www.vichycatalan.com\/fr\/nos-marques\/uniaqua\/\u00a0\u00bb use_overlay=\u00a0\u00bbon\u00a0\u00bb overlay_icon_color=\u00a0\u00bb#ffffff\u00a0\u00bb hover_overlay_color=\u00a0\u00bbrgba(252,210,153,0.66)\u00a0\u00bb hover_icon=\u00a0\u00bb&#x55;||divi||400&Prime; show_bottom_space=\u00a0\u00bboff\u00a0\u00bb align=\u00a0\u00bbcenter\u00a0\u00bb align_tablet=\u00a0\u00bbcenter\u00a0\u00bb align_phone=\u00a0\u00bb\u00a0\u00bb align_last_edited=\u00a0\u00bbon|desktop\u00a0\u00bb _builder_version=\u00a0\u00bb4.27.4&Prime; global_colors_info=\u00a0\u00bb{}\u00a0\u00bb][\/et_pb_image][et_pb_text _builder_version=\u00a0\u00bb4.16&Prime; global_colors_info=\u00a0\u00bb{}\u00a0\u00bb]<\/p>\n<p style=\"text-align: center;\">Uniaqua<\/p>\n<p>[\/et_pb_text][\/et_pb_column][et_pb_column type=\u00a0\u00bb1_4&Prime; _builder_version=\u00a0\u00bb4.16&Prime; custom_padding=\u00a0\u00bb|||\u00a0\u00bb global_colors_info=\u00a0\u00bb{}\u00a0\u00bb custom_padding__hover=\u00a0\u00bb|||\u00a0\u00bb][et_pb_image src=\u00a0\u00bbhttps:\/\/www.vichycatalan.com\/wp-content\/uploads\/2025\/12\/Categoria-Producto-AquaBlue.jpg\u00a0\u00bb alt=\u00a0\u00bbCat\u00e9gorie du produits AquaBlue\u00a0\u00bb title_text=\u00a0\u00bbCat\u00e9gorie du produits AquaBlue\u00a0\u00bb url=\u00a0\u00bbhttps:\/\/www.vichycatalan.com\/fr\/nos-marques\/sant-hilari\/\u00a0\u00bb use_overlay=\u00a0\u00bbon\u00a0\u00bb overlay_icon_color=\u00a0\u00bb#ffffff\u00a0\u00bb hover_overlay_color=\u00a0\u00bbrgba(252,210,153,0.66)\u00a0\u00bb hover_icon=\u00a0\u00bb&#x55;||divi||400&Prime; show_bottom_space=\u00a0\u00bboff\u00a0\u00bb align=\u00a0\u00bbcenter\u00a0\u00bb align_tablet=\u00a0\u00bbcenter\u00a0\u00bb align_phone=\u00a0\u00bb\u00a0\u00bb align_last_edited=\u00a0\u00bbon|desktop\u00a0\u00bb _builder_version=\u00a0\u00bb4.27.4&Prime; global_colors_info=\u00a0\u00bb{}\u00a0\u00bb][\/et_pb_image][et_pb_text _builder_version=\u00a0\u00bb4.27.4&Prime; global_colors_info=\u00a0\u00bb{}\u00a0\u00bb]<\/p>\n<p style=\"text-align: center;\">AquaBlue<\/p>\n<p>[\/et_pb_text][\/et_pb_column][\/et_pb_row][et_pb_row column_structure=\u00a0\u00bb1_4,1_4,1_4,1_4&Prime; use_custom_gutter=\u00a0\u00bbon\u00a0\u00bb gutter_width=\u00a0\u00bb4&Prime; module_class=\u00a0\u00bbsubmarcas\u00a0\u00bb _builder_version=\u00a0\u00bb4.16&Prime; global_colors_info=\u00a0\u00bb{}\u00a0\u00bb][et_pb_column type=\u00a0\u00bb1_4&Prime; _builder_version=\u00a0\u00bb4.16&Prime; custom_padding=\u00a0\u00bb|||\u00a0\u00bb global_colors_info=\u00a0\u00bb{}\u00a0\u00bb custom_padding__hover=\u00a0\u00bb|||\u00a0\u00bb][et_pb_image src=\u00a0\u00bbhttps:\/\/www.vichycatalan.com\/wp-content\/uploads\/2019\/01\/fuente-estrella-1-l.jpg\u00a0\u00bb url=\u00a0\u00bbhttps:\/\/www.vichycatalan.com\/fr\/nos-marques\/fuente-estrella\/\u00a0\u00bb use_overlay=\u00a0\u00bbon\u00a0\u00bb overlay_icon_color=\u00a0\u00bb#ffffff\u00a0\u00bb hover_overlay_color=\u00a0\u00bbrgba(252,210,153,0.66)\u00a0\u00bb hover_icon=\u00a0\u00bb&#x55;||divi||400&Prime; show_bottom_space=\u00a0\u00bboff\u00a0\u00bb align=\u00a0\u00bbcenter\u00a0\u00bb align_tablet=\u00a0\u00bbcenter\u00a0\u00bb align_phone=\u00a0\u00bb\u00a0\u00bb align_last_edited=\u00a0\u00bbon|desktop\u00a0\u00bb _builder_version=\u00a0\u00bb4.16&Prime; global_colors_info=\u00a0\u00bb{}\u00a0\u00bb][\/et_pb_image][et_pb_text _builder_version=\u00a0\u00bb4.16&Prime; global_colors_info=\u00a0\u00bb{}\u00a0\u00bb]<\/p>\n<p style=\"text-align: center;\">Fuente Estrella<\/p>\n<p>[\/et_pb_text][\/et_pb_column][et_pb_column type=\u00a0\u00bb1_4&Prime; _builder_version=\u00a0\u00bb4.16&Prime; custom_padding=\u00a0\u00bb|||\u00a0\u00bb global_colors_info=\u00a0\u00bb{}\u00a0\u00bb custom_padding__hover=\u00a0\u00bb|||\u00a0\u00bb][\/et_pb_column][et_pb_column type=\u00a0\u00bb1_4&Prime; _builder_version=\u00a0\u00bb4.16&Prime; custom_padding=\u00a0\u00bb|||\u00a0\u00bb global_colors_info=\u00a0\u00bb{}\u00a0\u00bb custom_padding__hover=\u00a0\u00bb|||\u00a0\u00bb][\/et_pb_column][et_pb_column type=\u00a0\u00bb1_4&Prime; _builder_version=\u00a0\u00bb4.16&Prime; custom_padding=\u00a0\u00bb|||\u00a0\u00bb global_colors_info=\u00a0\u00bb{}\u00a0\u00bb custom_padding__hover=\u00a0\u00bb|||\u00a0\u00bb][\/et_pb_column][\/et_pb_row][\/et_pb_section][et_pb_section fb_built=\u00a0\u00bb1&Prime; module_id=\u00a0\u00bbsabores-azucares\u00a0\u00bb _builder_version=\u00a0\u00bb4.16&Prime; background_video_width=\u00a0\u00bb1280&Prime; background_video_height=\u00a0\u00bb720&Prime; custom_margin=\u00a0\u00bb||\u00a0\u00bb custom_padding=\u00a0\u00bb0|0px|16px|0px|false|false\u00a0\u00bb top_divider_color=\u00a0\u00bb#ffffff\u00a0\u00bb top_divider_height=\u00a0\u00bb50px\u00a0\u00bb bottom_divider_color=\u00a0\u00bb#c1c1c1&Prime; bottom_divider_height=\u00a0\u00bb136px\u00a0\u00bb global_colors_info=\u00a0\u00bb{}\u00a0\u00bb][et_pb_row _builder_version=\u00a0\u00bb4.16&Prime; custom_padding=\u00a0\u00bb||0px|\u00a0\u00bb global_colors_info=\u00a0\u00bb{}\u00a0\u00bb][et_pb_column type=\u00a0\u00bb4_4&Prime; _builder_version=\u00a0\u00bb4.16&Prime; custom_padding=\u00a0\u00bb|||\u00a0\u00bb global_colors_info=\u00a0\u00bb{}\u00a0\u00bb custom_padding__hover=\u00a0\u00bb|||\u00a0\u00bb][et_pb_divider divider_style=\u00a0\u00bbdouble\u00a0\u00bb divider_position=\u00a0\u00bbcenter\u00a0\u00bb divider_weight=\u00a0\u00bb7px\u00a0\u00bb _builder_version=\u00a0\u00bb4.16&Prime; global_colors_info=\u00a0\u00bb{}\u00a0\u00bb]<br \/>\n[\/et_pb_divider][\/et_pb_column][\/et_pb_row][et_pb_row _builder_version=\u00a0\u00bb4.16&Prime; background_size=\u00a0\u00bbinitial\u00a0\u00bb background_position=\u00a0\u00bbtop_left\u00a0\u00bb background_repeat=\u00a0\u00bbrepeat\u00a0\u00bb global_colors_info=\u00a0\u00bb{}\u00a0\u00bb][et_pb_column type=\u00a0\u00bb4_4&Prime; _builder_version=\u00a0\u00bb4.16&Prime; custom_padding=\u00a0\u00bb|||\u00a0\u00bb global_colors_info=\u00a0\u00bb{}\u00a0\u00bb custom_padding__hover=\u00a0\u00bb|||\u00a0\u00bb][et_pb_text _builder_version=\u00a0\u00bb4.16&Prime; header_2_font=\u00a0\u00bbHelvetica Neue standar||||||||\u00a0\u00bb header_2_font_size=\u00a0\u00bb39px\u00a0\u00bb background_color=\u00a0\u00bb#ffffff\u00a0\u00bb max_width=\u00a0\u00bb50%\u00a0\u00bb module_alignment=\u00a0\u00bbcenter\u00a0\u00bb custom_margin=\u00a0\u00bb-60px|||\u00a0\u00bb header_2_font_size_tablet=\u00a0\u00bb30px\u00a0\u00bb header_2_font_size_phone=\u00a0\u00bb22px\u00a0\u00bb header_2_font_size_last_edited=\u00a0\u00bbon|phone\u00a0\u00bb inline_fonts=\u00a0\u00bbHelvetica Neue bold\u00a0\u00bb global_colors_info=\u00a0\u00bb{}\u00a0\u00bb]<\/p>\n<h2 style=\"text-align: center;\">SAVEURS 0\u00a0%DE SUCRES<\/h2>\n<p>[\/et_pb_text][\/et_pb_column][\/et_pb_row][et_pb_row column_structure=\u00a0\u00bb1_4,1_4,1_4,1_4&Prime; use_custom_gutter=\u00a0\u00bbon\u00a0\u00bb gutter_width=\u00a0\u00bb4&Prime; module_class=\u00a0\u00bbsubmarcas\u00a0\u00bb _builder_version=\u00a0\u00bb4.16&Prime; global_colors_info=\u00a0\u00bb{}\u00a0\u00bb][et_pb_column type=\u00a0\u00bb1_4&Prime; _builder_version=\u00a0\u00bb4.16&Prime; custom_padding=\u00a0\u00bb|||\u00a0\u00bb global_colors_info=\u00a0\u00bb{}\u00a0\u00bb custom_padding__hover=\u00a0\u00bb|||\u00a0\u00bb][et_pb_image src=\u00a0\u00bbhttps:\/\/www.vichycatalan.com\/wp-content\/uploads\/2025\/11\/Vichy-Catalan-Sabores.jpg\u00a0\u00bb alt=\u00a0\u00bbCat\u00e9gorie du produits Vichy Catalan Sabores\u00a0\u00bb title_text=\u00a0\u00bbCat\u00e9gorie du produits Vichy Catalan Sabores\u00a0\u00bb url=\u00a0\u00bbhttps:\/\/www.vichycatalan.com\/fr\/nos-marques\/vichy-catalan-saveurs-0-de-sucres\/\u00a0\u00bb use_overlay=\u00a0\u00bbon\u00a0\u00bb overlay_icon_color=\u00a0\u00bb#ffffff\u00a0\u00bb hover_overlay_color=\u00a0\u00bbrgba(252,210,153,0.66)\u00a0\u00bb hover_icon=\u00a0\u00bb&#x55;||divi||400&Prime; show_bottom_space=\u00a0\u00bboff\u00a0\u00bb align=\u00a0\u00bbcenter\u00a0\u00bb align_tablet=\u00a0\u00bbcenter\u00a0\u00bb align_phone=\u00a0\u00bb\u00a0\u00bb align_last_edited=\u00a0\u00bbon|desktop\u00a0\u00bb _builder_version=\u00a0\u00bb4.27.4&Prime; global_colors_info=\u00a0\u00bb{}\u00a0\u00bb][\/et_pb_image][et_pb_text _builder_version=\u00a0\u00bb4.16&Prime; global_colors_info=\u00a0\u00bb{}\u00a0\u00bb]<\/p>\n<p style=\"text-align: center;\">Vichy Catalan Saveurs<\/p>\n<p>[\/et_pb_text][\/et_pb_column][et_pb_column type=\u00a0\u00bb1_4&Prime; _builder_version=\u00a0\u00bb4.16&Prime; custom_padding=\u00a0\u00bb|||\u00a0\u00bb global_colors_info=\u00a0\u00bb{}\u00a0\u00bb custom_padding__hover=\u00a0\u00bb|||\u00a0\u00bb][et_pb_image src=\u00a0\u00bbhttps:\/\/www.vichycatalan.com\/wp-content\/uploads\/2018\/11\/manzana1.2-1.jpg\u00a0\u00bb url=\u00a0\u00bbhttps:\/\/www.vichycatalan.com\/fr\/nos-marques\/vichy-catalan-fruit\/\u00a0\u00bb use_overlay=\u00a0\u00bbon\u00a0\u00bb overlay_icon_color=\u00a0\u00bb#ffffff\u00a0\u00bb hover_overlay_color=\u00a0\u00bbrgba(252,210,153,0.66)\u00a0\u00bb hover_icon=\u00a0\u00bb&#x55;||divi||400&Prime; show_bottom_space=\u00a0\u00bboff\u00a0\u00bb align=\u00a0\u00bbcenter\u00a0\u00bb align_tablet=\u00a0\u00bbcenter\u00a0\u00bb align_phone=\u00a0\u00bb\u00a0\u00bb align_last_edited=\u00a0\u00bbon|desktop\u00a0\u00bb _builder_version=\u00a0\u00bb4.16&Prime; global_colors_info=\u00a0\u00bb{}\u00a0\u00bb][\/et_pb_image][et_pb_text _builder_version=\u00a0\u00bb4.16&Prime; global_colors_info=\u00a0\u00bb{}\u00a0\u00bb]<\/p>\n<p style=\"text-align: center;\">Vichy Catalan Fruit<\/p>\n<p>[\/et_pb_text][\/et_pb_column][et_pb_column type=\u00a0\u00bb1_4&Prime; _builder_version=\u00a0\u00bb4.16&Prime; custom_padding=\u00a0\u00bb|||\u00a0\u00bb global_colors_info=\u00a0\u00bb{}\u00a0\u00bb custom_padding__hover=\u00a0\u00bb|||\u00a0\u00bb][et_pb_image src=\u00a0\u00bbhttps:\/\/www.vichycatalan.com\/wp-content\/uploads\/2025\/11\/Categoria-Producto_-Vichy-Catalan-Premium-Tonic-Water.jpg\u00a0\u00bb alt=\u00a0\u00bbCat\u00e9gorie du produits Vichy Catalan Premium Tonic Water\u00a0\u00bb title_text=\u00a0\u00bbCat\u00e9gorie du produits Vichy Catalan Premium Tonic Water\u00a0\u00bb url=\u00a0\u00bbhttps:\/\/www.vichycatalan.com\/fr\/nos-marques\/vichy-catalan-premium-tonic-water\/\u00a0\u00bb use_overlay=\u00a0\u00bbon\u00a0\u00bb overlay_icon_color=\u00a0\u00bb#ffffff\u00a0\u00bb hover_overlay_color=\u00a0\u00bbrgba(252,210,153,0.66)\u00a0\u00bb hover_icon=\u00a0\u00bb&#x55;||divi||400&Prime; show_bottom_space=\u00a0\u00bboff\u00a0\u00bb align=\u00a0\u00bbcenter\u00a0\u00bb align_tablet=\u00a0\u00bbcenter\u00a0\u00bb align_phone=\u00a0\u00bb\u00a0\u00bb align_last_edited=\u00a0\u00bbon|desktop\u00a0\u00bb _builder_version=\u00a0\u00bb4.27.4&Prime; global_colors_info=\u00a0\u00bb{}\u00a0\u00bb][\/et_pb_image][et_pb_text _builder_version=\u00a0\u00bb4.16&Prime; global_colors_info=\u00a0\u00bb{}\u00a0\u00bb]<\/p>\n<p style=\"text-align: center;\">Vichy Catalan Premium Tonic Water<\/p>\n<p>[\/et_pb_text][\/et_pb_column][et_pb_column type=\u00a0\u00bb1_4&Prime; _builder_version=\u00a0\u00bb4.16&Prime; custom_padding=\u00a0\u00bb|||\u00a0\u00bb global_colors_info=\u00a0\u00bb{}\u00a0\u00bb custom_padding__hover=\u00a0\u00bb|||\u00a0\u00bb][et_pb_image src=\u00a0\u00bbhttps:\/\/www.vichycatalan.com\/wp-content\/uploads\/2019\/02\/vch-barcelona-sabores-vidrio-menta-0-25-l.jpg\u00a0\u00bb url=\u00a0\u00bbhttps:\/\/www.vichycatalan.com\/fr\/nos-marques\/vch-barcelona-et-vichy-barcelona-saveurs-0-de-sucres\/\u00a0\u00bb use_overlay=\u00a0\u00bbon\u00a0\u00bb overlay_icon_color=\u00a0\u00bb#ffffff\u00a0\u00bb hover_overlay_color=\u00a0\u00bbrgba(252,210,153,0.66)\u00a0\u00bb hover_icon=\u00a0\u00bb&#x55;||divi||400&Prime; show_bottom_space=\u00a0\u00bboff\u00a0\u00bb align=\u00a0\u00bbcenter\u00a0\u00bb align_tablet=\u00a0\u00bbcenter\u00a0\u00bb align_phone=\u00a0\u00bb\u00a0\u00bb align_last_edited=\u00a0\u00bbon|desktop\u00a0\u00bb _builder_version=\u00a0\u00bb4.16&Prime; global_colors_info=\u00a0\u00bb{}\u00a0\u00bb][\/et_pb_image][et_pb_text _builder_version=\u00a0\u00bb4.16&Prime; global_colors_info=\u00a0\u00bb{}\u00a0\u00bb]<\/p>\n<p style=\"text-align: center;\">VCH Barcelona et Vichy Barcelona Saveurs<\/p>\n<p>[\/et_pb_text][\/et_pb_column][\/et_pb_row][et_pb_row column_structure=\u00a0\u00bb1_4,1_4,1_4,1_4&Prime; use_custom_gutter=\u00a0\u00bbon\u00a0\u00bb gutter_width=\u00a0\u00bb4&Prime; module_class=\u00a0\u00bbsubmarcas\u00a0\u00bb _builder_version=\u00a0\u00bb4.16&Prime; global_colors_info=\u00a0\u00bb{}\u00a0\u00bb][et_pb_column type=\u00a0\u00bb1_4&Prime; _builder_version=\u00a0\u00bb4.16&Prime; custom_padding=\u00a0\u00bb|||\u00a0\u00bb global_colors_info=\u00a0\u00bb{}\u00a0\u00bb custom_padding__hover=\u00a0\u00bb|||\u00a0\u00bb][et_pb_image src=\u00a0\u00bbhttps:\/\/www.vichycatalan.com\/wp-content\/uploads\/2019\/02\/vch-barcelona-fruit-naranja-1-2-l.jpg\u00a0\u00bb url=\u00a0\u00bbhttps:\/\/www.vichycatalan.com\/fr\/nos-marques\/vch-barcelona-et-vichy-barcelona-fruit\/\u00a0\u00bb use_overlay=\u00a0\u00bbon\u00a0\u00bb overlay_icon_color=\u00a0\u00bb#ffffff\u00a0\u00bb hover_overlay_color=\u00a0\u00bbrgba(252,210,153,0.66)\u00a0\u00bb hover_icon=\u00a0\u00bb&#x55;||divi||400&Prime; show_bottom_space=\u00a0\u00bboff\u00a0\u00bb align=\u00a0\u00bbcenter\u00a0\u00bb align_tablet=\u00a0\u00bbcenter\u00a0\u00bb align_phone=\u00a0\u00bb\u00a0\u00bb align_last_edited=\u00a0\u00bbon|desktop\u00a0\u00bb _builder_version=\u00a0\u00bb4.16&Prime; global_colors_info=\u00a0\u00bb{}\u00a0\u00bb][\/et_pb_image][et_pb_text _builder_version=\u00a0\u00bb4.16&Prime; global_colors_info=\u00a0\u00bb{}\u00a0\u00bb]<\/p>\n<p style=\"text-align: center;\">VCH Barcelona et Vichy Barcelona Fruit<\/p>\n<p>[\/et_pb_text][\/et_pb_column][et_pb_column type=\u00a0\u00bb1_4&Prime; _builder_version=\u00a0\u00bb4.16&Prime; custom_padding=\u00a0\u00bb|||\u00a0\u00bb global_colors_info=\u00a0\u00bb{}\u00a0\u00bb custom_padding__hover=\u00a0\u00bb|||\u00a0\u00bb][et_pb_image src=\u00a0\u00bbhttps:\/\/www.vichycatalan.com\/wp-content\/uploads\/2019\/02\/vch-barcelona-tonica-vidrio-0-25-l.jpg\u00a0\u00bb url=\u00a0\u00bbhttps:\/\/www.vichycatalan.com\/fr\/nos-marques\/vch-barcelona-et-vichy-barcelona-premium-tonic-water\/\u00a0\u00bb use_overlay=\u00a0\u00bbon\u00a0\u00bb overlay_icon_color=\u00a0\u00bb#ffffff\u00a0\u00bb hover_overlay_color=\u00a0\u00bbrgba(252,210,153,0.66)\u00a0\u00bb hover_icon=\u00a0\u00bb&#x55;||divi||400&Prime; show_bottom_space=\u00a0\u00bboff\u00a0\u00bb align=\u00a0\u00bbcenter\u00a0\u00bb align_tablet=\u00a0\u00bbcenter\u00a0\u00bb align_phone=\u00a0\u00bb\u00a0\u00bb align_last_edited=\u00a0\u00bbon|desktop\u00a0\u00bb _builder_version=\u00a0\u00bb4.16&Prime; global_colors_info=\u00a0\u00bb{}\u00a0\u00bb][\/et_pb_image][et_pb_text _builder_version=\u00a0\u00bb4.16&Prime; global_colors_info=\u00a0\u00bb{}\u00a0\u00bb]<\/p>\n<p style=\"text-align: center;\">VCH Barcelona et Vichy Barcelona Premium Tonic Water<\/p>\n<p>[\/et_pb_text][\/et_pb_column][et_pb_column type=\u00a0\u00bb1_4&Prime; _builder_version=\u00a0\u00bb4.16&Prime; custom_padding=\u00a0\u00bb|||\u00a0\u00bb global_colors_info=\u00a0\u00bb{}\u00a0\u00bb custom_padding__hover=\u00a0\u00bb|||\u00a0\u00bb][et_pb_image src=\u00a0\u00bbhttps:\/\/www.vichycatalan.com\/wp-content\/uploads\/2025\/11\/Categoria-Productos-Fuent-Pinos-Limon-1-1.jpg\u00a0\u00bb alt=\u00a0\u00bbCat\u00e9gorie du produits Fuent Pinos Lim\u00f3n\u00a0\u00bb title_text=\u00a0\u00bbCat\u00e9gorie du produits Fuent Pinos Lim\u00f3n\u00a0\u00bb url=\u00a0\u00bbhttps:\/\/www.vichycatalan.com\/fr\/nos-marques\/fuent-pinos\/#fuent-pinos-limon\u00a0\u00bb use_overlay=\u00a0\u00bbon\u00a0\u00bb overlay_icon_color=\u00a0\u00bb#ffffff\u00a0\u00bb hover_overlay_color=\u00a0\u00bbrgba(252,210,153,0.66)\u00a0\u00bb hover_icon=\u00a0\u00bb&#x55;||divi||400&Prime; show_bottom_space=\u00a0\u00bboff\u00a0\u00bb align=\u00a0\u00bbcenter\u00a0\u00bb align_tablet=\u00a0\u00bbcenter\u00a0\u00bb align_phone=\u00a0\u00bb\u00a0\u00bb align_last_edited=\u00a0\u00bbon|desktop\u00a0\u00bb _builder_version=\u00a0\u00bb4.27.4&Prime; global_colors_info=\u00a0\u00bb{}\u00a0\u00bb][\/et_pb_image][et_pb_text _builder_version=\u00a0\u00bb4.16&Prime; global_colors_info=\u00a0\u00bb{}\u00a0\u00bb]<\/p>\n<p style=\"text-align: center;\">Fuent Pinos Citron<\/p>\n<p>[\/et_pb_text][\/et_pb_column][et_pb_column type=\u00a0\u00bb1_4&Prime; _builder_version=\u00a0\u00bb4.16&Prime; custom_padding=\u00a0\u00bb|||\u00a0\u00bb global_colors_info=\u00a0\u00bb{}\u00a0\u00bb custom_padding__hover=\u00a0\u00bb|||\u00a0\u00bb][et_pb_image src=\u00a0\u00bbhttps:\/\/www.vichycatalan.com\/wp-content\/uploads\/2025\/11\/Categoria-Producto-Fuent-Pinos.jpg\u00a0\u00bb alt=\u00a0\u00bbCat\u00e9gorie du produits Fuent Pinos\u00a0\u00bb title_text=\u00a0\u00bbCat\u00e9gorie du produits Fuent Pinos\u00a0\u00bb url=\u00a0\u00bbhttps:\/\/www.vichycatalan.com\/fr\/nos-marques\/fuent-pinos\/#fuent-pinos-original\u00a0\u00bb use_overlay=\u00a0\u00bbon\u00a0\u00bb overlay_icon_color=\u00a0\u00bb#ffffff\u00a0\u00bb hover_overlay_color=\u00a0\u00bbrgba(252,210,153,0.66)\u00a0\u00bb hover_icon=\u00a0\u00bb&#x55;||divi||400&Prime; show_bottom_space=\u00a0\u00bboff\u00a0\u00bb align=\u00a0\u00bbcenter\u00a0\u00bb align_tablet=\u00a0\u00bbcenter\u00a0\u00bb align_phone=\u00a0\u00bb\u00a0\u00bb align_last_edited=\u00a0\u00bbon|desktop\u00a0\u00bb _builder_version=\u00a0\u00bb4.27.4&Prime; global_colors_info=\u00a0\u00bb{}\u00a0\u00bb][\/et_pb_image][et_pb_text _builder_version=\u00a0\u00bb4.16&Prime; global_colors_info=\u00a0\u00bb{}\u00a0\u00bb]<\/p>\n<p style=\"text-align: center;\">Fuent Pinos Original<\/p>\n<p>[\/et_pb_text][\/et_pb_column][\/et_pb_row][et_pb_row column_structure=\u00a0\u00bb1_4,1_4,1_4,1_4&Prime; use_custom_gutter=\u00a0\u00bbon\u00a0\u00bb gutter_width=\u00a0\u00bb4&Prime; module_class=\u00a0\u00bbsubmarcas\u00a0\u00bb _builder_version=\u00a0\u00bb4.16&Prime; global_colors_info=\u00a0\u00bb{}\u00a0\u00bb][et_pb_column type=\u00a0\u00bb1_4&Prime; _builder_version=\u00a0\u00bb4.16&Prime; custom_padding=\u00a0\u00bb|||\u00a0\u00bb global_colors_info=\u00a0\u00bb{}\u00a0\u00bb custom_padding__hover=\u00a0\u00bb|||\u00a0\u00bb][\/et_pb_column][et_pb_column type=\u00a0\u00bb1_4&Prime; _builder_version=\u00a0\u00bb4.16&Prime; custom_padding=\u00a0\u00bb|||\u00a0\u00bb global_colors_info=\u00a0\u00bb{}\u00a0\u00bb custom_padding__hover=\u00a0\u00bb|||\u00a0\u00bb][\/et_pb_column][et_pb_column type=\u00a0\u00bb1_4&Prime; _builder_version=\u00a0\u00bb4.16&Prime; custom_padding=\u00a0\u00bb|||\u00a0\u00bb global_colors_info=\u00a0\u00bb{}\u00a0\u00bb custom_padding__hover=\u00a0\u00bb|||\u00a0\u00bb][\/et_pb_column][et_pb_column type=\u00a0\u00bb1_4&Prime; _builder_version=\u00a0\u00bb4.16&Prime; custom_padding=\u00a0\u00bb|||\u00a0\u00bb global_colors_info=\u00a0\u00bb{}\u00a0\u00bb custom_padding__hover=\u00a0\u00bb|||\u00a0\u00bb][\/et_pb_column][\/et_pb_row][\/et_pb_section][et_pb_section fb_built=\u00a0\u00bb1&Prime; module_id=\u00a0\u00bbzumos-y-nectares\u00a0\u00bb _builder_version=\u00a0\u00bb4.16&Prime; background_video_width=\u00a0\u00bb1280&Prime; background_video_height=\u00a0\u00bb720&Prime; custom_margin=\u00a0\u00bb||\u00a0\u00bb custom_padding=\u00a0\u00bb0|0px|16px|0px|false|false\u00a0\u00bb top_divider_color=\u00a0\u00bb#ffffff\u00a0\u00bb top_divider_height=\u00a0\u00bb50px\u00a0\u00bb bottom_divider_color=\u00a0\u00bb#c1c1c1&Prime; bottom_divider_height=\u00a0\u00bb136px\u00a0\u00bb global_colors_info=\u00a0\u00bb{}\u00a0\u00bb][et_pb_row _builder_version=\u00a0\u00bb4.16&Prime; custom_padding=\u00a0\u00bb||0px|\u00a0\u00bb global_colors_info=\u00a0\u00bb{}\u00a0\u00bb][et_pb_column type=\u00a0\u00bb4_4&Prime; _builder_version=\u00a0\u00bb4.16&Prime; custom_padding=\u00a0\u00bb|||\u00a0\u00bb global_colors_info=\u00a0\u00bb{}\u00a0\u00bb custom_padding__hover=\u00a0\u00bb|||\u00a0\u00bb][et_pb_divider divider_style=\u00a0\u00bbdouble\u00a0\u00bb divider_position=\u00a0\u00bbcenter\u00a0\u00bb divider_weight=\u00a0\u00bb7px\u00a0\u00bb _builder_version=\u00a0\u00bb4.16&Prime; global_colors_info=\u00a0\u00bb{}\u00a0\u00bb]<br \/>\n[\/et_pb_divider][\/et_pb_column][\/et_pb_row][et_pb_row _builder_version=\u00a0\u00bb4.16&Prime; background_size=\u00a0\u00bbinitial\u00a0\u00bb background_position=\u00a0\u00bbtop_left\u00a0\u00bb background_repeat=\u00a0\u00bbrepeat\u00a0\u00bb global_colors_info=\u00a0\u00bb{}\u00a0\u00bb][et_pb_column type=\u00a0\u00bb4_4&Prime; _builder_version=\u00a0\u00bb4.16&Prime; custom_padding=\u00a0\u00bb|||\u00a0\u00bb global_colors_info=\u00a0\u00bb{}\u00a0\u00bb custom_padding__hover=\u00a0\u00bb|||\u00a0\u00bb][et_pb_text _builder_version=\u00a0\u00bb4.16&Prime; header_2_font=\u00a0\u00bbHelvetica Neue standar||||||||\u00a0\u00bb header_2_font_size=\u00a0\u00bb39px\u00a0\u00bb background_color=\u00a0\u00bb#ffffff\u00a0\u00bb max_width=\u00a0\u00bb50%\u00a0\u00bb module_alignment=\u00a0\u00bbcenter\u00a0\u00bb custom_margin=\u00a0\u00bb-60px|||\u00a0\u00bb header_2_font_size_tablet=\u00a0\u00bb30px\u00a0\u00bb header_2_font_size_phone=\u00a0\u00bb22px\u00a0\u00bb header_2_font_size_last_edited=\u00a0\u00bbon|phone\u00a0\u00bb inline_fonts=\u00a0\u00bbHelvetica Neue bold\u00a0\u00bb global_colors_info=\u00a0\u00bb{}\u00a0\u00bb]<\/p>\n<h2 style=\"text-align: center;\">FRUITS ET NECTARS<\/h2>\n<p>[\/et_pb_text][\/et_pb_column][\/et_pb_row][et_pb_row column_structure=\u00a0\u00bb1_4,1_4,1_4,1_4&Prime; use_custom_gutter=\u00a0\u00bbon\u00a0\u00bb gutter_width=\u00a0\u00bb4&Prime; module_class=\u00a0\u00bbsubmarcas\u00a0\u00bb _builder_version=\u00a0\u00bb4.16&Prime; global_colors_info=\u00a0\u00bb{}\u00a0\u00bb][et_pb_column type=\u00a0\u00bb1_4&Prime; _builder_version=\u00a0\u00bb4.16&Prime; custom_padding=\u00a0\u00bb|||\u00a0\u00bb global_colors_info=\u00a0\u00bb{}\u00a0\u00bb custom_padding__hover=\u00a0\u00bb|||\u00a0\u00bb][et_pb_image src=\u00a0\u00bbhttps:\/\/www.vichycatalan.com\/wp-content\/uploads\/2019\/01\/lambda-seleccion-naranja-1-l.jpg\u00a0\u00bb url=\u00a0\u00bbhttps:\/\/www.vichycatalan.com\/fr\/nos-marques\/lambda-selection\/\u00a0\u00bb use_overlay=\u00a0\u00bbon\u00a0\u00bb overlay_icon_color=\u00a0\u00bb#ffffff\u00a0\u00bb hover_overlay_color=\u00a0\u00bbrgba(252,210,153,0.66)\u00a0\u00bb hover_icon=\u00a0\u00bb&#x55;||divi||400&Prime; show_bottom_space=\u00a0\u00bboff\u00a0\u00bb align=\u00a0\u00bbcenter\u00a0\u00bb align_tablet=\u00a0\u00bbcenter\u00a0\u00bb align_phone=\u00a0\u00bb\u00a0\u00bb align_last_edited=\u00a0\u00bbon|desktop\u00a0\u00bb _builder_version=\u00a0\u00bb4.16&Prime; global_colors_info=\u00a0\u00bb{}\u00a0\u00bb][\/et_pb_image][et_pb_text _builder_version=\u00a0\u00bb4.16&Prime; global_colors_info=\u00a0\u00bb{}\u00a0\u00bb]<\/p>\n<p style=\"text-align: center;\">Lambda S\u00e9lection<\/p>\n<p>[\/et_pb_text][\/et_pb_column][et_pb_column type=\u00a0\u00bb1_4&Prime; _builder_version=\u00a0\u00bb4.16&Prime; custom_padding=\u00a0\u00bb|||\u00a0\u00bb global_colors_info=\u00a0\u00bb{}\u00a0\u00bb custom_padding__hover=\u00a0\u00bb|||\u00a0\u00bb][et_pb_image src=\u00a0\u00bbhttps:\/\/www.vichycatalan.com\/wp-content\/uploads\/2019\/01\/lambda-free-zanahoria-naranja-1-l.jpg\u00a0\u00bb url=\u00a0\u00bbhttps:\/\/www.vichycatalan.com\/fr\/nos-marques\/lambda-healthy\/\u00a0\u00bb use_overlay=\u00a0\u00bbon\u00a0\u00bb overlay_icon_color=\u00a0\u00bb#ffffff\u00a0\u00bb hover_overlay_color=\u00a0\u00bbrgba(252,210,153,0.66)\u00a0\u00bb hover_icon=\u00a0\u00bb&#x55;||divi||400&Prime; show_bottom_space=\u00a0\u00bboff\u00a0\u00bb align=\u00a0\u00bbcenter\u00a0\u00bb align_tablet=\u00a0\u00bbcenter\u00a0\u00bb align_phone=\u00a0\u00bb\u00a0\u00bb align_last_edited=\u00a0\u00bbon|desktop\u00a0\u00bb _builder_version=\u00a0\u00bb4.16&Prime; global_colors_info=\u00a0\u00bb{}\u00a0\u00bb][\/et_pb_image][et_pb_text _builder_version=\u00a0\u00bb4.16&Prime; link_option_url=\u00a0\u00bbhttps:\/\/www.vichycatalan.com\/fr\/nos-marques\/lambda-healthy\/\u00a0\u00bb global_colors_info=\u00a0\u00bb{}\u00a0\u00bb]<\/p>\n<p style=\"text-align: center;\">Lambda Helthy<\/p>\n<p>[\/et_pb_text][\/et_pb_column][et_pb_column type=\u00a0\u00bb1_4&Prime; _builder_version=\u00a0\u00bb4.16&Prime; custom_padding=\u00a0\u00bb|||\u00a0\u00bb global_colors_info=\u00a0\u00bb{}\u00a0\u00bb custom_padding__hover=\u00a0\u00bb|||\u00a0\u00bb][et_pb_image src=\u00a0\u00bbhttps:\/\/www.vichycatalan.com\/wp-content\/uploads\/2019\/01\/lambda-bio-uva-1-l.jpg\u00a0\u00bb url=\u00a0\u00bbhttps:\/\/www.vichycatalan.com\/fr\/nos-marques\/lambda-bio\/\u00a0\u00bb use_overlay=\u00a0\u00bbon\u00a0\u00bb overlay_icon_color=\u00a0\u00bb#ffffff\u00a0\u00bb hover_overlay_color=\u00a0\u00bbrgba(252,210,153,0.66)\u00a0\u00bb hover_icon=\u00a0\u00bb&#x55;||divi||400&Prime; show_bottom_space=\u00a0\u00bboff\u00a0\u00bb align=\u00a0\u00bbcenter\u00a0\u00bb align_tablet=\u00a0\u00bbcenter\u00a0\u00bb align_phone=\u00a0\u00bb\u00a0\u00bb align_last_edited=\u00a0\u00bbon|desktop\u00a0\u00bb _builder_version=\u00a0\u00bb4.16&Prime; global_colors_info=\u00a0\u00bb{}\u00a0\u00bb][\/et_pb_image][et_pb_text _builder_version=\u00a0\u00bb4.16&Prime; global_colors_info=\u00a0\u00bb{}\u00a0\u00bb]<\/p>\n<p style=\"text-align: center;\">Lambda Bio<\/p>\n<p>[\/et_pb_text][\/et_pb_column][et_pb_column type=\u00a0\u00bb1_4&Prime; _builder_version=\u00a0\u00bb4.16&Prime; custom_padding=\u00a0\u00bb|||\u00a0\u00bb global_colors_info=\u00a0\u00bb{}\u00a0\u00bb custom_padding__hover=\u00a0\u00bb|||\u00a0\u00bb][et_pb_image src=\u00a0\u00bbhttps:\/\/www.vichycatalan.com\/wp-content\/uploads\/2019\/03\/mondariz-frutas-melocoton-0-2-l.jpg\u00a0\u00bb url=\u00a0\u00bbhttps:\/\/www.vichycatalan.com\/fr\/nos-marques\/mondariz-fruits\/\u00a0\u00bb use_overlay=\u00a0\u00bbon\u00a0\u00bb overlay_icon_color=\u00a0\u00bb#ffffff\u00a0\u00bb hover_overlay_color=\u00a0\u00bbrgba(252,210,153,0.66)\u00a0\u00bb hover_icon=\u00a0\u00bb&#x55;||divi||400&Prime; show_bottom_space=\u00a0\u00bboff\u00a0\u00bb align=\u00a0\u00bbcenter\u00a0\u00bb align_tablet=\u00a0\u00bbcenter\u00a0\u00bb align_phone=\u00a0\u00bb\u00a0\u00bb align_last_edited=\u00a0\u00bbon|desktop\u00a0\u00bb _builder_version=\u00a0\u00bb4.16&Prime; global_colors_info=\u00a0\u00bb{}\u00a0\u00bb][\/et_pb_image][et_pb_text _builder_version=\u00a0\u00bb4.16&Prime; global_colors_info=\u00a0\u00bb{}\u00a0\u00bb]<\/p>\n<p style=\"text-align: center;\">Mondariz Fruits<\/p>\n<p>[\/et_pb_text][\/et_pb_column][\/et_pb_row][\/et_pb_section][et_pb_section fb_built=\u00a0\u00bb1&Prime; module_id=\u00a0\u00bbbebidas-vino\u00a0\u00bb _builder_version=\u00a0\u00bb4.16&Prime; background_video_width=\u00a0\u00bb1280&Prime; background_video_height=\u00a0\u00bb720&Prime; custom_margin=\u00a0\u00bb||\u00a0\u00bb custom_padding=\u00a0\u00bb0|0px|16px|0px|false|false\u00a0\u00bb top_divider_color=\u00a0\u00bb#ffffff\u00a0\u00bb top_divider_height=\u00a0\u00bb50px\u00a0\u00bb bottom_divider_color=\u00a0\u00bb#c1c1c1&Prime; bottom_divider_height=\u00a0\u00bb136px\u00a0\u00bb global_colors_info=\u00a0\u00bb{}\u00a0\u00bb][et_pb_row _builder_version=\u00a0\u00bb4.16&Prime; custom_padding=\u00a0\u00bb||0px|\u00a0\u00bb global_colors_info=\u00a0\u00bb{}\u00a0\u00bb][et_pb_column type=\u00a0\u00bb4_4&Prime; _builder_version=\u00a0\u00bb4.16&Prime; custom_padding=\u00a0\u00bb|||\u00a0\u00bb global_colors_info=\u00a0\u00bb{}\u00a0\u00bb custom_padding__hover=\u00a0\u00bb|||\u00a0\u00bb][et_pb_divider divider_style=\u00a0\u00bbdouble\u00a0\u00bb divider_position=\u00a0\u00bbcenter\u00a0\u00bb divider_weight=\u00a0\u00bb7px\u00a0\u00bb _builder_version=\u00a0\u00bb4.16&Prime; global_colors_info=\u00a0\u00bb{}\u00a0\u00bb]<br \/>\n[\/et_pb_divider][\/et_pb_column][\/et_pb_row][et_pb_row _builder_version=\u00a0\u00bb4.16&Prime; background_size=\u00a0\u00bbinitial\u00a0\u00bb background_position=\u00a0\u00bbtop_left\u00a0\u00bb background_repeat=\u00a0\u00bbrepeat\u00a0\u00bb global_colors_info=\u00a0\u00bb{}\u00a0\u00bb][et_pb_column type=\u00a0\u00bb4_4&Prime; _builder_version=\u00a0\u00bb4.16&Prime; custom_padding=\u00a0\u00bb|||\u00a0\u00bb global_colors_info=\u00a0\u00bb{}\u00a0\u00bb custom_padding__hover=\u00a0\u00bb|||\u00a0\u00bb][et_pb_text _builder_version=\u00a0\u00bb4.16&Prime; header_2_font=\u00a0\u00bbHelvetica Neue standar||||||||\u00a0\u00bb header_2_font_size=\u00a0\u00bb39px\u00a0\u00bb background_color=\u00a0\u00bb#ffffff\u00a0\u00bb max_width=\u00a0\u00bb50%\u00a0\u00bb module_alignment=\u00a0\u00bbcenter\u00a0\u00bb custom_margin=\u00a0\u00bb-60px|||\u00a0\u00bb header_2_font_size_tablet=\u00a0\u00bb30px\u00a0\u00bb header_2_font_size_phone=\u00a0\u00bb22px\u00a0\u00bb header_2_font_size_last_edited=\u00a0\u00bbon|phone\u00a0\u00bb inline_fonts=\u00a0\u00bbHelvetica Neue bold\u00a0\u00bb global_colors_info=\u00a0\u00bb{}\u00a0\u00bb]<\/p>\n<h2 style=\"text-align: center;\">BOISSON \u00c0 BASE DE VIN<\/h2>\n<p>[\/et_pb_text][\/et_pb_column][\/et_pb_row][et_pb_row column_structure=\u00a0\u00bb1_4,1_4,1_4,1_4&Prime; use_custom_gutter=\u00a0\u00bbon\u00a0\u00bb gutter_width=\u00a0\u00bb4&Prime; module_class=\u00a0\u00bbsubmarcas\u00a0\u00bb _builder_version=\u00a0\u00bb4.16&Prime; global_colors_info=\u00a0\u00bb{}\u00a0\u00bb][et_pb_column type=\u00a0\u00bb1_4&Prime; _builder_version=\u00a0\u00bb4.16&Prime; custom_padding=\u00a0\u00bb|||\u00a0\u00bb global_colors_info=\u00a0\u00bb{}\u00a0\u00bb custom_padding__hover=\u00a0\u00bb|||\u00a0\u00bb][et_pb_image src=\u00a0\u00bbhttps:\/\/www.vichycatalan.com\/wp-content\/uploads\/2025\/12\/Categoria-Producto-Vina-CHY.jpg\u00a0\u00bb alt=\u00a0\u00bbCat\u00e9gorie du produits Vi\u00f1a CHY\u00a0\u00bb title_text=\u00a0\u00bbCat\u00e9gorie du produits Vi\u00f1a CHY\u00a0\u00bb url=\u00a0\u00bbhttps:\/\/www.vichycatalan.com\/fr\/nos-marques\/vinachy\/\u00a0\u00bb use_overlay=\u00a0\u00bbon\u00a0\u00bb overlay_icon_color=\u00a0\u00bb#ffffff\u00a0\u00bb hover_overlay_color=\u00a0\u00bbrgba(252,210,153,0.66)\u00a0\u00bb hover_icon=\u00a0\u00bb&#x55;||divi||400&Prime; show_bottom_space=\u00a0\u00bboff\u00a0\u00bb align=\u00a0\u00bbcenter\u00a0\u00bb align_tablet=\u00a0\u00bbcenter\u00a0\u00bb align_phone=\u00a0\u00bb\u00a0\u00bb align_last_edited=\u00a0\u00bbon|desktop\u00a0\u00bb _builder_version=\u00a0\u00bb4.27.4&Prime; global_colors_info=\u00a0\u00bb{}\u00a0\u00bb][\/et_pb_image][et_pb_text _builder_version=\u00a0\u00bb4.16&Prime; global_colors_info=\u00a0\u00bb{}\u00a0\u00bb]<\/p>\n<p style=\"text-align: center;\">Vi\u00f1aCHY<\/p>\n<p>[\/et_pb_text][\/et_pb_column][et_pb_column type=\u00a0\u00bb1_4&Prime; _builder_version=\u00a0\u00bb4.16&Prime; custom_padding=\u00a0\u00bb|||\u00a0\u00bb global_colors_info=\u00a0\u00bb{}\u00a0\u00bb custom_padding__hover=\u00a0\u00bb|||\u00a0\u00bb][\/et_pb_column][et_pb_column type=\u00a0\u00bb1_4&Prime; _builder_version=\u00a0\u00bb4.16&Prime; custom_padding=\u00a0\u00bb|||\u00a0\u00bb global_colors_info=\u00a0\u00bb{}\u00a0\u00bb custom_padding__hover=\u00a0\u00bb|||\u00a0\u00bb][\/et_pb_column][et_pb_column type=\u00a0\u00bb1_4&Prime; _builder_version=\u00a0\u00bb4.16&Prime; custom_padding=\u00a0\u00bb|||\u00a0\u00bb global_colors_info=\u00a0\u00bb{}\u00a0\u00bb custom_padding__hover=\u00a0\u00bb|||\u00a0\u00bb][\/et_pb_column][\/et_pb_row][\/et_pb_section][et_pb_section fb_built=\u00a0\u00bb1&Prime; fullwidth=\u00a0\u00bbon\u00a0\u00bb admin_label=\u00a0\u00bbfondo colores\u00a0\u00bb module_class=\u00a0\u00bbstop\u00a0\u00bb _builder_version=\u00a0\u00bb4.16&Prime; background_image=\u00a0\u00bbhttps:\/\/www.vichycatalan.com\/wp-content\/uploads\/2018\/10\/trencadis-corporate.png\u00a0\u00bb background_position=\u00a0\u00bbtop_center\u00a0\u00bb background_repeat=\u00a0\u00bbrepeat-x\u00a0\u00bb custom_padding=\u00a0\u00bb190px||||false|false\u00a0\u00bb global_colors_info=\u00a0\u00bb{}\u00a0\u00bb][\/et_pb_section]<\/p>\n","protected":false},"excerpt":{"rendered":"<p>D\u00e9couvrez nos vari\u00e9t\u00e9s de produits EAU MIN\u00c9RALE GAZEUSE Vichy Catalan \u00ab\u00a0Genuina\u00a0\u00bb VCH Barcelona et Vichy Barcelona Genuina Mondariz gazeuse Monte Pinos gazeuse Malavella Original Malavella Classic Fuente del Val gazeuse EAU MIN\u00c9RALE PLATE Font d\u2019Or Classic Font d\u2019Or Maximum Font d\u2019Or PET Mondariz eau plate Monte Pinos eau plate Les Creus Diamant Les Creus Classic [&hellip;]<\/p>\n","protected":false},"author":1,"featured_media":0,"parent":9796,"menu_order":0,"comment_status":"closed","ping_status":"closed","template":"","meta":{"_acf_changed":false,"_et_pb_use_builder":"on","_et_pb_old_content":"","_et_gb_content_width":"","footnotes":""},"class_list":["post-9790","page","type-page","status-publish","hentry"],"acf":{"pagina_de_marca":"no"},"yoast_head":"<!-- This site is optimized with the Yoast SEO plugin v27.5 - https:\/\/yoast.com\/product\/yoast-seo-wordpress\/ -->\n<title>Cat\u00e9gorie du produits - Vichy Catalan Corporation<\/title>\n<meta name=\"description\" content=\"Cat\u00e9gories de produits - Vichy Catalan Corporation - D\u00e9couvrez toute la gamme de produits de la soci\u00e9t\u00e9.\" \/>\n<meta name=\"robots\" content=\"index, follow, max-snippet:-1, max-image-preview:large, max-video-preview:-1\" \/>\n<link rel=\"canonical\" href=\"https:\/\/www.vichycatalan.com\/fr\/nos-marques\/categorie-du-produits\/\" \/>\n<meta property=\"og:locale\" content=\"fr_FR\" \/>\n<meta property=\"og:type\" content=\"article\" \/>\n<meta property=\"og:title\" content=\"Cat\u00e9gorie du produits - Vichy Catalan Corporation\" \/>\n<meta property=\"og:description\" content=\"Cat\u00e9gories de produits - Vichy Catalan Corporation - D\u00e9couvrez toute la gamme de produits de la soci\u00e9t\u00e9.\" \/>\n<meta property=\"og:url\" content=\"https:\/\/www.vichycatalan.com\/fr\/nos-marques\/categorie-du-produits\/\" \/>\n<meta property=\"og:site_name\" content=\"Vichy Catalan Corporation\" \/>\n<meta property=\"article:modified_time\" content=\"2026-01-15T10:26:12+00:00\" \/>\n<meta name=\"twitter:card\" content=\"summary_large_image\" \/>\n<meta name=\"twitter:label1\" content=\"Dur\u00e9e de lecture estim\u00e9e\" \/>\n\t<meta name=\"twitter:data1\" content=\"8 minutes\" \/>\n<script type=\"application\/ld+json\" class=\"yoast-schema-graph\">{\"@context\":\"https:\\\/\\\/schema.org\",\"@graph\":[{\"@type\":\"WebPage\",\"@id\":\"https:\\\/\\\/www.vichycatalan.com\\\/fr\\\/nos-marques\\\/categorie-du-produits\\\/\",\"url\":\"https:\\\/\\\/www.vichycatalan.com\\\/fr\\\/nos-marques\\\/categorie-du-produits\\\/\",\"name\":\"Cat\u00e9gorie du produits - Vichy Catalan Corporation\",\"isPartOf\":{\"@id\":\"https:\\\/\\\/www.vichycatalan.com\\\/fr\\\/#website\"},\"datePublished\":\"2019-03-07T12:48:59+00:00\",\"dateModified\":\"2026-01-15T10:26:12+00:00\",\"description\":\"Cat\u00e9gories de produits - Vichy Catalan Corporation - D\u00e9couvrez toute la gamme de produits de la soci\u00e9t\u00e9.\",\"breadcrumb\":{\"@id\":\"https:\\\/\\\/www.vichycatalan.com\\\/fr\\\/nos-marques\\\/categorie-du-produits\\\/#breadcrumb\"},\"inLanguage\":\"fr-FR\",\"potentialAction\":[{\"@type\":\"ReadAction\",\"target\":[\"https:\\\/\\\/www.vichycatalan.com\\\/fr\\\/nos-marques\\\/categorie-du-produits\\\/\"]}]},{\"@type\":\"BreadcrumbList\",\"@id\":\"https:\\\/\\\/www.vichycatalan.com\\\/fr\\\/nos-marques\\\/categorie-du-produits\\\/#breadcrumb\",\"itemListElement\":[{\"@type\":\"ListItem\",\"position\":1,\"name\":\"Portada\",\"item\":\"https:\\\/\\\/www.vichycatalan.com\\\/fr\\\/\"},{\"@type\":\"ListItem\",\"position\":2,\"name\":\"Nos marques\",\"item\":\"https:\\\/\\\/www.vichycatalan.com\\\/fr\\\/nos-marques\\\/\"},{\"@type\":\"ListItem\",\"position\":3,\"name\":\"Cat\u00e9gorie du produits\"}]},{\"@type\":\"WebSite\",\"@id\":\"https:\\\/\\\/www.vichycatalan.com\\\/fr\\\/#website\",\"url\":\"https:\\\/\\\/www.vichycatalan.com\\\/fr\\\/\",\"name\":\"Vichy Catalan Corporation\",\"description\":\"Web de Vichy Catalan Corporation\",\"potentialAction\":[{\"@type\":\"SearchAction\",\"target\":{\"@type\":\"EntryPoint\",\"urlTemplate\":\"https:\\\/\\\/www.vichycatalan.com\\\/fr\\\/?s={search_term_string}\"},\"query-input\":{\"@type\":\"PropertyValueSpecification\",\"valueRequired\":true,\"valueName\":\"search_term_string\"}}],\"inLanguage\":\"fr-FR\"}]}<\/script>\n<!-- \/ Yoast SEO plugin. -->","yoast_head_json":{"title":"Cat\u00e9gorie du produits - Vichy Catalan Corporation","description":"Cat\u00e9gories de produits - Vichy Catalan Corporation - D\u00e9couvrez toute la gamme de produits de la soci\u00e9t\u00e9.","robots":{"index":"index","follow":"follow","max-snippet":"max-snippet:-1","max-image-preview":"max-image-preview:large","max-video-preview":"max-video-preview:-1"},"canonical":"https:\/\/www.vichycatalan.com\/fr\/nos-marques\/categorie-du-produits\/","og_locale":"fr_FR","og_type":"article","og_title":"Cat\u00e9gorie du produits - Vichy Catalan Corporation","og_description":"Cat\u00e9gories de produits - Vichy Catalan Corporation - D\u00e9couvrez toute la gamme de produits de la soci\u00e9t\u00e9.","og_url":"https:\/\/www.vichycatalan.com\/fr\/nos-marques\/categorie-du-produits\/","og_site_name":"Vichy Catalan Corporation","article_modified_time":"2026-01-15T10:26:12+00:00","twitter_card":"summary_large_image","twitter_misc":{"Dur\u00e9e de lecture estim\u00e9e":"8 minutes"},"schema":{"@context":"https:\/\/schema.org","@graph":[{"@type":"WebPage","@id":"https:\/\/www.vichycatalan.com\/fr\/nos-marques\/categorie-du-produits\/","url":"https:\/\/www.vichycatalan.com\/fr\/nos-marques\/categorie-du-produits\/","name":"Cat\u00e9gorie du produits - Vichy Catalan Corporation","isPartOf":{"@id":"https:\/\/www.vichycatalan.com\/fr\/#website"},"datePublished":"2019-03-07T12:48:59+00:00","dateModified":"2026-01-15T10:26:12+00:00","description":"Cat\u00e9gories de produits - Vichy Catalan Corporation - D\u00e9couvrez toute la gamme de produits de la soci\u00e9t\u00e9.","breadcrumb":{"@id":"https:\/\/www.vichycatalan.com\/fr\/nos-marques\/categorie-du-produits\/#breadcrumb"},"inLanguage":"fr-FR","potentialAction":[{"@type":"ReadAction","target":["https:\/\/www.vichycatalan.com\/fr\/nos-marques\/categorie-du-produits\/"]}]},{"@type":"BreadcrumbList","@id":"https:\/\/www.vichycatalan.com\/fr\/nos-marques\/categorie-du-produits\/#breadcrumb","itemListElement":[{"@type":"ListItem","position":1,"name":"Portada","item":"https:\/\/www.vichycatalan.com\/fr\/"},{"@type":"ListItem","position":2,"name":"Nos marques","item":"https:\/\/www.vichycatalan.com\/fr\/nos-marques\/"},{"@type":"ListItem","position":3,"name":"Cat\u00e9gorie du produits"}]},{"@type":"WebSite","@id":"https:\/\/www.vichycatalan.com\/fr\/#website","url":"https:\/\/www.vichycatalan.com\/fr\/","name":"Vichy Catalan Corporation","description":"Web de Vichy Catalan Corporation","potentialAction":[{"@type":"SearchAction","target":{"@type":"EntryPoint","urlTemplate":"https:\/\/www.vichycatalan.com\/fr\/?s={search_term_string}"},"query-input":{"@type":"PropertyValueSpecification","valueRequired":true,"valueName":"search_term_string"}}],"inLanguage":"fr-FR"}]}},"_links":{"self":[{"href":"https:\/\/www.vichycatalan.com\/fr\/wp-json\/wp\/v2\/pages\/9790","targetHints":{"allow":["GET"]}}],"collection":[{"href":"https:\/\/www.vichycatalan.com\/fr\/wp-json\/wp\/v2\/pages"}],"about":[{"href":"https:\/\/www.vichycatalan.com\/fr\/wp-json\/wp\/v2\/types\/page"}],"author":[{"embeddable":true,"href":"https:\/\/www.vichycatalan.com\/fr\/wp-json\/wp\/v2\/users\/1"}],"replies":[{"embeddable":true,"href":"https:\/\/www.vichycatalan.com\/fr\/wp-json\/wp\/v2\/comments?post=9790"}],"version-history":[{"count":0,"href":"https:\/\/www.vichycatalan.com\/fr\/wp-json\/wp\/v2\/pages\/9790\/revisions"}],"up":[{"embeddable":true,"href":"https:\/\/www.vichycatalan.com\/fr\/wp-json\/wp\/v2\/pages\/9796"}],"wp:attachment":[{"href":"https:\/\/www.vichycatalan.com\/fr\/wp-json\/wp\/v2\/media?parent=9790"}],"curies":[{"name":"wp","href":"https:\/\/api.w.org\/{rel}","templated":true}]}}