{"id":9774,"date":"2019-03-06T09:22:16","date_gmt":"2019-03-06T08:22:16","guid":{"rendered":"https:\/\/www.vichycatalan.com\/mentions-legales\/"},"modified":"2019-04-16T16:49:02","modified_gmt":"2019-04-16T14:49:02","slug":"mentions-legales","status":"publish","type":"page","link":"https:\/\/www.vichycatalan.com\/fr\/mentions-legales\/","title":{"rendered":"Politique de confidentialit\u00e9"},"content":{"rendered":"<p>[et_pb_section bb_built=\u00a0\u00bb1&Prime; fullwidth=\u00a0\u00bbon\u00a0\u00bb _builder_version=\u00a0\u00bb3.17.2&Prime; custom_padding=\u00a0\u00bb||||false|false\u00a0\u00bb bottom_divider_color=\u00a0\u00bb#ffffff\u00a0\u00bb bottom_divider_height=\u00a0\u00bb50px\u00a0\u00bb next_background_color=\u00a0\u00bb#000000&Prime;][et_pb_fullwidth_header title=\u00a0\u00bbPolitique de confidentialit\u00e9\u00a0\u00bb background_overlay_color=\u00a0\u00bbrgba(44,42,41,0.44)\u00a0\u00bb content_max_width=\u00a0\u00bb60%\u00a0\u00bb content_max_width_tablet=\u00a0\u00bb100%\u00a0\u00bb content_max_width_last_edited=\u00a0\u00bbon|phone\u00a0\u00bb _builder_version=\u00a0\u00bb3.19.16&Prime; title_font=\u00a0\u00bbHelvetica Neue standar|700|||||||\u00a0\u00bb title_font_size=\u00a0\u00bb56px\u00a0\u00bb title_text_shadow_style=\u00a0\u00bbpreset1&Prime; content_text_align=\u00a0\u00bbleft\u00a0\u00bb content_font_size=\u00a0\u00bb23px\u00a0\u00bb content_line_height=\u00a0\u00bb1.1em\u00a0\u00bb content_text_shadow_style=\u00a0\u00bbpreset1&Prime; background_image=\u00a0\u00bbhttps:\/\/www.vichycatalan.com\/wp-content\/uploads\/2018\/11\/quienes-somos.jpg\u00a0\u00bb parallax=\u00a0\u00bbon\u00a0\u00bb parallax_method=\u00a0\u00bbon\u00a0\u00bb custom_margin=\u00a0\u00bb0px|0px|0px|0px\u00a0\u00bb custom_padding=\u00a0\u00bb100px|0px|200px|0px\u00a0\u00bb custom_padding_tablet=\u00a0\u00bb50px|0px|150px|0px\u00a0\u00bb custom_padding_phone=\u00a0\u00bb0px||100px\u00a0\u00bb custom_padding_last_edited=\u00a0\u00bbon|phone\u00a0\u00bb text_shadow_style=\u00a0\u00bbpreset1&Prime; divienhancer_set=\u00a0\u00bbnone\u00a0\u00bb divienhancer_interactive_bg_transform=\u00a0\u00bbnone\u00a0\u00bb divienhancer_hover_effect=\u00a0\u00bbnone\u00a0\u00bb divienhancer_sticky_module=\u00a0\u00bbnone\u00a0\u00bb divienhancer_modal_overlay=\u00a0\u00bb#333333&Prime; divienhancer_module_menu_button_background=\u00a0\u00bb#333333&Prime; divienhancer_module_menu_button_color=\u00a0\u00bb#ffffff\u00a0\u00bb \/][\/et_pb_section][et_pb_section bb_built=\u00a0\u00bb1&Prime; _builder_version=\u00a0\u00bb3.17.6&Prime; background_video_width=\u00a0\u00bb1280&Prime; background_video_height=\u00a0\u00bb720&Prime; custom_margin=\u00a0\u00bb||\u00a0\u00bb custom_padding=\u00a0\u00bb0|0px|16px|0px|false|false\u00a0\u00bb top_divider_color=\u00a0\u00bb#ffffff\u00a0\u00bb top_divider_height=\u00a0\u00bb50px\u00a0\u00bb bottom_divider_color=\u00a0\u00bb#c1c1c1&Prime; bottom_divider_height=\u00a0\u00bb136px\u00a0\u00bb prev_background_color=\u00a0\u00bb#000000&Prime; next_background_color=\u00a0\u00bb#000000&Prime;][et_pb_row][et_pb_column type=\u00a0\u00bb4_4&Prime;][et_pb_text _builder_version=\u00a0\u00bb3.19.16&Prime; divienhancer_set=\u00a0\u00bbnone\u00a0\u00bb divienhancer_interactive_bg_transform=\u00a0\u00bbnone\u00a0\u00bb divienhancer_hover_effect=\u00a0\u00bbnone\u00a0\u00bb divienhancer_sticky_module=\u00a0\u00bbnone\u00a0\u00bb divienhancer_modal_overlay=\u00a0\u00bb#333333&Prime; divienhancer_module_menu_button_background=\u00a0\u00bb#333333&Prime; divienhancer_module_menu_button_color=\u00a0\u00bb#ffffff\u00a0\u00bb]<\/p>\n<p>En PREMIUM MIX GROUP, S.L. s\u2019efforce de garantir la confidentialit\u00e9 lors du traitement de vos donn\u00e9es personnelles. Nous avons mis \u00e0 jour notre Politique de confidentialit\u00e9 pour informer clairement sur la fa\u00e7on dont nous collectons, utilisons et conservons les donn\u00e9es des personnes qui contactent notre organisation\u00a0:<\/p>\n<ul>\n<li>Responsable du traitement<\/li>\n<li>Finalit\u00e9s du traitement des donn\u00e9es<\/li>\n<li>P\u00e9riode de conservation des donn\u00e9es<\/li>\n<li>L\u00e9gitimation pour traiter les donn\u00e9es<\/li>\n<li>Communication des donn\u00e9es<\/li>\n<li>Obtention de vos donn\u00e9es et des donn\u00e9es de tiers<\/li>\n<li>Transferts de donn\u00e9es internationaux<\/li>\n<li>Vos droits<\/li>\n<\/ul>\n<p>[\/et_pb_text][\/et_pb_column][\/et_pb_row][et_pb_row][et_pb_column type=\u00a0\u00bb4_4&Prime;][et_pb_text _builder_version=\u00a0\u00bb3.19.16&Prime; divienhancer_set=\u00a0\u00bbnone\u00a0\u00bb divienhancer_interactive_bg_transform=\u00a0\u00bbnone\u00a0\u00bb divienhancer_hover_effect=\u00a0\u00bbnone\u00a0\u00bb divienhancer_sticky_module=\u00a0\u00bbnone\u00a0\u00bb divienhancer_modal_overlay=\u00a0\u00bb#333333&Prime; divienhancer_module_menu_button_background=\u00a0\u00bb#333333&Prime; divienhancer_module_menu_button_color=\u00a0\u00bb#ffffff\u00a0\u00bb]<\/p>\n<h3>Responsable du traitement de vos donn\u00e9es<\/h3>\n<ul>\n<li>Raison sociale\u00a0: PREMIUM MIX GROUP, S.L.<\/li>\n<li>Nom commercial\u00a0: PREMIUM MIX GROUP, S.L.<\/li>\n<li>NIF\u00a0: B-59162701<\/li>\n<li>Adresse postale\u00a0: Carrer C\u00f2rsega, 272 de 08008 BARCELONA (Barcelona).<\/li>\n<li>T\u00e9l\u00e9phone\u00a0: +34\u00a0932\u00a0387\u00a0900<\/li>\n<li>E-mail\u00a0: consumidor@pmg1881.com<\/li>\n<\/ul>\n<p>[\/et_pb_text][\/et_pb_column][\/et_pb_row][et_pb_row][et_pb_column type=\u00a0\u00bb4_4&Prime;][et_pb_text _builder_version=\u00a0\u00bb3.19.16&Prime; divienhancer_set=\u00a0\u00bbnone\u00a0\u00bb divienhancer_interactive_bg_transform=\u00a0\u00bbnone\u00a0\u00bb divienhancer_hover_effect=\u00a0\u00bbnone\u00a0\u00bb divienhancer_sticky_module=\u00a0\u00bbnone\u00a0\u00bb divienhancer_modal_overlay=\u00a0\u00bb#333333&Prime; divienhancer_module_menu_button_background=\u00a0\u00bb#333333&Prime; divienhancer_module_menu_button_color=\u00a0\u00bb#ffffff\u00a0\u00bb]<\/p>\n<h3>Finalit\u00e9 du traitement de vos donn\u00e9es<\/h3>\n<p>PREMIUM MIX GROUP, S.L. traite les donn\u00e9es des utilisateurs de fa\u00e7on manuelle et\/ou automatis\u00e9e, en fonction du motif pour lesquelles elles ont \u00e9t\u00e9 fournies, aux fins suivantes\u00a0:<\/p>\n<ol>\n<li>Traiter les donn\u00e9es fournies directement par la personne int\u00e9ress\u00e9e, en qualit\u00e9 de particulier, professionnel ou repr\u00e9sentant de son entreprise, pour r\u00e9pondre aux demandes, questions ou consultations et faire un suivi.<\/li>\n<li>Traiter les donn\u00e9es fournies par l\u2019utilisateur au moment de la souscription de nos services et produits, au niveau organisationnel, comptable, fiscal et administratif.<\/li>\n<li>Traiter les donn\u00e9es de contact particuli\u00e8res et\/ou professionnelles de l\u2019utilisateur, pour sa participation \u00e0 diverses promotions, tirages au sort, activit\u00e9s et \u00e9v\u00e8nements, que nous organisons et que nous avons \u00e9t\u00e9 autoris\u00e9s \u00e0 divulguer sur d\u2019autres promotions, activit\u00e9s ou \u00e9v\u00e8nements que nous organisions et soient susceptibles de l\u2019int\u00e9resser.<\/li>\n<li>Envoyer r\u00e9guli\u00e8rement des e-mails sur les diff\u00e9rentes promotions, tirages au sort, activit\u00e9s, \u00e9v\u00e8nements et actualit\u00e9s relatives \u00e0 notre organisation.<\/li>\n<li>Envoyer notre Newsletter, en cas d\u2019inscription \u00e0 celle-ci, en traitant les donn\u00e9es fournies \u00e0 tel effet.<\/li>\n<li>R\u00e9diger des rapports de statistiques anonymes concernant les habitudes d\u2019acc\u00e8s et les activit\u00e9s d\u00e9velopp\u00e9es par les utilisateurs sur la plate-forme.<\/li>\n<li>R\u00e9aliser, s\u2019il y a lieu, le profil de l\u2019utilisateur et lancer des actions commerciales adapt\u00e9es audit profil, en utilisant les donn\u00e9es obtenues du traitement des produits acquis comme ses donn\u00e9es de navigation, habitudes d\u2019acc\u00e8s et autres, afin de lui proposer des produits et des services de fa\u00e7on personnalis\u00e9e.<\/li>\n<\/ol>\n<p>[\/et_pb_text][\/et_pb_column][\/et_pb_row][et_pb_row][et_pb_column type=\u00a0\u00bb4_4&Prime;][et_pb_text _builder_version=\u00a0\u00bb3.19.16&Prime; divienhancer_set=\u00a0\u00bbnone\u00a0\u00bb divienhancer_interactive_bg_transform=\u00a0\u00bbnone\u00a0\u00bb divienhancer_hover_effect=\u00a0\u00bbnone\u00a0\u00bb divienhancer_sticky_module=\u00a0\u00bbnone\u00a0\u00bb divienhancer_modal_overlay=\u00a0\u00bb#333333&Prime; divienhancer_module_menu_button_background=\u00a0\u00bb#333333&Prime; divienhancer_module_menu_button_color=\u00a0\u00bb#ffffff\u00a0\u00bb]<\/p>\n<h3>P\u00e9riode de conservation de vos donn\u00e9es.<\/h3>\n<ul>\n<li>Les donn\u00e9es destin\u00e9es \u00e0 la gestion de la<strong>relation avec le client et la facturation et encaissement des services<\/strong> seront conserv\u00e9es pendant toute la dur\u00e9e de validit\u00e9 de la relation contractuelle. \u00c0 l\u2019issue de cette relation, les donn\u00e9es pourront \u00eatre conserv\u00e9es pendant le d\u00e9lai exig\u00e9 par la loi applicable et jusqu\u2019\u00e0 la prescription des \u00e9ventuelles responsabilit\u00e9s d\u00e9riv\u00e9es du contrat.<\/li>\n<li>Les donn\u00e9es destin\u00e9es au <strong>traitement des questions et demandes<\/strong> seront conserv\u00e9es pendant toute la dur\u00e9e n\u00e9cessaire pour y r\u00e9pondre, avec un d\u00e9lai maximum d\u2019un an<\/li>\n<li>Les donn\u00e9es relatives aux <strong>publications de commentaires<\/strong> sur nos produits et services seront maintenues pendant la dur\u00e9e de validit\u00e9 et la publication des produits ou services auxquels elles font r\u00e9f\u00e9rence, sauf demande expresse qu\u2019elles soient \u00e9limin\u00e9es, que vous pouvez r\u00e9aliser \u00e0 tout moment.<\/li>\n<li>Les donn\u00e9es de contact pour votre participation aux <strong>promotions, tirages au sort, activit\u00e9s et \u00e9v\u00e8nements <\/strong>, seront conserv\u00e9es pendant la dur\u00e9e de ceux-ci, conform\u00e9ment aux bases sp\u00e9cifiques, afin de traiter leur d\u00e9roulement puis jusqu\u2019\u00e0 la prescription des \u00e9ventuelles responsabilit\u00e9s d\u00e9riv\u00e9es de leur r\u00e9alisation ou jusqu\u2019\u00e0, selon le cas, que vous nous indiquiez votre volont\u00e9 de r\u00e9voquer votre consentement.<\/li>\n<li>Les donn\u00e9es pour l\u2019envoi des <strong>Newsletters<\/strong> seront conserv\u00e9es de fa\u00e7on ind\u00e9termin\u00e9e, sauf indication contraire ou si l\u2019utilisateur s\u2019y oppose ou r\u00e9voque son consentement.<\/li>\n<li>Les donn\u00e9es pour l\u2019envoi des <strong>courriers commerciaux et l\u2019\u00e9laboration des profils commerciaux<\/strong> de nos produits ou services seront conserv\u00e9es de fa\u00e7on ind\u00e9termin\u00e9e \u00e0 moins que la personne int\u00e9ress\u00e9e r\u00e9voque son consentement.<\/li>\n<\/ul>\n<p>[\/et_pb_text][\/et_pb_column][\/et_pb_row][et_pb_row][et_pb_column type=\u00a0\u00bb4_4&Prime;][et_pb_text _builder_version=\u00a0\u00bb3.19.16&Prime; divienhancer_set=\u00a0\u00bbnone\u00a0\u00bb divienhancer_interactive_bg_transform=\u00a0\u00bbnone\u00a0\u00bb divienhancer_hover_effect=\u00a0\u00bbnone\u00a0\u00bb divienhancer_sticky_module=\u00a0\u00bbnone\u00a0\u00bb divienhancer_modal_overlay=\u00a0\u00bb#333333&Prime; divienhancer_module_menu_button_background=\u00a0\u00bb#333333&Prime; divienhancer_module_menu_button_color=\u00a0\u00bb#ffffff\u00a0\u00bb]<\/p>\n<h3>Base juridique pour le traitement de vos donn\u00e9es<\/h3>\n<ul>\n<li>La base juridique pour le traitement de vos donn\u00e9es en vue de la souscription de services, paiement, facturation et envois correspondants est l\u2019ex\u00e9cution du contrat.<\/li>\n<li>L\u2019offre prospective d\u2019information commerciale sur les promotions, tirages au sort et \u00e9v\u00e8nements aux clients, dont la base juridique est la satisfaction de l\u2019int\u00e9r\u00eat l\u00e9gal l\u00e9gitime de l\u2019entreprise consistant \u00e0 offrir \u00e0 nos clients la souscription d\u2019autres produits ou services li\u00e9s \u00e0 notre activit\u00e9 professionnelle et de les fid\u00e9liser. Laite base juridique est reconnue par la norme l\u00e9gale applicable (R\u00e8glement G\u00e9n\u00e9ral de Protection des Donn\u00e9es), qui permet express\u00e9ment le traitement des donn\u00e9es personnelles sur cette base l\u00e9gale, aux fins de d\u00e9marchage.<br \/>\nNonobstant, nous vous rappelons que vous avez le droit de vous opposer au traitement de ces donn\u00e9es, en utilisant n\u2019importe quelle m\u00e9thode indiqu\u00e9e dans cette Politique.<\/li>\n<li>La base de l\u2019envoi de correspondance commerciale aux utilisateurs qui ne sont pas des clients est le consentement de la personne int\u00e9ress\u00e9e qui en a fait la demande, et peut \u00eatre r\u00e9voqu\u00e9e \u00e0 tout moment. Le retrait dudit consentement n\u2019affectera en aucun cas l\u2019ex\u00e9cution du contrat mais les traitements de donn\u00e9es \u00e0 telle fin effectu\u00e9s au pr\u00e9alable ne perdront pas leur lic\u00e9it\u00e9 du fait du retrait du consentement.<\/li>\n<\/ul>\n<p>[\/et_pb_text][\/et_pb_column][\/et_pb_row][\/et_pb_section][et_pb_section bb_built=\u00a0\u00bb1&Prime; admin_label=\u00a0\u00bbfondo colores\u00a0\u00bb fullwidth=\u00a0\u00bbon\u00a0\u00bb module_class=\u00a0\u00bbstop\u00a0\u00bb _builder_version=\u00a0\u00bb3.17.6&Prime; background_image=\u00a0\u00bbhttps:\/\/www.vichycatalan.com\/wp-content\/uploads\/2018\/10\/trencadis-corporate.png\u00a0\u00bb background_position=\u00a0\u00bbtop_center\u00a0\u00bb background_repeat=\u00a0\u00bbrepeat-x\u00a0\u00bb custom_padding=\u00a0\u00bb190px||||false|false\u00a0\u00bb prev_background_color=\u00a0\u00bb#ffffff\u00a0\u00bb global_module=\u00a0\u00bb634&Prime;][\/et_pb_section]<\/p>\n","protected":false},"excerpt":{"rendered":"<p><div class=\"et_pb_row et_pb_row_0 et_pb_row_empty\">\n\t\t\t\t\n\t\t\t\t\n\t\t\t\t\n\t\t\t\t\n\t\t\t\t\n\t\t\t<\/div> En PREMIUM MIX GROUP, S.L. s\u2019efforce de garantir la confidentialit\u00e9 lors du traitement de vos donn\u00e9es personnelles. Nous avons mis \u00e0 jour notre Politique de confidentialit\u00e9 pour informer clairement sur la fa\u00e7on dont nous collectons, utilisons et conservons les donn\u00e9es des personnes qui contactent notre organisation\u00a0: Responsable du traitement Finalit\u00e9s du traitement des donn\u00e9es [&hellip;]<\/p>\n","protected":false},"author":1,"featured_media":0,"parent":0,"menu_order":0,"comment_status":"closed","ping_status":"closed","template":"","meta":{"_acf_changed":false,"_et_pb_use_builder":"on","_et_pb_old_content":"","_et_gb_content_width":"","footnotes":""},"class_list":["post-9774","page","type-page","status-publish","hentry"],"acf":{"pagina_de_marca":null,"campos_de_marca":null},"yoast_head":"<!-- This site is optimized with the Yoast SEO plugin v27.5 - https:\/\/yoast.com\/product\/yoast-seo-wordpress\/ -->\n<title>Politique de confidentialit\u00e9 - Vichy Catalan Corporation<\/title>\n<meta name=\"description\" content=\"Politique de confidentialit\u00e9 de Vichy Catalan Corporation\" \/>\n<meta name=\"robots\" content=\"index, follow, max-snippet:-1, max-image-preview:large, max-video-preview:-1\" \/>\n<link rel=\"canonical\" href=\"https:\/\/www.vichycatalan.com\/fr\/mentions-legales\/\" \/>\n<meta property=\"og:locale\" content=\"fr_FR\" \/>\n<meta property=\"og:type\" content=\"article\" \/>\n<meta property=\"og:title\" content=\"Politique de confidentialit\u00e9 - Vichy Catalan Corporation\" \/>\n<meta property=\"og:description\" content=\"Politique de confidentialit\u00e9 de Vichy Catalan Corporation\" \/>\n<meta property=\"og:url\" content=\"https:\/\/www.vichycatalan.com\/fr\/mentions-legales\/\" \/>\n<meta property=\"og:site_name\" content=\"Vichy Catalan Corporation\" \/>\n<meta property=\"article:modified_time\" content=\"2019-04-16T14:49:02+00:00\" \/>\n<meta name=\"twitter:card\" content=\"summary_large_image\" \/>\n<meta name=\"twitter:label1\" content=\"Dur\u00e9e de lecture estim\u00e9e\" \/>\n\t<meta name=\"twitter:data1\" content=\"7 minutes\" \/>\n<script type=\"application\/ld+json\" class=\"yoast-schema-graph\">{\"@context\":\"https:\\\/\\\/schema.org\",\"@graph\":[{\"@type\":\"WebPage\",\"@id\":\"https:\\\/\\\/www.vichycatalan.com\\\/fr\\\/mentions-legales\\\/\",\"url\":\"https:\\\/\\\/www.vichycatalan.com\\\/fr\\\/mentions-legales\\\/\",\"name\":\"Politique de confidentialit\u00e9 - Vichy Catalan Corporation\",\"isPartOf\":{\"@id\":\"https:\\\/\\\/www.vichycatalan.com\\\/fr\\\/#website\"},\"datePublished\":\"2019-03-06T08:22:16+00:00\",\"dateModified\":\"2019-04-16T14:49:02+00:00\",\"description\":\"Politique de confidentialit\u00e9 de Vichy Catalan Corporation\",\"breadcrumb\":{\"@id\":\"https:\\\/\\\/www.vichycatalan.com\\\/fr\\\/mentions-legales\\\/#breadcrumb\"},\"inLanguage\":\"fr-FR\",\"potentialAction\":[{\"@type\":\"ReadAction\",\"target\":[\"https:\\\/\\\/www.vichycatalan.com\\\/fr\\\/mentions-legales\\\/\"]}]},{\"@type\":\"BreadcrumbList\",\"@id\":\"https:\\\/\\\/www.vichycatalan.com\\\/fr\\\/mentions-legales\\\/#breadcrumb\",\"itemListElement\":[{\"@type\":\"ListItem\",\"position\":1,\"name\":\"Portada\",\"item\":\"https:\\\/\\\/www.vichycatalan.com\\\/fr\\\/\"},{\"@type\":\"ListItem\",\"position\":2,\"name\":\"Politique de confidentialit\u00e9\"}]},{\"@type\":\"WebSite\",\"@id\":\"https:\\\/\\\/www.vichycatalan.com\\\/fr\\\/#website\",\"url\":\"https:\\\/\\\/www.vichycatalan.com\\\/fr\\\/\",\"name\":\"Vichy Catalan Corporation\",\"description\":\"Web de Vichy Catalan Corporation\",\"potentialAction\":[{\"@type\":\"SearchAction\",\"target\":{\"@type\":\"EntryPoint\",\"urlTemplate\":\"https:\\\/\\\/www.vichycatalan.com\\\/fr\\\/?s={search_term_string}\"},\"query-input\":{\"@type\":\"PropertyValueSpecification\",\"valueRequired\":true,\"valueName\":\"search_term_string\"}}],\"inLanguage\":\"fr-FR\"}]}<\/script>\n<!-- \/ Yoast SEO plugin. -->","yoast_head_json":{"title":"Politique de confidentialit\u00e9 - Vichy Catalan Corporation","description":"Politique de confidentialit\u00e9 de Vichy Catalan Corporation","robots":{"index":"index","follow":"follow","max-snippet":"max-snippet:-1","max-image-preview":"max-image-preview:large","max-video-preview":"max-video-preview:-1"},"canonical":"https:\/\/www.vichycatalan.com\/fr\/mentions-legales\/","og_locale":"fr_FR","og_type":"article","og_title":"Politique de confidentialit\u00e9 - Vichy Catalan Corporation","og_description":"Politique de confidentialit\u00e9 de Vichy Catalan Corporation","og_url":"https:\/\/www.vichycatalan.com\/fr\/mentions-legales\/","og_site_name":"Vichy Catalan Corporation","article_modified_time":"2019-04-16T14:49:02+00:00","twitter_card":"summary_large_image","twitter_misc":{"Dur\u00e9e de lecture estim\u00e9e":"7 minutes"},"schema":{"@context":"https:\/\/schema.org","@graph":[{"@type":"WebPage","@id":"https:\/\/www.vichycatalan.com\/fr\/mentions-legales\/","url":"https:\/\/www.vichycatalan.com\/fr\/mentions-legales\/","name":"Politique de confidentialit\u00e9 - Vichy Catalan Corporation","isPartOf":{"@id":"https:\/\/www.vichycatalan.com\/fr\/#website"},"datePublished":"2019-03-06T08:22:16+00:00","dateModified":"2019-04-16T14:49:02+00:00","description":"Politique de confidentialit\u00e9 de Vichy Catalan Corporation","breadcrumb":{"@id":"https:\/\/www.vichycatalan.com\/fr\/mentions-legales\/#breadcrumb"},"inLanguage":"fr-FR","potentialAction":[{"@type":"ReadAction","target":["https:\/\/www.vichycatalan.com\/fr\/mentions-legales\/"]}]},{"@type":"BreadcrumbList","@id":"https:\/\/www.vichycatalan.com\/fr\/mentions-legales\/#breadcrumb","itemListElement":[{"@type":"ListItem","position":1,"name":"Portada","item":"https:\/\/www.vichycatalan.com\/fr\/"},{"@type":"ListItem","position":2,"name":"Politique de confidentialit\u00e9"}]},{"@type":"WebSite","@id":"https:\/\/www.vichycatalan.com\/fr\/#website","url":"https:\/\/www.vichycatalan.com\/fr\/","name":"Vichy Catalan Corporation","description":"Web de Vichy Catalan Corporation","potentialAction":[{"@type":"SearchAction","target":{"@type":"EntryPoint","urlTemplate":"https:\/\/www.vichycatalan.com\/fr\/?s={search_term_string}"},"query-input":{"@type":"PropertyValueSpecification","valueRequired":true,"valueName":"search_term_string"}}],"inLanguage":"fr-FR"}]}},"_links":{"self":[{"href":"https:\/\/www.vichycatalan.com\/fr\/wp-json\/wp\/v2\/pages\/9774","targetHints":{"allow":["GET"]}}],"collection":[{"href":"https:\/\/www.vichycatalan.com\/fr\/wp-json\/wp\/v2\/pages"}],"about":[{"href":"https:\/\/www.vichycatalan.com\/fr\/wp-json\/wp\/v2\/types\/page"}],"author":[{"embeddable":true,"href":"https:\/\/www.vichycatalan.com\/fr\/wp-json\/wp\/v2\/users\/1"}],"replies":[{"embeddable":true,"href":"https:\/\/www.vichycatalan.com\/fr\/wp-json\/wp\/v2\/comments?post=9774"}],"version-history":[{"count":0,"href":"https:\/\/www.vichycatalan.com\/fr\/wp-json\/wp\/v2\/pages\/9774\/revisions"}],"wp:attachment":[{"href":"https:\/\/www.vichycatalan.com\/fr\/wp-json\/wp\/v2\/media?parent=9774"}],"curies":[{"name":"wp","href":"https:\/\/api.w.org\/{rel}","templated":true}]}}