{"id":9759,"date":"2019-03-01T13:59:37","date_gmt":"2019-03-01T12:59:37","guid":{"rendered":"https:\/\/www.vichycatalan.com\/aguas-de-mondariz\/histoire\/"},"modified":"2019-05-21T17:20:05","modified_gmt":"2019-05-21T15:20:05","slug":"histoire","status":"publish","type":"page","link":"https:\/\/www.vichycatalan.com\/fr\/nos-marques\/aguas-de-mondariz\/histoire\/","title":{"rendered":"Histoire"},"content":{"rendered":"<p>[et_pb_section fb_built=\u00a0\u00bb1&Prime; fullwidth=\u00a0\u00bbon\u00a0\u00bb _builder_version=\u00a0\u00bb3.22.3&Prime; custom_padding=\u00a0\u00bb||||false|false\u00a0\u00bb bottom_divider_color=\u00a0\u00bb#ffffff\u00a0\u00bb bottom_divider_height=\u00a0\u00bb50px\u00a0\u00bb][et_pb_fullwidth_header title=\u00a0\u00bbL\u2019histoire d\u2019Aguas de Mondariz\u00a0\u00bb background_overlay_color=\u00a0\u00bbrgba(44,42,41,0.2)\u00a0\u00bb content_max_width=\u00a0\u00bb60%\u00a0\u00bb content_max_width_tablet=\u00a0\u00bb100%\u00a0\u00bb content_max_width_last_edited=\u00a0\u00bbon|phone\u00a0\u00bb _builder_version=\u00a0\u00bb3.19.16&Prime; title_font=\u00a0\u00bbHelvetica Neue standar|700|||||||\u00a0\u00bb title_font_size=\u00a0\u00bb56px\u00a0\u00bb title_text_shadow_style=\u00a0\u00bbpreset1&Prime; content_text_align=\u00a0\u00bbleft\u00a0\u00bb content_font_size=\u00a0\u00bb23px\u00a0\u00bb content_line_height=\u00a0\u00bb1.1em\u00a0\u00bb content_text_shadow_style=\u00a0\u00bbpreset1&Prime; background_image=\u00a0\u00bbhttps:\/\/www.vichycatalan.com\/wp-content\/uploads\/2019\/03\/header-mondariz-historia.jpg\u00a0\u00bb custom_margin=\u00a0\u00bb0px|0px|0px|0px\u00a0\u00bb custom_padding=\u00a0\u00bb100px|0px|200px|0px\u00a0\u00bb custom_padding_tablet=\u00a0\u00bb50px|0px|150px|0px\u00a0\u00bb custom_padding_phone=\u00a0\u00bb0px||100px\u00a0\u00bb custom_padding_last_edited=\u00a0\u00bbon|phone\u00a0\u00bb text_shadow_style=\u00a0\u00bbpreset1&Prime; divienhancer_set=\u00a0\u00bbnone\u00a0\u00bb]<\/p>\n<p>L\u2019histoire de la meilleure eau du monde<\/p>\n<p>[\/et_pb_fullwidth_header][\/et_pb_section][et_pb_section fb_built=\u00a0\u00bb1&Prime; _builder_version=\u00a0\u00bb3.22.3&Prime; background_video_width=\u00a0\u00bb1280&Prime; background_video_height=\u00a0\u00bb720&Prime; custom_margin=\u00a0\u00bb||\u00a0\u00bb custom_padding=\u00a0\u00bb0|0px|16px|0px|false|false\u00a0\u00bb top_divider_color=\u00a0\u00bb#ffffff\u00a0\u00bb top_divider_height=\u00a0\u00bb50px\u00a0\u00bb bottom_divider_color=\u00a0\u00bb#c1c1c1&Prime; bottom_divider_height=\u00a0\u00bb136px\u00a0\u00bb][et_pb_row custom_margin=\u00a0\u00bb40px|||\u00a0\u00bb _builder_version=\u00a0\u00bb3.22.3&Prime; background_size=\u00a0\u00bbinitial\u00a0\u00bb background_position=\u00a0\u00bbtop_left\u00a0\u00bb background_repeat=\u00a0\u00bbrepeat\u00a0\u00bb][et_pb_column type=\u00a0\u00bb1_2&Prime; _builder_version=\u00a0\u00bb3.0.47&Prime;][et_pb_text _builder_version=\u00a0\u00bb3.19.16&Prime; animation_style=\u00a0\u00bbfade\u00a0\u00bb animation_direction=\u00a0\u00bbright\u00a0\u00bb animation_delay=\u00a0\u00bb100ms\u00a0\u00bb divienhancer_set=\u00a0\u00bbnone\u00a0\u00bb]<\/p>\n<p><span class=\"et-dropcap\">L\u2019<\/span> <strong>histoire de Mondariz<\/strong> est \u00e9troitement li\u00e9e \u00e0 l\u2019exploitation de ses eaux min\u00e9rales et m\u00e9dicinales. Il existe des documents qui associent Mondariz \u00e0 l\u2019ancienne ville romaine de B\u00farbida et affirment que les anciens habitants du ch\u00e2teau de Sobroso connaissaient et utilisaient ces eaux dans leurs installations, d\u00e9truites au cours de la bataille d\u2019Ucl\u00e9s (au XIIe si\u00e8cle).<\/p>\n<p>La red\u00e9couverte des eaux (au XIXe si\u00e8cle), en premi\u00e8re instance, est due au <strong>Dr Domingo Blanco Lage<\/strong>, m\u00e9decin de Mondariz qui observa que les habitants gu\u00e9rissaient de blessures de la peau en utilisant ces eaux, qu\u2019il adopta \u00e0 des fins th\u00e9rapeutiques, dans le cadre de sa profession.<\/p>\n<p>N\u00e9anmoins, l\u2019eau doit son grand succ\u00e8s \u00e0 <strong>Enrique Peinador Vela et \u00e0 sa famille<\/strong>. En 1873, il r\u00e9ussit \u00e0 la faire d\u00e9clarer d\u2019utilit\u00e9 publique et \u00e0 partir de 1877, l\u2019eau min\u00e9rale est mise en bouteille dans l\u2019usine alors situ\u00e9e dans un b\u00e2timent annexe \u00e0 la source.<\/p>\n<p>[\/et_pb_text][\/et_pb_column][et_pb_column type=\u00a0\u00bb1_2&Prime; _builder_version=\u00a0\u00bb3.0.47&Prime;][et_pb_text _builder_version=\u00a0\u00bb3.19.16&Prime; animation_style=\u00a0\u00bbfade\u00a0\u00bb animation_direction=\u00a0\u00bbright\u00a0\u00bb animation_delay=\u00a0\u00bb100ms\u00a0\u00bb divienhancer_set=\u00a0\u00bbnone\u00a0\u00bb]<\/p>\n<p>Pendant de nombreuses ann\u00e9es, l\u2019activit\u00e9 s\u2019est d\u00e9roul\u00e9e en parall\u00e8le \u00e0 celle de la station thermale de Mondariz, le centre de baln\u00e9oth\u00e9rapie le plus moderne de Galice, situ\u00e9 dans la vall\u00e9e du Tea.<\/p>\n<p>Au fil de l\u2019histoire des personnages illustres du si\u00e8cle dernier comme Isaac Peral, Echegaray, Arniches, Castelao, W. Fern\u00e1ndez Fl\u00f3rez, Castelar, entre autres, ont profit\u00e9 des bienfaits th\u00e9rapeutiques de l\u2019eau de Mondariz.<\/p>\n<p>\u00ab\u00a0Ceci n\u2019est pas une station thermale. C\u2019est le Palais des eaux\u00a0\u00bb a affirm\u00e9 le prix Nobel Jos\u00e9 de Echegaray en d\u00e9couvrant les effets b\u00e9n\u00e9fiques pour la sant\u00e9 des eaux de Mondariz.<\/p>\n<p>[\/et_pb_text][\/et_pb_column][\/et_pb_row][\/et_pb_section][et_pb_section fb_built=\u00a0\u00bb1&Prime; _builder_version=\u00a0\u00bb3.22.3&Prime;][et_pb_row custom_padding=\u00a0\u00bb0||0px||false|false\u00a0\u00bb _builder_version=\u00a0\u00bb3.22.3&Prime;][et_pb_column type=\u00a0\u00bb4_4&Prime; _builder_version=\u00a0\u00bb3.0.47&Prime;][et_pb_divider divider_style=\u00a0\u00bbdouble\u00a0\u00bb divider_position=\u00a0\u00bbcenter\u00a0\u00bb divider_weight=\u00a0\u00bb7px\u00a0\u00bb _builder_version=\u00a0\u00bb3.17.6&Prime; divienhancer_set=\u00a0\u00bbnone\u00a0\u00bb][\/et_pb_divider][\/et_pb_column][\/et_pb_row][et_pb_row custom_padding=\u00a0\u00bb32px|0px|7px|0px|false|false\u00a0\u00bb _builder_version=\u00a0\u00bb3.22.3&Prime; background_size=\u00a0\u00bbinitial\u00a0\u00bb background_position=\u00a0\u00bbtop_left\u00a0\u00bb background_repeat=\u00a0\u00bbrepeat\u00a0\u00bb][et_pb_column type=\u00a0\u00bb4_4&Prime; _builder_version=\u00a0\u00bb3.0.47&Prime;][et_pb_text admin_label=\u00a0\u00bbNuestras marcas\u00a0\u00bb _builder_version=\u00a0\u00bb3.19.16&Prime; header_2_font=\u00a0\u00bbHelvetica Neue standar||||||||\u00a0\u00bb header_2_font_size=\u00a0\u00bb39px\u00a0\u00bb background_color=\u00a0\u00bb#ffffff\u00a0\u00bb max_width=\u00a0\u00bb50%\u00a0\u00bb module_alignment=\u00a0\u00bbcenter\u00a0\u00bb custom_margin=\u00a0\u00bb-60px||\u00a0\u00bb divienhancer_set=\u00a0\u00bbnone\u00a0\u00bb inline_fonts=\u00a0\u00bbHelvetica Neue bold\u00a0\u00bb]<\/p>\n<h2 style=\"text-align: center;\">GAMME DE <span style=\"font-family: 'Helvetica Neue bold';\">MONDARIZ<\/span><\/h2>\n<p>[\/et_pb_text][\/et_pb_column][\/et_pb_row][et_pb_row custom_padding=\u00a0\u00bb3px|0px|0px|0px|false|false\u00a0\u00bb custom_margin=\u00a0\u00bb||49px\u00a0\u00bb module_class=\u00a0\u00bbsubmarcas\u00a0\u00bb _builder_version=\u00a0\u00bb3.22.3&Prime;][et_pb_column type=\u00a0\u00bb1_4&Prime; _builder_version=\u00a0\u00bb3.0.47&Prime;][et_pb_image src=\u00a0\u00bbhttps:\/\/www.vichycatalan.com\/wp-content\/uploads\/2019\/03\/logo-submarca-mondariz-natural-sin-gas.jpg\u00a0\u00bb url=\u00a0\u00bbhttps:\/\/www.vichycatalan.com\/fr\/nos-marques\/eau-minerale-naturelle-plate-mondariz\/\u00a0\u00bb use_overlay=\u00a0\u00bbon\u00a0\u00bb overlay_icon_color=\u00a0\u00bb#ffffff\u00a0\u00bb hover_overlay_color=\u00a0\u00bbrgba(252,210,153,0.66)\u00a0\u00bb hover_icon=\u00a0\u00bb%%47%%\u00a0\u00bb show_bottom_space=\u00a0\u00bboff\u00a0\u00bb align=\u00a0\u00bbcenter\u00a0\u00bb _builder_version=\u00a0\u00bb3.22.7&Prime; divienhancer_set=\u00a0\u00bbnone\u00a0\u00bb][\/et_pb_image][\/et_pb_column][et_pb_column type=\u00a0\u00bb1_4&Prime; _builder_version=\u00a0\u00bb3.0.47&Prime;][et_pb_image src=\u00a0\u00bbhttps:\/\/www.vichycatalan.com\/wp-content\/uploads\/2019\/03\/logo-submarca-mondariz-natural-con-gas.jpg\u00a0\u00bb url=\u00a0\u00bbhttps:\/\/www.vichycatalan.com\/fr\/nos-marques\/eau-minerale-naturelle-gazeuse-mondariz\/\u00a0\u00bb use_overlay=\u00a0\u00bbon\u00a0\u00bb overlay_icon_color=\u00a0\u00bb#ffffff\u00a0\u00bb hover_overlay_color=\u00a0\u00bbrgba(252,210,153,0.66)\u00a0\u00bb hover_icon=\u00a0\u00bb%%47%%\u00a0\u00bb show_bottom_space=\u00a0\u00bboff\u00a0\u00bb align=\u00a0\u00bbcenter\u00a0\u00bb _builder_version=\u00a0\u00bb3.22.7&Prime; divienhancer_set=\u00a0\u00bbnone\u00a0\u00bb][\/et_pb_image][\/et_pb_column][et_pb_column type=\u00a0\u00bb1_4&Prime; _builder_version=\u00a0\u00bb3.0.47&Prime;][et_pb_image src=\u00a0\u00bbhttps:\/\/www.vichycatalan.com\/wp-content\/uploads\/2019\/03\/logo-submarca-mondariz-refrescos.jpg\u00a0\u00bb url=\u00a0\u00bbhttps:\/\/www.vichycatalan.com\/fr\/nos-marques\/mondariz-boissons\/\u00a0\u00bb use_overlay=\u00a0\u00bbon\u00a0\u00bb overlay_icon_color=\u00a0\u00bb#ffffff\u00a0\u00bb hover_overlay_color=\u00a0\u00bbrgba(252,210,153,0.66)\u00a0\u00bb hover_icon=\u00a0\u00bb%%47%%\u00a0\u00bb show_bottom_space=\u00a0\u00bboff\u00a0\u00bb align=\u00a0\u00bbcenter\u00a0\u00bb _builder_version=\u00a0\u00bb3.22.7&Prime; divienhancer_set=\u00a0\u00bbnone\u00a0\u00bb][\/et_pb_image][\/et_pb_column][et_pb_column type=\u00a0\u00bb1_4&Prime; _builder_version=\u00a0\u00bb3.0.47&Prime;][et_pb_image src=\u00a0\u00bbhttps:\/\/www.vichycatalan.com\/wp-content\/uploads\/2019\/03\/logo-submarca-mondariz-frutas.jpg\u00a0\u00bb url=\u00a0\u00bbhttps:\/\/www.vichycatalan.com\/fr\/nos-marques\/mondariz-fruits\/\u00a0\u00bb use_overlay=\u00a0\u00bbon\u00a0\u00bb overlay_icon_color=\u00a0\u00bb#ffffff\u00a0\u00bb hover_overlay_color=\u00a0\u00bbrgba(252,210,153,0.66)\u00a0\u00bb hover_icon=\u00a0\u00bb%%47%%\u00a0\u00bb show_bottom_space=\u00a0\u00bboff\u00a0\u00bb align=\u00a0\u00bbcenter\u00a0\u00bb _builder_version=\u00a0\u00bb3.22.7&Prime; divienhancer_set=\u00a0\u00bbnone\u00a0\u00bb][\/et_pb_image][\/et_pb_column][\/et_pb_row][\/et_pb_section][et_pb_section fb_built=\u00a0\u00bb1&Prime; fullwidth=\u00a0\u00bbon\u00a0\u00bb admin_label=\u00a0\u00bbfondo colores\u00a0\u00bb module_class=\u00a0\u00bbstop\u00a0\u00bb _builder_version=\u00a0\u00bb3.22.3&Prime; background_image=\u00a0\u00bbhttps:\/\/www.vichycatalan.com\/wp-content\/uploads\/2018\/10\/trencadis-corporate.png\u00a0\u00bb background_position=\u00a0\u00bbtop_center\u00a0\u00bb background_repeat=\u00a0\u00bbrepeat-x\u00a0\u00bb custom_padding=\u00a0\u00bb190px||||false|false\u00a0\u00bb][\/et_pb_section]<\/p>\n","protected":false},"excerpt":{"rendered":"<p>L\u2019histoire de la meilleure eau du monde L\u2019 histoire de Mondariz est \u00e9troitement li\u00e9e \u00e0 l\u2019exploitation de ses eaux min\u00e9rales et m\u00e9dicinales. Il existe des documents qui associent Mondariz \u00e0 l\u2019ancienne ville romaine de B\u00farbida et affirment que les anciens habitants du ch\u00e2teau de Sobroso connaissaient et utilisaient ces eaux dans leurs installations, d\u00e9truites au [&hellip;]<\/p>\n","protected":false},"author":1,"featured_media":0,"parent":9756,"menu_order":0,"comment_status":"closed","ping_status":"closed","template":"","meta":{"_acf_changed":false,"_et_pb_use_builder":"on","_et_pb_old_content":"","_et_gb_content_width":"","footnotes":""},"class_list":["post-9759","page","type-page","status-publish","hentry"],"acf":{"pagina_de_marca":null,"campos_de_marca":null},"yoast_head":"<!-- This site is optimized with the Yoast SEO plugin v27.5 - https:\/\/yoast.com\/product\/yoast-seo-wordpress\/ -->\n<title>Histoire - Vichy Catalan Corporation<\/title>\n<meta name=\"description\" content=\"\u00ab\u00a0Ceci n\u2019est pas une station thermale. C\u2019est le Palais des eaux\u00a0\u00bb a affirm\u00e9 le prix Nobel Jos\u00e9 de Echegaray en d\u00e9couvrant les effets b\u00e9n\u00e9fiques pour la sant\u00e9 des eaux de Mondariz.\" \/>\n<meta name=\"robots\" content=\"index, follow, max-snippet:-1, max-image-preview:large, max-video-preview:-1\" \/>\n<link rel=\"canonical\" href=\"https:\/\/www.vichycatalan.com\/fr\/nos-marques\/aguas-de-mondariz\/histoire\/\" \/>\n<meta property=\"og:locale\" content=\"fr_FR\" \/>\n<meta property=\"og:type\" content=\"article\" \/>\n<meta property=\"og:title\" content=\"Histoire - Vichy Catalan Corporation\" \/>\n<meta property=\"og:description\" content=\"\u00ab\u00a0Ceci n\u2019est pas une station thermale. C\u2019est le Palais des eaux\u00a0\u00bb a affirm\u00e9 le prix Nobel Jos\u00e9 de Echegaray en d\u00e9couvrant les effets b\u00e9n\u00e9fiques pour la sant\u00e9 des eaux de Mondariz.\" \/>\n<meta property=\"og:url\" content=\"https:\/\/www.vichycatalan.com\/fr\/nos-marques\/aguas-de-mondariz\/histoire\/\" \/>\n<meta property=\"og:site_name\" content=\"Vichy Catalan Corporation\" \/>\n<meta property=\"article:modified_time\" content=\"2019-05-21T15:20:05+00:00\" \/>\n<meta name=\"twitter:card\" content=\"summary_large_image\" \/>\n<meta name=\"twitter:label1\" content=\"Dur\u00e9e de lecture estim\u00e9e\" \/>\n\t<meta name=\"twitter:data1\" content=\"5 minutes\" \/>\n<script type=\"application\/ld+json\" class=\"yoast-schema-graph\">{\"@context\":\"https:\\\/\\\/schema.org\",\"@graph\":[{\"@type\":\"WebPage\",\"@id\":\"https:\\\/\\\/www.vichycatalan.com\\\/fr\\\/nos-marques\\\/aguas-de-mondariz\\\/histoire\\\/\",\"url\":\"https:\\\/\\\/www.vichycatalan.com\\\/fr\\\/nos-marques\\\/aguas-de-mondariz\\\/histoire\\\/\",\"name\":\"Histoire - Vichy Catalan Corporation\",\"isPartOf\":{\"@id\":\"https:\\\/\\\/www.vichycatalan.com\\\/fr\\\/#website\"},\"datePublished\":\"2019-03-01T12:59:37+00:00\",\"dateModified\":\"2019-05-21T15:20:05+00:00\",\"description\":\"\u00ab\u00a0Ceci n\u2019est pas une station thermale. C\u2019est le Palais des eaux\u00a0\u00bb a affirm\u00e9 le prix Nobel Jos\u00e9 de Echegaray en d\u00e9couvrant les effets b\u00e9n\u00e9fiques pour la sant\u00e9 des eaux de Mondariz.\",\"breadcrumb\":{\"@id\":\"https:\\\/\\\/www.vichycatalan.com\\\/fr\\\/nos-marques\\\/aguas-de-mondariz\\\/histoire\\\/#breadcrumb\"},\"inLanguage\":\"fr-FR\",\"potentialAction\":[{\"@type\":\"ReadAction\",\"target\":[\"https:\\\/\\\/www.vichycatalan.com\\\/fr\\\/nos-marques\\\/aguas-de-mondariz\\\/histoire\\\/\"]}]},{\"@type\":\"BreadcrumbList\",\"@id\":\"https:\\\/\\\/www.vichycatalan.com\\\/fr\\\/nos-marques\\\/aguas-de-mondariz\\\/histoire\\\/#breadcrumb\",\"itemListElement\":[{\"@type\":\"ListItem\",\"position\":1,\"name\":\"Portada\",\"item\":\"https:\\\/\\\/www.vichycatalan.com\\\/fr\\\/\"},{\"@type\":\"ListItem\",\"position\":2,\"name\":\"Nos marques\",\"item\":\"https:\\\/\\\/www.vichycatalan.com\\\/fr\\\/nos-marques\\\/\"},{\"@type\":\"ListItem\",\"position\":3,\"name\":\"Aguas de Mondariz\",\"item\":\"https:\\\/\\\/www.vichycatalan.com\\\/fr\\\/nos-marques\\\/aguas-de-mondariz\\\/\"},{\"@type\":\"ListItem\",\"position\":4,\"name\":\"Histoire\"}]},{\"@type\":\"WebSite\",\"@id\":\"https:\\\/\\\/www.vichycatalan.com\\\/fr\\\/#website\",\"url\":\"https:\\\/\\\/www.vichycatalan.com\\\/fr\\\/\",\"name\":\"Vichy Catalan Corporation\",\"description\":\"Web de Vichy Catalan Corporation\",\"potentialAction\":[{\"@type\":\"SearchAction\",\"target\":{\"@type\":\"EntryPoint\",\"urlTemplate\":\"https:\\\/\\\/www.vichycatalan.com\\\/fr\\\/?s={search_term_string}\"},\"query-input\":{\"@type\":\"PropertyValueSpecification\",\"valueRequired\":true,\"valueName\":\"search_term_string\"}}],\"inLanguage\":\"fr-FR\"}]}<\/script>\n<!-- \/ Yoast SEO plugin. -->","yoast_head_json":{"title":"Histoire - Vichy Catalan Corporation","description":"\u00ab\u00a0Ceci n\u2019est pas une station thermale. C\u2019est le Palais des eaux\u00a0\u00bb a affirm\u00e9 le prix Nobel Jos\u00e9 de Echegaray en d\u00e9couvrant les effets b\u00e9n\u00e9fiques pour la sant\u00e9 des eaux de Mondariz.","robots":{"index":"index","follow":"follow","max-snippet":"max-snippet:-1","max-image-preview":"max-image-preview:large","max-video-preview":"max-video-preview:-1"},"canonical":"https:\/\/www.vichycatalan.com\/fr\/nos-marques\/aguas-de-mondariz\/histoire\/","og_locale":"fr_FR","og_type":"article","og_title":"Histoire - Vichy Catalan Corporation","og_description":"\u00ab\u00a0Ceci n\u2019est pas une station thermale. C\u2019est le Palais des eaux\u00a0\u00bb a affirm\u00e9 le prix Nobel Jos\u00e9 de Echegaray en d\u00e9couvrant les effets b\u00e9n\u00e9fiques pour la sant\u00e9 des eaux de Mondariz.","og_url":"https:\/\/www.vichycatalan.com\/fr\/nos-marques\/aguas-de-mondariz\/histoire\/","og_site_name":"Vichy Catalan Corporation","article_modified_time":"2019-05-21T15:20:05+00:00","twitter_card":"summary_large_image","twitter_misc":{"Dur\u00e9e de lecture estim\u00e9e":"5 minutes"},"schema":{"@context":"https:\/\/schema.org","@graph":[{"@type":"WebPage","@id":"https:\/\/www.vichycatalan.com\/fr\/nos-marques\/aguas-de-mondariz\/histoire\/","url":"https:\/\/www.vichycatalan.com\/fr\/nos-marques\/aguas-de-mondariz\/histoire\/","name":"Histoire - Vichy Catalan Corporation","isPartOf":{"@id":"https:\/\/www.vichycatalan.com\/fr\/#website"},"datePublished":"2019-03-01T12:59:37+00:00","dateModified":"2019-05-21T15:20:05+00:00","description":"\u00ab\u00a0Ceci n\u2019est pas une station thermale. C\u2019est le Palais des eaux\u00a0\u00bb a affirm\u00e9 le prix Nobel Jos\u00e9 de Echegaray en d\u00e9couvrant les effets b\u00e9n\u00e9fiques pour la sant\u00e9 des eaux de Mondariz.","breadcrumb":{"@id":"https:\/\/www.vichycatalan.com\/fr\/nos-marques\/aguas-de-mondariz\/histoire\/#breadcrumb"},"inLanguage":"fr-FR","potentialAction":[{"@type":"ReadAction","target":["https:\/\/www.vichycatalan.com\/fr\/nos-marques\/aguas-de-mondariz\/histoire\/"]}]},{"@type":"BreadcrumbList","@id":"https:\/\/www.vichycatalan.com\/fr\/nos-marques\/aguas-de-mondariz\/histoire\/#breadcrumb","itemListElement":[{"@type":"ListItem","position":1,"name":"Portada","item":"https:\/\/www.vichycatalan.com\/fr\/"},{"@type":"ListItem","position":2,"name":"Nos marques","item":"https:\/\/www.vichycatalan.com\/fr\/nos-marques\/"},{"@type":"ListItem","position":3,"name":"Aguas de Mondariz","item":"https:\/\/www.vichycatalan.com\/fr\/nos-marques\/aguas-de-mondariz\/"},{"@type":"ListItem","position":4,"name":"Histoire"}]},{"@type":"WebSite","@id":"https:\/\/www.vichycatalan.com\/fr\/#website","url":"https:\/\/www.vichycatalan.com\/fr\/","name":"Vichy Catalan Corporation","description":"Web de Vichy Catalan Corporation","potentialAction":[{"@type":"SearchAction","target":{"@type":"EntryPoint","urlTemplate":"https:\/\/www.vichycatalan.com\/fr\/?s={search_term_string}"},"query-input":{"@type":"PropertyValueSpecification","valueRequired":true,"valueName":"search_term_string"}}],"inLanguage":"fr-FR"}]}},"_links":{"self":[{"href":"https:\/\/www.vichycatalan.com\/fr\/wp-json\/wp\/v2\/pages\/9759","targetHints":{"allow":["GET"]}}],"collection":[{"href":"https:\/\/www.vichycatalan.com\/fr\/wp-json\/wp\/v2\/pages"}],"about":[{"href":"https:\/\/www.vichycatalan.com\/fr\/wp-json\/wp\/v2\/types\/page"}],"author":[{"embeddable":true,"href":"https:\/\/www.vichycatalan.com\/fr\/wp-json\/wp\/v2\/users\/1"}],"replies":[{"embeddable":true,"href":"https:\/\/www.vichycatalan.com\/fr\/wp-json\/wp\/v2\/comments?post=9759"}],"version-history":[{"count":0,"href":"https:\/\/www.vichycatalan.com\/fr\/wp-json\/wp\/v2\/pages\/9759\/revisions"}],"up":[{"embeddable":true,"href":"https:\/\/www.vichycatalan.com\/fr\/wp-json\/wp\/v2\/pages\/9756"}],"wp:attachment":[{"href":"https:\/\/www.vichycatalan.com\/fr\/wp-json\/wp\/v2\/media?parent=9759"}],"curies":[{"name":"wp","href":"https:\/\/api.w.org\/{rel}","templated":true}]}}