{"id":9638,"date":"2018-11-21T17:35:14","date_gmt":"2018-11-21T16:35:14","guid":{"rendered":"https:\/\/www.vichycatalan.com\/vichy-catalan-fruit\/"},"modified":"2026-03-17T15:30:51","modified_gmt":"2026-03-17T14:30:51","slug":"vichy-catalan-fruit","status":"publish","type":"page","link":"https:\/\/www.vichycatalan.com\/fr\/nos-marques\/vichy-catalan-fruit\/","title":{"rendered":"Vichy Catalan Fruit"},"content":{"rendered":"<p>[et_pb_section fb_built=\u00a0\u00bb1&Prime; fullwidth=\u00a0\u00bbon\u00a0\u00bb _builder_version=\u00a0\u00bb4.16&Prime; custom_padding=\u00a0\u00bb||||false|false\u00a0\u00bb bottom_divider_color=\u00a0\u00bb#ffffff\u00a0\u00bb bottom_divider_height=\u00a0\u00bb50px\u00a0\u00bb global_colors_info=\u00a0\u00bb{}\u00a0\u00bb][et_pb_fullwidth_header title=\u00a0\u00bb@ET-DC@eyJkeW5hbWljIjp0cnVlLCJjb250ZW50IjoiY3VzdG9tX21ldGFfY2FtcG9zX2RlX21hcmNhX21hcmNhX3RpdHVsbyIsInNldHRpbmdzIjp7ImJlZm9yZSI6IiIsImFmdGVyIjoiIiwiZW5hYmxlX2h0bWwiOiJvZmYifX0=@\u00a0\u00bb background_overlay_color=\u00a0\u00bbrgba(0,0,0,0)\u00a0\u00bb content_max_width=\u00a0\u00bb60%\u00a0\u00bb content_max_width_tablet=\u00a0\u00bb100%\u00a0\u00bb content_max_width_phone=\u00a0\u00bb\u00a0\u00bb content_max_width_last_edited=\u00a0\u00bbon|phone\u00a0\u00bb _builder_version=\u00a0\u00bb4.27.4&Prime; _dynamic_attributes=\u00a0\u00bbtitle,content\u00a0\u00bb title_font=\u00a0\u00bbHelvetica Neue standar|700|||||||\u00a0\u00bb title_font_size=\u00a0\u00bb56px\u00a0\u00bb content_text_align=\u00a0\u00bbleft\u00a0\u00bb content_font_size=\u00a0\u00bb23px\u00a0\u00bb content_line_height=\u00a0\u00bb1.1em\u00a0\u00bb background_image=\u00a0\u00bbhttps:\/\/www.vichycatalan.com\/wp-content\/uploads\/2025\/04\/WEB-HOME-FRUIT-2048&#215;733-1.jpg\u00a0\u00bb custom_margin=\u00a0\u00bb0px|0px|0px|0px\u00a0\u00bb custom_padding=\u00a0\u00bb100px|0px|200px|0px\u00a0\u00bb custom_padding_tablet=\u00a0\u00bb50px|0px|150px|0px\u00a0\u00bb custom_padding_phone=\u00a0\u00bb0px||100px\u00a0\u00bb custom_padding_last_edited=\u00a0\u00bbon|phone\u00a0\u00bb background_last_edited=\u00a0\u00bbon|phone\u00a0\u00bb background_image_phone=\u00a0\u00bbhttps:\/\/www.vichycatalan.com\/wp-content\/uploads\/2025\/04\/WEB-HOME-FRUIT-1024&#215;683-1.jpg\u00a0\u00bb background_enable_image_phone=\u00a0\u00bbon\u00a0\u00bb title_text_shadow_style=\u00a0\u00bbpreset1&Prime; content_text_shadow_style=\u00a0\u00bbpreset1&Prime; text_shadow_style=\u00a0\u00bbpreset1&Prime; global_colors_info=\u00a0\u00bb{}\u00a0\u00bb]@ET-DC@eyJkeW5hbWljIjp0cnVlLCJjb250ZW50IjoiY3VzdG9tX21ldGFfY2FtcG9zX2RlX21hcmNhX21hcmNhX2VzbG9nYW4iLCJzZXR0aW5ncyI6eyJiZWZvcmUiOiIiLCJhZnRlciI6IiIsImVuYWJsZV9odG1sIjoib2ZmIn19@[\/et_pb_fullwidth_header][\/et_pb_section][et_pb_section fb_built=\u00a0\u00bb1&Prime; _builder_version=\u00a0\u00bb4.16&Prime; background_video_width=\u00a0\u00bb1280&Prime; background_video_height=\u00a0\u00bb720&Prime; custom_margin=\u00a0\u00bb||\u00a0\u00bb custom_padding=\u00a0\u00bb0|0px|16px|0px|false|false\u00a0\u00bb top_divider_color=\u00a0\u00bb#ffffff\u00a0\u00bb top_divider_height=\u00a0\u00bb50px\u00a0\u00bb bottom_divider_color=\u00a0\u00bb#c1c1c1&Prime; bottom_divider_height=\u00a0\u00bb136px\u00a0\u00bb global_colors_info=\u00a0\u00bb{}\u00a0\u00bb][et_pb_row column_structure=\u00a0\u00bb1_3,2_3&Prime; _builder_version=\u00a0\u00bb4.16&Prime; background_size=\u00a0\u00bbinitial\u00a0\u00bb background_position=\u00a0\u00bbtop_left\u00a0\u00bb background_repeat=\u00a0\u00bbrepeat\u00a0\u00bb global_colors_info=\u00a0\u00bb{}\u00a0\u00bb][et_pb_column type=\u00a0\u00bb1_3&Prime; _builder_version=\u00a0\u00bb4.16&Prime; custom_padding=\u00a0\u00bb|||\u00a0\u00bb global_colors_info=\u00a0\u00bb{}\u00a0\u00bb custom_padding__hover=\u00a0\u00bb|||\u00a0\u00bb][et_pb_image src=\u00a0\u00bbhttps:\/\/www.vichycatalan.com\/wp-content\/uploads\/2025\/02\/Vichy-Catalan-Fruit.png\u00a0\u00bb alt=\u00a0\u00bbVichy Catalan Fruit\u00a0\u00bb title_text=\u00a0\u00bbVichy Catalan Fruit\u00a0\u00bb align=\u00a0\u00bbcenter\u00a0\u00bb align_tablet=\u00a0\u00bbcenter\u00a0\u00bb align_phone=\u00a0\u00bb\u00a0\u00bb align_last_edited=\u00a0\u00bbon|desktop\u00a0\u00bb _builder_version=\u00a0\u00bb4.27.4&Prime; animation_style=\u00a0\u00bbslide\u00a0\u00bb animation_direction=\u00a0\u00bbbottom\u00a0\u00bb animation_duration=\u00a0\u00bb1500ms\u00a0\u00bb animation_intensity_slide=\u00a0\u00bb10%\u00a0\u00bb global_colors_info=\u00a0\u00bb{}\u00a0\u00bb][\/et_pb_image][\/et_pb_column][et_pb_column type=\u00a0\u00bb2_3&Prime; _builder_version=\u00a0\u00bb4.16&Prime; custom_padding=\u00a0\u00bb|||\u00a0\u00bb global_colors_info=\u00a0\u00bb{}\u00a0\u00bb custom_padding__hover=\u00a0\u00bb|||\u00a0\u00bb][et_pb_image src=\u00a0\u00bb@ET-DC@eyJkeW5hbWljIjp0cnVlLCJjb250ZW50IjoiY3VzdG9tX21ldGFfY2FtcG9zX2RlX21hcmNhX21hcmNhX2xvZ28iLCJzZXR0aW5ncyI6eyJiZWZvcmUiOiIiLCJhZnRlciI6IiIsImVuYWJsZV9odG1sIjoib2ZmIn19@\u00a0\u00bb _builder_version=\u00a0\u00bb4.16&Prime; _dynamic_attributes=\u00a0\u00bbsrc\u00a0\u00bb background_color=\u00a0\u00bb#ffffff\u00a0\u00bb custom_padding=\u00a0\u00bb|||\u00a0\u00bb animation_style=\u00a0\u00bbslide\u00a0\u00bb animation_direction=\u00a0\u00bbleft\u00a0\u00bb animation_duration=\u00a0\u00bb1500ms\u00a0\u00bb animation_intensity_slide=\u00a0\u00bb10%\u00a0\u00bb always_center_on_mobile=\u00a0\u00bboff\u00a0\u00bb global_colors_info=\u00a0\u00bb{}\u00a0\u00bb][\/et_pb_image][et_pb_divider divider_style=\u00a0\u00bbdouble\u00a0\u00bb divider_position=\u00a0\u00bbcenter\u00a0\u00bb divider_weight=\u00a0\u00bb10px\u00a0\u00bb _builder_version=\u00a0\u00bb4.16&Prime; height=\u00a0\u00bb13px\u00a0\u00bb custom_margin=\u00a0\u00bb-140px|||\u00a0\u00bb custom_padding=\u00a0\u00bb||104px|160px\u00a0\u00bb global_colors_info=\u00a0\u00bb{}\u00a0\u00bb][\/et_pb_divider][et_pb_text _builder_version=\u00a0\u00bb4.27.5&Prime; _module_preset=\u00a0\u00bbdefault\u00a0\u00bb hover_enabled=\u00a0\u00bb0&Prime; global_colors_info=\u00a0\u00bb{}\u00a0\u00bb sticky_enabled=\u00a0\u00bb0&Prime;]<\/p>\n<p><span class=\"et-dropcap\">A<\/span>vec Vichy Catalan Fruit, une nouvelle cat\u00e9gorie de boissons saines a vu le jour, \u00e9labor\u00e9es avec eau miner\u00e1le naturelle et du jus de fruit, sans sucres ajout\u00e9s, avec de la st\u00e9via et une faible valeur calorique (&lt; de 15 Kcal\/100 ml&gt;).<\/p>\n<p>Ses go\u00fbts <strong>orange<\/strong>,\u00a0<strong>citron<\/strong>,\u00a0<strong>pomme<\/strong>,\u00a0<strong>fraise<\/strong>, <strong>ananas-noix de coco, past\u00e8que et mangue<\/strong>\u00a0pr\u00e9sent\u00e9s dans des bouteilles tr\u00e8s pratiques de 500\u00a0ml et 1,2\u00a0L PET sont id\u00e9ales \u00e0 tout moment de la journ\u00e9e. T<\/p>\n<p>Tous les b\u00e9n\u00e9fices du jus de fruit et les bulles de l\u2019eau de Vichy Catalan. Naturellement amusant et sans sucres ajout\u00e9s.<\/p>\n<p><strong>Les bulles s\u2019allient au jus de fruits\u00a0!<\/strong><\/p>\n<p>[\/et_pb_text][\/et_pb_column][\/et_pb_row][et_pb_row _builder_version=\u00a0\u00bb4.16&Prime; custom_padding=\u00a0\u00bb||0px|\u00a0\u00bb global_colors_info=\u00a0\u00bb{}\u00a0\u00bb][et_pb_column type=\u00a0\u00bb4_4&Prime; _builder_version=\u00a0\u00bb4.16&Prime; custom_padding=\u00a0\u00bb|||\u00a0\u00bb global_colors_info=\u00a0\u00bb{}\u00a0\u00bb custom_padding__hover=\u00a0\u00bb|||\u00a0\u00bb][et_pb_divider divider_style=\u00a0\u00bbdouble\u00a0\u00bb divider_position=\u00a0\u00bbcenter\u00a0\u00bb divider_weight=\u00a0\u00bb7px\u00a0\u00bb _builder_version=\u00a0\u00bb4.16&Prime; global_colors_info=\u00a0\u00bb{}\u00a0\u00bb]<\/p>\n<p>[\/et_pb_divider][\/et_pb_column][\/et_pb_row][\/et_pb_section][et_pb_section fb_built=\u00a0\u00bb1&Prime; _builder_version=\u00a0\u00bb4.16&Prime; custom_padding=\u00a0\u00bb0px|||\u00a0\u00bb global_colors_info=\u00a0\u00bb{}\u00a0\u00bb][et_pb_row _builder_version=\u00a0\u00bb4.16&Prime; background_size=\u00a0\u00bbinitial\u00a0\u00bb background_position=\u00a0\u00bbtop_left\u00a0\u00bb background_repeat=\u00a0\u00bbrepeat\u00a0\u00bb global_colors_info=\u00a0\u00bb{}\u00a0\u00bb][et_pb_column type=\u00a0\u00bb4_4&Prime; _builder_version=\u00a0\u00bb4.16&Prime; custom_padding=\u00a0\u00bb|||\u00a0\u00bb global_colors_info=\u00a0\u00bb{}\u00a0\u00bb custom_padding__hover=\u00a0\u00bb|||\u00a0\u00bb][et_pb_text admin_label=\u00a0\u00bbNuestras marcas\u00a0\u00bb _builder_version=\u00a0\u00bb4.16&Prime; header_2_font=\u00a0\u00bbHelvetica Neue standar||||||||\u00a0\u00bb header_2_font_size=\u00a0\u00bb39px\u00a0\u00bb background_color=\u00a0\u00bb#ffffff\u00a0\u00bb max_width=\u00a0\u00bb50%\u00a0\u00bb module_alignment=\u00a0\u00bbcenter\u00a0\u00bb custom_margin=\u00a0\u00bb-85px|||\u00a0\u00bb header_2_font_size_tablet=\u00a0\u00bb30px\u00a0\u00bb header_2_font_size_phone=\u00a0\u00bb22px\u00a0\u00bb header_2_font_size_last_edited=\u00a0\u00bbon|phone\u00a0\u00bb inline_fonts=\u00a0\u00bbHelvetica Neue bold\u00a0\u00bb global_colors_info=\u00a0\u00bb{}\u00a0\u00bb]<\/p>\n<h2 style=\"text-align: center;\">PRODUITS <span style=\"font-family: 'Helvetica Neue bold';\">VICHY CATALAN FRUIT<\/span><\/h2>\n<p>[\/et_pb_text][\/et_pb_column][\/et_pb_row][et_pb_row column_structure=\u00a0\u00bb1_4,1_4,1_4,1_4&Prime; use_custom_gutter=\u00a0\u00bbon\u00a0\u00bb gutter_width=\u00a0\u00bb4&Prime; module_class=\u00a0\u00bbproductos-marcas\u00a0\u00bb _builder_version=\u00a0\u00bb4.16&Prime; global_colors_info=\u00a0\u00bb{}\u00a0\u00bb][et_pb_column type=\u00a0\u00bb1_4&Prime; _builder_version=\u00a0\u00bb4.16&Prime; custom_padding=\u00a0\u00bb|||\u00a0\u00bb global_colors_info=\u00a0\u00bb{}\u00a0\u00bb custom_padding__hover=\u00a0\u00bb|||\u00a0\u00bb][et_pb_image src=\u00a0\u00bbhttps:\/\/www.vichycatalan.com\/wp-content\/uploads\/2018\/11\/limon1.2-1.jpg\u00a0\u00bb show_in_lightbox=\u00a0\u00bbon\u00a0\u00bb use_overlay=\u00a0\u00bbon\u00a0\u00bb overlay_icon_color=\u00a0\u00bb#ffffff\u00a0\u00bb hover_overlay_color=\u00a0\u00bbrgba(252,210,153,0.66)\u00a0\u00bb hover_icon=\u00a0\u00bb&#x55;||divi||400&Prime; show_bottom_space=\u00a0\u00bboff\u00a0\u00bb align=\u00a0\u00bbcenter\u00a0\u00bb align_tablet=\u00a0\u00bbcenter\u00a0\u00bb align_phone=\u00a0\u00bb\u00a0\u00bb align_last_edited=\u00a0\u00bbon|desktop\u00a0\u00bb _builder_version=\u00a0\u00bb4.16&Prime; global_colors_info=\u00a0\u00bb{}\u00a0\u00bb][\/et_pb_image][et_pb_text _builder_version=\u00a0\u00bb4.27.4&Prime; custom_margin=\u00a0\u00bb15px|||\u00a0\u00bb link_option_url=\u00a0\u00bbhttps:\/\/latiendavichy.com\/es\/0-azucar\/vichy-catalan-fruit-estevia\/?utm_source=Vichy Catalan Fruit&#038;utm_medium=referral&#038;utm_campaign=webs_grup&#038;utm_term=\u00a0\u00bb link_option_url_new_window=\u00a0\u00bbon\u00a0\u00bb global_colors_info=\u00a0\u00bb{}\u00a0\u00bb]<\/p>\n<p style=\"text-align: center;\">Vichy Catalan Fruit Citron 1,2\u00a0L<\/p>\n<p>[\/et_pb_text][et_pb_button button_url=\u00a0\u00bbhttps:\/\/latiendavichy.com\/es\/0-azucar\/vichy-catalan-fruit-estevia\/limon-estevia\/\u00a0\u00bb button_text=\u00a0\u00bbACHETER\u00a0\u00bb button_alignment=\u00a0\u00bbcenter\u00a0\u00bb _builder_version=\u00a0\u00bb4.27.4&Prime; global_colors_info=\u00a0\u00bb{}\u00a0\u00bb][\/et_pb_button][\/et_pb_column][et_pb_column type=\u00a0\u00bb1_4&Prime; _builder_version=\u00a0\u00bb4.16&Prime; custom_padding=\u00a0\u00bb|||\u00a0\u00bb global_colors_info=\u00a0\u00bb{}\u00a0\u00bb custom_padding__hover=\u00a0\u00bb|||\u00a0\u00bb][et_pb_image src=\u00a0\u00bbhttps:\/\/www.vichycatalan.com\/wp-content\/uploads\/2018\/11\/limon0.5-1.jpg\u00a0\u00bb show_in_lightbox=\u00a0\u00bbon\u00a0\u00bb use_overlay=\u00a0\u00bbon\u00a0\u00bb overlay_icon_color=\u00a0\u00bb#ffffff\u00a0\u00bb hover_overlay_color=\u00a0\u00bbrgba(252,210,153,0.66)\u00a0\u00bb hover_icon=\u00a0\u00bb&#x55;||divi||400&Prime; show_bottom_space=\u00a0\u00bboff\u00a0\u00bb align=\u00a0\u00bbcenter\u00a0\u00bb align_tablet=\u00a0\u00bbcenter\u00a0\u00bb align_phone=\u00a0\u00bb\u00a0\u00bb align_last_edited=\u00a0\u00bbon|desktop\u00a0\u00bb _builder_version=\u00a0\u00bb4.16&Prime; global_colors_info=\u00a0\u00bb{}\u00a0\u00bb][\/et_pb_image][et_pb_text _builder_version=\u00a0\u00bb4.27.4&Prime; custom_margin=\u00a0\u00bb15px|||\u00a0\u00bb link_option_url=\u00a0\u00bbhttps:\/\/latiendavichy.com\/es\/0-azucar\/vichy-catalan-fruit-estevia\/?utm_source=Vichy Catalan Fruit&#038;utm_medium=referral&#038;utm_campaign=webs_grup&#038;utm_term=\u00a0\u00bb link_option_url_new_window=\u00a0\u00bbon\u00a0\u00bb global_colors_info=\u00a0\u00bb{}\u00a0\u00bb]<\/p>\n<p style=\"text-align: center;\">Vichy Catalan Fruit Citron 0,5\u00a0L<\/p>\n<p>[\/et_pb_text][et_pb_button button_url=\u00a0\u00bbhttps:\/\/latiendavichy.com\/es\/0-azucar\/vichy-catalan-fruit-estevia\/limon-estevia\/\u00a0\u00bb button_text=\u00a0\u00bbACHETER\u00a0\u00bb button_alignment=\u00a0\u00bbcenter\u00a0\u00bb _builder_version=\u00a0\u00bb4.27.4&Prime; global_colors_info=\u00a0\u00bb{}\u00a0\u00bb][\/et_pb_button][\/et_pb_column][et_pb_column type=\u00a0\u00bb1_4&Prime; _builder_version=\u00a0\u00bb4.16&Prime; custom_padding=\u00a0\u00bb|||\u00a0\u00bb global_colors_info=\u00a0\u00bb{}\u00a0\u00bb custom_padding__hover=\u00a0\u00bb|||\u00a0\u00bb][et_pb_image src=\u00a0\u00bbhttps:\/\/www.vichycatalan.com\/wp-content\/uploads\/2018\/11\/naranja1.2-1.jpg\u00a0\u00bb show_in_lightbox=\u00a0\u00bbon\u00a0\u00bb use_overlay=\u00a0\u00bbon\u00a0\u00bb overlay_icon_color=\u00a0\u00bb#ffffff\u00a0\u00bb hover_overlay_color=\u00a0\u00bbrgba(252,210,153,0.66)\u00a0\u00bb hover_icon=\u00a0\u00bb&#x55;||divi||400&Prime; show_bottom_space=\u00a0\u00bboff\u00a0\u00bb align=\u00a0\u00bbcenter\u00a0\u00bb align_tablet=\u00a0\u00bbcenter\u00a0\u00bb align_phone=\u00a0\u00bb\u00a0\u00bb align_last_edited=\u00a0\u00bbon|desktop\u00a0\u00bb _builder_version=\u00a0\u00bb4.16&Prime; global_colors_info=\u00a0\u00bb{}\u00a0\u00bb][\/et_pb_image][et_pb_text _builder_version=\u00a0\u00bb4.27.4&Prime; custom_margin=\u00a0\u00bb15px|||\u00a0\u00bb link_option_url=\u00a0\u00bbhttps:\/\/latiendavichy.com\/es\/0-azucar\/vichy-catalan-fruit-estevia\/?utm_source=Vichy Catalan Fruit&#038;utm_medium=referral&#038;utm_campaign=webs_grup&#038;utm_term=\u00a0\u00bb link_option_url_new_window=\u00a0\u00bbon\u00a0\u00bb global_colors_info=\u00a0\u00bb{}\u00a0\u00bb]<\/p>\n<p style=\"text-align: center;\">Vichy Catalan Fruit Orange 1,2\u00a0L<\/p>\n<p>[\/et_pb_text][et_pb_button button_url=\u00a0\u00bbhttps:\/\/latiendavichy.com\/es\/0-azucar\/vichy-catalan-fruit-estevia\/naranja-estevia\/\u00a0\u00bb button_text=\u00a0\u00bbACHETER\u00a0\u00bb button_alignment=\u00a0\u00bbcenter\u00a0\u00bb _builder_version=\u00a0\u00bb4.27.4&Prime; global_colors_info=\u00a0\u00bb{}\u00a0\u00bb][\/et_pb_button][\/et_pb_column][et_pb_column type=\u00a0\u00bb1_4&Prime; _builder_version=\u00a0\u00bb4.16&Prime; custom_padding=\u00a0\u00bb|||\u00a0\u00bb global_colors_info=\u00a0\u00bb{}\u00a0\u00bb custom_padding__hover=\u00a0\u00bb|||\u00a0\u00bb][et_pb_image src=\u00a0\u00bbhttps:\/\/www.vichycatalan.com\/wp-content\/uploads\/2018\/11\/naranja0.5-1.jpg\u00a0\u00bb show_in_lightbox=\u00a0\u00bbon\u00a0\u00bb use_overlay=\u00a0\u00bbon\u00a0\u00bb overlay_icon_color=\u00a0\u00bb#ffffff\u00a0\u00bb hover_overlay_color=\u00a0\u00bbrgba(252,210,153,0.66)\u00a0\u00bb hover_icon=\u00a0\u00bb&#x55;||divi||400&Prime; show_bottom_space=\u00a0\u00bboff\u00a0\u00bb align=\u00a0\u00bbcenter\u00a0\u00bb align_tablet=\u00a0\u00bbcenter\u00a0\u00bb align_phone=\u00a0\u00bb\u00a0\u00bb align_last_edited=\u00a0\u00bbon|desktop\u00a0\u00bb _builder_version=\u00a0\u00bb4.16&Prime; global_colors_info=\u00a0\u00bb{}\u00a0\u00bb][\/et_pb_image][et_pb_text _builder_version=\u00a0\u00bb4.27.4&Prime; custom_margin=\u00a0\u00bb15px|||\u00a0\u00bb link_option_url=\u00a0\u00bbhttps:\/\/latiendavichy.com\/es\/0-azucar\/vichy-catalan-fruit-estevia\/?utm_source=Vichy Catalan Fruit&#038;utm_medium=referral&#038;utm_campaign=webs_grup&#038;utm_term=\u00a0\u00bb link_option_url_new_window=\u00a0\u00bbon\u00a0\u00bb global_colors_info=\u00a0\u00bb{}\u00a0\u00bb]<\/p>\n<p style=\"text-align: center;\">Vichy Catalan Fruit Orange 0,5\u00a0L<\/p>\n<p>[\/et_pb_text][et_pb_button button_url=\u00a0\u00bbhttps:\/\/latiendavichy.com\/es\/0-azucar\/vichy-catalan-fruit-estevia\/naranja-estevia\/\u00a0\u00bb button_text=\u00a0\u00bbACHETER\u00a0\u00bb button_alignment=\u00a0\u00bbcenter\u00a0\u00bb _builder_version=\u00a0\u00bb4.27.4&Prime; global_colors_info=\u00a0\u00bb{}\u00a0\u00bb][\/et_pb_button][\/et_pb_column][\/et_pb_row][et_pb_row column_structure=\u00a0\u00bb1_4,1_4,1_4,1_4&Prime; use_custom_gutter=\u00a0\u00bbon\u00a0\u00bb gutter_width=\u00a0\u00bb4&Prime; module_class=\u00a0\u00bbproductos-marcas\u00a0\u00bb _builder_version=\u00a0\u00bb4.16&Prime; custom_margin=\u00a0\u00bb||50px|\u00a0\u00bb global_colors_info=\u00a0\u00bb{}\u00a0\u00bb][et_pb_column type=\u00a0\u00bb1_4&Prime; _builder_version=\u00a0\u00bb4.16&Prime; custom_padding=\u00a0\u00bb|||\u00a0\u00bb global_colors_info=\u00a0\u00bb{}\u00a0\u00bb custom_padding__hover=\u00a0\u00bb|||\u00a0\u00bb][et_pb_image src=\u00a0\u00bbhttps:\/\/www.vichycatalan.com\/wp-content\/uploads\/2018\/11\/manzana1.2-1.jpg\u00a0\u00bb show_in_lightbox=\u00a0\u00bbon\u00a0\u00bb use_overlay=\u00a0\u00bbon\u00a0\u00bb overlay_icon_color=\u00a0\u00bb#ffffff\u00a0\u00bb hover_overlay_color=\u00a0\u00bbrgba(252,210,153,0.66)\u00a0\u00bb hover_icon=\u00a0\u00bb&#x55;||divi||400&Prime; show_bottom_space=\u00a0\u00bboff\u00a0\u00bb align=\u00a0\u00bbcenter\u00a0\u00bb align_tablet=\u00a0\u00bbcenter\u00a0\u00bb align_phone=\u00a0\u00bb\u00a0\u00bb align_last_edited=\u00a0\u00bbon|desktop\u00a0\u00bb _builder_version=\u00a0\u00bb4.16&Prime; global_colors_info=\u00a0\u00bb{}\u00a0\u00bb][\/et_pb_image][et_pb_text _builder_version=\u00a0\u00bb4.27.4&Prime; custom_margin=\u00a0\u00bb15px|||\u00a0\u00bb link_option_url=\u00a0\u00bbhttps:\/\/latiendavichy.com\/es\/0-azucar\/vichy-catalan-fruit-estevia\/?utm_source=Vichy Catalan Fruit&#038;utm_medium=referral&#038;utm_campaign=webs_grup&#038;utm_term=\u00a0\u00bb link_option_url_new_window=\u00a0\u00bbon\u00a0\u00bb global_colors_info=\u00a0\u00bb{}\u00a0\u00bb]<\/p>\n<p style=\"text-align: center;\">Vichy Catalan Fruit Pomme 1,2\u00a0L<\/p>\n<p>[\/et_pb_text][\/et_pb_column][et_pb_column type=\u00a0\u00bb1_4&Prime; _builder_version=\u00a0\u00bb4.16&Prime; custom_padding=\u00a0\u00bb|||\u00a0\u00bb global_colors_info=\u00a0\u00bb{}\u00a0\u00bb custom_padding__hover=\u00a0\u00bb|||\u00a0\u00bb][et_pb_image src=\u00a0\u00bbhttps:\/\/www.vichycatalan.com\/wp-content\/uploads\/2018\/11\/manzana0.5-1.jpg\u00a0\u00bb show_in_lightbox=\u00a0\u00bbon\u00a0\u00bb use_overlay=\u00a0\u00bbon\u00a0\u00bb overlay_icon_color=\u00a0\u00bb#ffffff\u00a0\u00bb hover_overlay_color=\u00a0\u00bbrgba(252,210,153,0.66)\u00a0\u00bb hover_icon=\u00a0\u00bb&#x55;||divi||400&Prime; show_bottom_space=\u00a0\u00bboff\u00a0\u00bb align=\u00a0\u00bbcenter\u00a0\u00bb align_tablet=\u00a0\u00bbcenter\u00a0\u00bb align_phone=\u00a0\u00bb\u00a0\u00bb align_last_edited=\u00a0\u00bbon|desktop\u00a0\u00bb _builder_version=\u00a0\u00bb4.16&Prime; global_colors_info=\u00a0\u00bb{}\u00a0\u00bb][\/et_pb_image][et_pb_text _builder_version=\u00a0\u00bb4.27.4&Prime; custom_margin=\u00a0\u00bb15px|||\u00a0\u00bb link_option_url=\u00a0\u00bbhttps:\/\/latiendavichy.com\/es\/0-azucar\/vichy-catalan-fruit-estevia\/?utm_source=Vichy Catalan Fruit&#038;utm_medium=referral&#038;utm_campaign=webs_grup&#038;utm_term=\u00a0\u00bb link_option_url_new_window=\u00a0\u00bbon\u00a0\u00bb global_colors_info=\u00a0\u00bb{}\u00a0\u00bb]<\/p>\n<p style=\"text-align: center;\">Vichy Catalan Fruit Pomme 0,5\u00a0L<\/p>\n<p>[\/et_pb_text][et_pb_button button_url=\u00a0\u00bbhttps:\/\/latiendavichy.com\/es\/0-azucar\/vichy-catalan-fruit-estevia\/manzana-estevia\/\u00a0\u00bb button_text=\u00a0\u00bbACHETER\u00a0\u00bb button_alignment=\u00a0\u00bbcenter\u00a0\u00bb _builder_version=\u00a0\u00bb4.27.4&Prime; global_colors_info=\u00a0\u00bb{}\u00a0\u00bb][\/et_pb_button][\/et_pb_column][et_pb_column type=\u00a0\u00bb1_4&Prime; _builder_version=\u00a0\u00bb4.16&Prime; custom_padding=\u00a0\u00bb|||\u00a0\u00bb global_colors_info=\u00a0\u00bb{}\u00a0\u00bb custom_padding__hover=\u00a0\u00bb|||\u00a0\u00bb][et_pb_image src=\u00a0\u00bbhttps:\/\/www.vichycatalan.com\/wp-content\/uploads\/2020\/03\/Vichy-Catalan-Fruit-Fresa-12L.jpg\u00a0\u00bb show_in_lightbox=\u00a0\u00bbon\u00a0\u00bb use_overlay=\u00a0\u00bbon\u00a0\u00bb overlay_icon_color=\u00a0\u00bb#ffffff\u00a0\u00bb hover_overlay_color=\u00a0\u00bbrgba(252,210,153,0.66)\u00a0\u00bb hover_icon=\u00a0\u00bb&#x55;||divi||400&Prime; show_bottom_space=\u00a0\u00bboff\u00a0\u00bb align=\u00a0\u00bbcenter\u00a0\u00bb align_tablet=\u00a0\u00bbcenter\u00a0\u00bb align_phone=\u00a0\u00bb\u00a0\u00bb align_last_edited=\u00a0\u00bbon|desktop\u00a0\u00bb _builder_version=\u00a0\u00bb4.16&Prime; global_colors_info=\u00a0\u00bb{}\u00a0\u00bb][\/et_pb_image][et_pb_text _builder_version=\u00a0\u00bb4.27.4&Prime; custom_margin=\u00a0\u00bb15px|||\u00a0\u00bb link_option_url=\u00a0\u00bbhttps:\/\/latiendavichy.com\/es\/0-azucar\/vichy-catalan-fruit-estevia\/?utm_source=Vichy Catalan Fruit&#038;utm_medium=referral&#038;utm_campaign=webs_grup&#038;utm_term=\u00a0\u00bb link_option_url_new_window=\u00a0\u00bbon\u00a0\u00bb global_colors_info=\u00a0\u00bb{}\u00a0\u00bb]<\/p>\n<p style=\"text-align: center;\">Vichy Catalan Fruit Fraise 1,2\u00a0L<\/p>\n<p>[\/et_pb_text][\/et_pb_column][et_pb_column type=\u00a0\u00bb1_4&Prime; _builder_version=\u00a0\u00bb4.16&Prime; custom_padding=\u00a0\u00bb|||\u00a0\u00bb global_colors_info=\u00a0\u00bb{}\u00a0\u00bb custom_padding__hover=\u00a0\u00bb|||\u00a0\u00bb][et_pb_image src=\u00a0\u00bbhttps:\/\/www.vichycatalan.com\/wp-content\/uploads\/2020\/03\/Vichy-Catalan-Fruit-Fresa-05L.jpg\u00a0\u00bb show_in_lightbox=\u00a0\u00bbon\u00a0\u00bb use_overlay=\u00a0\u00bbon\u00a0\u00bb overlay_icon_color=\u00a0\u00bb#ffffff\u00a0\u00bb hover_overlay_color=\u00a0\u00bbrgba(252,210,153,0.66)\u00a0\u00bb hover_icon=\u00a0\u00bb&#x55;||divi||400&Prime; show_bottom_space=\u00a0\u00bboff\u00a0\u00bb align=\u00a0\u00bbcenter\u00a0\u00bb align_tablet=\u00a0\u00bbcenter\u00a0\u00bb align_phone=\u00a0\u00bb\u00a0\u00bb align_last_edited=\u00a0\u00bbon|desktop\u00a0\u00bb _builder_version=\u00a0\u00bb4.16&Prime; global_colors_info=\u00a0\u00bb{}\u00a0\u00bb][\/et_pb_image][et_pb_text _builder_version=\u00a0\u00bb4.27.4&Prime; custom_margin=\u00a0\u00bb15px|||\u00a0\u00bb link_option_url=\u00a0\u00bbhttps:\/\/latiendavichy.com\/es\/0-azucar\/vichy-catalan-fruit-estevia\/?utm_source=Vichy Catalan Fruit&#038;utm_medium=referral&#038;utm_campaign=webs_grup&#038;utm_term=\u00a0\u00bb link_option_url_new_window=\u00a0\u00bbon\u00a0\u00bb global_colors_info=\u00a0\u00bb{}\u00a0\u00bb]<\/p>\n<p style=\"text-align: center;\">Vichy Catalan Fruit Fraise 0,5\u00a0L<\/p>\n<p>[\/et_pb_text][et_pb_button button_url=\u00a0\u00bbhttps:\/\/latiendavichy.com\/es\/0-azucar\/vichy-catalan-fruit-estevia\/fresa-estevia\/tipo-pet-500ml-6-ud?utm_source=Vichy%20Catalan%20Fruit%20Fresa%20Estevia&#038;utm_medium=referral&#038;utm_campaign=webs_grup&#038;utm_term=\u00a0\u00bb button_text=\u00a0\u00bbACHETER\u00a0\u00bb button_alignment=\u00a0\u00bbcenter\u00a0\u00bb _builder_version=\u00a0\u00bb4.27.4&Prime; global_colors_info=\u00a0\u00bb{}\u00a0\u00bb][\/et_pb_button][\/et_pb_column][\/et_pb_row][et_pb_row column_structure=\u00a0\u00bb1_4,1_4,1_4,1_4&Prime; use_custom_gutter=\u00a0\u00bbon\u00a0\u00bb gutter_width=\u00a0\u00bb4&Prime; module_class=\u00a0\u00bbproductos-marcas\u00a0\u00bb _builder_version=\u00a0\u00bb4.27.5&Prime; custom_margin=\u00a0\u00bb||50px|\u00a0\u00bb hover_enabled=\u00a0\u00bb0&Prime; global_colors_info=\u00a0\u00bb{}\u00a0\u00bb sticky_enabled=\u00a0\u00bb0&Prime;][et_pb_column type=\u00a0\u00bb1_4&Prime; _builder_version=\u00a0\u00bb4.16&Prime; custom_padding=\u00a0\u00bb|||\u00a0\u00bb global_colors_info=\u00a0\u00bb{}\u00a0\u00bb custom_padding__hover=\u00a0\u00bb|||\u00a0\u00bb][et_pb_image src=\u00a0\u00bbhttps:\/\/www.vichycatalan.com\/wp-content\/uploads\/2020\/03\/Vichy-Catalan-Fruit-Pi\u00f1a-Coco-12L.jpg\u00a0\u00bb show_in_lightbox=\u00a0\u00bbon\u00a0\u00bb use_overlay=\u00a0\u00bbon\u00a0\u00bb overlay_icon_color=\u00a0\u00bb#ffffff\u00a0\u00bb hover_overlay_color=\u00a0\u00bbrgba(252,210,153,0.66)\u00a0\u00bb hover_icon=\u00a0\u00bb&#x55;||divi||400&Prime; show_bottom_space=\u00a0\u00bboff\u00a0\u00bb align=\u00a0\u00bbcenter\u00a0\u00bb align_tablet=\u00a0\u00bbcenter\u00a0\u00bb align_phone=\u00a0\u00bb\u00a0\u00bb align_last_edited=\u00a0\u00bbon|desktop\u00a0\u00bb _builder_version=\u00a0\u00bb4.16&Prime; global_colors_info=\u00a0\u00bb{}\u00a0\u00bb][\/et_pb_image][et_pb_text _builder_version=\u00a0\u00bb4.27.4&Prime; custom_margin=\u00a0\u00bb15px|||\u00a0\u00bb link_option_url=\u00a0\u00bbhttps:\/\/latiendavichy.com\/es\/0-azucar\/vichy-catalan-fruit-estevia\/?utm_source=Vichy Catalan Fruit&#038;utm_medium=referral&#038;utm_campaign=webs_grup&#038;utm_term=\u00a0\u00bb link_option_url_new_window=\u00a0\u00bbon\u00a0\u00bb global_colors_info=\u00a0\u00bb{}\u00a0\u00bb]<\/p>\n<p style=\"text-align: center;\">Vichy Catalan Fruit\u00a0Ananas-Noix de coco 1,2\u00a0L<\/p>\n<p>[\/et_pb_text][\/et_pb_column][et_pb_column type=\u00a0\u00bb1_4&Prime; _builder_version=\u00a0\u00bb4.16&Prime; custom_padding=\u00a0\u00bb|||\u00a0\u00bb global_colors_info=\u00a0\u00bb{}\u00a0\u00bb custom_padding__hover=\u00a0\u00bb|||\u00a0\u00bb][et_pb_image src=\u00a0\u00bbhttps:\/\/www.vichycatalan.com\/wp-content\/uploads\/2020\/03\/Vichy-Catalan-Fruit-Pi\u00f1a-Coco-05L.jpg\u00a0\u00bb show_in_lightbox=\u00a0\u00bbon\u00a0\u00bb use_overlay=\u00a0\u00bbon\u00a0\u00bb overlay_icon_color=\u00a0\u00bb#ffffff\u00a0\u00bb hover_overlay_color=\u00a0\u00bbrgba(252,210,153,0.66)\u00a0\u00bb hover_icon=\u00a0\u00bb&#x55;||divi||400&Prime; show_bottom_space=\u00a0\u00bboff\u00a0\u00bb align=\u00a0\u00bbcenter\u00a0\u00bb align_tablet=\u00a0\u00bbcenter\u00a0\u00bb align_phone=\u00a0\u00bb\u00a0\u00bb align_last_edited=\u00a0\u00bbon|desktop\u00a0\u00bb _builder_version=\u00a0\u00bb4.16&Prime; global_colors_info=\u00a0\u00bb{}\u00a0\u00bb][\/et_pb_image][et_pb_text _builder_version=\u00a0\u00bb4.27.4&Prime; custom_margin=\u00a0\u00bb15px||29px|||\u00a0\u00bb link_option_url=\u00a0\u00bbhttps:\/\/latiendavichy.com\/es\/0-azucar\/vichy-catalan-fruit-estevia\/?utm_source=Vichy Catalan Fruit&#038;utm_medium=referral&#038;utm_campaign=webs_grup&#038;utm_term=\u00a0\u00bb link_option_url_new_window=\u00a0\u00bbon\u00a0\u00bb global_colors_info=\u00a0\u00bb{}\u00a0\u00bb]<\/p>\n<p style=\"text-align: center;\">Vichy Catalan Fruit\u00a0Ananas-Noix de coco 0,5\u00a0L<\/p>\n<p>[\/et_pb_text][et_pb_button button_url=\u00a0\u00bbhttps:\/\/latiendavichy.com\/es\/0-azucar\/vichy-catalan-fruit-estevia\/pina-coco-estevia\/formato-pet-500l-6-ud\u00a0\u00bb button_text=\u00a0\u00bbACHETER\u00a0\u00bb button_alignment=\u00a0\u00bbcenter\u00a0\u00bb _builder_version=\u00a0\u00bb4.27.5&Prime; global_colors_info=\u00a0\u00bb{}\u00a0\u00bb][\/et_pb_button][\/et_pb_column][et_pb_column type=\u00a0\u00bb1_4&Prime; _builder_version=\u00a0\u00bb4.27.5&Prime; _module_preset=\u00a0\u00bbdefault\u00a0\u00bb global_colors_info=\u00a0\u00bb{}\u00a0\u00bb][et_pb_image src=\u00a0\u00bbhttps:\/\/www.vichycatalan.com\/wp-content\/uploads\/2025\/02\/Vichy-Catalan-Fruit-Sandia.png\u00a0\u00bb alt=\u00a0\u00bbVichy Catalan Fruit Sand\u00eda\u00a0\u00bb title_text=\u00a0\u00bbVichy Catalan Fruit Sand\u00eda\u00a0\u00bb _builder_version=\u00a0\u00bb4.27.4&Prime; _module_preset=\u00a0\u00bbdefault\u00a0\u00bb custom_margin=\u00a0\u00bb||17px||false|false\u00a0\u00bb global_colors_info=\u00a0\u00bb{}\u00a0\u00bb][\/et_pb_image][et_pb_text _builder_version=\u00a0\u00bb4.27.4&Prime; custom_margin=\u00a0\u00bb15px|||\u00a0\u00bb link_option_url=\u00a0\u00bbhttps:\/\/latiendavichy.com\/es\/0-azucar\/vichy-catalan-fruit-estevia\/?utm_source=Vichy Catalan Fruit&#038;utm_medium=referral&#038;utm_campaign=webs_grup&#038;utm_term=\u00a0\u00bb link_option_url_new_window=\u00a0\u00bbon\u00a0\u00bb global_colors_info=\u00a0\u00bb{}\u00a0\u00bb]<\/p>\n<p style=\"text-align: center;\">Vichy Catalan Fruit Past\u00e8que 0,5 L<\/p>\n<p>[\/et_pb_text][et_pb_button button_url=\u00a0\u00bbhttps:\/\/latiendavichy.com\/es\/0-azucar\/vichy-catalan-fruit-estevia\/sandia-estevia\/?utm_source=Vichy%20Catalan%20Fruit%20Sand\u00eda&#038;utm_medium=referral&#038;utm_campaign=webs_grup&#038;utm_term=\u00a0\u00bb button_text=\u00a0\u00bbACHETER\u00a0\u00bb button_alignment=\u00a0\u00bbcenter\u00a0\u00bb _builder_version=\u00a0\u00bb4.27.4&Prime; global_colors_info=\u00a0\u00bb{}\u00a0\u00bb][\/et_pb_button][\/et_pb_column][et_pb_column _builder_version=\u00a0\u00bb4.27.5&Prime; _module_preset=\u00a0\u00bbdefault\u00a0\u00bb type=\u00a0\u00bb1_4&Prime;][et_pb_image src=\u00a0\u00bbhttps:\/\/www.vichycatalan.com\/wp-content\/uploads\/2026\/03\/Vichy-Catalan-Fruit-Mango.png\u00a0\u00bb _builder_version=\u00a0\u00bb4.27.5&Prime; _module_preset=\u00a0\u00bbdefault\u00a0\u00bb alt=\u00a0\u00bbVichy Catalan Fruit Mango\u00a0\u00bb title_text=\u00a0\u00bbVichy Catalan Fruit Mango\u00a0\u00bb hover_enabled=\u00a0\u00bb0&Prime; sticky_enabled=\u00a0\u00bb0&Prime;][\/et_pb_image][et_pb_text _builder_version=\u00a0\u00bb4.27.5&Prime; custom_margin=\u00a0\u00bb-26px|||||\u00a0\u00bb link_option_url=\u00a0\u00bbhttps:\/\/latiendavichy.com\/es\/0-azucar\/vichy-catalan-fruit-estevia\/?utm_source=Vichy Catalan Fruit&#038;utm_medium=referral&#038;utm_campaign=webs_grup&#038;utm_term=\u00a0\u00bb link_option_url_new_window=\u00a0\u00bbon\u00a0\u00bb hover_enabled=\u00a0\u00bb0&Prime; global_colors_info=\u00a0\u00bb{}\u00a0\u00bb sticky_enabled=\u00a0\u00bb0&Prime;]<\/p>\n<p style=\"text-align: center;\">Vichy Catalan Fruit Mangue 0,5 L<\/p>\n<p>[\/et_pb_text][\/et_pb_column][\/et_pb_row][\/et_pb_section][et_pb_section fb_built=\u00a0\u00bb1&Prime; _builder_version=\u00a0\u00bb4.16&Prime; global_colors_info=\u00a0\u00bb{}\u00a0\u00bb][et_pb_row _builder_version=\u00a0\u00bb4.16&Prime; custom_padding=\u00a0\u00bb0||0px||false|false\u00a0\u00bb global_colors_info=\u00a0\u00bb{}\u00a0\u00bb][et_pb_column type=\u00a0\u00bb4_4&Prime; _builder_version=\u00a0\u00bb4.16&Prime; custom_padding=\u00a0\u00bb|||\u00a0\u00bb global_colors_info=\u00a0\u00bb{}\u00a0\u00bb custom_padding__hover=\u00a0\u00bb|||\u00a0\u00bb][et_pb_divider divider_style=\u00a0\u00bbdouble\u00a0\u00bb divider_position=\u00a0\u00bbcenter\u00a0\u00bb divider_weight=\u00a0\u00bb7px\u00a0\u00bb _builder_version=\u00a0\u00bb4.16&Prime; global_colors_info=\u00a0\u00bb{}\u00a0\u00bb][\/et_pb_divider][\/et_pb_column][\/et_pb_row][et_pb_row _builder_version=\u00a0\u00bb4.16&Prime; background_size=\u00a0\u00bbinitial\u00a0\u00bb background_position=\u00a0\u00bbtop_left\u00a0\u00bb background_repeat=\u00a0\u00bbrepeat\u00a0\u00bb custom_padding=\u00a0\u00bb32px|0px|7px|0px|false|false\u00a0\u00bb global_colors_info=\u00a0\u00bb{}\u00a0\u00bb][et_pb_column type=\u00a0\u00bb4_4&Prime; _builder_version=\u00a0\u00bb4.16&Prime; custom_padding=\u00a0\u00bb|||\u00a0\u00bb global_colors_info=\u00a0\u00bb{}\u00a0\u00bb custom_padding__hover=\u00a0\u00bb|||\u00a0\u00bb][et_pb_text admin_label=\u00a0\u00bbNuestras marcas\u00a0\u00bb _builder_version=\u00a0\u00bb4.16&Prime; header_2_font=\u00a0\u00bbHelvetica Neue standar||||||||\u00a0\u00bb header_2_font_size=\u00a0\u00bb39px\u00a0\u00bb background_color=\u00a0\u00bb#ffffff\u00a0\u00bb max_width=\u00a0\u00bb50%\u00a0\u00bb module_alignment=\u00a0\u00bbcenter\u00a0\u00bb custom_margin=\u00a0\u00bb-60px||\u00a0\u00bb header_2_font_size_tablet=\u00a0\u00bb30px\u00a0\u00bb header_2_font_size_phone=\u00a0\u00bb22px\u00a0\u00bb header_2_font_size_last_edited=\u00a0\u00bbon|phone\u00a0\u00bb inline_fonts=\u00a0\u00bbHelvetica Neue bold\u00a0\u00bb global_colors_info=\u00a0\u00bb{}\u00a0\u00bb]<\/p>\n<h2 style=\"text-align: center;\">LA GAMME DE <span style=\"font-family: 'Helvetica Neue bold';\">VICHY CATALAN<\/span><\/h2>\n<p>[\/et_pb_text][\/et_pb_column][\/et_pb_row][et_pb_row column_structure=\u00a0\u00bb1_3,1_3,1_3&Prime; module_class=\u00a0\u00bbsubmarcas\u00a0\u00bb _builder_version=\u00a0\u00bb4.16&Prime; custom_margin=\u00a0\u00bb||49px\u00a0\u00bb custom_padding=\u00a0\u00bb3px|0px|0px|0px|false|false\u00a0\u00bb global_colors_info=\u00a0\u00bb{}\u00a0\u00bb][et_pb_column type=\u00a0\u00bb1_3&Prime; _builder_version=\u00a0\u00bb4.16&Prime; custom_padding=\u00a0\u00bb|||\u00a0\u00bb global_colors_info=\u00a0\u00bb{}\u00a0\u00bb custom_padding__hover=\u00a0\u00bb|||\u00a0\u00bb][et_pb_image src=\u00a0\u00bbhttps:\/\/www.vichycatalan.com\/wp-content\/uploads\/2020\/08\/APARTADO-VICHY-CATALAN-GENUINA-1.jpg\u00a0\u00bb url=\u00a0\u00bbhttps:\/\/www.vichycatalan.com\/fr\/nos-marques\/vichy-catalan-genuina\/\u00a0\u00bb use_overlay=\u00a0\u00bbon\u00a0\u00bb overlay_icon_color=\u00a0\u00bb#ffffff\u00a0\u00bb hover_overlay_color=\u00a0\u00bbrgba(252,210,153,0.66)\u00a0\u00bb hover_icon=\u00a0\u00bb&#x50;||divi||400&Prime; show_bottom_space=\u00a0\u00bboff\u00a0\u00bb align=\u00a0\u00bbcenter\u00a0\u00bb align_tablet=\u00a0\u00bbcenter\u00a0\u00bb align_phone=\u00a0\u00bb\u00a0\u00bb align_last_edited=\u00a0\u00bbon|desktop\u00a0\u00bb _builder_version=\u00a0\u00bb4.16&Prime; global_colors_info=\u00a0\u00bb{}\u00a0\u00bb][\/et_pb_image][\/et_pb_column][et_pb_column type=\u00a0\u00bb1_3&Prime; _builder_version=\u00a0\u00bb4.16&Prime; custom_padding=\u00a0\u00bb|||\u00a0\u00bb global_colors_info=\u00a0\u00bb{}\u00a0\u00bb custom_padding__hover=\u00a0\u00bb|||\u00a0\u00bb][et_pb_image src=\u00a0\u00bbhttps:\/\/www.vichycatalan.com\/wp-content\/uploads\/2024\/03\/Vichy-Catalan-Sabores-3.jpg\u00a0\u00bb alt=\u00a0\u00bbVichy Catalan Sabores\u00a0\u00bb title_text=\u00a0\u00bbVichy Catalan Sabores\u00a0\u00bb url=\u00a0\u00bbhttps:\/\/www.vichycatalan.com\/fr\/nos-marques\/vichy-catalan-saveurs-0-de-sucres\/\u00a0\u00bb use_overlay=\u00a0\u00bbon\u00a0\u00bb overlay_icon_color=\u00a0\u00bb#ffffff\u00a0\u00bb hover_overlay_color=\u00a0\u00bbrgba(252,210,153,0.66)\u00a0\u00bb hover_icon=\u00a0\u00bb&#x50;||divi||400&Prime; show_bottom_space=\u00a0\u00bboff\u00a0\u00bb align=\u00a0\u00bbcenter\u00a0\u00bb align_tablet=\u00a0\u00bbcenter\u00a0\u00bb align_phone=\u00a0\u00bb\u00a0\u00bb align_last_edited=\u00a0\u00bbon|desktop\u00a0\u00bb _builder_version=\u00a0\u00bb4.24.2&Prime; global_colors_info=\u00a0\u00bb{}\u00a0\u00bb][\/et_pb_image][\/et_pb_column][et_pb_column type=\u00a0\u00bb1_3&Prime; _builder_version=\u00a0\u00bb4.16&Prime; custom_padding=\u00a0\u00bb|||\u00a0\u00bb global_colors_info=\u00a0\u00bb{}\u00a0\u00bb custom_padding__hover=\u00a0\u00bb|||\u00a0\u00bb][et_pb_image src=\u00a0\u00bbhttps:\/\/www.vichycatalan.com\/wp-content\/uploads\/2024\/04\/VC-Premium-Tonic-Water-1.jpg\u00a0\u00bb alt=\u00a0\u00bbVC Premium Tonic Water\u00a0\u00bb title_text=\u00a0\u00bbVC Premium Tonic Water\u00a0\u00bb url=\u00a0\u00bbhttps:\/\/www.vichycatalan.com\/fr\/nos-marques\/vichy-catalan-premium-tonic-water\/\u00a0\u00bb use_overlay=\u00a0\u00bbon\u00a0\u00bb overlay_icon_color=\u00a0\u00bb#ffffff\u00a0\u00bb hover_overlay_color=\u00a0\u00bbrgba(252,210,153,0.66)\u00a0\u00bb hover_icon=\u00a0\u00bb&#x50;||divi||400&Prime; show_bottom_space=\u00a0\u00bboff\u00a0\u00bb align=\u00a0\u00bbcenter\u00a0\u00bb align_tablet=\u00a0\u00bbcenter\u00a0\u00bb align_phone=\u00a0\u00bb\u00a0\u00bb align_last_edited=\u00a0\u00bbon|desktop\u00a0\u00bb _builder_version=\u00a0\u00bb4.24.2&Prime; global_colors_info=\u00a0\u00bb{}\u00a0\u00bb][\/et_pb_image][\/et_pb_column][\/et_pb_row][\/et_pb_section][et_pb_section fb_built=\u00a0\u00bb1&Prime; fullwidth=\u00a0\u00bbon\u00a0\u00bb admin_label=\u00a0\u00bbfondo colores\u00a0\u00bb module_class=\u00a0\u00bbstop\u00a0\u00bb _builder_version=\u00a0\u00bb4.16&Prime; background_image=\u00a0\u00bbhttps:\/\/www.vichycatalan.com\/wp-content\/uploads\/2018\/10\/trencadis-corporate.png\u00a0\u00bb background_position=\u00a0\u00bbtop_center\u00a0\u00bb background_repeat=\u00a0\u00bbrepeat-x\u00a0\u00bb custom_padding=\u00a0\u00bb190px||||false|false\u00a0\u00bb global_colors_info=\u00a0\u00bb{}\u00a0\u00bb][\/et_pb_section]<\/p>\n","protected":false},"excerpt":{"rendered":"<p>Avec Vichy Catalan Fruit, une nouvelle cat\u00e9gorie de boissons saines a vu le jour, \u00e9labor\u00e9es avec eau miner\u00e1le naturelle et du jus de fruit, sans sucres ajout\u00e9s, avec de la st\u00e9via et une faible valeur calorique (&lt; de 15 Kcal\/100 ml&gt;). Ses go\u00fbts orange,\u00a0citron,\u00a0pomme,\u00a0fraise, ananas-noix de coco, past\u00e8que et mangue\u00a0pr\u00e9sent\u00e9s dans des bouteilles tr\u00e8s pratiques [&hellip;]<\/p>\n","protected":false},"author":1,"featured_media":0,"parent":9796,"menu_order":0,"comment_status":"closed","ping_status":"closed","template":"","meta":{"_acf_changed":false,"_et_pb_use_builder":"on","_et_pb_old_content":"","_et_gb_content_width":"","footnotes":""},"class_list":["post-9638","page","type-page","status-publish","hentry"],"acf":{"pagina_de_marca":"si","campos_de_marca":{"marca_titulo":"Vichy Catalan Fruit","marca_eslogan":"Les bulles s\u2019allient au jus de fruits","marca_logo":"https:\/\/www.vichycatalan.com\/wp-content\/uploads\/2018\/11\/vichy-fruit-logohead-2.jpg","marca_descripcion":"<p><span class=\"et-dropcap\">A<\/span>vec Vichy Catalan Fruit, une nouvelle cat\u00e9gorie de boissons saines a vu le jour,  \u00e9labor\u00e9es avec notre eau Vichy Catalan et du jus de fruit, sans sucres ajout\u00e9s et avec de la st\u00e9via. Ses go\u00fbts <strong>orange<\/strong>, <strong>citron<\/strong>, <strong>pomme<\/strong>, <strong>fraise<\/strong> et <strong>ananas-noix de coco<\/strong>, pr\u00e9sent\u00e9s dans des bouteilles tr\u00e8s pratiques de 500&nbsp;ml et 1,2&nbsp;L PET sont id\u00e9ales \u00e0 tout moment de la journ\u00e9e. Tous les b\u00e9n\u00e9fices du jus de fruit et les bulles de l\u2019eau de Vichy Catalan. Naturellement amusant et sans sucres ajout\u00e9s.<\/p>\n<p><strong>Faible valeur calorique<\/strong> &lt; de 15&nbsp;Kcal\/100&nbsp;ml<\/p>\n<p>Le contenu de jus de fruit pour 1,2&nbsp;L correspond \u00e0&nbsp;:<br \/>\u2013 3&nbsp;pommes dans le cas de Vichy Catalan Fruit pomme<br \/>\u2013 3&nbsp;oranges dans le cas de Vichy Catalan Fruit orange<br \/>\u2013 1&nbsp;citron dans le cas de Vichy Catalan Fruit citron<\/p>\n<p>Les bulles s\u2019allient au jus de fruits&nbsp;!<\/p>\n","marca_foto":"https:\/\/www.vichycatalan.com\/wp-content\/uploads\/2018\/11\/vichy-fruit-main-img.jpg","marca_bodegon":"https:\/\/www.vichycatalan.com\/wp-content\/uploads\/2019\/10\/bodegon-vichy-catalan-fruit.jpg"}},"yoast_head":"<!-- This site is optimized with the Yoast SEO plugin v27.5 - https:\/\/yoast.com\/product\/yoast-seo-wordpress\/ -->\n<title>Vichy Catalan Fruit citron, orange et pomme- Vichy Catalan Corporation<\/title>\n<meta name=\"description\" content=\"Les Produits Vichy Catala Fruit sont une nouvelle cat\u00e9gorie de boissons saines \u00e0 base d&#039;eau et de jus de fruits Vichy Catalan.\" \/>\n<meta name=\"robots\" content=\"index, follow, max-snippet:-1, max-image-preview:large, max-video-preview:-1\" \/>\n<link rel=\"canonical\" href=\"https:\/\/www.vichycatalan.com\/fr\/nos-marques\/vichy-catalan-fruit\/\" \/>\n<meta property=\"og:locale\" content=\"fr_FR\" \/>\n<meta property=\"og:type\" content=\"article\" \/>\n<meta property=\"og:title\" content=\"Vichy Catalan Fruit citron, orange et pomme- Vichy Catalan Corporation\" \/>\n<meta property=\"og:description\" content=\"Les Produits Vichy Catala Fruit sont une nouvelle cat\u00e9gorie de boissons saines \u00e0 base d&#039;eau et de jus de fruits Vichy Catalan.\" \/>\n<meta property=\"og:url\" content=\"https:\/\/www.vichycatalan.com\/fr\/nos-marques\/vichy-catalan-fruit\/\" \/>\n<meta property=\"og:site_name\" content=\"Vichy Catalan Corporation\" \/>\n<meta property=\"article:modified_time\" content=\"2026-03-17T14:30:51+00:00\" \/>\n<meta name=\"twitter:card\" content=\"summary_large_image\" \/>\n<meta name=\"twitter:label1\" content=\"Dur\u00e9e de lecture estim\u00e9e\" \/>\n\t<meta name=\"twitter:data1\" content=\"5 minutes\" \/>\n<script type=\"application\/ld+json\" class=\"yoast-schema-graph\">{\"@context\":\"https:\\\/\\\/schema.org\",\"@graph\":[{\"@type\":\"WebPage\",\"@id\":\"https:\\\/\\\/www.vichycatalan.com\\\/fr\\\/nos-marques\\\/vichy-catalan-fruit\\\/\",\"url\":\"https:\\\/\\\/www.vichycatalan.com\\\/fr\\\/nos-marques\\\/vichy-catalan-fruit\\\/\",\"name\":\"Vichy Catalan Fruit citron, orange et pomme- Vichy Catalan Corporation\",\"isPartOf\":{\"@id\":\"https:\\\/\\\/www.vichycatalan.com\\\/fr\\\/#website\"},\"datePublished\":\"2018-11-21T16:35:14+00:00\",\"dateModified\":\"2026-03-17T14:30:51+00:00\",\"description\":\"Les Produits Vichy Catala Fruit sont une nouvelle cat\u00e9gorie de boissons saines \u00e0 base d'eau et de jus de fruits Vichy Catalan.\",\"breadcrumb\":{\"@id\":\"https:\\\/\\\/www.vichycatalan.com\\\/fr\\\/nos-marques\\\/vichy-catalan-fruit\\\/#breadcrumb\"},\"inLanguage\":\"fr-FR\",\"potentialAction\":[{\"@type\":\"ReadAction\",\"target\":[\"https:\\\/\\\/www.vichycatalan.com\\\/fr\\\/nos-marques\\\/vichy-catalan-fruit\\\/\"]}]},{\"@type\":\"BreadcrumbList\",\"@id\":\"https:\\\/\\\/www.vichycatalan.com\\\/fr\\\/nos-marques\\\/vichy-catalan-fruit\\\/#breadcrumb\",\"itemListElement\":[{\"@type\":\"ListItem\",\"position\":1,\"name\":\"Portada\",\"item\":\"https:\\\/\\\/www.vichycatalan.com\\\/fr\\\/\"},{\"@type\":\"ListItem\",\"position\":2,\"name\":\"Nos marques\",\"item\":\"https:\\\/\\\/www.vichycatalan.com\\\/fr\\\/nos-marques\\\/\"},{\"@type\":\"ListItem\",\"position\":3,\"name\":\"Vichy Catalan Fruit\"}]},{\"@type\":\"WebSite\",\"@id\":\"https:\\\/\\\/www.vichycatalan.com\\\/fr\\\/#website\",\"url\":\"https:\\\/\\\/www.vichycatalan.com\\\/fr\\\/\",\"name\":\"Vichy Catalan Corporation\",\"description\":\"Web de Vichy Catalan Corporation\",\"potentialAction\":[{\"@type\":\"SearchAction\",\"target\":{\"@type\":\"EntryPoint\",\"urlTemplate\":\"https:\\\/\\\/www.vichycatalan.com\\\/fr\\\/?s={search_term_string}\"},\"query-input\":{\"@type\":\"PropertyValueSpecification\",\"valueRequired\":true,\"valueName\":\"search_term_string\"}}],\"inLanguage\":\"fr-FR\"}]}<\/script>\n<!-- \/ Yoast SEO plugin. -->","yoast_head_json":{"title":"Vichy Catalan Fruit citron, orange et pomme- Vichy Catalan Corporation","description":"Les Produits Vichy Catala Fruit sont une nouvelle cat\u00e9gorie de boissons saines \u00e0 base d'eau et de jus de fruits Vichy Catalan.","robots":{"index":"index","follow":"follow","max-snippet":"max-snippet:-1","max-image-preview":"max-image-preview:large","max-video-preview":"max-video-preview:-1"},"canonical":"https:\/\/www.vichycatalan.com\/fr\/nos-marques\/vichy-catalan-fruit\/","og_locale":"fr_FR","og_type":"article","og_title":"Vichy Catalan Fruit citron, orange et pomme- Vichy Catalan Corporation","og_description":"Les Produits Vichy Catala Fruit sont une nouvelle cat\u00e9gorie de boissons saines \u00e0 base d'eau et de jus de fruits Vichy Catalan.","og_url":"https:\/\/www.vichycatalan.com\/fr\/nos-marques\/vichy-catalan-fruit\/","og_site_name":"Vichy Catalan Corporation","article_modified_time":"2026-03-17T14:30:51+00:00","twitter_card":"summary_large_image","twitter_misc":{"Dur\u00e9e de lecture estim\u00e9e":"5 minutes"},"schema":{"@context":"https:\/\/schema.org","@graph":[{"@type":"WebPage","@id":"https:\/\/www.vichycatalan.com\/fr\/nos-marques\/vichy-catalan-fruit\/","url":"https:\/\/www.vichycatalan.com\/fr\/nos-marques\/vichy-catalan-fruit\/","name":"Vichy Catalan Fruit citron, orange et pomme- Vichy Catalan Corporation","isPartOf":{"@id":"https:\/\/www.vichycatalan.com\/fr\/#website"},"datePublished":"2018-11-21T16:35:14+00:00","dateModified":"2026-03-17T14:30:51+00:00","description":"Les Produits Vichy Catala Fruit sont une nouvelle cat\u00e9gorie de boissons saines \u00e0 base d'eau et de jus de fruits Vichy Catalan.","breadcrumb":{"@id":"https:\/\/www.vichycatalan.com\/fr\/nos-marques\/vichy-catalan-fruit\/#breadcrumb"},"inLanguage":"fr-FR","potentialAction":[{"@type":"ReadAction","target":["https:\/\/www.vichycatalan.com\/fr\/nos-marques\/vichy-catalan-fruit\/"]}]},{"@type":"BreadcrumbList","@id":"https:\/\/www.vichycatalan.com\/fr\/nos-marques\/vichy-catalan-fruit\/#breadcrumb","itemListElement":[{"@type":"ListItem","position":1,"name":"Portada","item":"https:\/\/www.vichycatalan.com\/fr\/"},{"@type":"ListItem","position":2,"name":"Nos marques","item":"https:\/\/www.vichycatalan.com\/fr\/nos-marques\/"},{"@type":"ListItem","position":3,"name":"Vichy Catalan Fruit"}]},{"@type":"WebSite","@id":"https:\/\/www.vichycatalan.com\/fr\/#website","url":"https:\/\/www.vichycatalan.com\/fr\/","name":"Vichy Catalan Corporation","description":"Web de Vichy Catalan Corporation","potentialAction":[{"@type":"SearchAction","target":{"@type":"EntryPoint","urlTemplate":"https:\/\/www.vichycatalan.com\/fr\/?s={search_term_string}"},"query-input":{"@type":"PropertyValueSpecification","valueRequired":true,"valueName":"search_term_string"}}],"inLanguage":"fr-FR"}]}},"_links":{"self":[{"href":"https:\/\/www.vichycatalan.com\/fr\/wp-json\/wp\/v2\/pages\/9638","targetHints":{"allow":["GET"]}}],"collection":[{"href":"https:\/\/www.vichycatalan.com\/fr\/wp-json\/wp\/v2\/pages"}],"about":[{"href":"https:\/\/www.vichycatalan.com\/fr\/wp-json\/wp\/v2\/types\/page"}],"author":[{"embeddable":true,"href":"https:\/\/www.vichycatalan.com\/fr\/wp-json\/wp\/v2\/users\/1"}],"replies":[{"embeddable":true,"href":"https:\/\/www.vichycatalan.com\/fr\/wp-json\/wp\/v2\/comments?post=9638"}],"version-history":[{"count":0,"href":"https:\/\/www.vichycatalan.com\/fr\/wp-json\/wp\/v2\/pages\/9638\/revisions"}],"up":[{"embeddable":true,"href":"https:\/\/www.vichycatalan.com\/fr\/wp-json\/wp\/v2\/pages\/9796"}],"wp:attachment":[{"href":"https:\/\/www.vichycatalan.com\/fr\/wp-json\/wp\/v2\/media?parent=9638"}],"curies":[{"name":"wp","href":"https:\/\/api.w.org\/{rel}","templated":true}]}}