{"id":9609,"date":"2018-10-23T09:06:31","date_gmt":"2018-10-23T07:06:31","guid":{"rendered":"https:\/\/www.vichycatalan.com\/histoire\/"},"modified":"2026-02-03T11:18:40","modified_gmt":"2026-02-03T10:18:40","slug":"histoire","status":"publish","type":"page","link":"https:\/\/www.vichycatalan.com\/fr\/histoire\/","title":{"rendered":"Histoire Vichy Catalan Corporation"},"content":{"rendered":"<p>[et_pb_section fb_built=\u00a0\u00bb1&Prime; fullwidth=\u00a0\u00bbon\u00a0\u00bb _builder_version=\u00a0\u00bb4.16&Prime; custom_padding=\u00a0\u00bb|||0|false|false\u00a0\u00bb bottom_divider_color=\u00a0\u00bb#ffffff\u00a0\u00bb bottom_divider_height=\u00a0\u00bb50px\u00a0\u00bb global_colors_info=\u00a0\u00bb{}\u00a0\u00bb][et_pb_fullwidth_header title=\u00a0\u00bbHistoire\u00a0\u00bb background_overlay_color=\u00a0\u00bbrgba(44,42,41,0.44)\u00a0\u00bb content_max_width=\u00a0\u00bb60%\u00a0\u00bb content_max_width_tablet=\u00a0\u00bb100%\u00a0\u00bb content_max_width_phone=\u00a0\u00bb100%\u00a0\u00bb content_max_width_last_edited=\u00a0\u00bbon|phone\u00a0\u00bb _builder_version=\u00a0\u00bb4.24.3&Prime; title_font=\u00a0\u00bbHelvetica Neue standar|700|||||||\u00a0\u00bb title_font_size=\u00a0\u00bb56px\u00a0\u00bb content_font=\u00a0\u00bb||||||||\u00a0\u00bb content_text_align=\u00a0\u00bbleft\u00a0\u00bb content_font_size=\u00a0\u00bb23px\u00a0\u00bb content_line_height=\u00a0\u00bb1.1em\u00a0\u00bb background_image=\u00a0\u00bbhttps:\/\/www.vichycatalan.com\/wp-content\/uploads\/2018\/10\/cabecera-historia.jpg\u00a0\u00bb parallax=\u00a0\u00bbon\u00a0\u00bb parallax_method=\u00a0\u00bbon\u00a0\u00bb custom_margin=\u00a0\u00bb0px|0px|0px|0px\u00a0\u00bb custom_padding=\u00a0\u00bb100px|0px|200px|0px\u00a0\u00bb custom_padding_tablet=\u00a0\u00bb0px||50px\u00a0\u00bb custom_padding_phone=\u00a0\u00bb\u00a0\u00bb custom_padding_last_edited=\u00a0\u00bbon|phone\u00a0\u00bb title_text_shadow_style=\u00a0\u00bbpreset1&Prime; content_text_shadow_style=\u00a0\u00bbpreset1&Prime; text_shadow_style=\u00a0\u00bbpreset1&Prime; global_colors_info=\u00a0\u00bb{}\u00a0\u00bb]<\/p>\n<p><span>D\u00e9couvrez l&rsquo;histoire de la soci\u00e9t\u00e9 <strong>Vichy Catalan Corporation<\/strong>, forg\u00e9e depuis 1881 lorsque le Dr Modest Furest a confirm\u00e9 les propri\u00e9t\u00e9s b\u00e9n\u00e9fiques de notre eau<\/span><\/p>\n<p>[\/et_pb_fullwidth_header][\/et_pb_section][et_pb_section fb_built=\u00a0\u00bb1&Prime; _builder_version=\u00a0\u00bb4.16&Prime; custom_margin=\u00a0\u00bb0px||\u00a0\u00bb custom_padding=\u00a0\u00bb65px|0px|2px|0px|false|false\u00a0\u00bb locked=\u00a0\u00bboff\u00a0\u00bb collapsed=\u00a0\u00bbon\u00a0\u00bb global_colors_info=\u00a0\u00bb{}\u00a0\u00bb][et_pb_row column_structure=\u00a0\u00bb1_2,1_2&Prime; make_equal=\u00a0\u00bbon\u00a0\u00bb _builder_version=\u00a0\u00bb4.16&Prime; background_size=\u00a0\u00bbinitial\u00a0\u00bb background_position=\u00a0\u00bbtop_left\u00a0\u00bb background_repeat=\u00a0\u00bbrepeat\u00a0\u00bb custom_margin=\u00a0\u00bb-163px||\u00a0\u00bb custom_margin_tablet=\u00a0\u00bb0px||\u00a0\u00bb custom_margin_phone=\u00a0\u00bb\u00a0\u00bb custom_margin_last_edited=\u00a0\u00bbon|tablet\u00a0\u00bb custom_padding=\u00a0\u00bb|0px||0px|false|false\u00a0\u00bb use_custom_width=\u00a0\u00bbon\u00a0\u00bb collapsed=\u00a0\u00bbon\u00a0\u00bb global_colors_info=\u00a0\u00bb{}\u00a0\u00bb][et_pb_column type=\u00a0\u00bb1_2&Prime; _builder_version=\u00a0\u00bb4.16&Prime; background_image=\u00a0\u00bbhttps:\/\/www.vichycatalan.com\/wp-content\/uploads\/2018\/10\/1881.jpg\u00a0\u00bb background_size=\u00a0\u00bbcontain\u00a0\u00bb custom_padding=\u00a0\u00bb0px||0px|\u00a0\u00bb global_colors_info=\u00a0\u00bb{}\u00a0\u00bb custom_padding__hover=\u00a0\u00bb|||\u00a0\u00bb][\/et_pb_column][et_pb_column type=\u00a0\u00bb1_2&Prime; _builder_version=\u00a0\u00bb4.16&Prime; custom_padding=\u00a0\u00bb150px||150px|\u00a0\u00bb custom_padding_tablet=\u00a0\u00bb0px||0px\u00a0\u00bb custom_padding_phone=\u00a0\u00bb0px||0px\u00a0\u00bb custom_padding_last_edited=\u00a0\u00bbon|phone\u00a0\u00bb custom_css_main_element=\u00a0\u00bbdisplay:flex;||align-items:center;||justify-content:center;\u00a0\u00bb global_colors_info=\u00a0\u00bb{}\u00a0\u00bb padding_tablet=\u00a0\u00bb0px||0px\u00a0\u00bb padding_last_edited=\u00a0\u00bbon|phone\u00a0\u00bb custom_padding__hover=\u00a0\u00bb|||\u00a0\u00bb padding_phone=\u00a0\u00bb0px||0px\u00a0\u00bb][dipl_timeline select_timeline_layout=\u00a0\u00bbdipl_date_tree\u00a0\u00bb select_timeline_layout_option=\u00a0\u00bbdipl_timeline_right\u00a0\u00bb global_timeline_icon_color=\u00a0\u00bb#FCD299&Prime; global_timeline_icon_font_size=\u00a0\u00bb22px\u00a0\u00bb timeline_bar_size=\u00a0\u00bb0px\u00a0\u00bb timeline_bar_color=\u00a0\u00bbRGBA(255,255,255,0)\u00a0\u00bb timeline_bar_fill_color=\u00a0\u00bb#FCD299&Prime; timeline_bar_shape_border_size=\u00a0\u00bb4px\u00a0\u00bb timeline_bar_shape_color=\u00a0\u00bbRGBA(255,255,255,0)\u00a0\u00bb timeline_bar_shape_fill_color=\u00a0\u00bbRGBA(255,255,255,0)\u00a0\u00bb timeline_bar_shape_border_color=\u00a0\u00bbRGBA(255,255,255,0)\u00a0\u00bb timeline_bar_shape_border_fill_color=\u00a0\u00bbRGBA(255,255,255,0)\u00a0\u00bb global_timeline_background_color=\u00a0\u00bbRGBA(255,255,255,0)\u00a0\u00bb _builder_version=\u00a0\u00bb4.24.3&Prime; _module_preset=\u00a0\u00bbdefault\u00a0\u00bb global_timeline_header_text_color=\u00a0\u00bb#000000&Prime; global_timeline_text_text_align=\u00a0\u00bbleft\u00a0\u00bb global_timeline_text_text_color=\u00a0\u00bb#000000&Prime; global_timeline_date_text_color=\u00a0\u00bb#000000&Prime; global_timeline_date_font_size=\u00a0\u00bb40px\u00a0\u00bb background_color=\u00a0\u00bb#FFFFFF\u00a0\u00bb width=\u00a0\u00bb700px\u00a0\u00bb max_width=\u00a0\u00bb800px\u00a0\u00bb custom_margin=\u00a0\u00bb|||-100px\u00a0\u00bb custom_margin_tablet=\u00a0\u00bb|||0px\u00a0\u00bb custom_margin_phone=\u00a0\u00bb|||0px\u00a0\u00bb custom_margin_last_edited=\u00a0\u00bbon|desktop\u00a0\u00bb custom_padding=\u00a0\u00bb40px|45px|40px|45px|false|false\u00a0\u00bb custom_padding_tablet=\u00a0\u00bb5px|5px|5px|5px\u00a0\u00bb custom_padding_phone=\u00a0\u00bb5px|5px|5px|5px\u00a0\u00bb custom_padding_last_edited=\u00a0\u00bbon|desktop\u00a0\u00bb animation_style=\u00a0\u00bbslide\u00a0\u00bb animation_direction=\u00a0\u00bbright\u00a0\u00bb box_shadow_style=\u00a0\u00bbpreset2&Prime; global_colors_info=\u00a0\u00bb{}\u00a0\u00bb][dipl_timeline_item display_time=\u00a0\u00bbon\u00a0\u00bb timeline_custom_time=\u00a0\u00bb1881&Prime; use_timeline_icon=\u00a0\u00bbon\u00a0\u00bb select_timeline_icon=\u00a0\u00bb&#x4e;||divi||400&Prime; single_timeline_icon_color=\u00a0\u00bb#FFFFFF\u00a0\u00bb single_icon_shape=\u00a0\u00bbuse_circle\u00a0\u00bb single_icon_shape_color=\u00a0\u00bb#FCD299&Prime; single_icon_use_shape_border=\u00a0\u00bbon\u00a0\u00bb single_icon_shape_border_color=\u00a0\u00bb#FFFFFF\u00a0\u00bb single_icon_shape_border_size=\u00a0\u00bb14px\u00a0\u00bb _builder_version=\u00a0\u00bb4.24.3&Prime; _module_preset=\u00a0\u00bbdefault\u00a0\u00bb global_timeline_date_font=\u00a0\u00bbHelvetica Neue bold|700|||||||\u00a0\u00bb global_timeline_date_font_size=\u00a0\u00bb49px\u00a0\u00bb custom_padding=\u00a0\u00bb||||false|false\u00a0\u00bb global_colors_info=\u00a0\u00bb{}\u00a0\u00bb]<\/p>\n<p><span>Le <strong>Dr. Modest Furest Roca<\/strong> v\u00e9rifie scientifiquement les propri\u00e9t\u00e9s <strong>min\u00e9rales et m\u00e9dicinales<\/strong> de l&rsquo;eau \u00e9mergeant d&rsquo;une source \u00e0 Caldes de Malavella (G\u00e9rone) et d\u00e9cide de l&rsquo;acqu\u00e9rir, ainsi que les terres adjacentes.<\/span><\/p>\n<p>[\/dipl_timeline_item][\/dipl_timeline][\/et_pb_column][\/et_pb_row][et_pb_row column_structure=\u00a0\u00bb1_2,1_2&Prime; use_custom_gutter=\u00a0\u00bbon\u00a0\u00bb make_equal=\u00a0\u00bbon\u00a0\u00bb module_class=\u00a0\u00bbtexto-izq\u00a0\u00bb _builder_version=\u00a0\u00bb4.16&Prime; background_size=\u00a0\u00bbinitial\u00a0\u00bb background_position=\u00a0\u00bbtop_left\u00a0\u00bb background_repeat=\u00a0\u00bbrepeat\u00a0\u00bb custom_margin=\u00a0\u00bb-50px||\u00a0\u00bb use_custom_width=\u00a0\u00bbon\u00a0\u00bb collapsed=\u00a0\u00bbon\u00a0\u00bb global_colors_info=\u00a0\u00bb{}\u00a0\u00bb][et_pb_column type=\u00a0\u00bb1_2&Prime; _builder_version=\u00a0\u00bb4.16&Prime; custom_padding=\u00a0\u00bb225px||225px|\u00a0\u00bb global_colors_info=\u00a0\u00bb{}\u00a0\u00bb custom_padding__hover=\u00a0\u00bb|||\u00a0\u00bb][\/et_pb_column][et_pb_column type=\u00a0\u00bb1_2&Prime; _builder_version=\u00a0\u00bb4.16&Prime; background_image=\u00a0\u00bbhttps:\/\/www.vichycatalan.com\/wp-content\/uploads\/2018\/10\/1890_2.jpg\u00a0\u00bb custom_padding=\u00a0\u00bb|||\u00a0\u00bb custom_css_main_element=\u00a0\u00bbdisplay:flex;||align-items:center;||justify-content:center;\u00a0\u00bb global_colors_info=\u00a0\u00bb{}\u00a0\u00bb custom_padding__hover=\u00a0\u00bb|||\u00a0\u00bb][dipl_timeline select_timeline_layout=\u00a0\u00bbdipl_date_tree\u00a0\u00bb select_timeline_layout_option=\u00a0\u00bbdipl_timeline_right\u00a0\u00bb global_timeline_icon_color=\u00a0\u00bb#FCD299&Prime; global_timeline_icon_font_size=\u00a0\u00bb22px\u00a0\u00bb timeline_bar_size=\u00a0\u00bb0px\u00a0\u00bb timeline_bar_color=\u00a0\u00bbRGBA(255,255,255,0)\u00a0\u00bb timeline_bar_fill_color=\u00a0\u00bb#FCD299&Prime; timeline_bar_shape_border_size=\u00a0\u00bb4px\u00a0\u00bb timeline_bar_shape_color=\u00a0\u00bbRGBA(255,255,255,0)\u00a0\u00bb timeline_bar_shape_fill_color=\u00a0\u00bbRGBA(255,255,255,0)\u00a0\u00bb timeline_bar_shape_border_color=\u00a0\u00bbRGBA(255,255,255,0)\u00a0\u00bb timeline_bar_shape_border_fill_color=\u00a0\u00bbRGBA(255,255,255,0)\u00a0\u00bb global_timeline_background_color=\u00a0\u00bbRGBA(255,255,255,0)\u00a0\u00bb _builder_version=\u00a0\u00bb4.24.3&Prime; _module_preset=\u00a0\u00bbdefault\u00a0\u00bb global_timeline_header_text_color=\u00a0\u00bb#000000&Prime; global_timeline_text_text_align=\u00a0\u00bbleft\u00a0\u00bb global_timeline_text_text_color=\u00a0\u00bb#000000&Prime; global_timeline_date_text_color=\u00a0\u00bb#000000&Prime; global_timeline_date_font_size=\u00a0\u00bb40px\u00a0\u00bb background_color=\u00a0\u00bb#FFFFFF\u00a0\u00bb width=\u00a0\u00bb700px\u00a0\u00bb max_width=\u00a0\u00bb800px\u00a0\u00bb custom_margin=\u00a0\u00bb|450px||-560px\u00a0\u00bb custom_margin_tablet=\u00a0\u00bb|0px||0px|false|false\u00a0\u00bb custom_margin_phone=\u00a0\u00bb|0px||0px|false|false\u00a0\u00bb custom_margin_last_edited=\u00a0\u00bbon|phone\u00a0\u00bb custom_padding=\u00a0\u00bb40px|20px|20px|20px\u00a0\u00bb custom_padding_tablet=\u00a0\u00bb5px|5px|5px|5px\u00a0\u00bb custom_padding_phone=\u00a0\u00bb5px|5px|5px|5px\u00a0\u00bb custom_padding_last_edited=\u00a0\u00bbon|phone\u00a0\u00bb animation_style=\u00a0\u00bbslide\u00a0\u00bb animation_direction=\u00a0\u00bbleft\u00a0\u00bb box_shadow_style=\u00a0\u00bbpreset2&Prime; global_colors_info=\u00a0\u00bb{}\u00a0\u00bb][dipl_timeline_item display_time=\u00a0\u00bbon\u00a0\u00bb timeline_custom_time=\u00a0\u00bb1890&Prime; use_timeline_icon=\u00a0\u00bbon\u00a0\u00bb select_timeline_icon=\u00a0\u00bb&#x4e;||divi||400&Prime; single_timeline_icon_color=\u00a0\u00bb#FFFFFF\u00a0\u00bb single_icon_shape=\u00a0\u00bbuse_circle\u00a0\u00bb single_icon_shape_color=\u00a0\u00bb#FCD299&Prime; single_icon_use_shape_border=\u00a0\u00bbon\u00a0\u00bb single_icon_shape_border_color=\u00a0\u00bb#FFFFFF\u00a0\u00bb single_icon_shape_border_size=\u00a0\u00bb14px\u00a0\u00bb _builder_version=\u00a0\u00bb4.24.3&Prime; _module_preset=\u00a0\u00bbdefault\u00a0\u00bb global_timeline_date_font=\u00a0\u00bbHelvetica Neue standar|700|||||||\u00a0\u00bb global_timeline_date_font_size=\u00a0\u00bb49px\u00a0\u00bb custom_padding=\u00a0\u00bb||||false|false\u00a0\u00bb global_colors_info=\u00a0\u00bb{}\u00a0\u00bb]<\/p>\n<p><span>La marque <strong>Vichy Catalan<\/strong> est enregistr\u00e9e quelques mois apr\u00e8s l&rsquo;inauguration de la premi\u00e8re usine d&#8217;embouteillage.<\/span><\/p>\n<p>[\/dipl_timeline_item][\/dipl_timeline][\/et_pb_column][\/et_pb_row][et_pb_row column_structure=\u00a0\u00bb1_2,1_2&Prime; make_equal=\u00a0\u00bbon\u00a0\u00bb _builder_version=\u00a0\u00bb4.16&Prime; background_size=\u00a0\u00bbinitial\u00a0\u00bb background_position=\u00a0\u00bbtop_left\u00a0\u00bb background_repeat=\u00a0\u00bbrepeat\u00a0\u00bb custom_margin=\u00a0\u00bb-50px||\u00a0\u00bb custom_padding=\u00a0\u00bb|0px||0px|false|false\u00a0\u00bb use_custom_width=\u00a0\u00bbon\u00a0\u00bb collapsed=\u00a0\u00bbon\u00a0\u00bb global_colors_info=\u00a0\u00bb{}\u00a0\u00bb][et_pb_column type=\u00a0\u00bb1_2&Prime; _builder_version=\u00a0\u00bb4.16&Prime; background_image=\u00a0\u00bbhttps:\/\/www.vichycatalan.com\/wp-content\/uploads\/2018\/10\/1891_1b.jpg\u00a0\u00bb custom_padding=\u00a0\u00bb0px||0px|\u00a0\u00bb global_colors_info=\u00a0\u00bb{}\u00a0\u00bb custom_padding__hover=\u00a0\u00bb|||\u00a0\u00bb][\/et_pb_column][et_pb_column type=\u00a0\u00bb1_2&Prime; _builder_version=\u00a0\u00bb4.16&Prime; custom_padding=\u00a0\u00bb150px||150px|\u00a0\u00bb custom_css_main_element=\u00a0\u00bbdisplay:flex;||align-items:center;||justify-content:center;\u00a0\u00bb global_colors_info=\u00a0\u00bb{}\u00a0\u00bb custom_padding__hover=\u00a0\u00bb|||\u00a0\u00bb][dipl_timeline select_timeline_layout=\u00a0\u00bbdipl_date_tree\u00a0\u00bb select_timeline_layout_option=\u00a0\u00bbdipl_timeline_right\u00a0\u00bb global_timeline_icon_color=\u00a0\u00bb#FCD299&Prime; global_timeline_icon_font_size=\u00a0\u00bb22px\u00a0\u00bb global_icon_shape=\u00a0\u00bbuse_square\u00a0\u00bb global_icon_shape_color=\u00a0\u00bb#FCD299&Prime; global_icon_use_shape_border=\u00a0\u00bbon\u00a0\u00bb global_icon_shape_border_color=\u00a0\u00bb#FFFFFF\u00a0\u00bb global_icon_shape_border_size=\u00a0\u00bb14px\u00a0\u00bb timeline_bar_size=\u00a0\u00bb0px\u00a0\u00bb timeline_bar_color=\u00a0\u00bbRGBA(255,255,255,0)\u00a0\u00bb timeline_bar_fill_color=\u00a0\u00bb#FCD299&Prime; timeline_bar_shape_border_size=\u00a0\u00bb4px\u00a0\u00bb timeline_bar_shape_color=\u00a0\u00bbRGBA(255,255,255,0)\u00a0\u00bb timeline_bar_shape_fill_color=\u00a0\u00bbRGBA(255,255,255,0)\u00a0\u00bb timeline_bar_shape_border_color=\u00a0\u00bbRGBA(255,255,255,0)\u00a0\u00bb timeline_bar_shape_border_fill_color=\u00a0\u00bbRGBA(255,255,255,0)\u00a0\u00bb global_timeline_background_color=\u00a0\u00bbRGBA(255,255,255,0)\u00a0\u00bb _builder_version=\u00a0\u00bb4.24.3&Prime; _module_preset=\u00a0\u00bbdefault\u00a0\u00bb global_timeline_header_text_color=\u00a0\u00bb#000000&Prime; global_timeline_text_text_align=\u00a0\u00bbleft\u00a0\u00bb global_timeline_text_text_color=\u00a0\u00bb#000000&Prime; global_timeline_date_text_color=\u00a0\u00bb#000000&Prime; global_timeline_date_font_size=\u00a0\u00bb40px\u00a0\u00bb background_color=\u00a0\u00bb#FFFFFF\u00a0\u00bb width=\u00a0\u00bb700px\u00a0\u00bb max_width=\u00a0\u00bb800px\u00a0\u00bb custom_margin=\u00a0\u00bb|||-100px\u00a0\u00bb custom_margin_tablet=\u00a0\u00bb|||0px\u00a0\u00bb custom_margin_phone=\u00a0\u00bb|||0px\u00a0\u00bb custom_margin_last_edited=\u00a0\u00bbon|desktop\u00a0\u00bb custom_padding=\u00a0\u00bb40px|45px|40px|45px|false|false\u00a0\u00bb custom_padding_tablet=\u00a0\u00bb5px|5px|5px|5px\u00a0\u00bb custom_padding_phone=\u00a0\u00bb5px|5px|5px|5px\u00a0\u00bb custom_padding_last_edited=\u00a0\u00bbon|desktop\u00a0\u00bb animation_style=\u00a0\u00bbslide\u00a0\u00bb animation_direction=\u00a0\u00bbright\u00a0\u00bb box_shadow_style=\u00a0\u00bbpreset2&Prime; global_colors_info=\u00a0\u00bb{}\u00a0\u00bb][dipl_timeline_item display_time=\u00a0\u00bbon\u00a0\u00bb timeline_custom_time=\u00a0\u00bb1891&Prime; use_timeline_icon=\u00a0\u00bbon\u00a0\u00bb select_timeline_icon=\u00a0\u00bb&#x4e;||divi||400&Prime; single_timeline_icon_color=\u00a0\u00bb#FFFFFF\u00a0\u00bb single_icon_shape=\u00a0\u00bbuse_circle\u00a0\u00bb single_icon_shape_color=\u00a0\u00bb#FCD299&Prime; _builder_version=\u00a0\u00bb4.24.3&Prime; _module_preset=\u00a0\u00bbdefault\u00a0\u00bb global_timeline_date_font=\u00a0\u00bbHelvetica Neue standar|700|||||||\u00a0\u00bb global_timeline_date_font_size=\u00a0\u00bb49px\u00a0\u00bb custom_padding=\u00a0\u00bb||||false|false\u00a0\u00bb global_colors_info=\u00a0\u00bb{}\u00a0\u00bb]<\/p>\n<p><span>Pose de la premi\u00e8re pierre du<strong> Spa Vichy Catalan<\/strong>, dont la construction a \u00e9t\u00e9 achev\u00e9e en 1904.<\/span><\/p>\n<p>[\/dipl_timeline_item][\/dipl_timeline][\/et_pb_column][\/et_pb_row][et_pb_row column_structure=\u00a0\u00bb1_2,1_2&Prime; use_custom_gutter=\u00a0\u00bbon\u00a0\u00bb make_equal=\u00a0\u00bbon\u00a0\u00bb module_class=\u00a0\u00bbtexto-izq\u00a0\u00bb _builder_version=\u00a0\u00bb4.16&Prime; background_size=\u00a0\u00bbinitial\u00a0\u00bb background_position=\u00a0\u00bbtop_left\u00a0\u00bb background_repeat=\u00a0\u00bbrepeat\u00a0\u00bb custom_margin=\u00a0\u00bb-50px||\u00a0\u00bb use_custom_width=\u00a0\u00bbon\u00a0\u00bb collapsed=\u00a0\u00bbon\u00a0\u00bb global_colors_info=\u00a0\u00bb{}\u00a0\u00bb][et_pb_column type=\u00a0\u00bb1_2&Prime; _builder_version=\u00a0\u00bb4.16&Prime; custom_padding=\u00a0\u00bb225px||225px|\u00a0\u00bb global_colors_info=\u00a0\u00bb{}\u00a0\u00bb custom_padding__hover=\u00a0\u00bb|||\u00a0\u00bb][\/et_pb_column][et_pb_column type=\u00a0\u00bb1_2&Prime; _builder_version=\u00a0\u00bb4.16&Prime; background_image=\u00a0\u00bbhttps:\/\/www.vichycatalan.com\/wp-content\/uploads\/2018\/10\/1959_1b.jpg\u00a0\u00bb custom_padding=\u00a0\u00bb|||\u00a0\u00bb custom_css_main_element=\u00a0\u00bbdisplay:flex;||align-items:center;||justify-content:center;\u00a0\u00bb global_colors_info=\u00a0\u00bb{}\u00a0\u00bb custom_padding__hover=\u00a0\u00bb|||\u00a0\u00bb][dipl_timeline select_timeline_layout=\u00a0\u00bbdipl_date_tree\u00a0\u00bb select_timeline_layout_option=\u00a0\u00bbdipl_timeline_right\u00a0\u00bb global_timeline_icon_color=\u00a0\u00bb#FCD299&Prime; global_timeline_icon_font_size=\u00a0\u00bb22px\u00a0\u00bb timeline_bar_size=\u00a0\u00bb0px\u00a0\u00bb timeline_bar_color=\u00a0\u00bbRGBA(255,255,255,0)\u00a0\u00bb timeline_bar_fill_color=\u00a0\u00bb#FCD299&Prime; timeline_bar_shape_border_size=\u00a0\u00bb4px\u00a0\u00bb timeline_bar_shape_color=\u00a0\u00bbRGBA(255,255,255,0)\u00a0\u00bb timeline_bar_shape_fill_color=\u00a0\u00bbRGBA(255,255,255,0)\u00a0\u00bb timeline_bar_shape_border_color=\u00a0\u00bbRGBA(255,255,255,0)\u00a0\u00bb timeline_bar_shape_border_fill_color=\u00a0\u00bbRGBA(255,255,255,0)\u00a0\u00bb global_timeline_background_color=\u00a0\u00bbRGBA(255,255,255,0)\u00a0\u00bb _builder_version=\u00a0\u00bb4.24.3&Prime; _module_preset=\u00a0\u00bbdefault\u00a0\u00bb global_timeline_header_text_color=\u00a0\u00bb#000000&Prime; global_timeline_text_text_align=\u00a0\u00bbleft\u00a0\u00bb global_timeline_text_text_color=\u00a0\u00bb#000000&Prime; global_timeline_date_text_color=\u00a0\u00bb#000000&Prime; global_timeline_date_font_size=\u00a0\u00bb40px\u00a0\u00bb background_color=\u00a0\u00bb#FFFFFF\u00a0\u00bb width=\u00a0\u00bb700px\u00a0\u00bb max_width=\u00a0\u00bb800px\u00a0\u00bb custom_margin=\u00a0\u00bb|450px||-560px\u00a0\u00bb custom_margin_tablet=\u00a0\u00bb|0px||0px|false|false\u00a0\u00bb custom_margin_phone=\u00a0\u00bb|0px|||false|false\u00a0\u00bb custom_margin_last_edited=\u00a0\u00bbon|phone\u00a0\u00bb custom_padding=\u00a0\u00bb40px|20px|20px|20px\u00a0\u00bb custom_padding_tablet=\u00a0\u00bb5px|5px|5px|5px\u00a0\u00bb custom_padding_phone=\u00a0\u00bb5px|5px|5px|5px\u00a0\u00bb custom_padding_last_edited=\u00a0\u00bbon|phone\u00a0\u00bb animation_style=\u00a0\u00bbslide\u00a0\u00bb animation_direction=\u00a0\u00bbleft\u00a0\u00bb box_shadow_style=\u00a0\u00bbpreset2&Prime; global_colors_info=\u00a0\u00bb{}\u00a0\u00bb][dipl_timeline_item display_time=\u00a0\u00bbon\u00a0\u00bb timeline_custom_time=\u00a0\u00bb1959&Prime; use_timeline_icon=\u00a0\u00bbon\u00a0\u00bb select_timeline_icon=\u00a0\u00bb&#x4e;||divi||400&Prime; single_timeline_icon_color=\u00a0\u00bb#FFFFFF\u00a0\u00bb single_icon_shape=\u00a0\u00bbuse_circle\u00a0\u00bb single_icon_shape_color=\u00a0\u00bb#FCD299&Prime; single_icon_use_shape_border=\u00a0\u00bbon\u00a0\u00bb single_icon_shape_border_color=\u00a0\u00bb#FFFFFF\u00a0\u00bb single_icon_shape_border_size=\u00a0\u00bb14px\u00a0\u00bb _builder_version=\u00a0\u00bb4.24.3&Prime; _module_preset=\u00a0\u00bbdefault\u00a0\u00bb global_timeline_date_font=\u00a0\u00bbHelvetica Neue standar|700|||||||\u00a0\u00bb global_timeline_date_font_size=\u00a0\u00bb49px\u00a0\u00bb custom_padding=\u00a0\u00bb||||false|false\u00a0\u00bb global_colors_info=\u00a0\u00bb{}\u00a0\u00bb]<\/p>\n<p><span>Inauguration de la <strong>&lsquo;nov\u00edsima&rsquo;, une usine d&#8217;embouteillage<\/strong> innovante de pointe sur le march\u00e9 de l&rsquo;eau embouteill\u00e9e, capable de remplir<strong> 6.000 bouteilles de 25 cl par heure<\/strong>.<\/span><\/p>\n<p>[\/dipl_timeline_item][\/dipl_timeline][\/et_pb_column][\/et_pb_row][et_pb_row column_structure=\u00a0\u00bb1_2,1_2&Prime; use_custom_gutter=\u00a0\u00bbon\u00a0\u00bb make_equal=\u00a0\u00bbon\u00a0\u00bb _builder_version=\u00a0\u00bb4.16&Prime; background_size=\u00a0\u00bbinitial\u00a0\u00bb background_position=\u00a0\u00bbtop_left\u00a0\u00bb background_repeat=\u00a0\u00bbrepeat\u00a0\u00bb custom_margin=\u00a0\u00bb-50px||\u00a0\u00bb custom_padding=\u00a0\u00bb|0px||0px|false|false\u00a0\u00bb use_custom_width=\u00a0\u00bbon\u00a0\u00bb collapsed=\u00a0\u00bbon\u00a0\u00bb global_colors_info=\u00a0\u00bb{}\u00a0\u00bb][et_pb_column type=\u00a0\u00bb1_2&Prime; _builder_version=\u00a0\u00bb4.16&Prime; background_image=\u00a0\u00bbhttps:\/\/www.vichycatalan.com\/wp-content\/uploads\/2018\/10\/1967_b.jpg\u00a0\u00bb custom_padding=\u00a0\u00bb0px||0px|\u00a0\u00bb global_colors_info=\u00a0\u00bb{}\u00a0\u00bb custom_padding__hover=\u00a0\u00bb|||\u00a0\u00bb][\/et_pb_column][et_pb_column type=\u00a0\u00bb1_2&Prime; _builder_version=\u00a0\u00bb4.16&Prime; custom_padding=\u00a0\u00bb150px||150px|\u00a0\u00bb custom_css_main_element=\u00a0\u00bbdisplay:flex;||align-items:center;||justify-content:center;\u00a0\u00bb global_colors_info=\u00a0\u00bb{}\u00a0\u00bb custom_padding__hover=\u00a0\u00bb|||\u00a0\u00bb][dipl_timeline select_timeline_layout=\u00a0\u00bbdipl_date_tree\u00a0\u00bb select_timeline_layout_option=\u00a0\u00bbdipl_timeline_right\u00a0\u00bb global_timeline_icon_color=\u00a0\u00bb#FCD299&Prime; global_timeline_icon_font_size=\u00a0\u00bb22px\u00a0\u00bb global_icon_shape=\u00a0\u00bbuse_circle\u00a0\u00bb global_icon_shape_color=\u00a0\u00bb#FCD299&Prime; global_icon_use_shape_border=\u00a0\u00bbon\u00a0\u00bb global_icon_shape_border_color=\u00a0\u00bb#FFFFFF\u00a0\u00bb global_icon_shape_border_size=\u00a0\u00bb14px\u00a0\u00bb timeline_bar_size=\u00a0\u00bb0px\u00a0\u00bb timeline_bar_color=\u00a0\u00bbRGBA(255,255,255,0)\u00a0\u00bb timeline_bar_fill_color=\u00a0\u00bb#FCD299&Prime; timeline_bar_shape_border_size=\u00a0\u00bb4px\u00a0\u00bb timeline_bar_shape_color=\u00a0\u00bbRGBA(255,255,255,0)\u00a0\u00bb timeline_bar_shape_fill_color=\u00a0\u00bbRGBA(255,255,255,0)\u00a0\u00bb timeline_bar_shape_border_color=\u00a0\u00bbRGBA(255,255,255,0)\u00a0\u00bb timeline_bar_shape_border_fill_color=\u00a0\u00bbRGBA(255,255,255,0)\u00a0\u00bb global_timeline_background_color=\u00a0\u00bbRGBA(255,255,255,0)\u00a0\u00bb _builder_version=\u00a0\u00bb4.24.3&Prime; _module_preset=\u00a0\u00bbdefault\u00a0\u00bb global_timeline_header_text_color=\u00a0\u00bb#000000&Prime; global_timeline_text_text_align=\u00a0\u00bbleft\u00a0\u00bb global_timeline_text_text_color=\u00a0\u00bb#000000&Prime; global_timeline_date_text_color=\u00a0\u00bb#000000&Prime; global_timeline_date_font_size=\u00a0\u00bb40px\u00a0\u00bb background_color=\u00a0\u00bb#FFFFFF\u00a0\u00bb width=\u00a0\u00bb700px\u00a0\u00bb max_width=\u00a0\u00bb800px\u00a0\u00bb custom_margin=\u00a0\u00bb|||-100px\u00a0\u00bb custom_margin_tablet=\u00a0\u00bb|||0px\u00a0\u00bb custom_margin_phone=\u00a0\u00bb|||0px\u00a0\u00bb custom_margin_last_edited=\u00a0\u00bbon|desktop\u00a0\u00bb custom_padding=\u00a0\u00bb40px|45px|40px|45px|false|false\u00a0\u00bb custom_padding_tablet=\u00a0\u00bb5px|5px|5px|5px\u00a0\u00bb custom_padding_phone=\u00a0\u00bb5px|5px|5px|5px\u00a0\u00bb custom_padding_last_edited=\u00a0\u00bbon|desktop\u00a0\u00bb animation_style=\u00a0\u00bbslide\u00a0\u00bb animation_direction=\u00a0\u00bbright\u00a0\u00bb box_shadow_style=\u00a0\u00bbpreset2&Prime; global_colors_info=\u00a0\u00bb{}\u00a0\u00bb][dipl_timeline_item display_time=\u00a0\u00bbon\u00a0\u00bb timeline_custom_time=\u00a0\u00bb1967&Prime; use_timeline_icon=\u00a0\u00bbon\u00a0\u00bb select_timeline_icon=\u00a0\u00bb&#x4e;||divi||400&Prime; single_timeline_icon_color=\u00a0\u00bb#FFFFFF\u00a0\u00bb single_icon_shape=\u00a0\u00bbuse_circle\u00a0\u00bb single_icon_shape_color=\u00a0\u00bb#FCD299&Prime; _builder_version=\u00a0\u00bb4.24.3&Prime; _module_preset=\u00a0\u00bbdefault\u00a0\u00bb global_timeline_date_font=\u00a0\u00bbHelvetica Neue standar|700|||||||\u00a0\u00bb global_timeline_date_font_size=\u00a0\u00bb49px\u00a0\u00bb custom_padding=\u00a0\u00bb||||false|false\u00a0\u00bb global_colors_info=\u00a0\u00bb{}\u00a0\u00bb]<\/p>\n<p><span>L&rsquo;innovation technologique se poursuit \u00e0 l&rsquo;usine avec l&rsquo;acquisition d&rsquo;une<strong> nouvelle machine<\/strong> capable de remplir <strong>20.000 bouteilles<\/strong> d&rsquo;un litre par heure.<\/span><\/p>\n<p>[\/dipl_timeline_item][\/dipl_timeline][\/et_pb_column][\/et_pb_row][et_pb_row column_structure=\u00a0\u00bb1_2,1_2&Prime; use_custom_gutter=\u00a0\u00bbon\u00a0\u00bb make_equal=\u00a0\u00bbon\u00a0\u00bb module_class=\u00a0\u00bbtexto-izq\u00a0\u00bb _builder_version=\u00a0\u00bb4.16&Prime; background_size=\u00a0\u00bbinitial\u00a0\u00bb background_position=\u00a0\u00bbtop_left\u00a0\u00bb background_repeat=\u00a0\u00bbrepeat\u00a0\u00bb custom_margin=\u00a0\u00bb-50px||\u00a0\u00bb use_custom_width=\u00a0\u00bbon\u00a0\u00bb collapsed=\u00a0\u00bbon\u00a0\u00bb global_colors_info=\u00a0\u00bb{}\u00a0\u00bb][et_pb_column type=\u00a0\u00bb1_2&Prime; _builder_version=\u00a0\u00bb4.16&Prime; custom_padding=\u00a0\u00bb293px||225px|\u00a0\u00bb global_colors_info=\u00a0\u00bb{}\u00a0\u00bb custom_padding__hover=\u00a0\u00bb|||\u00a0\u00bb][\/et_pb_column][et_pb_column type=\u00a0\u00bb1_2&Prime; _builder_version=\u00a0\u00bb4.16&Prime; background_image=\u00a0\u00bbhttps:\/\/www.vichycatalan.com\/wp-content\/uploads\/2018\/10\/1979.jpg\u00a0\u00bb custom_padding=\u00a0\u00bb|||\u00a0\u00bb custom_css_main_element=\u00a0\u00bbdisplay:flex;||align-items:center;||justify-content:center;\u00a0\u00bb global_colors_info=\u00a0\u00bb{}\u00a0\u00bb custom_padding__hover=\u00a0\u00bb|||\u00a0\u00bb][dipl_timeline select_timeline_layout=\u00a0\u00bbdipl_date_tree\u00a0\u00bb select_timeline_layout_option=\u00a0\u00bbdipl_timeline_right\u00a0\u00bb global_timeline_icon_color=\u00a0\u00bb#FCD299&Prime; global_timeline_icon_font_size=\u00a0\u00bb22px\u00a0\u00bb global_icon_shape=\u00a0\u00bbuse_circle\u00a0\u00bb global_icon_shape_color=\u00a0\u00bb#FCD299&Prime; global_icon_use_shape_border=\u00a0\u00bbon\u00a0\u00bb global_icon_shape_border_color=\u00a0\u00bb#FFFFFF\u00a0\u00bb global_icon_shape_border_size=\u00a0\u00bb14px\u00a0\u00bb timeline_bar_size=\u00a0\u00bb0px\u00a0\u00bb timeline_bar_color=\u00a0\u00bbRGBA(255,255,255,0)\u00a0\u00bb timeline_bar_fill_color=\u00a0\u00bb#FCD299&Prime; timeline_bar_shape_border_size=\u00a0\u00bb4px\u00a0\u00bb timeline_bar_shape_color=\u00a0\u00bbRGBA(255,255,255,0)\u00a0\u00bb timeline_bar_shape_fill_color=\u00a0\u00bbRGBA(255,255,255,0)\u00a0\u00bb timeline_bar_shape_border_color=\u00a0\u00bbRGBA(255,255,255,0)\u00a0\u00bb timeline_bar_shape_border_fill_color=\u00a0\u00bbRGBA(255,255,255,0)\u00a0\u00bb global_timeline_background_color=\u00a0\u00bbRGBA(255,255,255,0)\u00a0\u00bb _builder_version=\u00a0\u00bb4.24.3&Prime; _module_preset=\u00a0\u00bbdefault\u00a0\u00bb global_timeline_header_text_color=\u00a0\u00bb#000000&Prime; global_timeline_text_text_align=\u00a0\u00bbleft\u00a0\u00bb global_timeline_text_text_color=\u00a0\u00bb#000000&Prime; global_timeline_date_text_color=\u00a0\u00bb#000000&Prime; global_timeline_date_font_size=\u00a0\u00bb40px\u00a0\u00bb background_color=\u00a0\u00bb#FFFFFF\u00a0\u00bb width=\u00a0\u00bb700px\u00a0\u00bb max_width=\u00a0\u00bb800px\u00a0\u00bb custom_margin=\u00a0\u00bb|450px||-560px\u00a0\u00bb custom_margin_tablet=\u00a0\u00bb|0px||0px|false|false\u00a0\u00bb custom_margin_phone=\u00a0\u00bb|||0px\u00a0\u00bb custom_margin_last_edited=\u00a0\u00bbon|phone\u00a0\u00bb custom_padding=\u00a0\u00bb40px|20px|20px|20px\u00a0\u00bb custom_padding_tablet=\u00a0\u00bb5px|5px|5px|5px\u00a0\u00bb custom_padding_phone=\u00a0\u00bb5px|5px|5px|5px\u00a0\u00bb custom_padding_last_edited=\u00a0\u00bbon|phone\u00a0\u00bb animation_style=\u00a0\u00bbslide\u00a0\u00bb animation_direction=\u00a0\u00bbleft\u00a0\u00bb box_shadow_style=\u00a0\u00bbpreset2&Prime; global_colors_info=\u00a0\u00bb{}\u00a0\u00bb][dipl_timeline_item display_time=\u00a0\u00bbon\u00a0\u00bb timeline_custom_time=\u00a0\u00bb1979&Prime; use_timeline_icon=\u00a0\u00bbon\u00a0\u00bb select_timeline_icon=\u00a0\u00bb&#x4e;||divi||400&Prime; single_timeline_icon_color=\u00a0\u00bb#FFFFFF\u00a0\u00bb single_icon_shape=\u00a0\u00bbuse_circle\u00a0\u00bb single_icon_shape_color=\u00a0\u00bb#FCD299&Prime; _builder_version=\u00a0\u00bb4.24.3&Prime; _module_preset=\u00a0\u00bbdefault\u00a0\u00bb global_timeline_date_font=\u00a0\u00bbHelvetica Neue standar|700|||||||\u00a0\u00bb global_timeline_date_font_size=\u00a0\u00bb49px\u00a0\u00bb custom_padding=\u00a0\u00bb||||false|false\u00a0\u00bb global_colors_info=\u00a0\u00bb{}\u00a0\u00bb]<\/p>\n<p>La soci\u00e9t\u00e9 entreprend une strat\u00e9gie de diversification et acquiert de <strong>nouvelles sources et marques<\/strong> de renom:<\/p>\n<p><strong>1979:<\/strong> Acquisition de la marque d&rsquo;eau min\u00e9rale naturelle carbonat\u00e9e <strong>Malavella<\/strong>.<\/p>\n<p><strong>1986:<\/strong> Incorporation des marques d&rsquo;eau min\u00e9rale naturelle <strong>Font d&rsquo;Or<\/strong> et <strong>Les Creus<\/strong>.<\/p>\n<p><strong>1988:<\/strong>\u00a0Incorporation de la marque d&rsquo;eau min\u00e9rale naturelle <strong>Font del Reg\u00e0s<\/strong>.<\/p>\n<p><strong>1994:<\/strong> Incorporation des marques <strong>Aguas de Mondariz<\/strong> et <strong>Fuente del Val<\/strong>.<\/p>\n<p><strong>1999:<\/strong> Incorporation de la marque de jus et de nectars <strong>Lambda<\/strong>.<\/p>\n<p><strong>2004:<\/strong> Incorporation de la marque d&rsquo;eau min\u00e9rale naturelle <strong>Monte Pinos<\/strong>.<\/p>\n<p>[\/dipl_timeline_item][\/dipl_timeline][\/et_pb_column][\/et_pb_row][et_pb_row column_structure=\u00a0\u00bb1_2,1_2&Prime; use_custom_gutter=\u00a0\u00bbon\u00a0\u00bb make_equal=\u00a0\u00bbon\u00a0\u00bb _builder_version=\u00a0\u00bb4.16&Prime; background_size=\u00a0\u00bbinitial\u00a0\u00bb background_position=\u00a0\u00bbtop_left\u00a0\u00bb background_repeat=\u00a0\u00bbrepeat\u00a0\u00bb custom_margin=\u00a0\u00bb-50px||\u00a0\u00bb custom_padding=\u00a0\u00bb|0px||0px|false|false\u00a0\u00bb use_custom_width=\u00a0\u00bbon\u00a0\u00bb collapsed=\u00a0\u00bbon\u00a0\u00bb global_colors_info=\u00a0\u00bb{}\u00a0\u00bb][et_pb_column type=\u00a0\u00bb1_2&Prime; _builder_version=\u00a0\u00bb4.16&Prime; background_image=\u00a0\u00bbhttps:\/\/www.vichycatalan.com\/wp-content\/uploads\/2018\/10\/1992.jpg\u00a0\u00bb custom_padding=\u00a0\u00bb0px||0px|\u00a0\u00bb global_colors_info=\u00a0\u00bb{}\u00a0\u00bb custom_padding__hover=\u00a0\u00bb|||\u00a0\u00bb][\/et_pb_column][et_pb_column type=\u00a0\u00bb1_2&Prime; _builder_version=\u00a0\u00bb4.16&Prime; custom_padding=\u00a0\u00bb150px||150px|\u00a0\u00bb custom_css_main_element=\u00a0\u00bbdisplay:flex;||align-items:center;||justify-content:center;\u00a0\u00bb global_colors_info=\u00a0\u00bb{}\u00a0\u00bb custom_padding__hover=\u00a0\u00bb|||\u00a0\u00bb][dipl_timeline select_timeline_layout=\u00a0\u00bbdipl_date_tree\u00a0\u00bb select_timeline_layout_option=\u00a0\u00bbdipl_timeline_right\u00a0\u00bb global_timeline_icon_color=\u00a0\u00bb#FCD299&Prime; global_timeline_icon_font_size=\u00a0\u00bb22px\u00a0\u00bb global_icon_shape=\u00a0\u00bbuse_circle\u00a0\u00bb global_icon_shape_color=\u00a0\u00bb#FCD299&Prime; global_icon_use_shape_border=\u00a0\u00bbon\u00a0\u00bb global_icon_shape_border_color=\u00a0\u00bb#FFFFFF\u00a0\u00bb global_icon_shape_border_size=\u00a0\u00bb14px\u00a0\u00bb timeline_bar_size=\u00a0\u00bb0px\u00a0\u00bb timeline_bar_color=\u00a0\u00bbRGBA(255,255,255,0)\u00a0\u00bb timeline_bar_fill_color=\u00a0\u00bb#FCD299&Prime; timeline_bar_shape_border_size=\u00a0\u00bb4px\u00a0\u00bb timeline_bar_shape_color=\u00a0\u00bbRGBA(255,255,255,0)\u00a0\u00bb timeline_bar_shape_fill_color=\u00a0\u00bbRGBA(255,255,255,0)\u00a0\u00bb timeline_bar_shape_border_color=\u00a0\u00bbRGBA(255,255,255,0)\u00a0\u00bb timeline_bar_shape_border_fill_color=\u00a0\u00bbRGBA(255,255,255,0)\u00a0\u00bb global_timeline_background_color=\u00a0\u00bbRGBA(255,255,255,0)\u00a0\u00bb _builder_version=\u00a0\u00bb4.24.3&Prime; _module_preset=\u00a0\u00bbdefault\u00a0\u00bb global_timeline_header_text_color=\u00a0\u00bb#000000&Prime; global_timeline_text_text_align=\u00a0\u00bbleft\u00a0\u00bb global_timeline_text_text_color=\u00a0\u00bb#000000&Prime; global_timeline_date_text_color=\u00a0\u00bb#000000&Prime; global_timeline_date_font_size=\u00a0\u00bb40px\u00a0\u00bb background_color=\u00a0\u00bb#FFFFFF\u00a0\u00bb width=\u00a0\u00bb700px\u00a0\u00bb max_width=\u00a0\u00bb800px\u00a0\u00bb custom_margin=\u00a0\u00bb|||-100px\u00a0\u00bb custom_margin_tablet=\u00a0\u00bb|||0px\u00a0\u00bb custom_margin_phone=\u00a0\u00bb|||0px\u00a0\u00bb custom_margin_last_edited=\u00a0\u00bbon|desktop\u00a0\u00bb custom_padding=\u00a0\u00bb40px|45px|40px|45px|false|false\u00a0\u00bb custom_padding_tablet=\u00a0\u00bb5px|5px|5px|5px\u00a0\u00bb custom_padding_phone=\u00a0\u00bb5px|5px|5px|5px\u00a0\u00bb custom_padding_last_edited=\u00a0\u00bbon|desktop\u00a0\u00bb animation_style=\u00a0\u00bbslide\u00a0\u00bb animation_direction=\u00a0\u00bbright\u00a0\u00bb box_shadow_style=\u00a0\u00bbpreset2&Prime; global_colors_info=\u00a0\u00bb{}\u00a0\u00bb][dipl_timeline_item display_time=\u00a0\u00bbon\u00a0\u00bb timeline_custom_time=\u00a0\u00bb1992&Prime; use_timeline_icon=\u00a0\u00bbon\u00a0\u00bb select_timeline_icon=\u00a0\u00bb&#x4e;||divi||400&Prime; single_timeline_icon_color=\u00a0\u00bb#FFFFFF\u00a0\u00bb single_icon_shape=\u00a0\u00bbuse_circle\u00a0\u00bb single_icon_shape_color=\u00a0\u00bb#FCD299&Prime; _builder_version=\u00a0\u00bb4.24.3&Prime; _module_preset=\u00a0\u00bbdefault\u00a0\u00bb global_timeline_date_font=\u00a0\u00bbHelvetica Neue standar|700|||||||\u00a0\u00bb global_timeline_date_font_size=\u00a0\u00bb49px\u00a0\u00bb custom_padding=\u00a0\u00bb||||false|false\u00a0\u00bb global_colors_info=\u00a0\u00bb{}\u00a0\u00bb]<\/p>\n<p><span>Vichy Catalan et Font d&rsquo;Or sont s\u00e9lectionn\u00e9es comme les <strong>&lsquo;Eaux Olympiques&rsquo;<\/strong> pour les Jeux olympiques de Barcelone 92.<\/span><\/p>\n<p>[\/dipl_timeline_item][\/dipl_timeline][\/et_pb_column][\/et_pb_row][et_pb_row column_structure=\u00a0\u00bb1_2,1_2&Prime; use_custom_gutter=\u00a0\u00bbon\u00a0\u00bb make_equal=\u00a0\u00bbon\u00a0\u00bb module_class=\u00a0\u00bbtexto-izq\u00a0\u00bb _builder_version=\u00a0\u00bb4.16&Prime; background_size=\u00a0\u00bbinitial\u00a0\u00bb background_position=\u00a0\u00bbtop_left\u00a0\u00bb background_repeat=\u00a0\u00bbrepeat\u00a0\u00bb custom_margin=\u00a0\u00bb-50px||\u00a0\u00bb use_custom_width=\u00a0\u00bbon\u00a0\u00bb collapsed=\u00a0\u00bbon\u00a0\u00bb global_colors_info=\u00a0\u00bb{}\u00a0\u00bb][et_pb_column type=\u00a0\u00bb1_2&Prime; _builder_version=\u00a0\u00bb4.16&Prime; custom_padding=\u00a0\u00bb225px||225px|\u00a0\u00bb global_colors_info=\u00a0\u00bb{}\u00a0\u00bb custom_padding__hover=\u00a0\u00bb|||\u00a0\u00bb][\/et_pb_column][et_pb_column type=\u00a0\u00bb1_2&Prime; _builder_version=\u00a0\u00bb4.16&Prime; background_image=\u00a0\u00bbhttps:\/\/www.vichycatalan.com\/wp-content\/uploads\/2018\/11\/latas.jpg\u00a0\u00bb custom_padding=\u00a0\u00bb|||\u00a0\u00bb custom_css_main_element=\u00a0\u00bbdisplay:flex;||align-items:center;||justify-content:center;\u00a0\u00bb global_colors_info=\u00a0\u00bb{}\u00a0\u00bb custom_padding__hover=\u00a0\u00bb|||\u00a0\u00bb][dipl_timeline select_timeline_layout=\u00a0\u00bbdipl_date_tree\u00a0\u00bb select_timeline_layout_option=\u00a0\u00bbdipl_timeline_right\u00a0\u00bb global_timeline_icon_color=\u00a0\u00bb#FCD299&Prime; global_timeline_icon_font_size=\u00a0\u00bb22px\u00a0\u00bb global_icon_shape=\u00a0\u00bbuse_circle\u00a0\u00bb global_icon_shape_color=\u00a0\u00bb#FCD299&Prime; global_icon_use_shape_border=\u00a0\u00bbon\u00a0\u00bb global_icon_shape_border_color=\u00a0\u00bb#FFFFFF\u00a0\u00bb global_icon_shape_border_size=\u00a0\u00bb14px\u00a0\u00bb timeline_bar_size=\u00a0\u00bb0px\u00a0\u00bb timeline_bar_color=\u00a0\u00bbRGBA(255,255,255,0)\u00a0\u00bb timeline_bar_fill_color=\u00a0\u00bb#FCD299&Prime; timeline_bar_shape_border_size=\u00a0\u00bb4px\u00a0\u00bb timeline_bar_shape_color=\u00a0\u00bbRGBA(255,255,255,0)\u00a0\u00bb timeline_bar_shape_fill_color=\u00a0\u00bbRGBA(255,255,255,0)\u00a0\u00bb timeline_bar_shape_border_color=\u00a0\u00bbRGBA(255,255,255,0)\u00a0\u00bb timeline_bar_shape_border_fill_color=\u00a0\u00bbRGBA(255,255,255,0)\u00a0\u00bb global_timeline_background_color=\u00a0\u00bbRGBA(255,255,255,0)\u00a0\u00bb _builder_version=\u00a0\u00bb4.24.3&Prime; _module_preset=\u00a0\u00bbdefault\u00a0\u00bb global_timeline_header_text_color=\u00a0\u00bb#000000&Prime; global_timeline_text_text_align=\u00a0\u00bbleft\u00a0\u00bb global_timeline_text_text_color=\u00a0\u00bb#000000&Prime; global_timeline_date_text_color=\u00a0\u00bb#000000&Prime; global_timeline_date_font_size=\u00a0\u00bb40px\u00a0\u00bb background_color=\u00a0\u00bb#FFFFFF\u00a0\u00bb width=\u00a0\u00bb700px\u00a0\u00bb max_width=\u00a0\u00bb800px\u00a0\u00bb custom_margin=\u00a0\u00bb|450px||-560px\u00a0\u00bb custom_margin_tablet=\u00a0\u00bb|0px||0px|false|false\u00a0\u00bb custom_margin_phone=\u00a0\u00bb|0px||0px|false|false\u00a0\u00bb custom_margin_last_edited=\u00a0\u00bbon|phone\u00a0\u00bb custom_padding=\u00a0\u00bb40px|20px|20px|20px\u00a0\u00bb custom_padding_tablet=\u00a0\u00bb5px|5px|5px|5px\u00a0\u00bb custom_padding_phone=\u00a0\u00bb5px|5px|5px|5px\u00a0\u00bb custom_padding_last_edited=\u00a0\u00bbon|phone\u00a0\u00bb animation_style=\u00a0\u00bbslide\u00a0\u00bb animation_direction=\u00a0\u00bbleft\u00a0\u00bb box_shadow_style=\u00a0\u00bbpreset2&Prime; global_colors_info=\u00a0\u00bb{}\u00a0\u00bb][dipl_timeline_item display_time=\u00a0\u00bbon\u00a0\u00bb timeline_custom_time=\u00a0\u00bb2012&Prime; use_timeline_icon=\u00a0\u00bbon\u00a0\u00bb select_timeline_icon=\u00a0\u00bb&#x4e;||divi||400&Prime; single_timeline_icon_color=\u00a0\u00bb#FFFFFF\u00a0\u00bb single_icon_shape=\u00a0\u00bbuse_circle\u00a0\u00bb single_icon_shape_color=\u00a0\u00bb#FCD299&Prime; _builder_version=\u00a0\u00bb4.24.3&Prime; _module_preset=\u00a0\u00bbdefault\u00a0\u00bb global_timeline_date_font=\u00a0\u00bbHelvetica Neue standar|700|||||||\u00a0\u00bb global_timeline_date_font_size=\u00a0\u00bb49px\u00a0\u00bb custom_padding=\u00a0\u00bb||||false|false\u00a0\u00bb global_colors_info=\u00a0\u00bb{}\u00a0\u00bb]<\/p>\n<p style=\"text-align: justify;\"><span>Lancement de la premi\u00e8re <strong>eau min\u00e9rale naturellement carbonat\u00e9e<\/strong> en canette avec un couvercle biod\u00e9gradable. La m\u00eame ann\u00e9e, la gamme de <strong>Vichy Catalan Sabores 0% de sucre<\/strong> de\u00a0 a \u00e9galement \u00e9t\u00e9 lanc\u00e9e. La gamme compl\u00e8te a \u00e9t\u00e9 finalis\u00e9e en 2015 avec les saveurs : Citron, Orange, Citron vert, Menthe et la <strong>Tonic Water Premium de Vichy Catalan<\/strong>.<\/span><\/p>\n<p>[\/dipl_timeline_item][\/dipl_timeline][\/et_pb_column][\/et_pb_row][et_pb_row column_structure=\u00a0\u00bb1_2,1_2&Prime; use_custom_gutter=\u00a0\u00bbon\u00a0\u00bb make_equal=\u00a0\u00bbon\u00a0\u00bb _builder_version=\u00a0\u00bb4.27.4&Prime; background_size=\u00a0\u00bbinitial\u00a0\u00bb background_position=\u00a0\u00bbtop_left\u00a0\u00bb background_repeat=\u00a0\u00bbrepeat\u00a0\u00bb custom_margin=\u00a0\u00bb-50px||\u00a0\u00bb custom_padding=\u00a0\u00bb|0px||0px|false|false\u00a0\u00bb use_custom_width=\u00a0\u00bbon\u00a0\u00bb collapsed=\u00a0\u00bbon\u00a0\u00bb global_colors_info=\u00a0\u00bb{}\u00a0\u00bb][et_pb_column type=\u00a0\u00bb1_2&Prime; _builder_version=\u00a0\u00bb4.27.4&Prime; background_image=\u00a0\u00bbhttps:\/\/www.vichycatalan.com\/wp-content\/uploads\/2025\/03\/Mondariz.jpg\u00a0\u00bb custom_padding=\u00a0\u00bb0px||0px|\u00a0\u00bb global_colors_info=\u00a0\u00bb{}\u00a0\u00bb custom_padding__hover=\u00a0\u00bb|||\u00a0\u00bb][\/et_pb_column][et_pb_column type=\u00a0\u00bb1_2&Prime; _builder_version=\u00a0\u00bb4.16&Prime; custom_padding=\u00a0\u00bb150px||150px|\u00a0\u00bb custom_css_main_element=\u00a0\u00bbdisplay:flex;||align-items:center;||justify-content:center;\u00a0\u00bb global_colors_info=\u00a0\u00bb{}\u00a0\u00bb custom_padding__hover=\u00a0\u00bb|||\u00a0\u00bb][dipl_timeline select_timeline_layout=\u00a0\u00bbdipl_date_tree\u00a0\u00bb select_timeline_layout_option=\u00a0\u00bbdipl_timeline_right\u00a0\u00bb global_timeline_icon_color=\u00a0\u00bb#FCD299&Prime; global_timeline_icon_font_size=\u00a0\u00bb22px\u00a0\u00bb global_icon_shape=\u00a0\u00bbuse_circle\u00a0\u00bb global_icon_shape_color=\u00a0\u00bb#FCD299&Prime; global_icon_use_shape_border=\u00a0\u00bbon\u00a0\u00bb global_icon_shape_border_color=\u00a0\u00bb#FFFFFF\u00a0\u00bb global_icon_shape_border_size=\u00a0\u00bb14px\u00a0\u00bb timeline_bar_size=\u00a0\u00bb0px\u00a0\u00bb timeline_bar_color=\u00a0\u00bbRGBA(255,255,255,0)\u00a0\u00bb timeline_bar_fill_color=\u00a0\u00bb#FCD299&Prime; timeline_bar_shape_border_size=\u00a0\u00bb4px\u00a0\u00bb timeline_bar_shape_color=\u00a0\u00bbRGBA(255,255,255,0)\u00a0\u00bb timeline_bar_shape_fill_color=\u00a0\u00bbRGBA(255,255,255,0)\u00a0\u00bb timeline_bar_shape_border_color=\u00a0\u00bbRGBA(255,255,255,0)\u00a0\u00bb timeline_bar_shape_border_fill_color=\u00a0\u00bbRGBA(255,255,255,0)\u00a0\u00bb global_timeline_background_color=\u00a0\u00bbRGBA(255,255,255,0)\u00a0\u00bb _builder_version=\u00a0\u00bb4.27.4&Prime; _module_preset=\u00a0\u00bbdefault\u00a0\u00bb global_timeline_header_text_color=\u00a0\u00bb#000000&Prime; global_timeline_text_text_align=\u00a0\u00bbleft\u00a0\u00bb global_timeline_text_text_color=\u00a0\u00bb#000000&Prime; global_timeline_date_text_color=\u00a0\u00bb#000000&Prime; global_timeline_date_font_size=\u00a0\u00bb40px\u00a0\u00bb background_color=\u00a0\u00bb#FFFFFF\u00a0\u00bb width=\u00a0\u00bb700px\u00a0\u00bb max_width=\u00a0\u00bb800px\u00a0\u00bb custom_margin=\u00a0\u00bb|||-100px\u00a0\u00bb custom_margin_tablet=\u00a0\u00bb|||0px\u00a0\u00bb custom_margin_phone=\u00a0\u00bb|||0px\u00a0\u00bb custom_margin_last_edited=\u00a0\u00bbon|desktop\u00a0\u00bb custom_padding=\u00a0\u00bb40px|45px|40px|45px|false|false\u00a0\u00bb custom_padding_tablet=\u00a0\u00bb5px|5px|5px|5px\u00a0\u00bb custom_padding_phone=\u00a0\u00bb5px|5px|5px|5px\u00a0\u00bb custom_padding_last_edited=\u00a0\u00bbon|desktop\u00a0\u00bb animation_style=\u00a0\u00bbslide\u00a0\u00bb animation_direction=\u00a0\u00bbright\u00a0\u00bb box_shadow_style=\u00a0\u00bbpreset2&Prime; global_colors_info=\u00a0\u00bb{}\u00a0\u00bb][dipl_timeline_item display_time=\u00a0\u00bbon\u00a0\u00bb timeline_custom_time=\u00a0\u00bb2016&Prime; use_timeline_icon=\u00a0\u00bbon\u00a0\u00bb select_timeline_icon=\u00a0\u00bb&#x4e;||divi||400&Prime; single_timeline_icon_color=\u00a0\u00bb#FFFFFF\u00a0\u00bb single_icon_shape=\u00a0\u00bbuse_circle\u00a0\u00bb single_icon_shape_color=\u00a0\u00bb#FCD299&Prime; _builder_version=\u00a0\u00bb4.27.4&Prime; _module_preset=\u00a0\u00bbdefault\u00a0\u00bb global_timeline_date_font=\u00a0\u00bbHelvetica Neue standar|700|||||||\u00a0\u00bb global_timeline_date_font_size=\u00a0\u00bb49px\u00a0\u00bb custom_padding=\u00a0\u00bb||||false|false\u00a0\u00bb global_colors_info=\u00a0\u00bb{}\u00a0\u00bb]<\/p>\n<p><strong>Aguas de Mondariz<\/strong> a obtenu la distinction d&rsquo;\u00eatre la seule marque \u00e0 recevoir <strong>2 Diamond Taste Awards<\/strong>, un prix prestigieux d\u00e9cern\u00e9 par<strong> l&rsquo;International Taste and Quality Institute (ITQi) de Bruxelles.<\/strong><\/p>\n<p>[\/dipl_timeline_item][\/dipl_timeline][\/et_pb_column][\/et_pb_row][et_pb_row column_structure=\u00a0\u00bb1_2,1_2&Prime; use_custom_gutter=\u00a0\u00bbon\u00a0\u00bb make_equal=\u00a0\u00bbon\u00a0\u00bb module_class=\u00a0\u00bbtexto-izq\u00a0\u00bb _builder_version=\u00a0\u00bb4.16&Prime; background_size=\u00a0\u00bbinitial\u00a0\u00bb background_position=\u00a0\u00bbtop_left\u00a0\u00bb background_repeat=\u00a0\u00bbrepeat\u00a0\u00bb custom_margin=\u00a0\u00bb-50px||\u00a0\u00bb use_custom_width=\u00a0\u00bbon\u00a0\u00bb collapsed=\u00a0\u00bboff\u00a0\u00bb global_colors_info=\u00a0\u00bb{}\u00a0\u00bb][et_pb_column type=\u00a0\u00bb1_2&Prime; _builder_version=\u00a0\u00bb4.16&Prime; custom_padding=\u00a0\u00bb225px||225px|\u00a0\u00bb global_colors_info=\u00a0\u00bb{}\u00a0\u00bb custom_padding__hover=\u00a0\u00bb|||\u00a0\u00bb][\/et_pb_column][et_pb_column type=\u00a0\u00bb1_2&Prime; _builder_version=\u00a0\u00bb4.16&Prime; background_image=\u00a0\u00bbhttps:\/\/www.vichycatalan.com\/wp-content\/uploads\/2018\/10\/2018b.jpg\u00a0\u00bb custom_padding=\u00a0\u00bb|||\u00a0\u00bb custom_css_main_element=\u00a0\u00bbdisplay:flex;||align-items:center;||justify-content:center;\u00a0\u00bb global_colors_info=\u00a0\u00bb{}\u00a0\u00bb custom_padding__hover=\u00a0\u00bb|||\u00a0\u00bb][dipl_timeline select_timeline_layout=\u00a0\u00bbdipl_date_tree\u00a0\u00bb select_timeline_layout_option=\u00a0\u00bbdipl_timeline_right\u00a0\u00bb global_timeline_icon_color=\u00a0\u00bb#FCD299&Prime; global_timeline_icon_font_size=\u00a0\u00bb22px\u00a0\u00bb global_icon_shape=\u00a0\u00bbuse_square\u00a0\u00bb global_icon_shape_color=\u00a0\u00bb#FCD299&Prime; global_icon_use_shape_border=\u00a0\u00bbon\u00a0\u00bb global_icon_shape_border_color=\u00a0\u00bb#FFFFFF\u00a0\u00bb global_icon_shape_border_size=\u00a0\u00bb14px\u00a0\u00bb timeline_bar_size=\u00a0\u00bb0px\u00a0\u00bb timeline_bar_color=\u00a0\u00bbRGBA(255,255,255,0)\u00a0\u00bb timeline_bar_fill_color=\u00a0\u00bb#FCD299&Prime; timeline_bar_shape_border_size=\u00a0\u00bb4px\u00a0\u00bb timeline_bar_shape_color=\u00a0\u00bbRGBA(255,255,255,0)\u00a0\u00bb timeline_bar_shape_fill_color=\u00a0\u00bbRGBA(255,255,255,0)\u00a0\u00bb timeline_bar_shape_border_color=\u00a0\u00bbRGBA(255,255,255,0)\u00a0\u00bb timeline_bar_shape_border_fill_color=\u00a0\u00bbRGBA(255,255,255,0)\u00a0\u00bb global_timeline_background_color=\u00a0\u00bbRGBA(255,255,255,0)\u00a0\u00bb _builder_version=\u00a0\u00bb4.24.3&Prime; _module_preset=\u00a0\u00bbdefault\u00a0\u00bb global_timeline_header_text_color=\u00a0\u00bb#000000&Prime; global_timeline_text_text_align=\u00a0\u00bbleft\u00a0\u00bb global_timeline_text_text_color=\u00a0\u00bb#000000&Prime; global_timeline_date_text_color=\u00a0\u00bb#000000&Prime; global_timeline_date_font_size=\u00a0\u00bb40px\u00a0\u00bb background_color=\u00a0\u00bb#FFFFFF\u00a0\u00bb width=\u00a0\u00bb700px\u00a0\u00bb max_width=\u00a0\u00bb800px\u00a0\u00bb custom_margin=\u00a0\u00bb|450px||-560px\u00a0\u00bb custom_margin_tablet=\u00a0\u00bb|0px||0px|false|false\u00a0\u00bb custom_margin_phone=\u00a0\u00bb|0px||0px|false|false\u00a0\u00bb custom_margin_last_edited=\u00a0\u00bbon|phone\u00a0\u00bb custom_padding=\u00a0\u00bb40px|20px|20px|20px\u00a0\u00bb custom_padding_tablet=\u00a0\u00bb5px|5px|5px|5px\u00a0\u00bb custom_padding_phone=\u00a0\u00bb5px|5px|5px|5px\u00a0\u00bb custom_padding_last_edited=\u00a0\u00bbon|phone\u00a0\u00bb animation_style=\u00a0\u00bbslide\u00a0\u00bb animation_direction=\u00a0\u00bbleft\u00a0\u00bb box_shadow_style=\u00a0\u00bbpreset2&Prime; global_colors_info=\u00a0\u00bb{}\u00a0\u00bb][dipl_timeline_item display_time=\u00a0\u00bbon\u00a0\u00bb timeline_custom_time=\u00a0\u00bb2018&Prime; use_timeline_icon=\u00a0\u00bbon\u00a0\u00bb select_timeline_icon=\u00a0\u00bb&#x4e;||divi||400&Prime; single_timeline_icon_color=\u00a0\u00bb#FFFFFF\u00a0\u00bb single_icon_shape=\u00a0\u00bbuse_circle\u00a0\u00bb single_icon_shape_color=\u00a0\u00bb#FCD299&Prime; _builder_version=\u00a0\u00bb4.24.3&Prime; _module_preset=\u00a0\u00bbdefault\u00a0\u00bb global_timeline_date_font=\u00a0\u00bbHelvetica Neue standar|700|||||||\u00a0\u00bb global_timeline_date_font_size=\u00a0\u00bb49px\u00a0\u00bb custom_padding=\u00a0\u00bb||||false|false\u00a0\u00bb global_colors_info=\u00a0\u00bb{}\u00a0\u00bb]<\/p>\n<p><span>Lancement de la gamme<strong> Vichy Catalan Fruit<\/strong>, une nouvelle boisson saine \u00e9labor\u00e9e avec de l&rsquo;eau Vichy Catalan et du jus de fruit, sans sucres ajout\u00e9s et avec de la st\u00e9via.<\/span><\/p>\n<p>[\/dipl_timeline_item][\/dipl_timeline][\/et_pb_column][\/et_pb_row][et_pb_row column_structure=\u00a0\u00bb1_2,1_2&Prime; use_custom_gutter=\u00a0\u00bbon\u00a0\u00bb make_equal=\u00a0\u00bbon\u00a0\u00bb _builder_version=\u00a0\u00bb4.27.5&Prime; background_size=\u00a0\u00bbinitial\u00a0\u00bb background_position=\u00a0\u00bbtop_left\u00a0\u00bb background_repeat=\u00a0\u00bbrepeat\u00a0\u00bb custom_margin=\u00a0\u00bb-139px||||false|false\u00a0\u00bb custom_padding=\u00a0\u00bb0px|0px||0px|false|false\u00a0\u00bb hover_enabled=\u00a0\u00bb0&Prime; use_custom_width=\u00a0\u00bbon\u00a0\u00bb collapsed=\u00a0\u00bbon\u00a0\u00bb global_colors_info=\u00a0\u00bb{}\u00a0\u00bb sticky_enabled=\u00a0\u00bb0&Prime;][et_pb_column type=\u00a0\u00bb1_2&Prime; _builder_version=\u00a0\u00bb4.27.4&Prime; background_image=\u00a0\u00bbhttps:\/\/www.vichycatalan.com\/wp-content\/uploads\/2025\/02\/Proyecto-nuevo-11.png\u00a0\u00bb custom_padding=\u00a0\u00bb0px||0px|\u00a0\u00bb global_colors_info=\u00a0\u00bb{}\u00a0\u00bb custom_padding__hover=\u00a0\u00bb|||\u00a0\u00bb][\/et_pb_column][et_pb_column type=\u00a0\u00bb1_2&Prime; _builder_version=\u00a0\u00bb4.16&Prime; custom_padding=\u00a0\u00bb150px||150px|\u00a0\u00bb custom_css_main_element=\u00a0\u00bbdisplay:flex;||align-items:center;||justify-content:center;\u00a0\u00bb global_colors_info=\u00a0\u00bb{}\u00a0\u00bb custom_padding__hover=\u00a0\u00bb|||\u00a0\u00bb][dipl_timeline select_timeline_layout=\u00a0\u00bbdipl_date_tree\u00a0\u00bb select_timeline_layout_option=\u00a0\u00bbdipl_timeline_right\u00a0\u00bb global_timeline_icon_color=\u00a0\u00bb#FCD299&Prime; global_timeline_icon_font_size=\u00a0\u00bb22px\u00a0\u00bb global_icon_shape=\u00a0\u00bbuse_circle\u00a0\u00bb global_icon_shape_color=\u00a0\u00bb#FCD299&Prime; global_icon_use_shape_border=\u00a0\u00bbon\u00a0\u00bb global_icon_shape_border_color=\u00a0\u00bb#FFFFFF\u00a0\u00bb global_icon_shape_border_size=\u00a0\u00bb14px\u00a0\u00bb timeline_bar_size=\u00a0\u00bb0px\u00a0\u00bb timeline_bar_color=\u00a0\u00bbRGBA(255,255,255,0)\u00a0\u00bb timeline_bar_fill_color=\u00a0\u00bb#FCD299&Prime; timeline_bar_shape_border_size=\u00a0\u00bb4px\u00a0\u00bb timeline_bar_shape_color=\u00a0\u00bbRGBA(255,255,255,0)\u00a0\u00bb timeline_bar_shape_fill_color=\u00a0\u00bbRGBA(255,255,255,0)\u00a0\u00bb timeline_bar_shape_border_color=\u00a0\u00bbRGBA(255,255,255,0)\u00a0\u00bb timeline_bar_shape_border_fill_color=\u00a0\u00bbRGBA(255,255,255,0)\u00a0\u00bb global_timeline_background_color=\u00a0\u00bbRGBA(255,255,255,0)\u00a0\u00bb _builder_version=\u00a0\u00bb4.27.4&Prime; _module_preset=\u00a0\u00bbdefault\u00a0\u00bb global_timeline_header_text_color=\u00a0\u00bb#000000&Prime; global_timeline_text_text_align=\u00a0\u00bbleft\u00a0\u00bb global_timeline_text_text_color=\u00a0\u00bb#000000&Prime; global_timeline_date_text_color=\u00a0\u00bb#000000&Prime; global_timeline_date_font_size=\u00a0\u00bb40px\u00a0\u00bb background_color=\u00a0\u00bb#FFFFFF\u00a0\u00bb width=\u00a0\u00bb700px\u00a0\u00bb max_width=\u00a0\u00bb800px\u00a0\u00bb custom_margin=\u00a0\u00bb|||-100px\u00a0\u00bb custom_margin_tablet=\u00a0\u00bb|||0px\u00a0\u00bb custom_margin_phone=\u00a0\u00bb|||0px\u00a0\u00bb custom_margin_last_edited=\u00a0\u00bbon|desktop\u00a0\u00bb custom_padding=\u00a0\u00bb40px|45px|40px|45px|false|false\u00a0\u00bb custom_padding_tablet=\u00a0\u00bb5px|5px|5px|5px\u00a0\u00bb custom_padding_phone=\u00a0\u00bb5px|5px|5px|5px\u00a0\u00bb custom_padding_last_edited=\u00a0\u00bbon|desktop\u00a0\u00bb animation_style=\u00a0\u00bbslide\u00a0\u00bb animation_direction=\u00a0\u00bbright\u00a0\u00bb box_shadow_style=\u00a0\u00bbpreset2&Prime; global_colors_info=\u00a0\u00bb{}\u00a0\u00bb][dipl_timeline_item display_time=\u00a0\u00bbon\u00a0\u00bb timeline_custom_time=\u00a0\u00bb2020&Prime; use_timeline_icon=\u00a0\u00bbon\u00a0\u00bb select_timeline_icon=\u00a0\u00bb&#x4e;||divi||400&Prime; single_timeline_icon_color=\u00a0\u00bb#FFFFFF\u00a0\u00bb single_icon_shape=\u00a0\u00bbuse_circle\u00a0\u00bb single_icon_shape_color=\u00a0\u00bb#FCD299&Prime; _builder_version=\u00a0\u00bb4.27.4&Prime; _module_preset=\u00a0\u00bbdefault\u00a0\u00bb global_timeline_date_font=\u00a0\u00bbHelvetica Neue standar|700|||||||\u00a0\u00bb global_timeline_date_font_size=\u00a0\u00bb49px\u00a0\u00bb custom_padding=\u00a0\u00bb||||false|false\u00a0\u00bb global_colors_info=\u00a0\u00bb{}\u00a0\u00bb]<\/p>\n<p><strong>Vichy Catalan Corporation<\/strong> pr\u00e9sente <strong>Oasis Thermal Care<\/strong>, une nouvelle ligne de <strong>produits de soin thermal aux propri\u00e9t\u00e9s min\u00e9ro-m\u00e9dicinales<\/strong>. C&rsquo;est la seule gamme sur le march\u00e9 formul\u00e9e avec de l&rsquo;eau gazeuse Vichy Catalan.<\/p>\n<p>La collection est lanc\u00e9e avec six produits : <strong>gel douche, shampooing, cr\u00e8me pour le corps, cr\u00e8me pour le visage, eau thermale et gel hydroalcoolique.<\/strong><\/p>\n<p>[\/dipl_timeline_item][\/dipl_timeline][\/et_pb_column][\/et_pb_row][et_pb_row column_structure=\u00a0\u00bb1_2,1_2&Prime; use_custom_gutter=\u00a0\u00bbon\u00a0\u00bb make_equal=\u00a0\u00bbon\u00a0\u00bb module_class=\u00a0\u00bbtexto-izq\u00a0\u00bb _builder_version=\u00a0\u00bb4.27.5&Prime; background_size=\u00a0\u00bbinitial\u00a0\u00bb background_position=\u00a0\u00bbtop_left\u00a0\u00bb background_repeat=\u00a0\u00bbrepeat\u00a0\u00bb custom_margin=\u00a0\u00bb-163px||||false|false\u00a0\u00bb hover_enabled=\u00a0\u00bb0&Prime; use_custom_width=\u00a0\u00bbon\u00a0\u00bb collapsed=\u00a0\u00bboff\u00a0\u00bb global_colors_info=\u00a0\u00bb{}\u00a0\u00bb sticky_enabled=\u00a0\u00bb0&Prime;][et_pb_column type=\u00a0\u00bb1_2&Prime; _builder_version=\u00a0\u00bb4.16&Prime; custom_padding=\u00a0\u00bb225px||225px|\u00a0\u00bb global_colors_info=\u00a0\u00bb{}\u00a0\u00bb custom_padding__hover=\u00a0\u00bb|||\u00a0\u00bb][\/et_pb_column][et_pb_column type=\u00a0\u00bb1_2&Prime; _builder_version=\u00a0\u00bb4.27.5&Prime; background_image=\u00a0\u00bbhttps:\/\/www.vichycatalan.com\/wp-content\/uploads\/2026\/02\/cid_2DCDEC69-2304-43B4-B67F-D34E6EB9434F.jpeg\u00a0\u00bb custom_padding=\u00a0\u00bb|||\u00a0\u00bb hover_enabled=\u00a0\u00bb0&Prime; custom_css_main_element=\u00a0\u00bbdisplay:flex;||align-items:center;||justify-content:center;\u00a0\u00bb global_colors_info=\u00a0\u00bb{}\u00a0\u00bb custom_padding__hover=\u00a0\u00bb|||\u00a0\u00bb alt=\u00a0\u00bbMonte PInos\u00a0\u00bb title_text=\u00a0\u00bbMonte PInos\u00a0\u00bb sticky_enabled=\u00a0\u00bb0&Prime;][dipl_timeline select_timeline_layout=\u00a0\u00bbdipl_date_tree\u00a0\u00bb select_timeline_layout_option=\u00a0\u00bbdipl_timeline_right\u00a0\u00bb global_timeline_icon_color=\u00a0\u00bb#FCD299&Prime; global_timeline_icon_font_size=\u00a0\u00bb22px\u00a0\u00bb global_icon_shape=\u00a0\u00bbuse_square\u00a0\u00bb global_icon_shape_color=\u00a0\u00bb#FCD299&Prime; global_icon_use_shape_border=\u00a0\u00bbon\u00a0\u00bb global_icon_shape_border_color=\u00a0\u00bb#FFFFFF\u00a0\u00bb global_icon_shape_border_size=\u00a0\u00bb14px\u00a0\u00bb timeline_bar_size=\u00a0\u00bb0px\u00a0\u00bb timeline_bar_color=\u00a0\u00bbRGBA(255,255,255,0)\u00a0\u00bb timeline_bar_fill_color=\u00a0\u00bb#FCD299&Prime; timeline_bar_shape_border_size=\u00a0\u00bb4px\u00a0\u00bb timeline_bar_shape_color=\u00a0\u00bbRGBA(255,255,255,0)\u00a0\u00bb timeline_bar_shape_fill_color=\u00a0\u00bbRGBA(255,255,255,0)\u00a0\u00bb timeline_bar_shape_border_color=\u00a0\u00bbRGBA(255,255,255,0)\u00a0\u00bb timeline_bar_shape_border_fill_color=\u00a0\u00bbRGBA(255,255,255,0)\u00a0\u00bb global_timeline_background_color=\u00a0\u00bbRGBA(255,255,255,0)\u00a0\u00bb _builder_version=\u00a0\u00bb4.27.5&Prime; _module_preset=\u00a0\u00bbdefault\u00a0\u00bb global_timeline_header_text_color=\u00a0\u00bb#000000&Prime; global_timeline_text_text_align=\u00a0\u00bbleft\u00a0\u00bb global_timeline_text_text_color=\u00a0\u00bb#000000&Prime; global_timeline_date_text_color=\u00a0\u00bb#000000&Prime; global_timeline_date_font_size=\u00a0\u00bb40px\u00a0\u00bb background_color=\u00a0\u00bb#FFFFFF\u00a0\u00bb width=\u00a0\u00bb700px\u00a0\u00bb max_width=\u00a0\u00bb800px\u00a0\u00bb custom_margin=\u00a0\u00bb|450px||-560px\u00a0\u00bb custom_margin_tablet=\u00a0\u00bb|0px||0px|false|false\u00a0\u00bb custom_margin_phone=\u00a0\u00bb|0px||0px|false|false\u00a0\u00bb custom_margin_last_edited=\u00a0\u00bbon|phone\u00a0\u00bb custom_padding=\u00a0\u00bb40px|20px|20px|20px\u00a0\u00bb custom_padding_tablet=\u00a0\u00bb5px|5px|5px|5px\u00a0\u00bb custom_padding_phone=\u00a0\u00bb5px|5px|5px|5px\u00a0\u00bb custom_padding_last_edited=\u00a0\u00bbon|phone\u00a0\u00bb animation_style=\u00a0\u00bbslide\u00a0\u00bb animation_direction=\u00a0\u00bbleft\u00a0\u00bb hover_enabled=\u00a0\u00bb0&Prime; box_shadow_style=\u00a0\u00bbpreset2&Prime; global_colors_info=\u00a0\u00bb{}\u00a0\u00bb sticky_enabled=\u00a0\u00bb0&Prime;][dipl_timeline_item display_time=\u00a0\u00bbon\u00a0\u00bb timeline_custom_time=\u00a0\u00bb2024&Prime; use_timeline_icon=\u00a0\u00bbon\u00a0\u00bb select_timeline_icon=\u00a0\u00bb&#x4e;||divi||400&Prime; single_timeline_icon_color=\u00a0\u00bb#FFFFFF\u00a0\u00bb single_icon_shape=\u00a0\u00bbuse_circle\u00a0\u00bb single_icon_shape_color=\u00a0\u00bb#FCD299&Prime; _builder_version=\u00a0\u00bb4.27.5&Prime; _module_preset=\u00a0\u00bbdefault\u00a0\u00bb global_timeline_date_font=\u00a0\u00bbHelvetica Neue standar|700|||||||\u00a0\u00bb global_timeline_date_font_size=\u00a0\u00bb49px\u00a0\u00bb custom_padding=\u00a0\u00bb||||false|false\u00a0\u00bb hover_enabled=\u00a0\u00bb0&Prime; global_colors_info=\u00a0\u00bb{}\u00a0\u00bb sticky_enabled=\u00a0\u00bb0&Prime;]<\/p>\n<p><strong>Monte Pinos c\u00e9l\u00e8bre son 50\u1d49 anniversaire<\/strong> avec la pr\u00e9sentation d\u2019un nouveau packaging, une initiative qui renforce son positionnement en tant que marque leader dans la cat\u00e9gorie des eaux pauvres en sodium. <strong>Sous le slogan \u00ab l\u2019eau que votre c\u0153ur r\u00e9clame<\/strong> \u00bb, l\u2019entreprise consolide son engagement en faveur de la promotion de la sant\u00e9 cardiovasculaire et de la pr\u00e9vention de l\u2019hypertension.<\/p>\n<p>[\/dipl_timeline_item][\/dipl_timeline][\/et_pb_column][\/et_pb_row][et_pb_row column_structure=\u00a0\u00bb1_2,1_2&Prime; use_custom_gutter=\u00a0\u00bbon\u00a0\u00bb make_equal=\u00a0\u00bbon\u00a0\u00bb _builder_version=\u00a0\u00bb4.27.5&Prime; background_size=\u00a0\u00bbinitial\u00a0\u00bb background_position=\u00a0\u00bbtop_left\u00a0\u00bb background_repeat=\u00a0\u00bbrepeat\u00a0\u00bb custom_margin=\u00a0\u00bb-50px||\u00a0\u00bb custom_padding=\u00a0\u00bb|0px||0px|false|false\u00a0\u00bb hover_enabled=\u00a0\u00bb0&Prime; use_custom_width=\u00a0\u00bbon\u00a0\u00bb collapsed=\u00a0\u00bbon\u00a0\u00bb global_colors_info=\u00a0\u00bb{}\u00a0\u00bb sticky_enabled=\u00a0\u00bb0&Prime;][et_pb_column type=\u00a0\u00bb1_2&Prime; _builder_version=\u00a0\u00bb4.27.5&Prime; background_image=\u00a0\u00bbhttps:\/\/www.vichycatalan.com\/wp-content\/uploads\/2026\/02\/visual_UNIAQUA_1120X700px_B.jpg\u00a0\u00bb custom_padding=\u00a0\u00bb0px||0px|\u00a0\u00bb hover_enabled=\u00a0\u00bb0&Prime; global_colors_info=\u00a0\u00bb{}\u00a0\u00bb custom_padding__hover=\u00a0\u00bb|||\u00a0\u00bb alt=\u00a0\u00bbUniaqua\u00a0\u00bb title_text=\u00a0\u00bbUniaqua\u00a0\u00bb sticky_enabled=\u00a0\u00bb0&Prime;][\/et_pb_column][et_pb_column type=\u00a0\u00bb1_2&Prime; _builder_version=\u00a0\u00bb4.16&Prime; custom_padding=\u00a0\u00bb150px||150px|\u00a0\u00bb hover_enabled=\u00a0\u00bb0&Prime; custom_css_main_element=\u00a0\u00bbdisplay:flex;||align-items:center;||justify-content:center;\u00a0\u00bb global_colors_info=\u00a0\u00bb{}\u00a0\u00bb custom_padding__hover=\u00a0\u00bb|||\u00a0\u00bb sticky_enabled=\u00a0\u00bb0&Prime;][dipl_timeline select_timeline_layout=\u00a0\u00bbdipl_date_tree\u00a0\u00bb select_timeline_layout_option=\u00a0\u00bbdipl_timeline_right\u00a0\u00bb global_timeline_icon_color=\u00a0\u00bb#FCD299&Prime; global_timeline_icon_font_size=\u00a0\u00bb22px\u00a0\u00bb global_icon_shape=\u00a0\u00bbuse_circle\u00a0\u00bb global_icon_shape_color=\u00a0\u00bb#FCD299&Prime; global_icon_use_shape_border=\u00a0\u00bbon\u00a0\u00bb global_icon_shape_border_color=\u00a0\u00bb#FFFFFF\u00a0\u00bb global_icon_shape_border_size=\u00a0\u00bb14px\u00a0\u00bb timeline_bar_size=\u00a0\u00bb0px\u00a0\u00bb timeline_bar_color=\u00a0\u00bbRGBA(255,255,255,0)\u00a0\u00bb timeline_bar_fill_color=\u00a0\u00bb#FCD299&Prime; timeline_bar_shape_border_size=\u00a0\u00bb4px\u00a0\u00bb timeline_bar_shape_color=\u00a0\u00bbRGBA(255,255,255,0)\u00a0\u00bb timeline_bar_shape_fill_color=\u00a0\u00bbRGBA(255,255,255,0)\u00a0\u00bb timeline_bar_shape_border_color=\u00a0\u00bbRGBA(255,255,255,0)\u00a0\u00bb timeline_bar_shape_border_fill_color=\u00a0\u00bbRGBA(255,255,255,0)\u00a0\u00bb global_timeline_background_color=\u00a0\u00bbRGBA(255,255,255,0)\u00a0\u00bb _builder_version=\u00a0\u00bb4.27.5&Prime; _module_preset=\u00a0\u00bbdefault\u00a0\u00bb global_timeline_header_text_color=\u00a0\u00bb#000000&Prime; global_timeline_text_text_align=\u00a0\u00bbleft\u00a0\u00bb global_timeline_text_text_color=\u00a0\u00bb#000000&Prime; global_timeline_date_text_color=\u00a0\u00bb#000000&Prime; global_timeline_date_font_size=\u00a0\u00bb40px\u00a0\u00bb background_color=\u00a0\u00bb#FFFFFF\u00a0\u00bb width=\u00a0\u00bb700px\u00a0\u00bb max_width=\u00a0\u00bb800px\u00a0\u00bb custom_margin=\u00a0\u00bb|||-100px\u00a0\u00bb custom_margin_tablet=\u00a0\u00bb|||0px\u00a0\u00bb custom_margin_phone=\u00a0\u00bb|||0px\u00a0\u00bb custom_margin_last_edited=\u00a0\u00bbon|desktop\u00a0\u00bb custom_padding=\u00a0\u00bb40px|45px|40px|45px|false|false\u00a0\u00bb custom_padding_tablet=\u00a0\u00bb5px|5px|5px|5px\u00a0\u00bb custom_padding_phone=\u00a0\u00bb5px|5px|5px|5px\u00a0\u00bb custom_padding_last_edited=\u00a0\u00bbon|desktop\u00a0\u00bb animation_style=\u00a0\u00bbslide\u00a0\u00bb animation_direction=\u00a0\u00bbright\u00a0\u00bb hover_enabled=\u00a0\u00bb0&Prime; box_shadow_style=\u00a0\u00bbpreset2&Prime; global_colors_info=\u00a0\u00bb{}\u00a0\u00bb sticky_enabled=\u00a0\u00bb0&Prime;][dipl_timeline_item display_time=\u00a0\u00bbon\u00a0\u00bb timeline_custom_time=\u00a0\u00bb2025&Prime; use_timeline_icon=\u00a0\u00bbon\u00a0\u00bb select_timeline_icon=\u00a0\u00bb&#x4e;||divi||400&Prime; single_timeline_icon_color=\u00a0\u00bb#FFFFFF\u00a0\u00bb single_icon_shape=\u00a0\u00bbuse_circle\u00a0\u00bb single_icon_shape_color=\u00a0\u00bb#FCD299&Prime; _builder_version=\u00a0\u00bb4.27.5&Prime; _module_preset=\u00a0\u00bbdefault\u00a0\u00bb global_timeline_date_font=\u00a0\u00bbHelvetica Neue standar|700|||||||\u00a0\u00bb global_timeline_date_font_size=\u00a0\u00bb49px\u00a0\u00bb custom_padding=\u00a0\u00bb||||false|false\u00a0\u00bb hover_enabled=\u00a0\u00bb0&Prime; global_colors_info=\u00a0\u00bb{}\u00a0\u00bb sticky_enabled=\u00a0\u00bb0&Prime;]<\/p>\n<p>Uniaqua d\u00e9voile une <strong>nouvelle identit\u00e9<\/strong> pour mieux se connecter \u00e0 votre rythme de vie. Une eau \u00e0 tr\u00e8s faible min\u00e9ralisation, pens\u00e9e pour vous accompagner chaque jour, \u00e0 tout moment et en tout lieu. Une proposition renouvel\u00e9e qui renforce son caract\u00e8re proche et actuel. <strong>Uniaqua, l\u2019eau qui marche avec vous, aussi unique que vous.<\/strong><\/p>\n<p>[\/dipl_timeline_item][\/dipl_timeline][\/et_pb_column][\/et_pb_row][\/et_pb_section][et_pb_section fb_built=\u00a0\u00bb1&Prime; fullwidth=\u00a0\u00bbon\u00a0\u00bb admin_label=\u00a0\u00bbfondo colores\u00a0\u00bb module_class=\u00a0\u00bbstop\u00a0\u00bb _builder_version=\u00a0\u00bb4.19.5&Prime; background_image=\u00a0\u00bbhttps:\/\/www.vichycatalan.com\/wp-content\/uploads\/2018\/10\/trencadis-corporate.png\u00a0\u00bb background_position=\u00a0\u00bbtop_center\u00a0\u00bb background_repeat=\u00a0\u00bbrepeat-x\u00a0\u00bb min_height=\u00a0\u00bb354px\u00a0\u00bb custom_padding=\u00a0\u00bb16px||69px||false|false\u00a0\u00bb global_colors_info=\u00a0\u00bb{}\u00a0\u00bb][\/et_pb_section]<\/p>\n","protected":false},"excerpt":{"rendered":"<p>D\u00e9couvrez l&rsquo;histoire de la soci\u00e9t\u00e9 Vichy Catalan Corporation, forg\u00e9e depuis 1881 lorsque le Dr Modest Furest a confirm\u00e9 les propri\u00e9t\u00e9s b\u00e9n\u00e9fiques de notre eau<div class=\"et_pb_module dipl_timeline dipl_timeline_0\">\n\t\t\t\t\n\t\t\t\t\n\t\t\t\t\n\t\t\t\t\n\t\t\t\t\n\t\t\t\t\n\t\t\t\t<div class=\"et_pb_module_inner\">\n\t\t\t\t\t<div class=\"\u00bbdipl_timeline_right\"><div class=\"dipl_timeline_wrapper\">\n                            \n                        <\/div><div class=\"\u00bbdipl_timeline_right_stem \u00bbdipl_date_tree_stem\"><div class=\"dipl_stem_wrapper\"><div class=\"dipl_stem\"><\/div><\/div><\/div><\/div>\n\t\t\t\t<\/div>\n\t\t\t<\/div><\/p>\n","protected":false},"author":1,"featured_media":0,"parent":0,"menu_order":0,"comment_status":"closed","ping_status":"closed","template":"","meta":{"_acf_changed":false,"_et_pb_use_builder":"on","_et_pb_old_content":"","_et_gb_content_width":"","footnotes":""},"class_list":["post-9609","page","type-page","status-publish","hentry"],"acf":{"pagina_de_marca":"no"},"yoast_head":"<!-- This site is optimized with the Yoast SEO plugin v27.5 - https:\/\/yoast.com\/product\/yoast-seo-wordpress\/ -->\n<title>Histoire Vichy Catalan Corporation - Vichy Catalan Corporation<\/title>\n<meta name=\"description\" content=\"D\u00e9couvrez l&#039;histoire de la soci\u00e9t\u00e9 Vichy Catalan Corporation, forg\u00e9e depuis 1881 lorsque le Dr. Furest a confirm\u00e9 les propri\u00e9t\u00e9s b\u00e9n\u00e9fiques de notre eau.\" \/>\n<meta name=\"robots\" content=\"index, follow, max-snippet:-1, max-image-preview:large, max-video-preview:-1\" \/>\n<link rel=\"canonical\" href=\"https:\/\/www.vichycatalan.com\/fr\/histoire\/\" \/>\n<meta property=\"og:locale\" content=\"fr_FR\" \/>\n<meta property=\"og:type\" content=\"article\" \/>\n<meta property=\"og:title\" content=\"Histoire Vichy Catalan Corporation - Vichy Catalan Corporation\" \/>\n<meta property=\"og:description\" content=\"D\u00e9couvrez l&#039;histoire de la soci\u00e9t\u00e9 Vichy Catalan Corporation, forg\u00e9e depuis 1881 lorsque le Dr. Furest a confirm\u00e9 les propri\u00e9t\u00e9s b\u00e9n\u00e9fiques de notre eau.\" \/>\n<meta property=\"og:url\" content=\"https:\/\/www.vichycatalan.com\/fr\/histoire\/\" \/>\n<meta property=\"og:site_name\" content=\"Vichy Catalan Corporation\" \/>\n<meta property=\"article:modified_time\" content=\"2026-02-03T10:18:40+00:00\" \/>\n<meta name=\"twitter:card\" content=\"summary_large_image\" \/>\n<meta name=\"twitter:label1\" content=\"Dur\u00e9e de lecture estim\u00e9e\" \/>\n\t<meta name=\"twitter:data1\" content=\"3 minutes\" \/>\n<script type=\"application\/ld+json\" class=\"yoast-schema-graph\">{\"@context\":\"https:\\\/\\\/schema.org\",\"@graph\":[{\"@type\":\"WebPage\",\"@id\":\"https:\\\/\\\/www.vichycatalan.com\\\/fr\\\/histoire\\\/\",\"url\":\"https:\\\/\\\/www.vichycatalan.com\\\/fr\\\/histoire\\\/\",\"name\":\"Histoire Vichy Catalan Corporation - Vichy Catalan Corporation\",\"isPartOf\":{\"@id\":\"https:\\\/\\\/www.vichycatalan.com\\\/fr\\\/#website\"},\"datePublished\":\"2018-10-23T07:06:31+00:00\",\"dateModified\":\"2026-02-03T10:18:40+00:00\",\"description\":\"D\u00e9couvrez l'histoire de la soci\u00e9t\u00e9 Vichy Catalan Corporation, forg\u00e9e depuis 1881 lorsque le Dr. Furest a confirm\u00e9 les propri\u00e9t\u00e9s b\u00e9n\u00e9fiques de notre eau.\",\"breadcrumb\":{\"@id\":\"https:\\\/\\\/www.vichycatalan.com\\\/fr\\\/histoire\\\/#breadcrumb\"},\"inLanguage\":\"fr-FR\",\"potentialAction\":[{\"@type\":\"ReadAction\",\"target\":[\"https:\\\/\\\/www.vichycatalan.com\\\/fr\\\/histoire\\\/\"]}]},{\"@type\":\"BreadcrumbList\",\"@id\":\"https:\\\/\\\/www.vichycatalan.com\\\/fr\\\/histoire\\\/#breadcrumb\",\"itemListElement\":[{\"@type\":\"ListItem\",\"position\":1,\"name\":\"Portada\",\"item\":\"https:\\\/\\\/www.vichycatalan.com\\\/fr\\\/\"},{\"@type\":\"ListItem\",\"position\":2,\"name\":\"Histoire Vichy Catalan Corporation\"}]},{\"@type\":\"WebSite\",\"@id\":\"https:\\\/\\\/www.vichycatalan.com\\\/fr\\\/#website\",\"url\":\"https:\\\/\\\/www.vichycatalan.com\\\/fr\\\/\",\"name\":\"Vichy Catalan Corporation\",\"description\":\"Web de Vichy Catalan Corporation\",\"potentialAction\":[{\"@type\":\"SearchAction\",\"target\":{\"@type\":\"EntryPoint\",\"urlTemplate\":\"https:\\\/\\\/www.vichycatalan.com\\\/fr\\\/?s={search_term_string}\"},\"query-input\":{\"@type\":\"PropertyValueSpecification\",\"valueRequired\":true,\"valueName\":\"search_term_string\"}}],\"inLanguage\":\"fr-FR\"}]}<\/script>\n<!-- \/ Yoast SEO plugin. -->","yoast_head_json":{"title":"Histoire Vichy Catalan Corporation - Vichy Catalan Corporation","description":"D\u00e9couvrez l'histoire de la soci\u00e9t\u00e9 Vichy Catalan Corporation, forg\u00e9e depuis 1881 lorsque le Dr. Furest a confirm\u00e9 les propri\u00e9t\u00e9s b\u00e9n\u00e9fiques de notre eau.","robots":{"index":"index","follow":"follow","max-snippet":"max-snippet:-1","max-image-preview":"max-image-preview:large","max-video-preview":"max-video-preview:-1"},"canonical":"https:\/\/www.vichycatalan.com\/fr\/histoire\/","og_locale":"fr_FR","og_type":"article","og_title":"Histoire Vichy Catalan Corporation - Vichy Catalan Corporation","og_description":"D\u00e9couvrez l'histoire de la soci\u00e9t\u00e9 Vichy Catalan Corporation, forg\u00e9e depuis 1881 lorsque le Dr. Furest a confirm\u00e9 les propri\u00e9t\u00e9s b\u00e9n\u00e9fiques de notre eau.","og_url":"https:\/\/www.vichycatalan.com\/fr\/histoire\/","og_site_name":"Vichy Catalan Corporation","article_modified_time":"2026-02-03T10:18:40+00:00","twitter_card":"summary_large_image","twitter_misc":{"Dur\u00e9e de lecture estim\u00e9e":"3 minutes"},"schema":{"@context":"https:\/\/schema.org","@graph":[{"@type":"WebPage","@id":"https:\/\/www.vichycatalan.com\/fr\/histoire\/","url":"https:\/\/www.vichycatalan.com\/fr\/histoire\/","name":"Histoire Vichy Catalan Corporation - Vichy Catalan Corporation","isPartOf":{"@id":"https:\/\/www.vichycatalan.com\/fr\/#website"},"datePublished":"2018-10-23T07:06:31+00:00","dateModified":"2026-02-03T10:18:40+00:00","description":"D\u00e9couvrez l'histoire de la soci\u00e9t\u00e9 Vichy Catalan Corporation, forg\u00e9e depuis 1881 lorsque le Dr. Furest a confirm\u00e9 les propri\u00e9t\u00e9s b\u00e9n\u00e9fiques de notre eau.","breadcrumb":{"@id":"https:\/\/www.vichycatalan.com\/fr\/histoire\/#breadcrumb"},"inLanguage":"fr-FR","potentialAction":[{"@type":"ReadAction","target":["https:\/\/www.vichycatalan.com\/fr\/histoire\/"]}]},{"@type":"BreadcrumbList","@id":"https:\/\/www.vichycatalan.com\/fr\/histoire\/#breadcrumb","itemListElement":[{"@type":"ListItem","position":1,"name":"Portada","item":"https:\/\/www.vichycatalan.com\/fr\/"},{"@type":"ListItem","position":2,"name":"Histoire Vichy Catalan Corporation"}]},{"@type":"WebSite","@id":"https:\/\/www.vichycatalan.com\/fr\/#website","url":"https:\/\/www.vichycatalan.com\/fr\/","name":"Vichy Catalan Corporation","description":"Web de Vichy Catalan Corporation","potentialAction":[{"@type":"SearchAction","target":{"@type":"EntryPoint","urlTemplate":"https:\/\/www.vichycatalan.com\/fr\/?s={search_term_string}"},"query-input":{"@type":"PropertyValueSpecification","valueRequired":true,"valueName":"search_term_string"}}],"inLanguage":"fr-FR"}]}},"_links":{"self":[{"href":"https:\/\/www.vichycatalan.com\/fr\/wp-json\/wp\/v2\/pages\/9609","targetHints":{"allow":["GET"]}}],"collection":[{"href":"https:\/\/www.vichycatalan.com\/fr\/wp-json\/wp\/v2\/pages"}],"about":[{"href":"https:\/\/www.vichycatalan.com\/fr\/wp-json\/wp\/v2\/types\/page"}],"author":[{"embeddable":true,"href":"https:\/\/www.vichycatalan.com\/fr\/wp-json\/wp\/v2\/users\/1"}],"replies":[{"embeddable":true,"href":"https:\/\/www.vichycatalan.com\/fr\/wp-json\/wp\/v2\/comments?post=9609"}],"version-history":[{"count":0,"href":"https:\/\/www.vichycatalan.com\/fr\/wp-json\/wp\/v2\/pages\/9609\/revisions"}],"wp:attachment":[{"href":"https:\/\/www.vichycatalan.com\/fr\/wp-json\/wp\/v2\/media?parent=9609"}],"curies":[{"name":"wp","href":"https:\/\/api.w.org\/{rel}","templated":true}]}}