{"id":27895,"date":"2025-10-27T10:52:32","date_gmt":"2025-10-27T09:52:32","guid":{"rendered":"https:\/\/www.vichycatalan.com\/?page_id=27895"},"modified":"2025-10-28T11:08:28","modified_gmt":"2025-10-28T10:08:28","slug":"cupra-x-vichy-catalan","status":"publish","type":"page","link":"https:\/\/www.vichycatalan.com\/fr\/cupra-x-vichy-catalan\/","title":{"rendered":"CUPRA X VICHY CATALAN"},"content":{"rendered":"<p>[et_pb_section fb_built=\u00a0\u00bb1&Prime; custom_padding_last_edited=\u00a0\u00bbon|phone\u00a0\u00bb _builder_version=\u00a0\u00bb4.27.4&Prime; _module_preset=\u00a0\u00bbdefault\u00a0\u00bb background_image=\u00a0\u00bbhttps:\/\/www.vichycatalan.com\/wp-content\/uploads\/2025\/10\/VCxCUPRA-1920&#215;490-v3.jpg\u00a0\u00bb custom_margin_tablet=\u00a0\u00bb\u00a0\u00bb custom_margin_phone=\u00a0\u00bb-36px||-34px||false|false\u00a0\u00bb custom_margin_last_edited=\u00a0\u00bbon|phone\u00a0\u00bb custom_padding=\u00a0\u00bb||264px||false|false\u00a0\u00bb custom_padding_tablet=\u00a0\u00bb||264px||false|false\u00a0\u00bb custom_padding_phone=\u00a0\u00bb||230px||false|false\u00a0\u00bb background_last_edited=\u00a0\u00bbon|desktop\u00a0\u00bb background_size_phone=\u00a0\u00bbcustom\u00a0\u00bb background_image_width_phone=\u00a0\u00bb0%\u00a0\u00bb background_image_height_phone=\u00a0\u00bb85%\u00a0\u00bb global_colors_info=\u00a0\u00bb{}\u00a0\u00bb][et_pb_row _builder_version=\u00a0\u00bb4.27.0&Prime; _module_preset=\u00a0\u00bbdefault\u00a0\u00bb global_colors_info=\u00a0\u00bb{}\u00a0\u00bb][et_pb_column type=\u00a0\u00bb4_4&Prime; _builder_version=\u00a0\u00bb4.27.0&Prime; _module_preset=\u00a0\u00bbdefault\u00a0\u00bb global_colors_info=\u00a0\u00bb{}\u00a0\u00bb][et_pb_image _builder_version=\u00a0\u00bb4.27.0&Prime; _module_preset=\u00a0\u00bbdefault\u00a0\u00bb global_colors_info=\u00a0\u00bb{}\u00a0\u00bb][\/et_pb_image][\/et_pb_column][\/et_pb_row][\/et_pb_section][et_pb_section fb_built=\u00a0\u00bb1&Prime; _builder_version=\u00a0\u00bb4.27.0&Prime; _module_preset=\u00a0\u00bbdefault\u00a0\u00bb background_color=\u00a0\u00bb#000000&Prime; custom_padding=\u00a0\u00bb124px||26px|||\u00a0\u00bb global_colors_info=\u00a0\u00bb{}\u00a0\u00bb][et_pb_row _builder_version=\u00a0\u00bb4.27.0&Prime; _module_preset=\u00a0\u00bbdefault\u00a0\u00bb global_colors_info=\u00a0\u00bb{}\u00a0\u00bb][et_pb_column type=\u00a0\u00bb4_4&Prime; _builder_version=\u00a0\u00bb4.27.0&Prime; _module_preset=\u00a0\u00bbdefault\u00a0\u00bb global_colors_info=\u00a0\u00bb{}\u00a0\u00bb][et_pb_heading title=\u00a0\u00bbCUPRA X VICHY CATALAN BRAND PARTNERSHIP\u00a0\u00bb _builder_version=\u00a0\u00bb4.27.0&Prime; _module_preset=\u00a0\u00bbdefault\u00a0\u00bb title_font=\u00a0\u00bbHelvetica Neue bold||||||||\u00a0\u00bb title_text_align=\u00a0\u00bbcenter\u00a0\u00bb title_text_color=\u00a0\u00bb#FFFFFF\u00a0\u00bb title_font_size=\u00a0\u00bb40px\u00a0\u00bb custom_margin=\u00a0\u00bb||37px|||\u00a0\u00bb global_colors_info=\u00a0\u00bb{}\u00a0\u00bb][\/et_pb_heading][et_pb_text _builder_version=\u00a0\u00bb4.27.4&Prime; _module_preset=\u00a0\u00bbdefault\u00a0\u00bb text_font=\u00a0\u00bbHelvetica Neue standar||||||||\u00a0\u00bb text_text_color=\u00a0\u00bb#FFFFFF\u00a0\u00bb text_font_size=\u00a0\u00bb18px\u00a0\u00bb hover_enabled=\u00a0\u00bb0&Prime; global_colors_info=\u00a0\u00bb{}\u00a0\u00bb sticky_enabled=\u00a0\u00bb0&Prime;]VICHY CATALAN et CUPRA unissent leurs forces pour apporter le sens du go\u00fbt \u00e0 l\u2019exp\u00e9rience utilisateur CUPRA. Apr\u00e8s s\u2019\u00eatre distingu\u00e9es dans les dimensions visuelle, tactile, auditive et olfactive, ces deux marques embl\u00e9matiques pr\u00e9sentent d\u00e9sormais une boisson qui incarne le dynamisme de CUPRA et la qualit\u00e9 de VICHY CATALAN \u2014 toutes deux profond\u00e9ment enracin\u00e9es \u00e0 Barcelone.<br \/>\n[\/et_pb_text][\/et_pb_column][\/et_pb_row][\/et_pb_section][et_pb_section fb_built=\u00a0\u00bb1&Prime; _builder_version=\u00a0\u00bb4.27.0&Prime; _module_preset=\u00a0\u00bbdefault\u00a0\u00bb background_color=\u00a0\u00bb#000000&Prime; custom_margin=\u00a0\u00bb||-5px|||\u00a0\u00bb custom_padding=\u00a0\u00bb32px||89px|||\u00a0\u00bb global_colors_info=\u00a0\u00bb{}\u00a0\u00bb][et_pb_row column_structure=\u00a0\u00bb1_2,1_2&Prime; _builder_version=\u00a0\u00bb4.27.0&Prime; _module_preset=\u00a0\u00bbdefault\u00a0\u00bb global_colors_info=\u00a0\u00bb{}\u00a0\u00bb][et_pb_column type=\u00a0\u00bb1_2&Prime; _builder_version=\u00a0\u00bb4.27.0&Prime; _module_preset=\u00a0\u00bbdefault\u00a0\u00bb global_colors_info=\u00a0\u00bb{}\u00a0\u00bb][et_pb_text _builder_version=\u00a0\u00bb4.27.4&Prime; _module_preset=\u00a0\u00bbdefault\u00a0\u00bb text_text_color=\u00a0\u00bb#FFFFFF\u00a0\u00bb text_font_size=\u00a0\u00bb32px\u00a0\u00bb header_font_size=\u00a0\u00bb28px\u00a0\u00bb header_3_font=\u00a0\u00bbHelvetica Neue bold||||||||\u00a0\u00bb header_3_text_color=\u00a0\u00bb#FFFFFF\u00a0\u00bb header_3_font_size=\u00a0\u00bb30px\u00a0\u00bb custom_padding=\u00a0\u00bb140px|||||\u00a0\u00bb global_colors_info=\u00a0\u00bb{}\u00a0\u00bb]<\/p>\n<h3><strong>GINGER LIME SPARKLING WATER<\/strong><\/h3>\n<p>[\/et_pb_text][et_pb_text _builder_version=\u00a0\u00bb4.27.4&Prime; _module_preset=\u00a0\u00bbdefault\u00a0\u00bb text_font=\u00a0\u00bbHelvetica Neue standar||||||||\u00a0\u00bb text_text_color=\u00a0\u00bb#FFFFFF\u00a0\u00bb text_font_size=\u00a0\u00bb18px\u00a0\u00bb hover_enabled=\u00a0\u00bb0&Prime; global_colors_info=\u00a0\u00bb{}\u00a0\u00bb sticky_enabled=\u00a0\u00bb0&Prime;]Le piquant du gingembre, l\u2019acidit\u00e9 du citron vert et l\u2019embl\u00e9matique eau p\u00e9tillante de Vichy Catalan s\u2019unissent pour cr\u00e9er le go\u00fbt de Cupra. Vichy Catalan et Cupra unissent leurs forces pour vous offrir une exp\u00e9rience \u00e9lectrisante avec une boisson qui ne ressemble \u00e0 aucune autre.[\/et_pb_text][et_pb_image src=\u00a0\u00bbhttps:\/\/www.vichycatalan.com\/wp-content\/uploads\/2024\/10\/VICHY-CATALAN-CUPRA-INGREDIENTES.jpg\u00a0\u00bb alt=\u00a0\u00bbVICHY CATALAN CUPRA INGREDIENTES\u00a0\u00bb title_text=\u00a0\u00bbVICHY CATALAN CUPRA INGREDIENTES\u00a0\u00bb _builder_version=\u00a0\u00bb4.27.0&Prime; _module_preset=\u00a0\u00bbdefault\u00a0\u00bb global_colors_info=\u00a0\u00bb{}\u00a0\u00bb][\/et_pb_image][\/et_pb_column][et_pb_column type=\u00a0\u00bb1_2&Prime; _builder_version=\u00a0\u00bb4.27.0&Prime; _module_preset=\u00a0\u00bbdefault\u00a0\u00bb global_colors_info=\u00a0\u00bb{}\u00a0\u00bb][et_pb_image src=\u00a0\u00bbhttps:\/\/www.vichycatalan.com\/wp-content\/uploads\/2024\/10\/VICHY-CATALAN-CUPRA-LATA-2.jpg\u00a0\u00bb alt=\u00a0\u00bbVICHY CATALAN CUPRA LATA 1&Prime; title_text=\u00a0\u00bbVICHY CATALAN CUPRA LATA 2&Prime; _builder_version=\u00a0\u00bb4.27.0&Prime; _module_preset=\u00a0\u00bbdefault\u00a0\u00bb custom_padding=\u00a0\u00bb0px|||||\u00a0\u00bb global_colors_info=\u00a0\u00bb{}\u00a0\u00bb][\/et_pb_image][\/et_pb_column][\/et_pb_row][\/et_pb_section][et_pb_section fb_built=\u00a0\u00bb1&Prime; _builder_version=\u00a0\u00bb4.27.4&Prime; _module_preset=\u00a0\u00bbdefault\u00a0\u00bb background_video_mp4=\u00a0\u00bbhttps:\/\/www.vichycatalan.com\/wp-content\/uploads\/2024\/10\/VICHY-CATALAN-CUPRA-VID.mp4&Prime; custom_margin_tablet=\u00a0\u00bb\u00a0\u00bb custom_margin_phone=\u00a0\u00bb|-168px||-196px|false|false\u00a0\u00bb custom_margin_last_edited=\u00a0\u00bbon|phone\u00a0\u00bb custom_padding=\u00a0\u00bb178px||733px||false|false\u00a0\u00bb background_last_edited=\u00a0\u00bbon|phone\u00a0\u00bb background_video_mp4_phone=\u00a0\u00bbhttps:\/\/www.vichycatalan.com\/wp-content\/uploads\/2024\/10\/VICHY-CATALAN-CUPRA-VID-MOBILE.mp4&Prime; background_enable_video_mp4_phone=\u00a0\u00bbon\u00a0\u00bb global_colors_info=\u00a0\u00bb{}\u00a0\u00bb][\/et_pb_section][et_pb_section fb_built=\u00a0\u00bb1&Prime; _builder_version=\u00a0\u00bb4.27.4&Prime; _module_preset=\u00a0\u00bbdefault\u00a0\u00bb background_color=\u00a0\u00bb#000000&Prime; custom_margin_tablet=\u00a0\u00bb\u00a0\u00bb custom_margin_phone=\u00a0\u00bb-137px||||false|false\u00a0\u00bb custom_margin_last_edited=\u00a0\u00bbon|phone\u00a0\u00bb custom_padding=\u00a0\u00bb0px||||false|false\u00a0\u00bb global_colors_info=\u00a0\u00bb{}\u00a0\u00bb][et_pb_row column_structure=\u00a0\u00bb1_2,1_2&Prime; _builder_version=\u00a0\u00bb4.27.0&Prime; _module_preset=\u00a0\u00bbdefault\u00a0\u00bb custom_padding=\u00a0\u00bb150px|||||\u00a0\u00bb global_colors_info=\u00a0\u00bb{}\u00a0\u00bb][et_pb_column type=\u00a0\u00bb1_2&Prime; _builder_version=\u00a0\u00bb4.27.0&Prime; _module_preset=\u00a0\u00bbdefault\u00a0\u00bb global_colors_info=\u00a0\u00bb{}\u00a0\u00bb][et_pb_image src=\u00a0\u00bbhttps:\/\/www.vichycatalan.com\/wp-content\/uploads\/2024\/10\/VICHY-CATALAN-CUPRA-BANDERA.jpg\u00a0\u00bb alt=\u00a0\u00bbVICHY CATALAN CUPRA BANDERA\u00a0\u00bb title_text=\u00a0\u00bbVICHY CATALAN CUPRA BANDERA\u00a0\u00bb _builder_version=\u00a0\u00bb4.27.4&Prime; _module_preset=\u00a0\u00bbdefault\u00a0\u00bb custom_padding=\u00a0\u00bb4px||0px||false|false\u00a0\u00bb global_colors_info=\u00a0\u00bb{}\u00a0\u00bb][\/et_pb_image][\/et_pb_column][et_pb_column type=\u00a0\u00bb1_2&Prime; _builder_version=\u00a0\u00bb4.27.0&Prime; _module_preset=\u00a0\u00bbdefault\u00a0\u00bb global_colors_info=\u00a0\u00bb{}\u00a0\u00bb][et_pb_text _builder_version=\u00a0\u00bb4.27.4&Prime; _module_preset=\u00a0\u00bbdefault\u00a0\u00bb header_font=\u00a0\u00bbHelvetica Neue bold||||||||\u00a0\u00bb header_3_font=\u00a0\u00bbHelvetica Neue bold||||||||\u00a0\u00bb header_3_text_color=\u00a0\u00bb#FFFFFF\u00a0\u00bb header_3_font_size=\u00a0\u00bb30px\u00a0\u00bb custom_margin=\u00a0\u00bb||29px|||\u00a0\u00bb hover_enabled=\u00a0\u00bb0&Prime; global_colors_info=\u00a0\u00bb{}\u00a0\u00bb sticky_enabled=\u00a0\u00bb0&Prime;]<\/p>\n<h3><strong>ESPRIT ET STYLE UNIQUES<\/strong><\/h3>\n<p>[\/et_pb_text][et_pb_text _builder_version=\u00a0\u00bb4.27.4&Prime; _module_preset=\u00a0\u00bbdefault\u00a0\u00bb text_font=\u00a0\u00bbHelvetica Neue standar||||||||\u00a0\u00bb text_text_color=\u00a0\u00bb#FFFFFF\u00a0\u00bb text_font_size=\u00a0\u00bb18px\u00a0\u00bb hover_enabled=\u00a0\u00bb0&Prime; global_colors_info=\u00a0\u00bb{}\u00a0\u00bb sticky_enabled=\u00a0\u00bb0&Prime;]Le design de Vichy Catalan, inspir\u00e9 par les \u0153uvres de Gaud\u00ed, et <strong>l\u2019audacieuse<\/strong> CUPRA \u2014 une marque qui d\u00e9fie les conventions \u2014 s\u2019unissent pour cr\u00e9er une boisson qui incarne le go\u00fbt et l\u2019\u00e9motion de CUPRA : unique, intense et pleine de caract\u00e8re.[\/et_pb_text][et_pb_image src=\u00a0\u00bbhttps:\/\/www.vichycatalan.com\/wp-content\/uploads\/2024\/10\/VICHY-CATALAN-CUPRA-LATA-LATERAL.jpg\u00a0\u00bb alt=\u00a0\u00bbVICHY CATALAN CUPRA LATA LATERAL\u00a0\u00bb title_text=\u00a0\u00bbVICHY CATALAN CUPRA LATA LATERAL\u00a0\u00bb _builder_version=\u00a0\u00bb4.27.0&Prime; _module_preset=\u00a0\u00bbdefault\u00a0\u00bb custom_margin=\u00a0\u00bb-10px|||||\u00a0\u00bb custom_padding=\u00a0\u00bb0px|||||\u00a0\u00bb global_colors_info=\u00a0\u00bb{}\u00a0\u00bb][\/et_pb_image][\/et_pb_column][\/et_pb_row][\/et_pb_section][et_pb_section fb_built=\u00a0\u00bb1&Prime; _builder_version=\u00a0\u00bb4.27.0&Prime; _module_preset=\u00a0\u00bbdefault\u00a0\u00bb background_color=\u00a0\u00bb#000000&Prime; custom_padding=\u00a0\u00bb34px||101px|||\u00a0\u00bb global_colors_info=\u00a0\u00bb{}\u00a0\u00bb][et_pb_row _builder_version=\u00a0\u00bb4.27.0&Prime; _module_preset=\u00a0\u00bbdefault\u00a0\u00bb custom_margin=\u00a0\u00bb|auto|37px|auto||\u00a0\u00bb custom_padding=\u00a0\u00bb||52px|||\u00a0\u00bb global_colors_info=\u00a0\u00bb{}\u00a0\u00bb][et_pb_column type=\u00a0\u00bb4_4&Prime; _builder_version=\u00a0\u00bb4.27.0&Prime; _module_preset=\u00a0\u00bbdefault\u00a0\u00bb global_colors_info=\u00a0\u00bb{}\u00a0\u00bb][et_pb_text _builder_version=\u00a0\u00bb4.27.4&Prime; _module_preset=\u00a0\u00bbdefault\u00a0\u00bb text_font=\u00a0\u00bbHelvetica Neue bold||||||||\u00a0\u00bb text_text_color=\u00a0\u00bb#FFFFFF\u00a0\u00bb text_font_size=\u00a0\u00bb36px\u00a0\u00bb custom_margin=\u00a0\u00bb||43px|||\u00a0\u00bb custom_margin_tablet=\u00a0\u00bb||43px|||\u00a0\u00bb custom_margin_phone=\u00a0\u00bb||43px|||\u00a0\u00bb custom_margin_last_edited=\u00a0\u00bbon|phone\u00a0\u00bb custom_padding_tablet=\u00a0\u00bb\u00a0\u00bb custom_padding_phone=\u00a0\u00bb\u00a0\u00bb custom_padding_last_edited=\u00a0\u00bbon|phone\u00a0\u00bb hover_enabled=\u00a0\u00bb0&Prime; text_font_size_tablet=\u00a0\u00bb36px\u00a0\u00bb text_font_size_phone=\u00a0\u00bb32px\u00a0\u00bb text_font_size_last_edited=\u00a0\u00bbon|phone\u00a0\u00bb global_colors_info=\u00a0\u00bb{}\u00a0\u00bb sticky_enabled=\u00a0\u00bb0&Prime;]<\/p>\n<p style=\"text-align: center;\"><a style=\"color: white; text-decoration: none;\" href=\"https:\/\/latiendavichy.com\/es\/0-azucar\/vichy-catalan-sabores\/cupra\/?utm_source=VCH-Cupra-Ginger-Lime-&amp;utm_medium=referral&amp;utm_campaign=webs_grup&amp;utm_term=body\" target=\"_blank\" rel=\"noopener\"> <strong>REJOIGNEZ L\u2019AVENTURE !<\/strong> <\/a><\/p>\n<p>[\/et_pb_text][\/et_pb_column][\/et_pb_row][\/et_pb_section]<\/p>\n","protected":false},"excerpt":{"rendered":"<p>VICHY CATALAN et CUPRA unissent leurs forces pour apporter le sens du go\u00fbt \u00e0 l\u2019exp\u00e9rience utilisateur CUPRA. Apr\u00e8s s\u2019\u00eatre distingu\u00e9es dans les dimensions visuelle, tactile, auditive et olfactive, ces deux marques embl\u00e9matiques pr\u00e9sentent d\u00e9sormais une boisson qui incarne le dynamisme de CUPRA et la qualit\u00e9 de VICHY CATALAN \u2014 toutes deux profond\u00e9ment enracin\u00e9es \u00e0 Barcelone. [&hellip;]<\/p>\n","protected":false},"author":3,"featured_media":0,"parent":0,"menu_order":0,"comment_status":"closed","ping_status":"closed","template":"","meta":{"_acf_changed":false,"_et_pb_use_builder":"on","_et_pb_old_content":"<p>[et_pb_section fb_built=\"1\" custom_padding_last_edited=\"on|phone\" _builder_version=\"4.27.4\" _module_preset=\"default\" background_image=\"https:\/\/www.vichycatalan.com\/wp-content\/uploads\/2025\/10\/VCxCUPRA-1920x490-v3.jpg\" custom_margin_tablet=\"\" custom_margin_phone=\"-36px||-34px||false|false\" custom_margin_last_edited=\"on|phone\" custom_padding=\"||264px||false|false\" custom_padding_tablet=\"||264px||false|false\" custom_padding_phone=\"||230px||false|false\" background_last_edited=\"on|desktop\" background_size_phone=\"custom\" background_image_width_phone=\"0%\" background_image_height_phone=\"85%\" global_colors_info=\"{}\"][et_pb_row _builder_version=\"4.27.0\" _module_preset=\"default\" global_colors_info=\"{}\"][et_pb_column type=\"4_4\" _builder_version=\"4.27.0\" _module_preset=\"default\" global_colors_info=\"{}\"][et_pb_image _builder_version=\"4.27.0\" _module_preset=\"default\" global_colors_info=\"{}\"][\/et_pb_image][\/et_pb_column][\/et_pb_row][\/et_pb_section][et_pb_section fb_built=\"1\" _builder_version=\"4.27.0\" _module_preset=\"default\" background_color=\"#000000\" custom_padding=\"124px||26px|||\" global_colors_info=\"{}\"][et_pb_row _builder_version=\"4.27.0\" _module_preset=\"default\" global_colors_info=\"{}\"][et_pb_column type=\"4_4\" _builder_version=\"4.27.0\" _module_preset=\"default\" global_colors_info=\"{}\"][et_pb_heading title=\"CUPRA X VICHY CATALAN BRAND PARTNERSHIP\" _builder_version=\"4.27.0\" _module_preset=\"default\" title_font=\"Helvetica Neue bold||||||||\" title_text_align=\"center\" title_text_color=\"#FFFFFF\" title_font_size=\"40px\" custom_margin=\"||37px|||\" global_colors_info=\"{}\"][\/et_pb_heading][et_pb_text _builder_version=\"4.27.4\" _module_preset=\"default\" text_font=\"Helvetica Neue standar||||||||\" text_text_color=\"#FFFFFF\" text_font_size=\"18px\" global_colors_info=\"{}\"]<\/p><p>VICHY CATALAN and CUPRA join forces to bring the sense of taste to the CUPRA user experience. After standing out in the visual, tactile, auditory, and olfactory dimensions, these two iconic brands now present a beverage that embodies the dynamism of CUPRA and the quality of VICHY CATALAN \u2014 both deeply rooted in Barcelona.<\/p><p>[\/et_pb_text][\/et_pb_column][\/et_pb_row][\/et_pb_section][et_pb_section fb_built=\"1\" _builder_version=\"4.27.0\" _module_preset=\"default\" background_color=\"#000000\" custom_margin=\"||-5px|||\" custom_padding=\"32px||89px|||\" global_colors_info=\"{}\"][et_pb_row column_structure=\"1_2,1_2\" _builder_version=\"4.27.0\" _module_preset=\"default\" global_colors_info=\"{}\"][et_pb_column type=\"1_2\" _builder_version=\"4.27.0\" _module_preset=\"default\" global_colors_info=\"{}\"][et_pb_text _builder_version=\"4.27.4\" _module_preset=\"default\" text_text_color=\"#FFFFFF\" text_font_size=\"32px\" header_font_size=\"28px\" header_3_font=\"Helvetica Neue bold||||||||\" header_3_text_color=\"#FFFFFF\" header_3_font_size=\"30px\" custom_padding=\"140px|||||\" global_colors_info=\"{}\"]<\/p><h3><strong>GINGER LIME SPARKLING WATER<\/strong><\/h3><p>[\/et_pb_text][et_pb_text _builder_version=\"4.27.4\" _module_preset=\"default\" text_font=\"Helvetica Neue standar||||||||\" text_text_color=\"#FFFFFF\" text_font_size=\"18px\" global_colors_info=\"{}\"]The spiciness of ginger, the tang of lime, and Vichy Catalan\u2019s iconic sparkling water come together to create the taste of Cupra. Vichy Catalan and Cupra join forces to offer you an electrifying experience with a drink that\u2019s anything but conventional.[\/et_pb_text][et_pb_image src=\"https:\/\/www.vichycatalan.com\/wp-content\/uploads\/2024\/10\/VICHY-CATALAN-CUPRA-INGREDIENTES.jpg\" alt=\"VICHY CATALAN CUPRA INGREDIENTES\" title_text=\"VICHY CATALAN CUPRA INGREDIENTES\" _builder_version=\"4.27.0\" _module_preset=\"default\" global_colors_info=\"{}\"][\/et_pb_image][\/et_pb_column][et_pb_column type=\"1_2\" _builder_version=\"4.27.0\" _module_preset=\"default\" global_colors_info=\"{}\"][et_pb_image src=\"https:\/\/www.vichycatalan.com\/wp-content\/uploads\/2024\/10\/VICHY-CATALAN-CUPRA-LATA-2.jpg\" alt=\"VICHY CATALAN CUPRA LATA 1\" title_text=\"VICHY CATALAN CUPRA LATA 2\" _builder_version=\"4.27.0\" _module_preset=\"default\" custom_padding=\"0px|||||\" global_colors_info=\"{}\"][\/et_pb_image][\/et_pb_column][\/et_pb_row][\/et_pb_section][et_pb_section fb_built=\"1\" _builder_version=\"4.27.4\" _module_preset=\"default\" background_video_mp4=\"https:\/\/www.vichycatalan.com\/wp-content\/uploads\/2024\/10\/VICHY-CATALAN-CUPRA-VID.mp4\" custom_margin_tablet=\"\" custom_margin_phone=\"|-168px||-196px|false|false\" custom_margin_last_edited=\"on|phone\" custom_padding=\"178px||733px||false|false\" background_last_edited=\"on|phone\" background_video_mp4_phone=\"https:\/\/www.vichycatalan.com\/wp-content\/uploads\/2024\/10\/VICHY-CATALAN-CUPRA-VID-MOBILE.mp4\" background_enable_video_mp4_phone=\"on\" global_colors_info=\"{}\"][\/et_pb_section][et_pb_section fb_built=\"1\" _builder_version=\"4.27.4\" _module_preset=\"default\" background_color=\"#000000\" custom_margin_tablet=\"\" custom_margin_phone=\"-137px||||false|false\" custom_margin_last_edited=\"on|phone\" custom_padding=\"0px||||false|false\" global_colors_info=\"{}\"][et_pb_row column_structure=\"1_2,1_2\" _builder_version=\"4.27.0\" _module_preset=\"default\" custom_padding=\"150px|||||\" global_colors_info=\"{}\"][et_pb_column type=\"1_2\" _builder_version=\"4.27.0\" _module_preset=\"default\" global_colors_info=\"{}\"][et_pb_image src=\"https:\/\/www.vichycatalan.com\/wp-content\/uploads\/2024\/10\/VICHY-CATALAN-CUPRA-BANDERA.jpg\" alt=\"VICHY CATALAN CUPRA BANDERA\" title_text=\"VICHY CATALAN CUPRA BANDERA\" _builder_version=\"4.27.4\" _module_preset=\"default\" custom_padding=\"4px||0px||false|false\" global_colors_info=\"{}\"][\/et_pb_image][\/et_pb_column][et_pb_column type=\"1_2\" _builder_version=\"4.27.0\" _module_preset=\"default\" global_colors_info=\"{}\"][et_pb_text _builder_version=\"4.27.4\" _module_preset=\"default\" header_font=\"Helvetica Neue bold||||||||\" header_3_font=\"Helvetica Neue bold||||||||\" header_3_text_color=\"#FFFFFF\" header_3_font_size=\"30px\" custom_margin=\"||29px|||\" global_colors_info=\"{}\"]<\/p><h3><strong>UNIQUE SPIRIT AND STYLE<\/strong><\/h3><p>[\/et_pb_text][et_pb_text _builder_version=\"4.27.4\" _module_preset=\"default\" text_font=\"Helvetica Neue standar||||||||\" text_text_color=\"#FFFFFF\" text_font_size=\"18px\" global_colors_info=\"{}\"]The design of Vichy Catalan, inspired by Gaud\u00ed\u2019s works, and <strong>the adexxx<\/strong> CUPRA \u2014 a brand that defies convention \u2014 come together to create a drink that embodies the taste and emotion of CUPRA: unique, intense, and full of character.[\/et_pb_text][et_pb_image src=\"https:\/\/www.vichycatalan.com\/wp-content\/uploads\/2024\/10\/VICHY-CATALAN-CUPRA-LATA-LATERAL.jpg\" alt=\"VICHY CATALAN CUPRA LATA LATERAL\" title_text=\"VICHY CATALAN CUPRA LATA LATERAL\" _builder_version=\"4.27.0\" _module_preset=\"default\" custom_margin=\"-10px|||||\" custom_padding=\"0px|||||\" global_colors_info=\"{}\"][\/et_pb_image][\/et_pb_column][\/et_pb_row][\/et_pb_section][et_pb_section fb_built=\"1\" _builder_version=\"4.27.0\" _module_preset=\"default\" background_color=\"#000000\" custom_padding=\"34px||101px|||\" global_colors_info=\"{}\"][et_pb_row _builder_version=\"4.27.0\" _module_preset=\"default\" custom_margin=\"|auto|37px|auto||\" custom_padding=\"||52px|||\" global_colors_info=\"{}\"][et_pb_column type=\"4_4\" _builder_version=\"4.27.0\" _module_preset=\"default\" global_colors_info=\"{}\"][et_pb_text _builder_version=\"4.27.4\" _module_preset=\"default\" text_font=\"Helvetica Neue bold||||||||\" text_text_color=\"#FFFFFF\" text_font_size=\"36px\" custom_margin=\"||43px|||\" custom_margin_tablet=\"||43px|||\" custom_margin_phone=\"||43px|||\" custom_margin_last_edited=\"on|phone\" custom_padding_tablet=\"\" custom_padding_phone=\"\" custom_padding_last_edited=\"on|phone\" hover_enabled=\"0\" text_font_size_tablet=\"36px\" text_font_size_phone=\"32px\" text_font_size_last_edited=\"on|phone\" global_colors_info=\"{}\" sticky_enabled=\"0\"]<\/p><p style=\"text-align: center;\"><a style=\"color: white; text-decoration: none;\" href=\"https:\/\/latiendavichy.com\/es\/0-azucar\/vichy-catalan-sabores\/cupra\/?utm_source=VCH-Cupra-Ginger-Lime-&utm_medium=referral&utm_campaign=webs_grup&utm_term=body\" target=\"_blank\" rel=\"noopener\"> <strong>JOIN THE JOURNEY!<\/strong> <\/a><\/p><p>[\/et_pb_text][\/et_pb_column][\/et_pb_row][\/et_pb_section]<\/p>","_et_gb_content_width":"","footnotes":""},"class_list":["post-27895","page","type-page","status-publish","hentry"],"acf":{"pagina_de_marca":"no"},"yoast_head":"<!-- This site is optimized with the Yoast SEO plugin v27.5 - https:\/\/yoast.com\/product\/yoast-seo-wordpress\/ -->\n<title>CUPRA X VICHY CATALAN - Vichy Catalan Corporation<\/title>\n<meta name=\"robots\" content=\"index, follow, max-snippet:-1, max-image-preview:large, max-video-preview:-1\" \/>\n<link rel=\"canonical\" href=\"https:\/\/www.vichycatalan.com\/fr\/cupra-x-vichy-catalan\/\" \/>\n<meta property=\"og:locale\" content=\"fr_FR\" \/>\n<meta property=\"og:type\" content=\"article\" \/>\n<meta property=\"og:title\" content=\"CUPRA X VICHY CATALAN - Vichy Catalan Corporation\" \/>\n<meta property=\"og:description\" content=\"VICHY CATALAN et CUPRA unissent leurs forces pour apporter le sens du go\u00fbt \u00e0 l\u2019exp\u00e9rience utilisateur CUPRA. Apr\u00e8s s\u2019\u00eatre distingu\u00e9es dans les dimensions visuelle, tactile, auditive et olfactive, ces deux marques embl\u00e9matiques pr\u00e9sentent d\u00e9sormais une boisson qui incarne le dynamisme de CUPRA et la qualit\u00e9 de VICHY CATALAN \u2014 toutes deux profond\u00e9ment enracin\u00e9es \u00e0 Barcelone. [&hellip;]\" \/>\n<meta property=\"og:url\" content=\"https:\/\/www.vichycatalan.com\/fr\/cupra-x-vichy-catalan\/\" \/>\n<meta property=\"og:site_name\" content=\"Vichy Catalan Corporation\" \/>\n<meta property=\"article:modified_time\" content=\"2025-10-28T10:08:28+00:00\" \/>\n<meta name=\"twitter:card\" content=\"summary_large_image\" \/>\n<meta name=\"twitter:label1\" content=\"Dur\u00e9e de lecture estim\u00e9e\" \/>\n\t<meta name=\"twitter:data1\" content=\"2 minutes\" \/>\n<script type=\"application\/ld+json\" class=\"yoast-schema-graph\">{\"@context\":\"https:\\\/\\\/schema.org\",\"@graph\":[{\"@type\":\"WebPage\",\"@id\":\"https:\\\/\\\/www.vichycatalan.com\\\/fr\\\/cupra-x-vichy-catalan\\\/\",\"url\":\"https:\\\/\\\/www.vichycatalan.com\\\/fr\\\/cupra-x-vichy-catalan\\\/\",\"name\":\"CUPRA X VICHY CATALAN - Vichy Catalan Corporation\",\"isPartOf\":{\"@id\":\"https:\\\/\\\/www.vichycatalan.com\\\/fr\\\/#website\"},\"datePublished\":\"2025-10-27T09:52:32+00:00\",\"dateModified\":\"2025-10-28T10:08:28+00:00\",\"breadcrumb\":{\"@id\":\"https:\\\/\\\/www.vichycatalan.com\\\/fr\\\/cupra-x-vichy-catalan\\\/#breadcrumb\"},\"inLanguage\":\"fr-FR\",\"potentialAction\":[{\"@type\":\"ReadAction\",\"target\":[\"https:\\\/\\\/www.vichycatalan.com\\\/fr\\\/cupra-x-vichy-catalan\\\/\"]}]},{\"@type\":\"BreadcrumbList\",\"@id\":\"https:\\\/\\\/www.vichycatalan.com\\\/fr\\\/cupra-x-vichy-catalan\\\/#breadcrumb\",\"itemListElement\":[{\"@type\":\"ListItem\",\"position\":1,\"name\":\"Portada\",\"item\":\"https:\\\/\\\/www.vichycatalan.com\\\/fr\\\/\"},{\"@type\":\"ListItem\",\"position\":2,\"name\":\"CUPRA X VICHY CATALAN\"}]},{\"@type\":\"WebSite\",\"@id\":\"https:\\\/\\\/www.vichycatalan.com\\\/fr\\\/#website\",\"url\":\"https:\\\/\\\/www.vichycatalan.com\\\/fr\\\/\",\"name\":\"Vichy Catalan Corporation\",\"description\":\"Web de Vichy Catalan Corporation\",\"potentialAction\":[{\"@type\":\"SearchAction\",\"target\":{\"@type\":\"EntryPoint\",\"urlTemplate\":\"https:\\\/\\\/www.vichycatalan.com\\\/fr\\\/?s={search_term_string}\"},\"query-input\":{\"@type\":\"PropertyValueSpecification\",\"valueRequired\":true,\"valueName\":\"search_term_string\"}}],\"inLanguage\":\"fr-FR\"}]}<\/script>\n<!-- \/ Yoast SEO plugin. -->","yoast_head_json":{"title":"CUPRA X VICHY CATALAN - Vichy Catalan Corporation","robots":{"index":"index","follow":"follow","max-snippet":"max-snippet:-1","max-image-preview":"max-image-preview:large","max-video-preview":"max-video-preview:-1"},"canonical":"https:\/\/www.vichycatalan.com\/fr\/cupra-x-vichy-catalan\/","og_locale":"fr_FR","og_type":"article","og_title":"CUPRA X VICHY CATALAN - Vichy Catalan Corporation","og_description":"VICHY CATALAN et CUPRA unissent leurs forces pour apporter le sens du go\u00fbt \u00e0 l\u2019exp\u00e9rience utilisateur CUPRA. Apr\u00e8s s\u2019\u00eatre distingu\u00e9es dans les dimensions visuelle, tactile, auditive et olfactive, ces deux marques embl\u00e9matiques pr\u00e9sentent d\u00e9sormais une boisson qui incarne le dynamisme de CUPRA et la qualit\u00e9 de VICHY CATALAN \u2014 toutes deux profond\u00e9ment enracin\u00e9es \u00e0 Barcelone. [&hellip;]","og_url":"https:\/\/www.vichycatalan.com\/fr\/cupra-x-vichy-catalan\/","og_site_name":"Vichy Catalan Corporation","article_modified_time":"2025-10-28T10:08:28+00:00","twitter_card":"summary_large_image","twitter_misc":{"Dur\u00e9e de lecture estim\u00e9e":"2 minutes"},"schema":{"@context":"https:\/\/schema.org","@graph":[{"@type":"WebPage","@id":"https:\/\/www.vichycatalan.com\/fr\/cupra-x-vichy-catalan\/","url":"https:\/\/www.vichycatalan.com\/fr\/cupra-x-vichy-catalan\/","name":"CUPRA X VICHY CATALAN - Vichy Catalan Corporation","isPartOf":{"@id":"https:\/\/www.vichycatalan.com\/fr\/#website"},"datePublished":"2025-10-27T09:52:32+00:00","dateModified":"2025-10-28T10:08:28+00:00","breadcrumb":{"@id":"https:\/\/www.vichycatalan.com\/fr\/cupra-x-vichy-catalan\/#breadcrumb"},"inLanguage":"fr-FR","potentialAction":[{"@type":"ReadAction","target":["https:\/\/www.vichycatalan.com\/fr\/cupra-x-vichy-catalan\/"]}]},{"@type":"BreadcrumbList","@id":"https:\/\/www.vichycatalan.com\/fr\/cupra-x-vichy-catalan\/#breadcrumb","itemListElement":[{"@type":"ListItem","position":1,"name":"Portada","item":"https:\/\/www.vichycatalan.com\/fr\/"},{"@type":"ListItem","position":2,"name":"CUPRA X VICHY CATALAN"}]},{"@type":"WebSite","@id":"https:\/\/www.vichycatalan.com\/fr\/#website","url":"https:\/\/www.vichycatalan.com\/fr\/","name":"Vichy Catalan Corporation","description":"Web de Vichy Catalan Corporation","potentialAction":[{"@type":"SearchAction","target":{"@type":"EntryPoint","urlTemplate":"https:\/\/www.vichycatalan.com\/fr\/?s={search_term_string}"},"query-input":{"@type":"PropertyValueSpecification","valueRequired":true,"valueName":"search_term_string"}}],"inLanguage":"fr-FR"}]}},"_links":{"self":[{"href":"https:\/\/www.vichycatalan.com\/fr\/wp-json\/wp\/v2\/pages\/27895","targetHints":{"allow":["GET"]}}],"collection":[{"href":"https:\/\/www.vichycatalan.com\/fr\/wp-json\/wp\/v2\/pages"}],"about":[{"href":"https:\/\/www.vichycatalan.com\/fr\/wp-json\/wp\/v2\/types\/page"}],"author":[{"embeddable":true,"href":"https:\/\/www.vichycatalan.com\/fr\/wp-json\/wp\/v2\/users\/3"}],"replies":[{"embeddable":true,"href":"https:\/\/www.vichycatalan.com\/fr\/wp-json\/wp\/v2\/comments?post=27895"}],"version-history":[{"count":0,"href":"https:\/\/www.vichycatalan.com\/fr\/wp-json\/wp\/v2\/pages\/27895\/revisions"}],"wp:attachment":[{"href":"https:\/\/www.vichycatalan.com\/fr\/wp-json\/wp\/v2\/media?parent=27895"}],"curies":[{"name":"wp","href":"https:\/\/api.w.org\/{rel}","templated":true}]}}