{"id":17688,"date":"2020-10-09T09:10:35","date_gmt":"2020-10-09T07:10:35","guid":{"rendered":"https:\/\/www.vichycatalan.com\/?page_id=17688"},"modified":"2025-03-13T09:29:54","modified_gmt":"2025-03-13T08:29:54","slug":"oasis-thermal-care","status":"publish","type":"page","link":"https:\/\/www.vichycatalan.com\/fr\/nos-marques\/oasis-thermal-care\/","title":{"rendered":"Oasis Thermal Care"},"content":{"rendered":"<p>[et_pb_section fb_built=\u00a0\u00bb1&Prime; fullwidth=\u00a0\u00bbon\u00a0\u00bb _builder_version=\u00a0\u00bb4.16&Prime; custom_padding=\u00a0\u00bb||||false|false\u00a0\u00bb bottom_divider_color=\u00a0\u00bb#ffffff\u00a0\u00bb bottom_divider_height=\u00a0\u00bb50px\u00a0\u00bb global_colors_info=\u00a0\u00bb{}\u00a0\u00bb][et_pb_fullwidth_header title=\u00a0\u00bb@ET-DC@eyJkeW5hbWljIjp0cnVlLCJjb250ZW50IjoiY3VzdG9tX21ldGFfY2FtcG9zX2RlX21hcmNhX21hcmNhX3RpdHVsbyIsInNldHRpbmdzIjp7ImJlZm9yZSI6IiIsImFmdGVyIjoiIiwiZW5hYmxlX2h0bWwiOiJvZmYifX0=@\u00a0\u00bb background_overlay_color=\u00a0\u00bbrgba(44,42,41,0.05)\u00a0\u00bb content_max_width=\u00a0\u00bb60%\u00a0\u00bb content_max_width_tablet=\u00a0\u00bb100%\u00a0\u00bb content_max_width_phone=\u00a0\u00bb\u00a0\u00bb content_max_width_last_edited=\u00a0\u00bbon|phone\u00a0\u00bb _builder_version=\u00a0\u00bb4.16&Prime; _dynamic_attributes=\u00a0\u00bbtitle,content\u00a0\u00bb title_font=\u00a0\u00bbHelvetica Neue standar|700|||||||\u00a0\u00bb title_font_size=\u00a0\u00bb56px\u00a0\u00bb content_text_align=\u00a0\u00bbleft\u00a0\u00bb content_font_size=\u00a0\u00bb23px\u00a0\u00bb content_line_height=\u00a0\u00bb1.1em\u00a0\u00bb background_color=\u00a0\u00bbrgba(0,0,0,0)\u00a0\u00bb background_image=\u00a0\u00bbhttps:\/\/www.vichycatalan.com\/wp-content\/uploads\/2020\/10\/header-oasis-thermal-care.jpg\u00a0\u00bb custom_margin=\u00a0\u00bb0px|0px|0px|0px\u00a0\u00bb custom_padding=\u00a0\u00bb100px|0px|200px|0px\u00a0\u00bb custom_padding_tablet=\u00a0\u00bb50px|0px|150px|0px\u00a0\u00bb custom_padding_phone=\u00a0\u00bb0px||100px\u00a0\u00bb custom_padding_last_edited=\u00a0\u00bbon|phone\u00a0\u00bb title_text_shadow_style=\u00a0\u00bbpreset1&Prime; content_text_shadow_style=\u00a0\u00bbpreset1&Prime; text_shadow_style=\u00a0\u00bbpreset1&Prime; global_colors_info=\u00a0\u00bb{}\u00a0\u00bb]@ET-DC@eyJkeW5hbWljIjp0cnVlLCJjb250ZW50IjoiY3VzdG9tX21ldGFfY2FtcG9zX2RlX21hcmNhX21hcmNhX2VzbG9nYW4iLCJzZXR0aW5ncyI6eyJiZWZvcmUiOiIiLCJhZnRlciI6IiIsImVuYWJsZV9odG1sIjoib2ZmIn19@[\/et_pb_fullwidth_header][\/et_pb_section][et_pb_section fb_built=\u00a0\u00bb1&Prime; _builder_version=\u00a0\u00bb4.16&Prime; background_video_width=\u00a0\u00bb1280&Prime; background_video_height=\u00a0\u00bb720&Prime; custom_margin=\u00a0\u00bb||\u00a0\u00bb custom_padding=\u00a0\u00bb0|0px|16px|0px|false|false\u00a0\u00bb top_divider_color=\u00a0\u00bb#ffffff\u00a0\u00bb top_divider_height=\u00a0\u00bb50px\u00a0\u00bb bottom_divider_color=\u00a0\u00bb#c1c1c1&Prime; bottom_divider_height=\u00a0\u00bb136px\u00a0\u00bb global_colors_info=\u00a0\u00bb{}\u00a0\u00bb][et_pb_row column_structure=\u00a0\u00bb1_2,1_2&Prime; _builder_version=\u00a0\u00bb4.27.4&Prime; background_size=\u00a0\u00bbinitial\u00a0\u00bb background_position=\u00a0\u00bbtop_left\u00a0\u00bb background_repeat=\u00a0\u00bbrepeat\u00a0\u00bb hover_enabled=\u00a0\u00bb0&Prime; global_colors_info=\u00a0\u00bb{}\u00a0\u00bb sticky_enabled=\u00a0\u00bb0&Prime; custom_padding=\u00a0\u00bb76px|||||\u00a0\u00bb][et_pb_column type=\u00a0\u00bb1_2&Prime; _builder_version=\u00a0\u00bb4.16&Prime; custom_padding=\u00a0\u00bb|||\u00a0\u00bb global_colors_info=\u00a0\u00bb{}\u00a0\u00bb custom_padding__hover=\u00a0\u00bb|||\u00a0\u00bb][et_pb_video src=\u00a0\u00bbhttps:\/\/www.vichycatalan.com\/wp-content\/uploads\/2022\/03\/Oasis-thermal-care-presentacion.mp4&Prime; _builder_version=\u00a0\u00bb4.27.4&Prime; _module_preset=\u00a0\u00bbdefault\u00a0\u00bb title_text=\u00a0\u00bbOasis thermal care presentacion\u00a0\u00bb hover_enabled=\u00a0\u00bb0&Prime; sticky_enabled=\u00a0\u00bb0&Prime;][\/et_pb_video][\/et_pb_column][et_pb_column type=\u00a0\u00bb1_2&Prime; _builder_version=\u00a0\u00bb4.16&Prime; custom_padding=\u00a0\u00bb|||\u00a0\u00bb global_colors_info=\u00a0\u00bb{}\u00a0\u00bb custom_padding__hover=\u00a0\u00bb|||\u00a0\u00bb][et_pb_text _builder_version=\u00a0\u00bb4.27.4&Prime; _module_preset=\u00a0\u00bbdefault\u00a0\u00bb hover_enabled=\u00a0\u00bb0&Prime; sticky_enabled=\u00a0\u00bb0&Prime; text_orientation=\u00a0\u00bbjustified\u00a0\u00bb]<\/p>\n<p>En 1881, le Dr. Modest Furest d\u00e9couvrait la\u00a0<strong>source de Vichy Catalan, une source de bien-\u00eatre unique au monde<\/strong>.<\/p>\n<p>Ses eaux jaillissent d\u2019une fa\u00e7on diff\u00e9rente, naturellement gazeuses, \u00e0 une temp\u00e9rature de 60\u00a0\u00baC et avec une\u00a0<strong>composition de min\u00e9raux extraordinaire<\/strong>.<\/p>\n<p>Les caract\u00e9ristiques exceptionnelles de\u00a0<strong>l\u2019eau thermale Vichy Catalan lui<\/strong>\u00a0conf\u00e8rent\u00a0<strong>de nombreux bienfaits pour la sant\u00e9<\/strong>, c\u2019est pourquoi elle a \u00e9t\u00e9 utilis\u00e9e comme centre\u00a0<strong>de soins thermaux de l\u2019H\u00f4tel station baln\u00e9aire Vichy Catalan<\/strong>, o\u00f9 les clients plongent dans une v\u00e9ritable\u00a0<strong>oasis de calme et de bien-\u00eatre<\/strong>.<\/p>\n<p>L\u2019eau thermale Vichy Catalan est la base de la\u00a0<strong>toute nouvelle s\u00e9lection de produits Oasis Thermal Care<\/strong>, qui r\u00e9unissent sous diff\u00e9rents produits les\u00a0<strong>merveilleuses propri\u00e9t\u00e9s et bienfaits min\u00e9raux et m\u00e9dicinaux<\/strong>.<\/p>\n<p>La gamme de produits Oasis Thermal Care vous permet de\u00a0<strong>cr\u00e9er et de d\u00e9couvrir votre propre paradis de s\u00e9r\u00e9nit\u00e9 et de confort<\/strong>.<\/p>\n<p>[\/et_pb_text][\/et_pb_column][\/et_pb_row][et_pb_row _builder_version=\u00a0\u00bb4.27.4&Prime; _module_preset=\u00a0\u00bbdefault\u00a0\u00bb column_structure=\u00a0\u00bb1_3,1_3,1_3&Prime;][et_pb_column _builder_version=\u00a0\u00bb4.27.4&Prime; _module_preset=\u00a0\u00bbdefault\u00a0\u00bb type=\u00a0\u00bb1_3&Prime;][et_pb_image src=\u00a0\u00bbhttps:\/\/www.vichycatalan.com\/wp-content\/uploads\/2022\/03\/trencadis-Oasis-ai.png\u00a0\u00bb _builder_version=\u00a0\u00bb4.27.4&Prime; _module_preset=\u00a0\u00bbdefault\u00a0\u00bb title_text=\u00a0\u00bbTrencadis Oasis\u00a0\u00bb hover_enabled=\u00a0\u00bb0&Prime; sticky_enabled=\u00a0\u00bb0&Prime;][\/et_pb_image][et_pb_image src=\u00a0\u00bbhttps:\/\/www.vichycatalan.com\/wp-content\/uploads\/2025\/02\/Logo-elaborado-con-Vichy-Catalan.png\u00a0\u00bb _builder_version=\u00a0\u00bb4.27.4&Prime; _module_preset=\u00a0\u00bbdefault\u00a0\u00bb title_text=\u00a0\u00bbLogo elaborado con Vichy Catalan\u00a0\u00bb transform_scale=\u00a0\u00bb45%|45%\u00a0\u00bb custom_margin=\u00a0\u00bb-441px||||false|false\u00a0\u00bb custom_margin_last_edited=\u00a0\u00bbon|phone\u00a0\u00bb hover_enabled=\u00a0\u00bb0&Prime; sticky_enabled=\u00a0\u00bb0&Prime; custom_margin_tablet=\u00a0\u00bb-626px||||false|false\u00a0\u00bb custom_margin_phone=\u00a0\u00bb-350px||||false|false\u00a0\u00bb][\/et_pb_image][\/et_pb_column][et_pb_column _builder_version=\u00a0\u00bb4.27.4&Prime; _module_preset=\u00a0\u00bbdefault\u00a0\u00bb type=\u00a0\u00bb1_3&Prime;][et_pb_text _builder_version=\u00a0\u00bb4.27.4&Prime; _module_preset=\u00a0\u00bbdefault\u00a0\u00bb custom_margin=\u00a0\u00bb51px||||false|false\u00a0\u00bb custom_margin_last_edited=\u00a0\u00bbon|phone\u00a0\u00bb hover_enabled=\u00a0\u00bb0&Prime; sticky_enabled=\u00a0\u00bb0&Prime; custom_margin_tablet=\u00a0\u00bb-11px||||false|false\u00a0\u00bb custom_margin_phone=\u00a0\u00bb||-15px||false|false\u00a0\u00bb text_orientation=\u00a0\u00bbjustified\u00a0\u00bb]<\/p>\n<p>La gamme de produits Oasis Thermal Care est la seule, dans la cat\u00e9gorie des produits de soins personnels, \u00e0 \u00eatre \u00e9labor\u00e9e avec de l&rsquo;eau thermale Vichy Catalan. Cette composition sp\u00e9ciale lui conf\u00e8re diverses propri\u00e9t\u00e9s min\u00e9ro-m\u00e9dicinales b\u00e9n\u00e9fiques pour la sant\u00e9 de la peau.<\/p>\n<p>Toute la gamme est destin\u00e9e aussi bien aux femmes qu&rsquo;aux hommes, car les produits ont un parfum neutre d&rsquo;ac\u00e9rola, qui \u00e9voque une sensation de bien-\u00eatre, de relaxation et de puret\u00e9. De plus, leurs formules sont rapidement absorb\u00e9es et laissent une sensation d&rsquo;hydratation et de douceur sur la peau.<\/p>\n<p>&nbsp;<\/p>\n<p>[\/et_pb_text][\/et_pb_column][et_pb_column _builder_version=\u00a0\u00bb4.27.4&Prime; _module_preset=\u00a0\u00bbdefault\u00a0\u00bb type=\u00a0\u00bb1_3&Prime;][et_pb_image src=\u00a0\u00bbhttps:\/\/www.vichycatalan.com\/wp-content\/uploads\/2025\/02\/Proyecto-nuevo-8.png\u00a0\u00bb _builder_version=\u00a0\u00bb4.27.4&Prime; _module_preset=\u00a0\u00bbdefault\u00a0\u00bb alt=\u00a0\u00bbOasis Thermal Care\u00a0\u00bb title_text=\u00a0\u00bbOasis Thermal Care\u00a0\u00bb custom_margin=\u00a0\u00bb-58px||||false|false\u00a0\u00bb custom_margin_last_edited=\u00a0\u00bbon|phone\u00a0\u00bb hover_enabled=\u00a0\u00bb0&Prime; sticky_enabled=\u00a0\u00bb0&Prime; custom_margin_tablet=\u00a0\u00bb-62px||||false|false\u00a0\u00bb custom_margin_phone=\u00a0\u00bb-57px||||false|false\u00a0\u00bb][\/et_pb_image][\/et_pb_column][\/et_pb_row][et_pb_row _builder_version=\u00a0\u00bb4.27.4&Prime; _module_preset=\u00a0\u00bbdefault\u00a0\u00bb column_structure=\u00a0\u00bb1_3,1_3,1_3&Prime;][et_pb_column _builder_version=\u00a0\u00bb4.27.4&Prime; _module_preset=\u00a0\u00bbdefault\u00a0\u00bb type=\u00a0\u00bb1_3&Prime;][et_pb_image src=\u00a0\u00bbhttps:\/\/www.vichycatalan.com\/wp-content\/uploads\/2025\/02\/Body-Milk.png\u00a0\u00bb _builder_version=\u00a0\u00bb4.27.4&Prime; _module_preset=\u00a0\u00bbdefault\u00a0\u00bb alt=\u00a0\u00bbBody Milk Oais Thermal Care\u00a0\u00bb title_text=\u00a0\u00bbBody Milk Oais Thermal Care\u00a0\u00bb transform_scale=\u00a0\u00bb80%|80%\u00a0\u00bb hover_enabled=\u00a0\u00bb0&Prime; sticky_enabled=\u00a0\u00bb0&Prime; custom_margin_last_edited=\u00a0\u00bbon|phone\u00a0\u00bb custom_margin_tablet=\u00a0\u00bb-81px||-29px||false|false\u00a0\u00bb custom_margin_phone=\u00a0\u00bb||-7px||false|false\u00a0\u00bb][\/et_pb_image][et_pb_text _builder_version=\u00a0\u00bb4.27.4&Prime; _module_preset=\u00a0\u00bbdefault\u00a0\u00bb text_orientation=\u00a0\u00bbjustified\u00a0\u00bb hover_enabled=\u00a0\u00bb0&Prime; sticky_enabled=\u00a0\u00bb0&Prime;]<\/p>\n<p><strong>BODY MILK OASIS THERMAL CARE<\/strong><\/p>\n<p>\u00c9labor\u00e9 avec de l\u2019eau thermale Vichy Catalan dont la min\u00e9ralisation caract\u00e9ristique et les propri\u00e9t\u00e9s naturelles\u00a0<strong>garantissent un apport essentiel en substances nutritives, hydratantes et apaisantes<\/strong>, n\u00e9cessaires pour garder une peau saine et \u00e9clatante de vitalit\u00e9.<\/p>\n<p>Cette cr\u00e8me pour le corps est\u00a0<strong>enrichie avec de l\u2019extrait de ginseng<\/strong>\u00a0qui\u00a0<strong>hydrate, rafra\u00eechit et tonifie la peau<\/strong>, pour lui rendre son \u00e9lasticit\u00e9 et sa douceur.<\/p>\n<p>Elle est indiqu\u00e9e pour tous types de peaux gr\u00e2ce \u00e0 sa texture douce, l\u00e9g\u00e8re et facile \u00e0 absorber.<\/p>\n<p>[\/et_pb_text][\/et_pb_column][et_pb_column _builder_version=\u00a0\u00bb4.27.4&Prime; _module_preset=\u00a0\u00bbdefault\u00a0\u00bb type=\u00a0\u00bb1_3&Prime;][et_pb_image src=\u00a0\u00bbhttps:\/\/www.vichycatalan.com\/wp-content\/uploads\/2025\/02\/Gel-Oasis-Thermal-care.png\u00a0\u00bb _builder_version=\u00a0\u00bb4.27.4&Prime; _module_preset=\u00a0\u00bbdefault\u00a0\u00bb alt=\u00a0\u00bbGel Oasis Thermal Care\u00a0\u00bb title_text=\u00a0\u00bbGel Oasis Thermal Care\u00a0\u00bb transform_scale=\u00a0\u00bb80%|80%\u00a0\u00bb custom_margin=\u00a0\u00bb45px||||false|false\u00a0\u00bb hover_enabled=\u00a0\u00bb0&Prime; sticky_enabled=\u00a0\u00bb0&Prime; custom_margin_last_edited=\u00a0\u00bbon|phone\u00a0\u00bb custom_margin_tablet=\u00a0\u00bb-32px||-20px||false|false\u00a0\u00bb custom_margin_phone=\u00a0\u00bb||-1px||false|false\u00a0\u00bb][\/et_pb_image][et_pb_text _builder_version=\u00a0\u00bb4.27.4&Prime; _module_preset=\u00a0\u00bbdefault\u00a0\u00bb text_orientation=\u00a0\u00bbjustified\u00a0\u00bb hover_enabled=\u00a0\u00bb0&Prime; sticky_enabled=\u00a0\u00bb0&Prime;]<\/p>\n<p><strong>GEL DE BAIN OASIS THERMAL CARE<\/strong><\/p>\n<p>\u00c9labor\u00e9 avec de l\u2019eau thermale Vichy Catalan, dont la\u00a0<strong>composition riche en min\u00e9raux<\/strong>\u00a0est id\u00e9ale pour la toilette quotidienne de<strong>\u00a0tous types de peaux<\/strong>. Ces min\u00e9raux sont absorb\u00e9s par la peau, pour en prendre soin \u00e0 chaque utilisation. La peau est\u00a0<strong>propre, douce et hydrat\u00e9e<\/strong>.<\/p>\n<p>Le\u00a0<strong>d\u00e9licieux parfum<\/strong>\u00a0d\u2019ac\u00e9rola et sa\u00a0<strong>texture tr\u00e8s agr\u00e9able<\/strong>\u00a0rafra\u00eechissent et nettoient la peau d\u2019une fa\u00e7on unique.<\/p>\n<p>Avec le gel pour le bain Oasis Thermal Care vous plongerez dans un\u00a0<strong>bain de d\u00e9tente et de bien-\u00eatre<\/strong>.<\/p>\n<p>[\/et_pb_text][\/et_pb_column][et_pb_column _builder_version=\u00a0\u00bb4.27.4&Prime; _module_preset=\u00a0\u00bbdefault\u00a0\u00bb type=\u00a0\u00bb1_3&Prime;][et_pb_image src=\u00a0\u00bbhttps:\/\/www.vichycatalan.com\/wp-content\/uploads\/2025\/02\/Champu-Oasis-Thermal-Care.png\u00a0\u00bb _builder_version=\u00a0\u00bb4.27.4&Prime; _module_preset=\u00a0\u00bbdefault\u00a0\u00bb alt=\u00a0\u00bbChamp\u00fa Oasis Thermal Care\u00a0\u00bb title_text=\u00a0\u00bbChamp\u00fa Oasis Thermal Care\u00a0\u00bb transform_scale=\u00a0\u00bb80%|80%\u00a0\u00bb custom_margin=\u00a0\u00bb90px||||false|false\u00a0\u00bb hover_enabled=\u00a0\u00bb0&Prime; sticky_enabled=\u00a0\u00bb0&Prime; custom_margin_last_edited=\u00a0\u00bbon|phone\u00a0\u00bb custom_margin_tablet=\u00a0\u00bb-5px||-26px||false|false\u00a0\u00bb custom_margin_phone=\u00a0\u00bb-9px||1px||false|false\u00a0\u00bb][\/et_pb_image][et_pb_text _builder_version=\u00a0\u00bb4.27.4&Prime; _module_preset=\u00a0\u00bbdefault\u00a0\u00bb hover_enabled=\u00a0\u00bb0&Prime; sticky_enabled=\u00a0\u00bb0&Prime;]<\/p>\n<p><strong>HAMPOING OASIS THERMAL CARE<\/strong><\/p>\n<p>L\u2019<strong>extraordinaire composition en min\u00e9raux<\/strong>\u00a0de l\u2019eau thermale Vichy Catalan, qui est la base de ce shampoing, est id\u00e9ale pour le lavage quotidien de\u00a0<strong>tous types de cheveux<\/strong>.<\/p>\n<p>Le cuir chevelu absorbe les min\u00e9raux, qui le nourrissent \u00e0 chaque lavage. Il est \u00e9galement\u00a0<strong>enrichi avec de l\u2019extrait d\u2019aloe vera<\/strong>, qui hydrate en profondeur les\u00a0<strong>cheveux<\/strong>\u00a0et les laisse\u00a0<strong>soyeux et brillants<\/strong>.<\/p>\n<p>Le\u00a0<strong>d\u00e9licieux parfum<\/strong>\u00a0d\u2019ac\u00e9rola et sa\u00a0<strong>texture tr\u00e8s agr\u00e9able rafra\u00eechissent et nettoient les cheveux<\/strong>\u00a0d\u2019une fa\u00e7on unique.<\/p>\n<p>[\/et_pb_text][\/et_pb_column][\/et_pb_row][et_pb_row _builder_version=\u00a0\u00bb4.27.4&Prime; _module_preset=\u00a0\u00bbdefault\u00a0\u00bb column_structure=\u00a0\u00bb1_3,1_3,1_3&Prime;][et_pb_column _builder_version=\u00a0\u00bb4.27.4&Prime; _module_preset=\u00a0\u00bbdefault\u00a0\u00bb type=\u00a0\u00bb1_3&Prime;][et_pb_image src=\u00a0\u00bbhttps:\/\/www.vichycatalan.com\/wp-content\/uploads\/2025\/02\/Proyecto-nuevo.png\u00a0\u00bb _builder_version=\u00a0\u00bb4.27.4&Prime; _module_preset=\u00a0\u00bbdefault\u00a0\u00bb alt=\u00a0\u00bbGEL HIDROALCOH\u00d3LICO OASIS THERMAL CARE\u00a0\u00bb title_text=\u00a0\u00bbGEL HIDROALCOH\u00d3LICO OASIS THERMAL CARE\u00a0\u00bb transform_scale=\u00a0\u00bb80%|80%\u00a0\u00bb hover_enabled=\u00a0\u00bb0&Prime; sticky_enabled=\u00a0\u00bb0&Prime; custom_margin_last_edited=\u00a0\u00bbon|phone\u00a0\u00bb custom_margin_tablet=\u00a0\u00bb-46px||-10px||false|false\u00a0\u00bb custom_margin_phone=\u00a0\u00bb||-6px||false|false\u00a0\u00bb][\/et_pb_image][et_pb_text _builder_version=\u00a0\u00bb4.27.4&Prime; _module_preset=\u00a0\u00bbdefault\u00a0\u00bb hover_enabled=\u00a0\u00bb0&Prime; sticky_enabled=\u00a0\u00bb0&Prime; text_orientation=\u00a0\u00bbjustified\u00a0\u00bb]<\/p>\n<p><strong>GEL HYDROALCOOLIQUE OASIS THERMAL CARE<\/strong><\/p>\n<p>Sp\u00e9cifiquement con\u00e7u pour\u00a0<strong>garantir une d\u00e9sinfection totale contre les virus et les bact\u00e9ries<\/strong>, sur tous types de peaux gr\u00e2ce \u00e0\u00a0<strong>sa teneur en alcool de 70\u00a0%<\/strong>.<\/p>\n<p>Il\u00a0<strong>contient \u00e9galement de l\u2019aloe vera et de la glyc\u00e9rine<\/strong>, pour pr\u00e9server les\u00a0<strong>mains douces et hydrat\u00e9es<\/strong>. Il se caract\u00e9rise par son\u00a0<strong>odeur neutre, sa texture agr\u00e9able et sa rapide absorption<\/strong>.<\/p>\n<p>Le gel hydroalcoolique Oasis Thermal Care de Vichy Catalan vous\u00a0<strong>garantit la protection et le respect optimums de la peau<\/strong>.<\/p>\n<p>[\/et_pb_text][\/et_pb_column][et_pb_column _builder_version=\u00a0\u00bb4.27.4&Prime; _module_preset=\u00a0\u00bbdefault\u00a0\u00bb type=\u00a0\u00bb1_3&Prime;][et_pb_image src=\u00a0\u00bbhttps:\/\/www.vichycatalan.com\/wp-content\/uploads\/2025\/02\/Agua-Thermal-Oasis-Thermal-Care.png\u00a0\u00bb _builder_version=\u00a0\u00bb4.27.4&Prime; _module_preset=\u00a0\u00bbdefault\u00a0\u00bb alt=\u00a0\u00bbAgua Thermal Oasis Thermal Care\u00a0\u00bb title_text=\u00a0\u00bbAgua Thermal Oasis Thermal Care\u00a0\u00bb transform_scale=\u00a0\u00bb80%|80%\u00a0\u00bb custom_margin=\u00a0\u00bb45px||||false|false\u00a0\u00bb hover_enabled=\u00a0\u00bb0&Prime; sticky_enabled=\u00a0\u00bb0&Prime; custom_margin_last_edited=\u00a0\u00bbon|phone\u00a0\u00bb custom_margin_tablet=\u00a0\u00bb-2px||-21px||false|false\u00a0\u00bb custom_margin_phone=\u00a0\u00bb||1px||false|false\u00a0\u00bb][\/et_pb_image][et_pb_text _builder_version=\u00a0\u00bb4.27.4&Prime; _module_preset=\u00a0\u00bbdefault\u00a0\u00bb hover_enabled=\u00a0\u00bb0&Prime; sticky_enabled=\u00a0\u00bb0&Prime; text_orientation=\u00a0\u00bbjustified\u00a0\u00bb]<\/p>\n<p><strong>EAU THERMALE OASIS THERMAL CARE<\/strong><\/p>\n<p>Sa base d\u2019eau Vichy Catalan \u00e0 la composition unique en min\u00e9raux contribue \u00e0\u00a0<strong>soulager la peau<\/strong>\u00a0irrit\u00e9e et agress\u00e9e par le soleil, par les traitements dermatologiques, le rasage, etc.<\/p>\n<p>Elle procure rapidement une sensation\u00a0<strong>apaisante de fra\u00eecheur et de douceur<\/strong>.<\/p>\n<p>[\/et_pb_text][\/et_pb_column][et_pb_column _builder_version=\u00a0\u00bb4.27.4&Prime; _module_preset=\u00a0\u00bbdefault\u00a0\u00bb type=\u00a0\u00bb1_3&Prime;][et_pb_image src=\u00a0\u00bbhttps:\/\/www.vichycatalan.com\/wp-content\/uploads\/2025\/02\/Proyecto-nuevo-7.png\u00a0\u00bb _builder_version=\u00a0\u00bb4.27.4&Prime; _module_preset=\u00a0\u00bbdefault\u00a0\u00bb alt=\u00a0\u00bbCrema Facial Oasis Thermal Carere\u00a0\u00bb title_text=\u00a0\u00bbCrema Facial Oasis Thermal Carere\u00a0\u00bb custom_margin=\u00a0\u00bb153px||||false|false\u00a0\u00bb hover_enabled=\u00a0\u00bb0&Prime; sticky_enabled=\u00a0\u00bb0&Prime; align_last_edited=\u00a0\u00bbon|phone\u00a0\u00bb align_tablet=\u00a0\u00bbcenter\u00a0\u00bb custom_margin_last_edited=\u00a0\u00bbon|phone\u00a0\u00bb custom_margin_tablet=\u00a0\u00bb50px||-18px||false|false\u00a0\u00bb custom_margin_phone=\u00a0\u00bb8px||||false|false\u00a0\u00bb align_phone=\u00a0\u00bbcenter\u00a0\u00bb][\/et_pb_image][et_pb_text _builder_version=\u00a0\u00bb4.27.4&Prime; _module_preset=\u00a0\u00bbdefault\u00a0\u00bb custom_margin=\u00a0\u00bb50px||||false|false\u00a0\u00bb hover_enabled=\u00a0\u00bb0&Prime; sticky_enabled=\u00a0\u00bb0&Prime; text_orientation=\u00a0\u00bbjustified\u00a0\u00bb]<\/p>\n<p><strong>CR\u00c8ME POUR LE VISAGE OASIS THERMAL CARE<\/strong><\/p>\n<p>Indiqu\u00e9e pour tous types de peaux, en particulier pour les peaux les plus sensibles.<\/p>\n<p>La cr\u00e8me pour le visage Oasis Thermal Care\u00a0<strong>hydrate et r\u00e9pare la peau<\/strong>\u00a0gr\u00e2ce aux min\u00e9raux et nutriments de l\u2019eau Vichy Catalan, qui est la base de ce produit.<\/p>\n<p>Son utilisation quotidienne\u00a0<strong>rend la peau soyeuse et le teint homog\u00e8ne<\/strong>.<\/p>\n<p>[\/et_pb_text][\/et_pb_column][\/et_pb_row][et_pb_row _builder_version=\u00a0\u00bb4.27.4&Prime; _module_preset=\u00a0\u00bbdefault\u00a0\u00bb column_structure=\u00a0\u00bb1_2,1_2&Prime; custom_padding=\u00a0\u00bb63px||102px|||\u00a0\u00bb][et_pb_column _builder_version=\u00a0\u00bb4.27.4&Prime; _module_preset=\u00a0\u00bbdefault\u00a0\u00bb type=\u00a0\u00bb1_2&Prime;][et_pb_text _builder_version=\u00a0\u00bb4.27.4&Prime; _module_preset=\u00a0\u00bbdefault\u00a0\u00bb hover_enabled=\u00a0\u00bb0&Prime; sticky_enabled=\u00a0\u00bb0&Prime; custom_margin_last_edited=\u00a0\u00bbon|phone\u00a0\u00bb custom_margin_tablet=\u00a0\u00bb-21px||||false|false\u00a0\u00bb custom_margin_phone=\u00a0\u00bb-31px||||false|false\u00a0\u00bb]<\/p>\n<p><strong>TROUSSE SOINS DE BASE OASIS THERMAL CARE<\/strong><\/p>\n<p>Pour vous permettre de profiter d\u2019une exp\u00e9rience unique et totale, nous vous proposons une <strong>trousse garnie d\u2019un gel de bain, d\u2019un shampoing et d\u2019un Body Milk<\/strong>.<\/p>\n<p>Vous pourrez profiter de votre propre oasis de paix d\u2019une fa\u00e7on simple et rapide, en b\u00e9n\u00e9ficiant \u00e0 chaque application de tous les bienfaits des produits.<\/p>\n<p>[\/et_pb_text][et_pb_image src=\u00a0\u00bbhttps:\/\/www.vichycatalan.com\/wp-content\/uploads\/2025\/02\/oasis-thermal-care-estuche-cuidado-basico.jpg\u00a0\u00bb _builder_version=\u00a0\u00bb4.27.4&Prime; _module_preset=\u00a0\u00bbdefault\u00a0\u00bb alt=\u00a0\u00bbOasis Thermal Care\u00a0\u00bb title_text=\u00a0\u00bbOasis Thermal Care\u00a0\u00bb transform_scale=\u00a0\u00bb90%|90%\u00a0\u00bb hover_enabled=\u00a0\u00bb0&Prime; sticky_enabled=\u00a0\u00bb0&Prime; custom_margin_last_edited=\u00a0\u00bbon|phone\u00a0\u00bb custom_margin_tablet=\u00a0\u00bb-32px||-36px||false|false\u00a0\u00bb custom_margin_phone=\u00a0\u00bb-32px||-36px||false|false\u00a0\u00bb][\/et_pb_image][\/et_pb_column][et_pb_column _builder_version=\u00a0\u00bb4.27.4&Prime; _module_preset=\u00a0\u00bbdefault\u00a0\u00bb type=\u00a0\u00bb1_2&Prime;][et_pb_image src=\u00a0\u00bbhttps:\/\/www.vichycatalan.com\/wp-content\/uploads\/2025\/02\/Estuche-Oasis-Thermal-Care_.png\u00a0\u00bb _builder_version=\u00a0\u00bb4.27.4&Prime; _module_preset=\u00a0\u00bbdefault\u00a0\u00bb title_text=\u00a0\u00bbEstuche Oasis Thermal Care_\u00a0\u00bb transform_scale=\u00a0\u00bb90%|90%\u00a0\u00bb custom_margin=\u00a0\u00bb-21px||||false|false\u00a0\u00bb hover_enabled=\u00a0\u00bb0&Prime; sticky_enabled=\u00a0\u00bb0&Prime;][\/et_pb_image][\/et_pb_column][\/et_pb_row][et_pb_row module_id=\u00a0\u00bbles-creus-diamant\u00a0\u00bb _builder_version=\u00a0\u00bb4.16&Prime; custom_padding=\u00a0\u00bb||0px|\u00a0\u00bb locked=\u00a0\u00bboff\u00a0\u00bb global_colors_info=\u00a0\u00bb{}\u00a0\u00bb][et_pb_column type=\u00a0\u00bb4_4&Prime; _builder_version=\u00a0\u00bb4.16&Prime; custom_padding=\u00a0\u00bb|||\u00a0\u00bb global_colors_info=\u00a0\u00bb{}\u00a0\u00bb custom_padding__hover=\u00a0\u00bb|||\u00a0\u00bb][et_pb_divider divider_style=\u00a0\u00bbdouble\u00a0\u00bb divider_position=\u00a0\u00bbcenter\u00a0\u00bb divider_weight=\u00a0\u00bb7px\u00a0\u00bb _builder_version=\u00a0\u00bb4.16&Prime; global_colors_info=\u00a0\u00bb{}\u00a0\u00bb]<\/p>\n<p>[\/et_pb_divider][\/et_pb_column][\/et_pb_row][et_pb_row _builder_version=\u00a0\u00bb4.16&Prime; background_size=\u00a0\u00bbinitial\u00a0\u00bb background_position=\u00a0\u00bbtop_left\u00a0\u00bb background_repeat=\u00a0\u00bbrepeat\u00a0\u00bb locked=\u00a0\u00bboff\u00a0\u00bb global_colors_info=\u00a0\u00bb{}\u00a0\u00bb][et_pb_column type=\u00a0\u00bb4_4&Prime; _builder_version=\u00a0\u00bb4.16&Prime; custom_padding=\u00a0\u00bb|||\u00a0\u00bb global_colors_info=\u00a0\u00bb{}\u00a0\u00bb custom_padding__hover=\u00a0\u00bb|||\u00a0\u00bb][et_pb_text _builder_version=\u00a0\u00bb4.27.4&Prime; header_2_font=\u00a0\u00bbHelvetica Neue standar||||||||\u00a0\u00bb header_2_font_size=\u00a0\u00bb39px\u00a0\u00bb background_color=\u00a0\u00bb#ffffff\u00a0\u00bb max_width=\u00a0\u00bb50%\u00a0\u00bb module_alignment=\u00a0\u00bbcenter\u00a0\u00bb custom_margin=\u00a0\u00bb-60px|||\u00a0\u00bb header_2_font_size_tablet=\u00a0\u00bb30px\u00a0\u00bb header_2_font_size_phone=\u00a0\u00bb22px\u00a0\u00bb header_2_font_size_last_edited=\u00a0\u00bbon|phone\u00a0\u00bb inline_fonts=\u00a0\u00bbHelvetica Neue bold\u00a0\u00bb global_colors_info=\u00a0\u00bb{}\u00a0\u00bb]<\/p>\n<h2 style=\"text-align: center;\">PRODUITS <span style=\"font-family: 'Helvetica Neue bold';\">OASIS THERMAL CARE<\/span><\/h2>\n<p>[\/et_pb_text][\/et_pb_column][\/et_pb_row][et_pb_row column_structure=\u00a0\u00bb1_4,1_4,1_4,1_4&Prime; use_custom_gutter=\u00a0\u00bbon\u00a0\u00bb gutter_width=\u00a0\u00bb4&Prime; module_class=\u00a0\u00bbsubmarcas\u00a0\u00bb _builder_version=\u00a0\u00bb4.16&Prime; locked=\u00a0\u00bboff\u00a0\u00bb global_colors_info=\u00a0\u00bb{}\u00a0\u00bb][et_pb_column type=\u00a0\u00bb1_4&Prime; _builder_version=\u00a0\u00bb4.16&Prime; custom_padding=\u00a0\u00bb|||\u00a0\u00bb global_colors_info=\u00a0\u00bb{}\u00a0\u00bb custom_padding__hover=\u00a0\u00bb|||\u00a0\u00bb][et_pb_image src=\u00a0\u00bbhttps:\/\/www.vichycatalan.com\/wp-content\/uploads\/2020\/10\/oasis-thermal-care-gel-hidroalcoholico-500-ml-1.jpg\u00a0\u00bb title_text=\u00a0\u00bboasis-thermal-care-gel-hidroalcoholico-500-ml\u00a0\u00bb show_in_lightbox=\u00a0\u00bbon\u00a0\u00bb use_overlay=\u00a0\u00bbon\u00a0\u00bb overlay_icon_color=\u00a0\u00bb#ffffff\u00a0\u00bb hover_overlay_color=\u00a0\u00bbrgba(252,210,153,0.66)\u00a0\u00bb hover_icon=\u00a0\u00bb&#x55;||divi||400&Prime; show_bottom_space=\u00a0\u00bboff\u00a0\u00bb align=\u00a0\u00bbcenter\u00a0\u00bb align_tablet=\u00a0\u00bbcenter\u00a0\u00bb align_phone=\u00a0\u00bb\u00a0\u00bb align_last_edited=\u00a0\u00bbon|desktop\u00a0\u00bb _builder_version=\u00a0\u00bb4.16&Prime; global_colors_info=\u00a0\u00bb{}\u00a0\u00bb][\/et_pb_image][et_pb_text _builder_version=\u00a0\u00bb4.16&Prime; global_colors_info=\u00a0\u00bb{}\u00a0\u00bb]<\/p>\n<p style=\"text-align: center;\">Gel hydroalcoolique 500 ml<\/p>\n<p>[\/et_pb_text][et_pb_button button_url=\u00a0\u00bbhttps:\/\/latiendavichy.com\/es\/cosmetica\/gel-hidroalcoholico-500ml-oasis-thermal-care?utm_source=gel%20hidroalcoholico%20500ml&#038;utm_medium=referral&#038;utm_campaign=webs_grup&#038;utm_term=body\u00a0\u00bb url_new_window=\u00a0\u00bbon\u00a0\u00bb button_text=\u00a0\u00bbACHETER\u00a0\u00bb button_alignment=\u00a0\u00bbcenter\u00a0\u00bb _builder_version=\u00a0\u00bb4.27.4&Prime; _module_preset=\u00a0\u00bbdefault\u00a0\u00bb global_colors_info=\u00a0\u00bb{}\u00a0\u00bb][\/et_pb_button][\/et_pb_column][et_pb_column type=\u00a0\u00bb1_4&Prime; _builder_version=\u00a0\u00bb4.16&Prime; custom_padding=\u00a0\u00bb|||\u00a0\u00bb global_colors_info=\u00a0\u00bb{}\u00a0\u00bb custom_padding__hover=\u00a0\u00bb|||\u00a0\u00bb][et_pb_image src=\u00a0\u00bbhttps:\/\/www.vichycatalan.com\/wp-content\/uploads\/2020\/10\/oasis-thermal-care-gel-hidroalcoholico-100-ml.jpg\u00a0\u00bb title_text=\u00a0\u00bboasis-thermal-care-gel-hidroalcoholico-100-ml\u00a0\u00bb show_in_lightbox=\u00a0\u00bbon\u00a0\u00bb use_overlay=\u00a0\u00bbon\u00a0\u00bb overlay_icon_color=\u00a0\u00bb#ffffff\u00a0\u00bb hover_overlay_color=\u00a0\u00bbrgba(252,210,153,0.66)\u00a0\u00bb hover_icon=\u00a0\u00bb&#x55;||divi||400&Prime; show_bottom_space=\u00a0\u00bboff\u00a0\u00bb align=\u00a0\u00bbcenter\u00a0\u00bb align_tablet=\u00a0\u00bbcenter\u00a0\u00bb align_phone=\u00a0\u00bb\u00a0\u00bb align_last_edited=\u00a0\u00bbon|desktop\u00a0\u00bb _builder_version=\u00a0\u00bb4.16&Prime; global_colors_info=\u00a0\u00bb{}\u00a0\u00bb][\/et_pb_image][et_pb_text _builder_version=\u00a0\u00bb4.16&Prime; global_colors_info=\u00a0\u00bb{}\u00a0\u00bb]<\/p>\n<p style=\"text-align: center;\">Gel hydroalcoolique 100 ml<\/p>\n<p>[\/et_pb_text][et_pb_button button_url=\u00a0\u00bbhttps:\/\/latiendavichy.com\/es\/cosmetica\/gel-hidroalcoholico-100ml-oasis-thermal-care?utm_source=gel%20hidroalcoholico%20100ml&#038;utm_medium=referral&#038;utm_campaign=webs_grup&#038;utm_term=body\u00a0\u00bb url_new_window=\u00a0\u00bbon\u00a0\u00bb button_text=\u00a0\u00bbACHETER\u00a0\u00bb button_alignment=\u00a0\u00bbcenter\u00a0\u00bb _builder_version=\u00a0\u00bb4.27.4&Prime; _module_preset=\u00a0\u00bbdefault\u00a0\u00bb global_colors_info=\u00a0\u00bb{}\u00a0\u00bb][\/et_pb_button][\/et_pb_column][et_pb_column type=\u00a0\u00bb1_4&Prime; _builder_version=\u00a0\u00bb4.16&Prime; _module_preset=\u00a0\u00bbdefault\u00a0\u00bb global_colors_info=\u00a0\u00bb{}\u00a0\u00bb][et_pb_image src=\u00a0\u00bbhttps:\/\/www.vichycatalan.com\/wp-content\/uploads\/2020\/10\/oasis-thermal-care-gel-de-bano-500-ml.jpg\u00a0\u00bb title_text=\u00a0\u00bboasis-thermal-care-gel-de-bano-500-ml\u00a0\u00bb show_in_lightbox=\u00a0\u00bbon\u00a0\u00bb use_overlay=\u00a0\u00bbon\u00a0\u00bb overlay_icon_color=\u00a0\u00bb#ffffff\u00a0\u00bb hover_overlay_color=\u00a0\u00bbrgba(252,210,153,0.66)\u00a0\u00bb hover_icon=\u00a0\u00bb&#x55;||divi||400&Prime; show_bottom_space=\u00a0\u00bboff\u00a0\u00bb align=\u00a0\u00bbcenter\u00a0\u00bb align_tablet=\u00a0\u00bbcenter\u00a0\u00bb align_phone=\u00a0\u00bb\u00a0\u00bb align_last_edited=\u00a0\u00bbon|desktop\u00a0\u00bb _builder_version=\u00a0\u00bb4.16&Prime; global_colors_info=\u00a0\u00bb{}\u00a0\u00bb][\/et_pb_image][et_pb_text _builder_version=\u00a0\u00bb4.16&Prime; global_colors_info=\u00a0\u00bb{}\u00a0\u00bb]<\/p>\n<p style=\"text-align: center;\">Gel de bain 500 ml<\/p>\n<p>[\/et_pb_text][et_pb_button button_url=\u00a0\u00bbhttps:\/\/latiendavichy.com\/es\/cosmetica\/gel-de-bano-oasis-thermal-care-500ml-1ud?utm_source=gel%20de%20ba\u00f1o&#038;utm_medium=referral&#038;utm_campaign=webs_grup&#038;utm_term=body\u00a0\u00bb button_text=\u00a0\u00bbACHETER\u00a0\u00bb button_alignment=\u00a0\u00bbcenter\u00a0\u00bb _builder_version=\u00a0\u00bb4.27.4&Prime; _module_preset=\u00a0\u00bbdefault\u00a0\u00bb global_colors_info=\u00a0\u00bb{}\u00a0\u00bb][\/et_pb_button][\/et_pb_column][et_pb_column type=\u00a0\u00bb1_4&Prime; _builder_version=\u00a0\u00bb4.16&Prime; custom_padding=\u00a0\u00bb|||\u00a0\u00bb global_colors_info=\u00a0\u00bb{}\u00a0\u00bb custom_padding__hover=\u00a0\u00bb|||\u00a0\u00bb][et_pb_image src=\u00a0\u00bbhttps:\/\/www.vichycatalan.com\/wp-content\/uploads\/2020\/10\/oasis-thermal-care-champu-500-ml.jpg\u00a0\u00bb title_text=\u00a0\u00bboasis-thermal-care-champu-500-ml\u00a0\u00bb show_in_lightbox=\u00a0\u00bbon\u00a0\u00bb use_overlay=\u00a0\u00bbon\u00a0\u00bb overlay_icon_color=\u00a0\u00bb#ffffff\u00a0\u00bb hover_overlay_color=\u00a0\u00bbrgba(252,210,153,0.66)\u00a0\u00bb hover_icon=\u00a0\u00bb&#x55;||divi||400&Prime; show_bottom_space=\u00a0\u00bboff\u00a0\u00bb align=\u00a0\u00bbcenter\u00a0\u00bb align_tablet=\u00a0\u00bbcenter\u00a0\u00bb align_phone=\u00a0\u00bb\u00a0\u00bb align_last_edited=\u00a0\u00bbon|desktop\u00a0\u00bb _builder_version=\u00a0\u00bb4.16&Prime; global_colors_info=\u00a0\u00bb{}\u00a0\u00bb][\/et_pb_image][et_pb_text _builder_version=\u00a0\u00bb4.16&Prime; global_colors_info=\u00a0\u00bb{}\u00a0\u00bb]<\/p>\n<p style=\"text-align: center;\">Shampoing 500 ml<\/p>\n<p>[\/et_pb_text][et_pb_button button_url=\u00a0\u00bbhttps:\/\/latiendavichy.com\/es\/cosmetica\/champu-oasis-thermal-care-500ml-1ud?utm_source=CHAMP\u00da&#038;utm_medium=referral&#038;utm_campaign=webs_grup&#038;utm_term=body\u00a0\u00bb button_text=\u00a0\u00bbACHETER\u00a0\u00bb button_alignment=\u00a0\u00bbcenter\u00a0\u00bb _builder_version=\u00a0\u00bb4.27.4&Prime; _module_preset=\u00a0\u00bbdefault\u00a0\u00bb global_colors_info=\u00a0\u00bb{}\u00a0\u00bb][\/et_pb_button][\/et_pb_column][\/et_pb_row][et_pb_row column_structure=\u00a0\u00bb1_4,1_4,1_4,1_4&Prime; use_custom_gutter=\u00a0\u00bbon\u00a0\u00bb gutter_width=\u00a0\u00bb4&Prime; module_class=\u00a0\u00bbsubmarcas\u00a0\u00bb _builder_version=\u00a0\u00bb4.16&Prime; custom_margin=\u00a0\u00bb||40px||false|false\u00a0\u00bb locked=\u00a0\u00bboff\u00a0\u00bb global_colors_info=\u00a0\u00bb{}\u00a0\u00bb][et_pb_column type=\u00a0\u00bb1_4&Prime; _builder_version=\u00a0\u00bb4.16&Prime; custom_padding=\u00a0\u00bb|||\u00a0\u00bb global_colors_info=\u00a0\u00bb{}\u00a0\u00bb custom_padding__hover=\u00a0\u00bb|||\u00a0\u00bb][et_pb_image src=\u00a0\u00bbhttps:\/\/www.vichycatalan.com\/wp-content\/uploads\/2020\/10\/oasis-thermal-care-body-milk-500-ml.jpg\u00a0\u00bb title_text=\u00a0\u00bboasis-thermal-care-body-milk-500-ml\u00a0\u00bb show_in_lightbox=\u00a0\u00bbon\u00a0\u00bb use_overlay=\u00a0\u00bbon\u00a0\u00bb overlay_icon_color=\u00a0\u00bb#ffffff\u00a0\u00bb hover_overlay_color=\u00a0\u00bbrgba(252,210,153,0.66)\u00a0\u00bb hover_icon=\u00a0\u00bb&#x55;||divi||400&Prime; show_bottom_space=\u00a0\u00bboff\u00a0\u00bb align=\u00a0\u00bbcenter\u00a0\u00bb align_tablet=\u00a0\u00bbcenter\u00a0\u00bb align_phone=\u00a0\u00bb\u00a0\u00bb align_last_edited=\u00a0\u00bbon|desktop\u00a0\u00bb _builder_version=\u00a0\u00bb4.16&Prime; global_colors_info=\u00a0\u00bb{}\u00a0\u00bb][\/et_pb_image][et_pb_text _builder_version=\u00a0\u00bb4.16&Prime; global_colors_info=\u00a0\u00bb{}\u00a0\u00bb]<\/p>\n<p style=\"text-align: center;\">Body milk 500 ml<\/p>\n<p>[\/et_pb_text][et_pb_button button_url=\u00a0\u00bbhttps:\/\/latiendavichy.com\/es\/cosmetica\/body-milk-oasis-thermal-care-500ml-1ud?utm_source=BODY%20MILK&#038;utm_medium=referral&#038;utm_campaign=webs_grup&#038;utm_term=body\u00a0\u00bb button_text=\u00a0\u00bbACHETER\u00a0\u00bb button_alignment=\u00a0\u00bbcenter\u00a0\u00bb _builder_version=\u00a0\u00bb4.27.4&Prime; _module_preset=\u00a0\u00bbdefault\u00a0\u00bb global_colors_info=\u00a0\u00bb{}\u00a0\u00bb][\/et_pb_button][\/et_pb_column][et_pb_column type=\u00a0\u00bb1_4&Prime; _builder_version=\u00a0\u00bb4.16&Prime; custom_padding=\u00a0\u00bb|||\u00a0\u00bb global_colors_info=\u00a0\u00bb{}\u00a0\u00bb custom_padding__hover=\u00a0\u00bb|||\u00a0\u00bb][et_pb_image src=\u00a0\u00bbhttps:\/\/www.vichycatalan.com\/wp-content\/uploads\/2021\/04\/VCH2309-OASIS-THERMAL-CARE-Agua-termal.-250ml-_-800x800px.-abr21.jpg\u00a0\u00bb alt=\u00a0\u00bbAgua Termal Oasis Thermal care\u00a0\u00bb title_text=\u00a0\u00bbVCH2309-OASIS-THERMAL-CARE-Agua-termal.-250ml-_-800x800px.-abr21&Prime; show_in_lightbox=\u00a0\u00bbon\u00a0\u00bb use_overlay=\u00a0\u00bbon\u00a0\u00bb overlay_icon_color=\u00a0\u00bb#ffffff\u00a0\u00bb hover_overlay_color=\u00a0\u00bbrgba(252,210,153,0.66)\u00a0\u00bb hover_icon=\u00a0\u00bb&#x55;||divi||400&Prime; show_bottom_space=\u00a0\u00bboff\u00a0\u00bb align=\u00a0\u00bbcenter\u00a0\u00bb align_tablet=\u00a0\u00bbcenter\u00a0\u00bb align_phone=\u00a0\u00bb\u00a0\u00bb align_last_edited=\u00a0\u00bbon|desktop\u00a0\u00bb _builder_version=\u00a0\u00bb4.27.4&Prime; global_colors_info=\u00a0\u00bb{}\u00a0\u00bb][\/et_pb_image][et_pb_text _builder_version=\u00a0\u00bb4.16&Prime; global_colors_info=\u00a0\u00bb{}\u00a0\u00bb]<\/p>\n<p style=\"text-align: center;\">Eau thermale 500 ml<\/p>\n<p>[\/et_pb_text][et_pb_button button_url=\u00a0\u00bbhttps:\/\/latiendavichy.com\/es\/cosmetica\/agua-termal-oasis-thermal-care-250ml-1ud?utm_source=agua%20termal&#038;utm_medium=referral&#038;utm_campaign=webs_grup&#038;utm_term=body\u00a0\u00bb button_text=\u00a0\u00bbACHETER\u00a0\u00bb button_alignment=\u00a0\u00bbcenter\u00a0\u00bb _builder_version=\u00a0\u00bb4.27.4&Prime; _module_preset=\u00a0\u00bbdefault\u00a0\u00bb global_colors_info=\u00a0\u00bb{}\u00a0\u00bb][\/et_pb_button][\/et_pb_column][et_pb_column type=\u00a0\u00bb1_4&Prime; _builder_version=\u00a0\u00bb4.16&Prime; _module_preset=\u00a0\u00bbdefault\u00a0\u00bb global_colors_info=\u00a0\u00bb{}\u00a0\u00bb][et_pb_image src=\u00a0\u00bbhttps:\/\/www.vichycatalan.com\/wp-content\/uploads\/2020\/10\/oasis-thermal-care-crema-facial-50-ml.jpg\u00a0\u00bb title_text=\u00a0\u00bboasis-thermal-care-crema-facial-50-ml\u00a0\u00bb show_in_lightbox=\u00a0\u00bbon\u00a0\u00bb use_overlay=\u00a0\u00bbon\u00a0\u00bb overlay_icon_color=\u00a0\u00bb#ffffff\u00a0\u00bb hover_overlay_color=\u00a0\u00bbrgba(252,210,153,0.66)\u00a0\u00bb hover_icon=\u00a0\u00bb&#x55;||divi||400&Prime; show_bottom_space=\u00a0\u00bboff\u00a0\u00bb align=\u00a0\u00bbcenter\u00a0\u00bb align_tablet=\u00a0\u00bbcenter\u00a0\u00bb align_phone=\u00a0\u00bb\u00a0\u00bb align_last_edited=\u00a0\u00bbon|desktop\u00a0\u00bb _builder_version=\u00a0\u00bb4.16&Prime; global_colors_info=\u00a0\u00bb{}\u00a0\u00bb][\/et_pb_image][et_pb_text _builder_version=\u00a0\u00bb4.16&Prime; global_colors_info=\u00a0\u00bb{}\u00a0\u00bb]<\/p>\n<p style=\"text-align: center;\">Cr\u00e8me pour le visage 50 ml<\/p>\n<p>[\/et_pb_text][et_pb_button button_url=\u00a0\u00bbhttps:\/\/latiendavichy.com\/es\/cosmetica\/crema-facial-oasis-thermal-care-50ml-1ud?utm_source=CREMA%20FACIAL&#038;utm_medium=referral&#038;utm_campaign=webs_grup&#038;utm_term=body\u00a0\u00bb button_text=\u00a0\u00bbACHETER\u00a0\u00bb button_alignment=\u00a0\u00bbcenter\u00a0\u00bb _builder_version=\u00a0\u00bb4.27.4&Prime; _module_preset=\u00a0\u00bbdefault\u00a0\u00bb global_colors_info=\u00a0\u00bb{}\u00a0\u00bb][\/et_pb_button][\/et_pb_column][et_pb_column type=\u00a0\u00bb1_4&Prime; _builder_version=\u00a0\u00bb4.16&Prime; custom_padding=\u00a0\u00bb|||\u00a0\u00bb global_colors_info=\u00a0\u00bb{}\u00a0\u00bb custom_padding__hover=\u00a0\u00bb|||\u00a0\u00bb][et_pb_image src=\u00a0\u00bbhttps:\/\/www.vichycatalan.com\/wp-content\/uploads\/2020\/10\/oasis-thermal-care-estuche-cuidado-basico.jpg\u00a0\u00bb title_text=\u00a0\u00bboasis-thermal-care-estuche-cuidado-basico\u00a0\u00bb show_in_lightbox=\u00a0\u00bbon\u00a0\u00bb use_overlay=\u00a0\u00bbon\u00a0\u00bb overlay_icon_color=\u00a0\u00bb#ffffff\u00a0\u00bb hover_overlay_color=\u00a0\u00bbrgba(252,210,153,0.66)\u00a0\u00bb hover_icon=\u00a0\u00bb&#x55;||divi||400&Prime; show_bottom_space=\u00a0\u00bboff\u00a0\u00bb align=\u00a0\u00bbcenter\u00a0\u00bb align_tablet=\u00a0\u00bbcenter\u00a0\u00bb align_phone=\u00a0\u00bb\u00a0\u00bb align_last_edited=\u00a0\u00bbon|desktop\u00a0\u00bb _builder_version=\u00a0\u00bb4.16&Prime; global_colors_info=\u00a0\u00bb{}\u00a0\u00bb][\/et_pb_image][et_pb_text _builder_version=\u00a0\u00bb4.16&Prime; global_colors_info=\u00a0\u00bb{}\u00a0\u00bb]<\/p>\n<p style=\"text-align: center;\">Trousse soins de base\u00a0<\/p>\n<p>[\/et_pb_text][et_pb_button button_url=\u00a0\u00bbhttps:\/\/latiendavichy.com\/es\/cosmetica\/kit-cuidado-basico-oasis-thermal-care-500ml-3ud?utm_source=ESTUCHE&#038;utm_medium=referral&#038;utm_campaign=webs_grup&#038;utm_term=\u00a0\u00bb button_text=\u00a0\u00bbACHETER\u00a0\u00bb button_alignment=\u00a0\u00bbcenter\u00a0\u00bb _builder_version=\u00a0\u00bb4.27.4&Prime; _module_preset=\u00a0\u00bbdefault\u00a0\u00bb global_colors_info=\u00a0\u00bb{}\u00a0\u00bb][\/et_pb_button][\/et_pb_column][\/et_pb_row][\/et_pb_section][et_pb_section fb_built=\u00a0\u00bb1&Prime; fullwidth=\u00a0\u00bbon\u00a0\u00bb admin_label=\u00a0\u00bbfondo colores\u00a0\u00bb module_class=\u00a0\u00bbstop\u00a0\u00bb _builder_version=\u00a0\u00bb4.16&Prime; background_image=\u00a0\u00bbhttps:\/\/www.vichycatalan.com\/wp-content\/uploads\/2018\/10\/trencadis-corporate.png\u00a0\u00bb background_position=\u00a0\u00bbtop_center\u00a0\u00bb background_repeat=\u00a0\u00bbrepeat-x\u00a0\u00bb custom_padding=\u00a0\u00bb190px||||false|false\u00a0\u00bb global_colors_info=\u00a0\u00bb{}\u00a0\u00bb][\/et_pb_section]<\/p>\n","protected":false},"excerpt":{"rendered":"<p>En 1881, le Dr. Modest Furest d\u00e9couvrait la\u00a0source de Vichy Catalan, une source de bien-\u00eatre unique au monde. Ses eaux jaillissent d\u2019une fa\u00e7on diff\u00e9rente, naturellement gazeuses, \u00e0 une temp\u00e9rature de 60\u00a0\u00baC et avec une\u00a0composition de min\u00e9raux extraordinaire. Les caract\u00e9ristiques exceptionnelles de\u00a0l\u2019eau thermale Vichy Catalan lui\u00a0conf\u00e8rent\u00a0de nombreux bienfaits pour la sant\u00e9, c\u2019est pourquoi elle a \u00e9t\u00e9 [&hellip;]<\/p>\n","protected":false},"author":1,"featured_media":0,"parent":9796,"menu_order":0,"comment_status":"closed","ping_status":"closed","template":"","meta":{"_acf_changed":false,"_et_pb_use_builder":"on","_et_pb_old_content":"","_et_gb_content_width":"","footnotes":""},"class_list":["post-17688","page","type-page","status-publish","hentry"],"acf":{"pagina_de_marca":"si","campos_de_marca":{"marca_titulo":"Oasis Thermal Care","marca_eslogan":"Soin thermal aux propri\u00e9t\u00e9s min\u00e9rales et m\u00e9dicinales","marca_logo":"https:\/\/www.vichycatalan.com\/wp-content\/uploads\/2020\/10\/oasis-thermal-care-logohead.jpg","marca_descripcion":"<p><span class=\"et-dropcap\">E<\/span>n 1881, le Dr. Modest Furest d\u00e9couvrait la <strong>source de Vichy Catalan, une source de bien-\u00eatre unique au monde<\/strong>. <\/p>\n<p>Ses eaux jaillissent d\u2019une fa\u00e7on diff\u00e9rente, naturellement gazeuses, \u00e0 une temp\u00e9rature de 60\u00a0\u00baC et avec une <strong>composition de min\u00e9raux extraordinaire<\/strong>. <\/p>\n<p>Les caract\u00e9ristiques exceptionnelles de <strong>l\u2019eau thermale Vichy Catalan lui<\/strong> conf\u00e8rent <strong>de nombreux bienfaits pour la sant\u00e9<\/strong>, c\u2019est pourquoi elle a \u00e9t\u00e9 utilis\u00e9e comme centre <strong>de soins thermaux de l\u2019H\u00f4tel station baln\u00e9aire Vichy Catalan<\/strong>, o\u00f9 les clients plongent dans une v\u00e9ritable <strong>oasis de calme et de bien-\u00eatre<\/strong>. <\/p>\n<p>L\u2019eau thermale Vichy Catalan est la base de la <strong>toute nouvelle s\u00e9lection de produits Oasis Thermal Care<\/strong>, qui r\u00e9unissent sous diff\u00e9rents produits les <strong>merveilleuses propri\u00e9t\u00e9s et bienfaits min\u00e9raux et m\u00e9dicinaux<\/strong>. <\/p>\n<p>La gamme de produits Oasis Thermal Care vous permet de <strong>cr\u00e9er et de d\u00e9couvrir votre propre paradis de s\u00e9r\u00e9nit\u00e9 et de confort<\/strong>.<\/p>\n","marca_foto":"https:\/\/www.vichycatalan.com\/wp-content\/uploads\/2020\/10\/oasis-thermal-care-main.jpg","marca_bodegon":"https:\/\/www.vichycatalan.com\/wp-content\/uploads\/2020\/10\/bodegon-oasis-thermal-care.jpg"}},"yoast_head":"<!-- This site is optimized with the Yoast SEO plugin v27.5 - https:\/\/yoast.com\/product\/yoast-seo-wordpress\/ -->\n<title>Oasis Thermal Care - Vichy Catalan Corporation<\/title>\n<meta name=\"description\" content=\"Oasis Thermal Care, produits d\u2019hygi\u00e8ne personnelle, confectionn\u00e9s avec de l\u2019eau thermale Vichy Catalan. Prends soin de ta peau?\" \/>\n<meta name=\"robots\" content=\"index, follow, max-snippet:-1, max-image-preview:large, max-video-preview:-1\" \/>\n<link rel=\"canonical\" href=\"https:\/\/www.vichycatalan.com\/fr\/nos-marques\/oasis-thermal-care\/\" \/>\n<meta property=\"og:locale\" content=\"fr_FR\" \/>\n<meta property=\"og:type\" content=\"article\" \/>\n<meta property=\"og:title\" content=\"Oasis Thermal Care - Vichy Catalan Corporation\" \/>\n<meta property=\"og:description\" content=\"Oasis Thermal Care, produits d\u2019hygi\u00e8ne personnelle, confectionn\u00e9s avec de l\u2019eau thermale Vichy Catalan. Prends soin de ta peau?\" \/>\n<meta property=\"og:url\" content=\"https:\/\/www.vichycatalan.com\/fr\/nos-marques\/oasis-thermal-care\/\" \/>\n<meta property=\"og:site_name\" content=\"Vichy Catalan Corporation\" \/>\n<meta property=\"article:modified_time\" content=\"2025-03-13T08:29:54+00:00\" \/>\n<meta name=\"twitter:card\" content=\"summary_large_image\" \/>\n<meta name=\"twitter:label1\" content=\"Dur\u00e9e de lecture estim\u00e9e\" \/>\n\t<meta name=\"twitter:data1\" content=\"8 minutes\" \/>\n<script type=\"application\/ld+json\" class=\"yoast-schema-graph\">{\"@context\":\"https:\\\/\\\/schema.org\",\"@graph\":[{\"@type\":\"WebPage\",\"@id\":\"https:\\\/\\\/www.vichycatalan.com\\\/fr\\\/nos-marques\\\/oasis-thermal-care\\\/\",\"url\":\"https:\\\/\\\/www.vichycatalan.com\\\/fr\\\/nos-marques\\\/oasis-thermal-care\\\/\",\"name\":\"Oasis Thermal Care - Vichy Catalan Corporation\",\"isPartOf\":{\"@id\":\"https:\\\/\\\/www.vichycatalan.com\\\/fr\\\/#website\"},\"datePublished\":\"2020-10-09T07:10:35+00:00\",\"dateModified\":\"2025-03-13T08:29:54+00:00\",\"description\":\"Oasis Thermal Care, produits d\u2019hygi\u00e8ne personnelle, confectionn\u00e9s avec de l\u2019eau thermale Vichy Catalan. Prends soin de ta peau?\",\"breadcrumb\":{\"@id\":\"https:\\\/\\\/www.vichycatalan.com\\\/fr\\\/nos-marques\\\/oasis-thermal-care\\\/#breadcrumb\"},\"inLanguage\":\"fr-FR\",\"potentialAction\":[{\"@type\":\"ReadAction\",\"target\":[\"https:\\\/\\\/www.vichycatalan.com\\\/fr\\\/nos-marques\\\/oasis-thermal-care\\\/\"]}]},{\"@type\":\"BreadcrumbList\",\"@id\":\"https:\\\/\\\/www.vichycatalan.com\\\/fr\\\/nos-marques\\\/oasis-thermal-care\\\/#breadcrumb\",\"itemListElement\":[{\"@type\":\"ListItem\",\"position\":1,\"name\":\"Portada\",\"item\":\"https:\\\/\\\/www.vichycatalan.com\\\/fr\\\/\"},{\"@type\":\"ListItem\",\"position\":2,\"name\":\"Nos marques\",\"item\":\"https:\\\/\\\/www.vichycatalan.com\\\/fr\\\/nos-marques\\\/\"},{\"@type\":\"ListItem\",\"position\":3,\"name\":\"Oasis Thermal Care\"}]},{\"@type\":\"WebSite\",\"@id\":\"https:\\\/\\\/www.vichycatalan.com\\\/fr\\\/#website\",\"url\":\"https:\\\/\\\/www.vichycatalan.com\\\/fr\\\/\",\"name\":\"Vichy Catalan Corporation\",\"description\":\"Web de Vichy Catalan Corporation\",\"potentialAction\":[{\"@type\":\"SearchAction\",\"target\":{\"@type\":\"EntryPoint\",\"urlTemplate\":\"https:\\\/\\\/www.vichycatalan.com\\\/fr\\\/?s={search_term_string}\"},\"query-input\":{\"@type\":\"PropertyValueSpecification\",\"valueRequired\":true,\"valueName\":\"search_term_string\"}}],\"inLanguage\":\"fr-FR\"}]}<\/script>\n<!-- \/ Yoast SEO plugin. -->","yoast_head_json":{"title":"Oasis Thermal Care - Vichy Catalan Corporation","description":"Oasis Thermal Care, produits d\u2019hygi\u00e8ne personnelle, confectionn\u00e9s avec de l\u2019eau thermale Vichy Catalan. Prends soin de ta peau?","robots":{"index":"index","follow":"follow","max-snippet":"max-snippet:-1","max-image-preview":"max-image-preview:large","max-video-preview":"max-video-preview:-1"},"canonical":"https:\/\/www.vichycatalan.com\/fr\/nos-marques\/oasis-thermal-care\/","og_locale":"fr_FR","og_type":"article","og_title":"Oasis Thermal Care - Vichy Catalan Corporation","og_description":"Oasis Thermal Care, produits d\u2019hygi\u00e8ne personnelle, confectionn\u00e9s avec de l\u2019eau thermale Vichy Catalan. Prends soin de ta peau?","og_url":"https:\/\/www.vichycatalan.com\/fr\/nos-marques\/oasis-thermal-care\/","og_site_name":"Vichy Catalan Corporation","article_modified_time":"2025-03-13T08:29:54+00:00","twitter_card":"summary_large_image","twitter_misc":{"Dur\u00e9e de lecture estim\u00e9e":"8 minutes"},"schema":{"@context":"https:\/\/schema.org","@graph":[{"@type":"WebPage","@id":"https:\/\/www.vichycatalan.com\/fr\/nos-marques\/oasis-thermal-care\/","url":"https:\/\/www.vichycatalan.com\/fr\/nos-marques\/oasis-thermal-care\/","name":"Oasis Thermal Care - Vichy Catalan Corporation","isPartOf":{"@id":"https:\/\/www.vichycatalan.com\/fr\/#website"},"datePublished":"2020-10-09T07:10:35+00:00","dateModified":"2025-03-13T08:29:54+00:00","description":"Oasis Thermal Care, produits d\u2019hygi\u00e8ne personnelle, confectionn\u00e9s avec de l\u2019eau thermale Vichy Catalan. Prends soin de ta peau?","breadcrumb":{"@id":"https:\/\/www.vichycatalan.com\/fr\/nos-marques\/oasis-thermal-care\/#breadcrumb"},"inLanguage":"fr-FR","potentialAction":[{"@type":"ReadAction","target":["https:\/\/www.vichycatalan.com\/fr\/nos-marques\/oasis-thermal-care\/"]}]},{"@type":"BreadcrumbList","@id":"https:\/\/www.vichycatalan.com\/fr\/nos-marques\/oasis-thermal-care\/#breadcrumb","itemListElement":[{"@type":"ListItem","position":1,"name":"Portada","item":"https:\/\/www.vichycatalan.com\/fr\/"},{"@type":"ListItem","position":2,"name":"Nos marques","item":"https:\/\/www.vichycatalan.com\/fr\/nos-marques\/"},{"@type":"ListItem","position":3,"name":"Oasis Thermal Care"}]},{"@type":"WebSite","@id":"https:\/\/www.vichycatalan.com\/fr\/#website","url":"https:\/\/www.vichycatalan.com\/fr\/","name":"Vichy Catalan Corporation","description":"Web de Vichy Catalan Corporation","potentialAction":[{"@type":"SearchAction","target":{"@type":"EntryPoint","urlTemplate":"https:\/\/www.vichycatalan.com\/fr\/?s={search_term_string}"},"query-input":{"@type":"PropertyValueSpecification","valueRequired":true,"valueName":"search_term_string"}}],"inLanguage":"fr-FR"}]}},"_links":{"self":[{"href":"https:\/\/www.vichycatalan.com\/fr\/wp-json\/wp\/v2\/pages\/17688","targetHints":{"allow":["GET"]}}],"collection":[{"href":"https:\/\/www.vichycatalan.com\/fr\/wp-json\/wp\/v2\/pages"}],"about":[{"href":"https:\/\/www.vichycatalan.com\/fr\/wp-json\/wp\/v2\/types\/page"}],"author":[{"embeddable":true,"href":"https:\/\/www.vichycatalan.com\/fr\/wp-json\/wp\/v2\/users\/1"}],"replies":[{"embeddable":true,"href":"https:\/\/www.vichycatalan.com\/fr\/wp-json\/wp\/v2\/comments?post=17688"}],"version-history":[{"count":0,"href":"https:\/\/www.vichycatalan.com\/fr\/wp-json\/wp\/v2\/pages\/17688\/revisions"}],"up":[{"embeddable":true,"href":"https:\/\/www.vichycatalan.com\/fr\/wp-json\/wp\/v2\/pages\/9796"}],"wp:attachment":[{"href":"https:\/\/www.vichycatalan.com\/fr\/wp-json\/wp\/v2\/media?parent=17688"}],"curies":[{"name":"wp","href":"https:\/\/api.w.org\/{rel}","templated":true}]}}