{"id":9604,"date":"2019-03-06T17:59:20","date_gmt":"2019-03-06T16:59:20","guid":{"rendered":"https:\/\/www.vichycatalan.com\/politica-de-galetes\/"},"modified":"2019-04-26T14:12:22","modified_gmt":"2019-04-26T12:12:22","slug":"politica-de-galetes","status":"publish","type":"page","link":"https:\/\/www.vichycatalan.com\/ca\/politica-de-galetes\/","title":{"rendered":"Pol\u00edtica de galetes"},"content":{"rendered":"<p>[et_pb_section fb_built=&#8221;1&#8243; fullwidth=&#8221;on&#8221; _builder_version=&#8221;3.22.3&#8243; custom_padding=&#8221;||||false|false&#8221; bottom_divider_color=&#8221;#ffffff&#8221; bottom_divider_height=&#8221;50px&#8221;][et_pb_fullwidth_header title=&#8221;Pol\u00edtica de galetes&#8221; background_overlay_color=&#8221;rgba(44,42,41,0.44)&#8221; content_max_width=&#8221;60%&#8221; content_max_width_tablet=&#8221;100%&#8221; content_max_width_last_edited=&#8221;on|phone&#8221; _builder_version=&#8221;3.19.18&#8243; title_font=&#8221;Helvetica Neue standar|700|||||||&#8221; title_font_size=&#8221;56px&#8221; title_text_shadow_style=&#8221;preset1&#8243; content_text_align=&#8221;left&#8221; content_font_size=&#8221;23px&#8221; content_line_height=&#8221;1.1em&#8221; content_text_shadow_style=&#8221;preset1&#8243; background_image=&#8221;https:\/\/www.vichycatalan.com\/wp-content\/uploads\/2018\/11\/quienes-somos.jpg&#8221; parallax=&#8221;on&#8221; parallax_method=&#8221;on&#8221; custom_margin=&#8221;0px|0px|0px|0px&#8221; custom_padding=&#8221;100px|0px|200px|0px&#8221; custom_padding_tablet=&#8221;50px|0px|150px|0px&#8221; custom_padding_phone=&#8221;0px||100px&#8221; custom_padding_last_edited=&#8221;on|phone&#8221; text_shadow_style=&#8221;preset1&#8243; divienhancer_set=&#8221;none&#8221;][\/et_pb_fullwidth_header][\/et_pb_section][et_pb_section fb_built=&#8221;1&#8243; _builder_version=&#8221;3.22.3&#8243; background_video_width=&#8221;1280&#8243; background_video_height=&#8221;720&#8243; custom_margin=&#8221;||&#8221; custom_padding=&#8221;0|0px|16px|0px|false|false&#8221; top_divider_color=&#8221;#ffffff&#8221; top_divider_height=&#8221;50px&#8221; bottom_divider_color=&#8221;#c1c1c1&#8243; bottom_divider_height=&#8221;136px&#8221;][et_pb_row _builder_version=&#8221;3.22.3&#8243; background_size=&#8221;initial&#8221; background_position=&#8221;top_left&#8221; background_repeat=&#8221;repeat&#8221;][et_pb_column type=&#8221;4_4&#8243; _builder_version=&#8221;3.0.47&#8243;][et_pb_text _builder_version=&#8221;3.19.18&#8243; divienhancer_set=&#8221;none&#8221;]<\/p>\n<h3>Qu\u00e8 \u00e9s una galeta?<\/h3>\n<p>Una galeta \u00e9s un fitxer que es descarrega a l&#8217;ordinador quan l&#8217;usuari entra a determinades p\u00e0gines web. Les galetes permeten que una p\u00e0gina web, entre altres accions, desi i recuperi informaci\u00f3 sobre els h\u00e0bits de navegaci\u00f3 d&#8217;un usuari o del seu equip i, depenent de la informaci\u00f3 que continguin i de com faci servir l&#8217;equip, es poden utilitzar per recon\u00e8ixer l&#8217;usuari.<br \/>\n[\/et_pb_text][\/et_pb_column][\/et_pb_row][et_pb_row _builder_version=&#8221;3.22.3&#8243; background_size=&#8221;initial&#8221; background_position=&#8221;top_left&#8221; background_repeat=&#8221;repeat&#8221;][et_pb_column type=&#8221;4_4&#8243; _builder_version=&#8221;3.0.47&#8243;][et_pb_text _builder_version=&#8221;3.19.18&#8243; divienhancer_set=&#8221;none&#8221;]<\/p>\n<h3>Quins tipus de galetes hi ha?<\/h3>\n<p>Hi ha diversos tipus de galetes segons diversos criteris:<\/p>\n<p>Segons el temps que es mantenen activades:<\/p>\n<ul>\n<li>Galetes de sessi\u00f3. S\u00f3n un tipus de galetes dissenyades per obtenir i desar dades mentre l&#8217;usuari entra a una p\u00e0gina web.<\/li>\n<li>Galetes permanents. S\u00f3n un tipus de galetes en qu\u00e8 les dades continuen desades al terminal i es poden consultar i tractar durant un per\u00edode definit pel responsable de la galeta.<\/li>\n<\/ul>\n<p>Segons la titularitat:<\/p>\n<ul>\n<li>Galetes pr\u00f2pies. S\u00f3n les que pertanyen a PREMIUM MIX GROUP, SL.<\/li>\n<li>Galetes de tercers. S\u00f3n les que tenen titularitat d&#8217;un tercer, diferent de PREMIUM MIX GROUP, SL, que tractar\u00e0 la informaci\u00f3 obtinguda.<\/li>\n<\/ul>\n<p>Segons la seva finalitat:<\/p>\n<ul>\n<li>Galetes t\u00e8cniques o de personalitzaci\u00f3. S\u00f3n les que serveixen per millorar el servei, localitzar incid\u00e8ncies, recon\u00e8ixer l&#8217;usuari, etc.<\/li>\n<li>Galetes d&#8217;an\u00e0lisi o de publicitat. S\u00f3n les que serveixen per analitzar informaci\u00f3 sobre la navegaci\u00f3 i oferir publicitat, sigui gen\u00e8rica o personalitzada.<\/li>\n<\/ul>\n<p>[\/et_pb_text][\/et_pb_column][\/et_pb_row][et_pb_row _builder_version=&#8221;3.22.3&#8243; background_size=&#8221;initial&#8221; background_position=&#8221;top_left&#8221; background_repeat=&#8221;repeat&#8221;][et_pb_column type=&#8221;4_4&#8243; _builder_version=&#8221;3.0.47&#8243;][et_pb_text _builder_version=&#8221;3.19.18&#8243; divienhancer_set=&#8221;none&#8221;]<\/p>\n<h3>Quins tipus de galetes s\u00f3n m\u00e9s habituals?<\/h3>\n<p>T\u00c8CNIQUES: s\u00f3n galetes PR\u00d2PIES, de sessi\u00f3, d&#8217;identificaci\u00f3, de configuraci\u00f3 i de registre, estrictament necess\u00e0ries per a la identificaci\u00f3 de l&#8217;usuari i per a la prestaci\u00f3 dels serveis sol\u00b7licitats per l&#8217;usuari. La informaci\u00f3 obtinguda per mitj\u00e0 d&#8217;aquestes galetes solament \u00e9s tractada per PREMIUM MIX GROUP, SL.<\/p>\n<p>D&#8217;AN\u00c0LISI: s\u00f3n les que, ben tractades per nosaltres o per tercers, ens permeten quantificar els usuaris i aix\u00ed fer el mesurament i l&#8217;an\u00e0lisi estad\u00edstica de l&#8217;\u00fas que fan els usuaris del servei ofert. Per fer-ho s&#8217;analitza la seva navegaci\u00f3 al nostre lloc web amb la finalitat de millorar l&#8217;oferta de productes o serveis que li oferim.<\/p>\n<p>DE PUBLICITAT: s\u00f3n les que, ben tractades per nosaltres o per tercers, permeten gestionar, de la manera m\u00e9s efica\u00e7 possible, els espais publicitaris que es poden incloure al nostre lloc web o desen informaci\u00f3 del comportament dels usuaris obtinguda per mitj\u00e0 de l&#8217;observaci\u00f3 continuada. Gr\u00e0cies a aquestes galetes podem con\u00e8ixer els h\u00e0bits de navegaci\u00f3 a Internet i li podem mostrar publicitat relacionada amb el seu perfil de navegaci\u00f3.<br \/>\n[\/et_pb_text][\/et_pb_column][\/et_pb_row][et_pb_row _builder_version=&#8221;3.22.3&#8243; background_size=&#8221;initial&#8221; background_position=&#8221;top_left&#8221; background_repeat=&#8221;repeat&#8221;][et_pb_column type=&#8221;4_4&#8243; _builder_version=&#8221;3.0.47&#8243;][et_pb_text _builder_version=&#8221;3.19.18&#8243; divienhancer_set=&#8221;none&#8221;]<\/p>\n<h3>De qu\u00e8 serveix una galeta?<\/h3>\n<p>Les galetes s&#8217;utilitzen per oferir-li serveis o publicitat personalitzats, per analitzar el funcionament del sistema, recon\u00e8ixer-lo quan accedeix com a usuari, localitzar incid\u00e8ncies i problemes i solucionar-los com m\u00e9s aviat millor, aix\u00ed com analitzar i mesurar l&#8217;\u00fas i l&#8217;activitat del lloc web.<br \/>\n[\/et_pb_text][\/et_pb_column][\/et_pb_row][et_pb_row _builder_version=&#8221;3.22.3&#8243; background_size=&#8221;initial&#8221; background_position=&#8221;top_left&#8221; background_repeat=&#8221;repeat&#8221;][et_pb_column type=&#8221;4_4&#8243; _builder_version=&#8221;3.0.47&#8243;][et_pb_text _builder_version=&#8221;3.19.18&#8243; divienhancer_set=&#8221;none&#8221;]<\/p>\n<h3>Cal el meu consentiment per instal\u00b7lar una galeta?<\/h3>\n<p>No \u00e9s necessari el consentiment per instal\u00b7lar galetes t\u00e8cniques o estrictament necess\u00e0ries per prestar un servei de la societat de la informaci\u00f3 sol\u00b7licitat de manera expressa pel destinatari.<\/p>\n<p>Per a la resta, s\u00ed que cal el consentiment de l&#8217;interessat. Aquest consentiment es pot sol\u00b7licitar per diferents vies. En el cas de PREMIUM MIX GROUP, SL, s&#8217;ent\u00e9n atorgat si continua fent servir el lloc web, sense perjudici que en qualsevol moment el podr\u00e0 revocar i desactivar les galetes.<br \/>\n[\/et_pb_text][\/et_pb_column][\/et_pb_row][et_pb_row _builder_version=&#8221;3.22.3&#8243; background_size=&#8221;initial&#8221; background_position=&#8221;top_left&#8221; background_repeat=&#8221;repeat&#8221;][et_pb_column type=&#8221;4_4&#8243; _builder_version=&#8221;3.0.47&#8243;][et_pb_text _builder_version=&#8221;3.19.18&#8243; divienhancer_set=&#8221;none&#8221;]<\/p>\n<h3>Quins tipus de galetes utilitza aquest lloc web?<\/h3>\n<p>Galetes t\u00e8cniques: s\u00f3n les creades i gestionades solament per nosaltres i permeten a l&#8217;usuari navegar pel nostre lloc web i fer servir opcions com ara identificar la sessi\u00f3, personalitzar informaci\u00f3 o accedir a zones d&#8217;acc\u00e9s restringit.<\/p>\n<p>El lloc web de PREMIUM MIX GROUP, SL, utilitza (o pot utilitzar) Google Analytics, una eina anal\u00edtica web desenvolupada per Google que ajuda els propietaris de llocs web a mesurar com interactuen els usuaris amb el contingut del lloc. Per prestar aquests serveis, Google Analytics fa servir galetes que recopilen la informaci\u00f3, inclosa l&#8217;adre\u00e7a IP de l&#8217;usuari, que Google transmetr\u00e0, tractar\u00e0 i emmagatzemar\u00e0 en els termes fixats al web Google.com.<br \/>\nM\u00e9s informaci\u00f3 a:<\/p>\n<p><a href=\"https:\/\/developers.google.com\/analytics\/devguides\/collection\/analyticsjs\/cookie-usage\">https:\/\/developers.google.com\/analytics\/devguides\/collection\/analyticsjs\/cookie-usage<\/a><\/p>\n<p>El domini web www.vichycatalan.com fa servir els tipus de galetes seg\u00fcents:<\/p>\n<table>\n<thead>\n<tr>\n<td style=\"padding: 10px 10px;background: #d6d6d6;width: 170px;text-align: center\">Nom de la galeta<\/td>\n<td style=\"padding: 10px 10px;background: #d6d6d6\">Finalitat<\/td>\n<td style=\"padding: 10px 10px;background: #d6d6d6;width: 140px;text-align: center\">Expira<\/td>\n<\/tr>\n<\/thead>\n<tbody>\n<tr>\n<td style=\"padding: 5px 10px;vertical-align: top;text-align: center;border: 1px solid #d6d6d6\">_ga<\/td>\n<td style=\"padding: 5px 10px;vertical-align: top;border: 1px solid #d6d6d6\">S&#8217;utilitza per diferenciar entre usuaris i sessions. La galeta es crea quan es carrega la llibreta JavaScript i no hi ha una versi\u00f3 pr\u00e8via de la galeta _ga. La galeta s&#8217;utilitza cada vegada que envia les dades a Google Analytics.<\/td>\n<td style=\"padding: 5px 10px;vertical-align: top;text-align: center;border: 1px solid #d6d6d6\">2 anys<\/td>\n<\/tr>\n<tr>\n<td style=\"padding: 5px 10px;vertical-align: top;text-align: center;border: 1px solid #d6d6d6\">_gat<\/td>\n<td style=\"padding: 5px 10px;vertical-align: top;border: 1px solid #d6d6d6\">S&#8217;utilitza per limitar el tant per cent de sol\u00b7licituds. Si has implementat Google Analytics mitjan\u00e7ant Google Tag Manager, aquesta galeta es dir\u00e0 _dc_gtm_.<\/td>\n<td style=\"padding: 5px 10px;vertical-align: top;text-align: center;border: 1px solid #d6d6d6\">1\u00a0minut<\/td>\n<\/tr>\n<tr>\n<td style=\"padding: 5px 10px;vertical-align: top;text-align: center;border: 1px solid #d6d6d6\">_gid<\/td>\n<td style=\"padding: 5px 10px;vertical-align: top;border: 1px solid #d6d6d6\">S&#8217;utilitza per distingir els usuaris. Galeta de Google Analytics.<\/td>\n<td style=\"padding: 5px 10px;vertical-align: top;text-align: center;border: 1px solid #d6d6d6\">24 hores<\/td>\n<\/tr>\n<tr>\n<td style=\"padding: 5px 10px;vertical-align: top;text-align: center;border: 1px solid #d6d6d6\">language<\/td>\n<td style=\"padding: 5px 10px;vertical-align: top;border: 1px solid #d6d6d6\">Aquesta galeta est\u00e0 associada a WordPress. Desa una prefer\u00e8ncia d&#8217;idioma per al visitant per donar suport a webs multiling\u00fces. Quan s&#8217;estableix com a galeta persistent o amb la vida \u00fatil predeterminada d&#8217;un any, s&#8217;ha de considerar funcional en comptes d&#8217;estrictament necess\u00e0ria.<br \/>\nL&#8217;objectiu principal d&#8217;aquesta galeta \u00e9s la funcionalitat.<\/td>\n<td style=\"padding: 5px 10px;vertical-align: top;text-align: center;border: 1px solid #d6d6d6\">1 any<\/td>\n<\/tr>\n<tr>\n<td style=\"padding: 5px 10px;vertical-align: top;text-align: center;border: 1px solid #d6d6d6\">PHPSESSID<\/td>\n<td style=\"padding: 5px 10px;vertical-align: top;border: 1px solid #d6d6d6\">La seva finalitat \u00e9s controlar la sessi\u00f3 de l&#8217;usuari. \u00c9s necess\u00e0ria per navegar i perqu\u00e8 el nostre lloc web funcioni b\u00e9.<\/td>\n<td style=\"padding: 5px 10px;vertical-align: top;text-align: center;border: 1px solid #d6d6d6\">Quan acaba la sessi\u00f3<\/td>\n<\/tr>\n<\/tbody>\n<\/table>\n<p>[\/et_pb_text][\/et_pb_column][\/et_pb_row][et_pb_row _builder_version=&#8221;3.22.3&#8243; background_size=&#8221;initial&#8221; background_position=&#8221;top_left&#8221; background_repeat=&#8221;repeat&#8221;][et_pb_column type=&#8221;4_4&#8243; _builder_version=&#8221;3.0.47&#8243;][et_pb_text _builder_version=&#8221;3.19.18&#8243; divienhancer_set=&#8221;none&#8221;]<\/p>\n<h3>Com desactivar galetes?<\/h3>\n<p>Pot permetre, bloquejar o eliminar les galetes instal\u00b7lades al seu equip mitjan\u00e7ant la configuraci\u00f3 de les opcions del navegador instal\u00b7lat en el seu ordinador.<\/p>\n<p>Firefox: https:\/\/support.mozilla.org\/es\/kb\/habilitar-y-deshabilitar-cookies-sitios-web-rastrear-preferencias?redirectlocale=es&amp;redirectslug=habilitar-i-deshabilitar-cookies-que-els-llocs-we<\/p>\n<ul>\n<li>Chrome: https:\/\/support.google.com\/chrome\/answer\/95647?hl=es<\/li>\n<li>Internet Explorer: https:\/\/support.microsoft.com\/es-es\/products\/windows?os=windows-10<\/li>\n<li>Safari: https:\/\/support.apple.com\/kb\/ph5042?locale=es_ES<\/li>\n<li>Safari per a iOS: https:\/\/support.apple.com\/es-es\/HT201265<\/li>\n<li>Opera: http:\/\/help.opera.com\/windows\/11.50\/es-ES\/cookies.html<\/li>\n<\/ul>\n<p>[\/et_pb_text][\/et_pb_column][\/et_pb_row][\/et_pb_section][et_pb_section fb_built=&#8221;1&#8243; fullwidth=&#8221;on&#8221; admin_label=&#8221;fondo colores&#8221; module_class=&#8221;stop&#8221; _builder_version=&#8221;3.22.3&#8243; background_image=&#8221;https:\/\/www.vichycatalan.com\/wp-content\/uploads\/2018\/10\/trencadis-corporate.png&#8221; background_position=&#8221;top_center&#8221; background_repeat=&#8221;repeat-x&#8221; custom_padding=&#8221;190px||||false|false&#8221;][\/et_pb_section]<\/p>\n","protected":false},"excerpt":{"rendered":"<p>Qu\u00e8 \u00e9s una galeta? Una galeta \u00e9s un fitxer que es descarrega a l&#8217;ordinador quan l&#8217;usuari entra a determinades p\u00e0gines web. Les galetes permeten que una p\u00e0gina web, entre altres accions, desi i recuperi informaci\u00f3 sobre els h\u00e0bits de navegaci\u00f3 d&#8217;un usuari o del seu equip i, depenent de la informaci\u00f3 que continguin i de [&hellip;]<\/p>\n","protected":false},"author":1,"featured_media":0,"parent":0,"menu_order":0,"comment_status":"closed","ping_status":"closed","template":"","meta":{"_acf_changed":false,"_et_pb_use_builder":"on","_et_pb_old_content":"","_et_gb_content_width":"","footnotes":""},"class_list":["post-9604","page","type-page","status-publish","hentry"],"acf":{"pagina_de_marca":null,"campos_de_marca":null},"yoast_head":"<!-- This site is optimized with the Yoast SEO plugin v27.2 - https:\/\/yoast.com\/product\/yoast-seo-wordpress\/ -->\n<title>Pol\u00edtica de galetes - Vichy Catalan Corporation<\/title>\n<meta name=\"description\" content=\"Av\u00eds legal de Vichy Catalan Corporation\" \/>\n<meta name=\"robots\" content=\"index, follow, max-snippet:-1, max-image-preview:large, max-video-preview:-1\" \/>\n<link rel=\"canonical\" href=\"https:\/\/www.vichycatalan.com\/ca\/politica-de-galetes\/\" \/>\n<meta property=\"og:locale\" content=\"ca_ES\" \/>\n<meta property=\"og:type\" content=\"article\" \/>\n<meta property=\"og:title\" content=\"Pol\u00edtica de galetes - Vichy Catalan Corporation\" \/>\n<meta property=\"og:description\" content=\"Av\u00eds legal de Vichy Catalan Corporation\" \/>\n<meta property=\"og:url\" content=\"https:\/\/www.vichycatalan.com\/ca\/politica-de-galetes\/\" \/>\n<meta property=\"og:site_name\" content=\"Vichy Catalan Corporation\" \/>\n<meta property=\"article:modified_time\" content=\"2019-04-26T12:12:22+00:00\" \/>\n<meta name=\"twitter:card\" content=\"summary_large_image\" \/>\n<meta name=\"twitter:label1\" content=\"Temps estimat de lectura\" \/>\n\t<meta name=\"twitter:data1\" content=\"7 minuts\" \/>\n<script type=\"application\/ld+json\" class=\"yoast-schema-graph\">{\"@context\":\"https:\/\/schema.org\",\"@graph\":[{\"@type\":\"WebPage\",\"@id\":\"https:\/\/www.vichycatalan.com\/ca\/politica-de-galetes\/\",\"url\":\"https:\/\/www.vichycatalan.com\/ca\/politica-de-galetes\/\",\"name\":\"Pol\u00edtica de galetes - Vichy Catalan Corporation\",\"isPartOf\":{\"@id\":\"https:\/\/www.vichycatalan.com\/ca\/#website\"},\"datePublished\":\"2019-03-06T16:59:20+00:00\",\"dateModified\":\"2019-04-26T12:12:22+00:00\",\"description\":\"Av\u00eds legal de Vichy Catalan Corporation\",\"breadcrumb\":{\"@id\":\"https:\/\/www.vichycatalan.com\/ca\/politica-de-galetes\/#breadcrumb\"},\"inLanguage\":\"ca\",\"potentialAction\":[{\"@type\":\"ReadAction\",\"target\":[\"https:\/\/www.vichycatalan.com\/ca\/politica-de-galetes\/\"]}]},{\"@type\":\"BreadcrumbList\",\"@id\":\"https:\/\/www.vichycatalan.com\/ca\/politica-de-galetes\/#breadcrumb\",\"itemListElement\":[{\"@type\":\"ListItem\",\"position\":1,\"name\":\"Portada\",\"item\":\"https:\/\/www.vichycatalan.com\/ca\/\"},{\"@type\":\"ListItem\",\"position\":2,\"name\":\"Pol\u00edtica de galetes\"}]},{\"@type\":\"WebSite\",\"@id\":\"https:\/\/www.vichycatalan.com\/ca\/#website\",\"url\":\"https:\/\/www.vichycatalan.com\/ca\/\",\"name\":\"Vichy Catalan Corporation\",\"description\":\"Web de Vichy Catalan Corporation\",\"potentialAction\":[{\"@type\":\"SearchAction\",\"target\":{\"@type\":\"EntryPoint\",\"urlTemplate\":\"https:\/\/www.vichycatalan.com\/ca\/?s={search_term_string}\"},\"query-input\":{\"@type\":\"PropertyValueSpecification\",\"valueRequired\":true,\"valueName\":\"search_term_string\"}}],\"inLanguage\":\"ca\"}]}<\/script>\n<!-- \/ Yoast SEO plugin. -->","yoast_head_json":{"title":"Pol\u00edtica de galetes - Vichy Catalan Corporation","description":"Av\u00eds legal de Vichy Catalan Corporation","robots":{"index":"index","follow":"follow","max-snippet":"max-snippet:-1","max-image-preview":"max-image-preview:large","max-video-preview":"max-video-preview:-1"},"canonical":"https:\/\/www.vichycatalan.com\/ca\/politica-de-galetes\/","og_locale":"ca_ES","og_type":"article","og_title":"Pol\u00edtica de galetes - Vichy Catalan Corporation","og_description":"Av\u00eds legal de Vichy Catalan Corporation","og_url":"https:\/\/www.vichycatalan.com\/ca\/politica-de-galetes\/","og_site_name":"Vichy Catalan Corporation","article_modified_time":"2019-04-26T12:12:22+00:00","twitter_card":"summary_large_image","twitter_misc":{"Temps estimat de lectura":"7 minuts"},"schema":{"@context":"https:\/\/schema.org","@graph":[{"@type":"WebPage","@id":"https:\/\/www.vichycatalan.com\/ca\/politica-de-galetes\/","url":"https:\/\/www.vichycatalan.com\/ca\/politica-de-galetes\/","name":"Pol\u00edtica de galetes - Vichy Catalan Corporation","isPartOf":{"@id":"https:\/\/www.vichycatalan.com\/ca\/#website"},"datePublished":"2019-03-06T16:59:20+00:00","dateModified":"2019-04-26T12:12:22+00:00","description":"Av\u00eds legal de Vichy Catalan Corporation","breadcrumb":{"@id":"https:\/\/www.vichycatalan.com\/ca\/politica-de-galetes\/#breadcrumb"},"inLanguage":"ca","potentialAction":[{"@type":"ReadAction","target":["https:\/\/www.vichycatalan.com\/ca\/politica-de-galetes\/"]}]},{"@type":"BreadcrumbList","@id":"https:\/\/www.vichycatalan.com\/ca\/politica-de-galetes\/#breadcrumb","itemListElement":[{"@type":"ListItem","position":1,"name":"Portada","item":"https:\/\/www.vichycatalan.com\/ca\/"},{"@type":"ListItem","position":2,"name":"Pol\u00edtica de galetes"}]},{"@type":"WebSite","@id":"https:\/\/www.vichycatalan.com\/ca\/#website","url":"https:\/\/www.vichycatalan.com\/ca\/","name":"Vichy Catalan Corporation","description":"Web de Vichy Catalan Corporation","potentialAction":[{"@type":"SearchAction","target":{"@type":"EntryPoint","urlTemplate":"https:\/\/www.vichycatalan.com\/ca\/?s={search_term_string}"},"query-input":{"@type":"PropertyValueSpecification","valueRequired":true,"valueName":"search_term_string"}}],"inLanguage":"ca"}]}},"_links":{"self":[{"href":"https:\/\/www.vichycatalan.com\/ca\/wp-json\/wp\/v2\/pages\/9604","targetHints":{"allow":["GET"]}}],"collection":[{"href":"https:\/\/www.vichycatalan.com\/ca\/wp-json\/wp\/v2\/pages"}],"about":[{"href":"https:\/\/www.vichycatalan.com\/ca\/wp-json\/wp\/v2\/types\/page"}],"author":[{"embeddable":true,"href":"https:\/\/www.vichycatalan.com\/ca\/wp-json\/wp\/v2\/users\/1"}],"replies":[{"embeddable":true,"href":"https:\/\/www.vichycatalan.com\/ca\/wp-json\/wp\/v2\/comments?post=9604"}],"version-history":[{"count":0,"href":"https:\/\/www.vichycatalan.com\/ca\/wp-json\/wp\/v2\/pages\/9604\/revisions"}],"wp:attachment":[{"href":"https:\/\/www.vichycatalan.com\/ca\/wp-json\/wp\/v2\/media?parent=9604"}],"curies":[{"name":"wp","href":"https:\/\/api.w.org\/{rel}","templated":true}]}}