{"id":9592,"date":"2019-03-06T09:58:35","date_gmt":"2019-03-06T08:58:35","guid":{"rendered":"https:\/\/www.vichycatalan.com\/politica-de-privacitat\/"},"modified":"2019-04-24T12:51:23","modified_gmt":"2019-04-24T10:51:23","slug":"politica-de-privacitat","status":"publish","type":"page","link":"https:\/\/www.vichycatalan.com\/ca\/politica-de-privacitat\/","title":{"rendered":"Pol\u00edtica de privacitat"},"content":{"rendered":"<p>[et_pb_section bb_built=&#8221;1&#8243; fullwidth=&#8221;on&#8221; _builder_version=&#8221;3.17.2&#8243; custom_padding=&#8221;||||false|false&#8221; bottom_divider_color=&#8221;#ffffff&#8221; bottom_divider_height=&#8221;50px&#8221; next_background_color=&#8221;#000000&#8243;][et_pb_fullwidth_header title=&#8221;Pol\u00edtica de privacitat&#8221; background_overlay_color=&#8221;rgba(44,42,41,0.44)&#8221; content_max_width=&#8221;60%&#8221; content_max_width_tablet=&#8221;100%&#8221; content_max_width_last_edited=&#8221;on|phone&#8221; _builder_version=&#8221;3.19.16&#8243; title_font=&#8221;Helvetica Neue standar|700|||||||&#8221; title_font_size=&#8221;56px&#8221; title_text_shadow_style=&#8221;preset1&#8243; content_text_align=&#8221;left&#8221; content_font_size=&#8221;23px&#8221; content_line_height=&#8221;1.1em&#8221; content_text_shadow_style=&#8221;preset1&#8243; background_image=&#8221;https:\/\/www.vichycatalan.com\/wp-content\/uploads\/2018\/11\/quienes-somos.jpg&#8221; parallax=&#8221;on&#8221; parallax_method=&#8221;on&#8221; custom_margin=&#8221;0px|0px|0px|0px&#8221; custom_padding=&#8221;100px|0px|200px|0px&#8221; custom_padding_tablet=&#8221;50px|0px|150px|0px&#8221; custom_padding_phone=&#8221;0px||100px&#8221; custom_padding_last_edited=&#8221;on|phone&#8221; text_shadow_style=&#8221;preset1&#8243; divienhancer_set=&#8221;none&#8221; divienhancer_interactive_bg_transform=&#8221;none&#8221; divienhancer_hover_effect=&#8221;none&#8221; divienhancer_sticky_module=&#8221;none&#8221; divienhancer_modal_overlay=&#8221;#333333&#8243; divienhancer_module_menu_button_background=&#8221;#333333&#8243; divienhancer_module_menu_button_color=&#8221;#ffffff&#8221; \/][\/et_pb_section][et_pb_section bb_built=&#8221;1&#8243; _builder_version=&#8221;3.17.6&#8243; background_video_width=&#8221;1280&#8243; background_video_height=&#8221;720&#8243; custom_margin=&#8221;||&#8221; custom_padding=&#8221;0|0px|16px|0px|false|false&#8221; top_divider_color=&#8221;#ffffff&#8221; top_divider_height=&#8221;50px&#8221; bottom_divider_color=&#8221;#c1c1c1&#8243; bottom_divider_height=&#8221;136px&#8221; prev_background_color=&#8221;#000000&#8243; next_background_color=&#8221;#000000&#8243;][et_pb_row][et_pb_column type=&#8221;4_4&#8243;][et_pb_text _builder_version=&#8221;3.19.16&#8243; divienhancer_set=&#8221;none&#8221; divienhancer_interactive_bg_transform=&#8221;none&#8221; divienhancer_hover_effect=&#8221;none&#8221; divienhancer_sticky_module=&#8221;none&#8221; divienhancer_modal_overlay=&#8221;#333333&#8243; divienhancer_module_menu_button_background=&#8221;#333333&#8243; divienhancer_module_menu_button_color=&#8221;#ffffff&#8221;]<\/p>\n<p>A PREMIUM MIX GROUP, SL, treballem per garantir la privadesa en el tractament de les seves dades personals. Hem actualitzat la nostra pol\u00edtica de privacitat per informar clarament de com recaptem, utilitzem i custodiem les dades de les persones que contacten amb la nostra organitzaci\u00f3:<\/p>\n<ul>\n<li>Responsable del tractament.<\/li>\n<li>Finalitats del tractament de dades.<\/li>\n<li>Per\u00edode de conservaci\u00f3 de dades.<\/li>\n<li>Legitimaci\u00f3 per al tractament de dades.<\/li>\n<li>Comunicaci\u00f3 de dades.<\/li>\n<li>Obtenci\u00f3 de les seves dades i dades de tercers.<\/li>\n<li>Transfer\u00e8ncies internacionals de dades.<\/li>\n<li>Els seus drets.<\/li>\n<\/ul>\n<p>[\/et_pb_text][\/et_pb_column][\/et_pb_row][et_pb_row][et_pb_column type=&#8221;4_4&#8243;][et_pb_text _builder_version=&#8221;3.19.16&#8243; divienhancer_set=&#8221;none&#8221; divienhancer_interactive_bg_transform=&#8221;none&#8221; divienhancer_hover_effect=&#8221;none&#8221; divienhancer_sticky_module=&#8221;none&#8221; divienhancer_modal_overlay=&#8221;#333333&#8243; divienhancer_module_menu_button_background=&#8221;#333333&#8243; divienhancer_module_menu_button_color=&#8221;#ffffff&#8221;]<\/p>\n<h3>Responsable del tractament de les seves dades<\/h3>\n<ul>\n<li>Ra\u00f3 social: PREMIUM MIX GROUP, SL.<\/li>\n<li>Nom comercial: PREMIUM MIX GROUP, SL.<\/li>\n<li>NIF: B-59162701.<\/li>\n<li>Adre\u00e7a postal: carrer de C\u00f2rsega, 272, 08008 Barcelona (Barcelona).<\/li>\n<li>Tel\u00e8fon: +34\u00a0932\u00a0387\u00a0900.<\/li>\n<li>Correu electr\u00f2nic: consumidor@pmg1881.com.<\/li>\n<\/ul>\n<p>[\/et_pb_text][\/et_pb_column][\/et_pb_row][et_pb_row][et_pb_column type=&#8221;4_4&#8243;][et_pb_text _builder_version=&#8221;3.19.16&#8243; divienhancer_set=&#8221;none&#8221; divienhancer_interactive_bg_transform=&#8221;none&#8221; divienhancer_hover_effect=&#8221;none&#8221; divienhancer_sticky_module=&#8221;none&#8221; divienhancer_modal_overlay=&#8221;#333333&#8243; divienhancer_module_menu_button_background=&#8221;#333333&#8243; divienhancer_module_menu_button_color=&#8221;#ffffff&#8221;]<\/p>\n<h3>Finalitats del tractament de les seves dades<\/h3>\n<p>A PREMIUM MIX GROUP, SL, el tractament de dades dels usuaris es fa de manera manual o automatitzada, segons el motiu pel qual ens les hagi facilitades, amb les finalitats seg\u00fcents:<\/p>\n<ol>\n<li>Gestionar les dades facilitades directament pel mateix interessat, com a particular, professional o representant de la seva empresa, per respondre a la seva sol\u00b7licitud, petici\u00f3 o consulta i fer un seguiment posterior.<\/li>\n<li>Gestionar les dades proporcionades per l&#8217;usuari en el moment de contractar els nostres productes i serveis, des del punt de vista organitzatiu, comptable, fiscal i administratiu.<\/li>\n<li>Gestionar les dades de contacte particulars o professionals de l&#8217;usuari per la seva participaci\u00f3 en les promocions, sortejos, activitats i esdeveniments que organitzem i ens hagin autoritzat per informar-lo sobre altres promocions, activitats o esdeveniments que puguem organitzar i que puguin ser del seu inter\u00e8s.<\/li>\n<li>Trametre peri\u00f2dicament comunicacions electr\u00f2niques sobre les promocions, sortejos, activitats, esdeveniments i not\u00edcies relacionades amb la nostra organitzaci\u00f3.<\/li>\n<li>En cas que s&#8217;hagi subscrit al nostre butllet\u00ed d&#8217;informaci\u00f3, enviament del butllet\u00ed amb el tractament de les dades facilitades corresponents.<\/li>\n<li>Elaborar informes estad\u00edstics an\u00f2nims respecte dels h\u00e0bits d&#8217;acc\u00e9s i l&#8217;activitat desenvolupada pels usuaris en la plataforma.<\/li>\n<li>Elaborar, si escau, el perfil d&#8217;usuari i dur a terme accions comercials ajustades al perfil utilitzant les seves dades provinents de la gesti\u00f3 dels productes adquirits com ara dades de navegaci\u00f3, h\u00e0bits d&#8217;acc\u00e9s i d&#8217;altres, per oferir-li productes i serveis d&#8217;una manera personalitzada.<\/li>\n<\/ol>\n<p>[\/et_pb_text][\/et_pb_column][\/et_pb_row][et_pb_row][et_pb_column type=&#8221;4_4&#8243;][et_pb_text _builder_version=&#8221;3.19.16&#8243; divienhancer_set=&#8221;none&#8221; divienhancer_interactive_bg_transform=&#8221;none&#8221; divienhancer_hover_effect=&#8221;none&#8221; divienhancer_sticky_module=&#8221;none&#8221; divienhancer_modal_overlay=&#8221;#333333&#8243; divienhancer_module_menu_button_background=&#8221;#333333&#8243; divienhancer_module_menu_button_color=&#8221;#ffffff&#8221;]<\/p>\n<h3>Per\u00edode de conservaci\u00f3 de les seves dades<\/h3>\n<ul>\n<li>Les dades per a la gesti\u00f3 de la <strong>relaci\u00f3 amb el client i la facturaci\u00f3 i cobrament dels serveis<\/strong> es conservaran durant tot el temps en qu\u00e8 la relaci\u00f3 contractual estigui vigent. Una vegada acabada aquesta relaci\u00f3, si escau, les dades es podran conservar durant el temps exigit per la legislaci\u00f3 aplicable i fins que prescriguin les eventuals responsabilitats derivades del contracte.<\/li>\n<li>Les dades per a la <strong>gesti\u00f3 de consultes i sol\u00b7licituds<\/strong> es conservaran durant el temps necessari per respondre-hi, amb un termini m\u00e0xim d&#8217;un any.<\/li>\n<li>Les dades relatives a <strong>publicacions de comentaris<\/strong> sobre els nostres productes i serveis es mantindran durant la vig\u00e8ncia i publicitat dels productes o serveis a qu\u00e8 es refereixen, llevat que s&#8217;expressi la voluntat d&#8217;eliminar-les en qualsevol moment.<\/li>\n<li>Les dades de contacte per la seva participaci\u00f3 en <strong>promocions, sortejos, activitats i esdeveniments<\/strong> es conservaran mentre durin, segons les seves bases espec\u00edfiques, per gestionar-ne el desenvolupament, i despr\u00e9s, fins que prescriguin les possibles responsabilitats que se&#8217;n derivin o fins que, si escau, ens manifestin en qualsevol moment la seva voluntat de revocar el seu consentiment.<\/li>\n<li>Les dades per a l&#8217;enviament del <strong>butllet\u00ed d&#8217;informaci\u00f3<\/strong> es conservaran indefinidament tret que s&#8217;indiqui el contrari o l&#8217;usuari s&#8217;hi oposi o retiri el seu consentiment.<\/li>\n<li>Les dades per a l&#8217;enviament de <strong>comunicacions comercials i elaboraci\u00f3 de perfils comercials<\/strong> dels nostres productes o serveis es conservaran indefinidament fins que, si escau, ens manifestin en qualsevol moment la voluntat de revocar el consentiment.<\/li>\n<\/ul>\n<p>[\/et_pb_text][\/et_pb_column][\/et_pb_row][et_pb_row][et_pb_column type=&#8221;4_4&#8243;][et_pb_text _builder_version=&#8221;3.19.16&#8243; divienhancer_set=&#8221;none&#8221; divienhancer_interactive_bg_transform=&#8221;none&#8221; divienhancer_hover_effect=&#8221;none&#8221; divienhancer_sticky_module=&#8221;none&#8221; divienhancer_modal_overlay=&#8221;#333333&#8243; divienhancer_module_menu_button_background=&#8221;#333333&#8243; divienhancer_module_menu_button_color=&#8221;#ffffff&#8221;]<\/p>\n<h3>Legitimaci\u00f3 per al tractament de les seves dades<\/h3>\n<ul>\n<li>La legitimaci\u00f3 per al tractament de les seves dades per a la gesti\u00f3 de la contractaci\u00f3 de serveis, pagament, facturaci\u00f3 i enviaments corresponents \u00e9s l&#8217;execuci\u00f3 del contracte.<\/li>\n<li>L&#8217;oferta prospectiva d&#8217;informaci\u00f3 comercial sobre promocions, sortejos i esdeveniments a clients t\u00e9 com a base legal la satisfacci\u00f3 de l&#8217;inter\u00e8s leg\u00edtim empresarial consistent a poder oferir als nostres clients la contractaci\u00f3 d&#8217;altres productes o serveis relacionats amb la nostra activitat professional i aconseguir aix\u00ed la fidelitzaci\u00f3. Aquest inter\u00e8s leg\u00edtim es reconeix per la normativa legal aplicable (Reglament general de protecci\u00f3 de dades), que permet expressament el tractament de dades personals sobre aquesta base legal amb finalitats de m\u00e0rqueting directe.<br \/>\nMalgrat aix\u00f2, li recordem que t\u00e9 dret d&#8217;oposar-se a aquest tractament de les seves dades per qualsevol dels mitjans que es descriuen en aquesta pol\u00edtica.<\/li>\n<li>La base de l&#8217;enviament de comunicacions comercials a usuaris no clients \u00e9s el consentiment de l&#8217;interessat que s&#8217;ha sol\u00b7licitat, que es pot revocar en qualsevol moment. Si b\u00e9 la retirada d&#8217;aquest consentiment no afectar\u00e0 en cap cas l&#8217;execuci\u00f3 del contracte, els tractaments de dades amb aquesta finalitat fets anteriorment no perdran la licitud pel fet que el consentiment s&#8217;hagi revocat.<\/li>\n<\/ul>\n<p>[\/et_pb_text][\/et_pb_column][\/et_pb_row][et_pb_row][et_pb_column type=&#8221;4_4&#8243;][et_pb_text _builder_version=&#8221;3.19.16&#8243; divienhancer_set=&#8221;none&#8221; divienhancer_interactive_bg_transform=&#8221;none&#8221; divienhancer_hover_effect=&#8221;none&#8221; divienhancer_sticky_module=&#8221;none&#8221; divienhancer_modal_overlay=&#8221;#333333&#8243; divienhancer_module_menu_button_background=&#8221;#333333&#8243; divienhancer_module_menu_button_color=&#8221;#ffffff&#8221;]<\/p>\n<h3>Comunicaci\u00f3 de les seves dades<\/h3>\n<p>PREMIUM MIX GROUP, SL, informa els usuaris que les seves dades es poden comunicar:<\/p>\n<ul>\n<li>A les empreses del grup empresarial VICHY CATALAN CORPORATION amb la finalitat de poder atendre les seves sol\u00b7licituds, fer la gesti\u00f3 administrativa i comercial i informar-los sobre promocions, serveis, sortejos, esdeveniments i not\u00edcies relacionades amb les activitats del grup empresarial.<\/li>\n<li>A les <strong>entitats financeres<\/strong> per mitj\u00e0 de les quals s&#8217;articuli la gesti\u00f3 de cobraments i pagaments.<\/li>\n<li>A les <strong>administracions p\u00fabliques<\/strong> competents, en els casos que preveu la llei i per a les finalitats que s&#8217;hi defineixen.<\/li>\n<\/ul>\n<p>[\/et_pb_text][\/et_pb_column][\/et_pb_row][et_pb_row][et_pb_column type=&#8221;4_4&#8243;][et_pb_text _builder_version=&#8221;3.19.16&#8243; divienhancer_set=&#8221;none&#8221; divienhancer_interactive_bg_transform=&#8221;none&#8221; divienhancer_hover_effect=&#8221;none&#8221; divienhancer_sticky_module=&#8221;none&#8221; divienhancer_modal_overlay=&#8221;#333333&#8243; divienhancer_module_menu_button_background=&#8221;#333333&#8243; divienhancer_module_menu_button_color=&#8221;#ffffff&#8221;]<\/p>\n<h3>Obtenci\u00f3 de les seves dades i dades de tercers<\/h3>\n<ul>\n<li>Les dades personals que tractem a PREMIUM MIX GROUP, SL, procedeixen dels mateixos interessats o del seu representant legal.<\/li>\n<li>En cas que l&#8217;usuari faciliti dades de tercers, afirma que t\u00e9 el seu consentiment, que assumeix la responsabilitat d&#8217;informar-los pr\u00e8viament de tot el que preveu l&#8217;article 14 del Reglament general de protecci\u00f3 de dades en les condicions que s&#8217;hi estableixen i que eximeix PREMIUM MIX GROUP, SL, de qualsevol responsabilitat en aquest sentit.<\/li>\n<li>No es tracten categories especials de dades personals (s\u00f3n les dades que revelen l&#8217;origen \u00e8tnic o racial, les opinions pol\u00edtiques, les conviccions religioses o filos\u00f2fiques, o l&#8217;afiliaci\u00f3 sindical, dades gen\u00e8tiques, dades biom\u00e8triques adre\u00e7ades a identificar de manera un\u00edvoca una persona f\u00edsica, dades relatives a la salut o dades relatives a la vida sexual o l&#8217;orientaci\u00f3 sexual).<\/li>\n<\/ul>\n<p>[\/et_pb_text][\/et_pb_column][\/et_pb_row][et_pb_row][et_pb_column type=&#8221;4_4&#8243;][et_pb_text _builder_version=&#8221;3.19.16&#8243; divienhancer_set=&#8221;none&#8221; divienhancer_interactive_bg_transform=&#8221;none&#8221; divienhancer_hover_effect=&#8221;none&#8221; divienhancer_sticky_module=&#8221;none&#8221; divienhancer_modal_overlay=&#8221;#333333&#8243; divienhancer_module_menu_button_background=&#8221;#333333&#8243; divienhancer_module_menu_button_color=&#8221;#ffffff&#8221;]<\/p>\n<h3>Transfer\u00e8ncies de dades a tercers pa\u00efsos<\/h3>\n<ul>\n<li>Per a les comunicacions comercials, PREMIUM MIX GROUP, SL, utilitza per al processament de la informaci\u00f3 que ens faciliten la plataforma d&#8217;automatitzaci\u00f3 de m\u00e0rqueting Mailchimp. Per aquest motiu es fan transfer\u00e8ncies internacionals de dades als EUA, d&#8217;acord amb la seva pol\u00edtica de privacitat <a href=\"https:\/\/mailchimp.com\/legal\/privacy\/\">https:\/\/mailchimp.com\/legal\/privacy\/<\/a> i els seus termes <a href=\"https:\/\/mailchimp.com\/legal\/terms\/\">https:\/\/mailchimp.com\/legal\/terms\/<\/a>.<br \/>\nMailchimp \u00e9s una aplicaci\u00f3 de l&#8217;empresa The Rocket Science Group LLC d\/b\/a Mailchimp, a State of Georgia Limited Liability Company, d&#8217;Atlanta, Ge\u00f2rgia, empresa degudament certificada en el marc de l&#8217;escut de privacitat EUA, decisi\u00f3 (UE) 2016\/1250 de la Comissi\u00f3, de 12 de juliol del 2016, Privacy Shield.<\/li>\n<\/ul>\n<p>[\/et_pb_text][\/et_pb_column][\/et_pb_row][et_pb_row][et_pb_column type=&#8221;4_4&#8243;][et_pb_text _builder_version=&#8221;3.19.16&#8243; divienhancer_set=&#8221;none&#8221; divienhancer_interactive_bg_transform=&#8221;none&#8221; divienhancer_hover_effect=&#8221;none&#8221; divienhancer_sticky_module=&#8221;none&#8221; divienhancer_modal_overlay=&#8221;#333333&#8243; divienhancer_module_menu_button_background=&#8221;#333333&#8243; divienhancer_module_menu_button_color=&#8221;#ffffff&#8221;]<\/p>\n<h3>Els seus drets<\/h3>\n<ul>\n<li>Tothom t\u00e9 dret de saber si a PREMIUM MIX GROUP, SL, tractem dades personals que l&#8217;afecten.<\/li>\n<li>Els interessats tenen dret de consultar les seves dades personals, aix\u00ed com de sol\u00b7licitar la rectificaci\u00f3 de les dades inexactes o, si \u00e9s el cas, sol\u00b7licitar-ne la supressi\u00f3 quan, entre altres motius, les dades ja no siguin necess\u00e0ries per a les finalitats per a les quals s&#8217;han obtingut.<\/li>\n<li>En determinades circumst\u00e0ncies, els interessats poden sol\u00b7licitar la limitaci\u00f3 del tractament de les seves dades o la seva portabilitat. En aquest cas solament les conservarem per a l&#8217;exercici o la defensa de reclamacions.<\/li>\n<li>En determinades circumst\u00e0ncies, per motius relacionats amb la seva situaci\u00f3 particular, els interessats es poden oposar al tractament de les seves dades. En aquest cas, PREMIUM MIX GROUP, SL, deixar\u00e0 de tractar les dades, excepte per motius leg\u00edtims imperiosos, o l&#8217;exercici o la defensa de possibles reclamacions.<br \/>\nPot exercir materialment els seus drets de la manera seg\u00fcent:<br \/>\n\u2014 Per correu postal, adjuntant una c\u00f2pia del DNI al carrer de C\u00f2rsega, 272, 08008 Barcelona (Barcelona).<br \/>\n\u2014 Per correu electr\u00f2nic, adjuntant una c\u00f2pia del DNI a <a href=\"mailto:consumidor@pmg1881.com\">consumidor@pmg1881.com<\/a>.<br \/>\n\u2014 A l&#8217;adre\u00e7a de correu postal o de correu electr\u00f2nic indicades els proporcionarem els formularis corresponents per exercitar materialment aquests drets.<\/li>\n<li>Si ha atorgat el consentiment per a alguna finalitat concreta, t\u00e9 dret de retirar el consentiment atorgat en qualsevol moment, sense que aix\u00f2 afecti la licitud del tractament basat en el seu consentiment previ a la seva retirada.<\/li>\n<li>En cas que consideri vulnerats els seus drets pel que fa a la protecci\u00f3 de les seves dades personals, especialment quan no hagi pogut exercir els seus drets, pot presentar una reclamaci\u00f3 davant l&#8217;autoritat de control en mat\u00e8ria de protecci\u00f3 de dades competent per mitj\u00e0 del seu lloc web: <a href=\"https:\/\/www.agpd.es\">www.agpd.es<\/a>.<\/li>\n<\/ul>\n<p>[\/et_pb_text][\/et_pb_column][\/et_pb_row][\/et_pb_section][et_pb_section bb_built=&#8221;1&#8243; admin_label=&#8221;fondo colores&#8221; fullwidth=&#8221;on&#8221; module_class=&#8221;stop&#8221; _builder_version=&#8221;3.17.6&#8243; background_image=&#8221;https:\/\/www.vichycatalan.com\/wp-content\/uploads\/2018\/10\/trencadis-corporate.png&#8221; background_position=&#8221;top_center&#8221; background_repeat=&#8221;repeat-x&#8221; custom_padding=&#8221;190px||||false|false&#8221; prev_background_color=&#8221;#ffffff&#8221; global_module=&#8221;634&#8243;][\/et_pb_section]<\/p>\n","protected":false},"excerpt":{"rendered":"<p><div class=\"et_pb_row et_pb_row_0 et_pb_row_empty\">\n\t\t\t\t\n\t\t\t\t\n\t\t\t\t\n\t\t\t\t\n\t\t\t\t\n\t\t\t<\/div> A PREMIUM MIX GROUP, SL, treballem per garantir la privadesa en el tractament de les seves dades personals. Hem actualitzat la nostra pol\u00edtica de privacitat per informar clarament de com recaptem, utilitzem i custodiem les dades de les persones que contacten amb la nostra organitzaci\u00f3: Responsable del tractament. Finalitats del tractament de dades. Per\u00edode [&hellip;]<\/p>\n","protected":false},"author":1,"featured_media":0,"parent":0,"menu_order":0,"comment_status":"closed","ping_status":"closed","template":"","meta":{"_acf_changed":false,"_et_pb_use_builder":"on","_et_pb_old_content":"","_et_gb_content_width":"","footnotes":""},"class_list":["post-9592","page","type-page","status-publish","hentry"],"acf":{"pagina_de_marca":null,"campos_de_marca":null},"yoast_head":"<!-- This site is optimized with the Yoast SEO plugin v27.5 - https:\/\/yoast.com\/product\/yoast-seo-wordpress\/ -->\n<title>Pol\u00edtica de privacitat - Vichy Catalan Corporation<\/title>\n<meta name=\"description\" content=\"Pol\u00edtica de privacitat de Vichy Catalan Corporation\" \/>\n<meta name=\"robots\" content=\"index, follow, max-snippet:-1, max-image-preview:large, max-video-preview:-1\" \/>\n<link rel=\"canonical\" href=\"https:\/\/www.vichycatalan.com\/ca\/politica-de-privacitat\/\" \/>\n<meta property=\"og:locale\" content=\"ca_ES\" \/>\n<meta property=\"og:type\" content=\"article\" \/>\n<meta property=\"og:title\" content=\"Pol\u00edtica de privacitat - Vichy Catalan Corporation\" \/>\n<meta property=\"og:description\" content=\"Pol\u00edtica de privacitat de Vichy Catalan Corporation\" \/>\n<meta property=\"og:url\" content=\"https:\/\/www.vichycatalan.com\/ca\/politica-de-privacitat\/\" \/>\n<meta property=\"og:site_name\" content=\"Vichy Catalan Corporation\" \/>\n<meta property=\"article:modified_time\" content=\"2019-04-24T10:51:23+00:00\" \/>\n<meta name=\"twitter:card\" content=\"summary_large_image\" \/>\n<meta name=\"twitter:label1\" content=\"Temps estimat de lectura\" \/>\n\t<meta name=\"twitter:data1\" content=\"11 minuts\" \/>\n<script type=\"application\/ld+json\" class=\"yoast-schema-graph\">{\"@context\":\"https:\\\/\\\/schema.org\",\"@graph\":[{\"@type\":\"WebPage\",\"@id\":\"https:\\\/\\\/www.vichycatalan.com\\\/ca\\\/politica-de-privacitat\\\/\",\"url\":\"https:\\\/\\\/www.vichycatalan.com\\\/ca\\\/politica-de-privacitat\\\/\",\"name\":\"Pol\u00edtica de privacitat - Vichy Catalan Corporation\",\"isPartOf\":{\"@id\":\"https:\\\/\\\/www.vichycatalan.com\\\/ca\\\/#website\"},\"datePublished\":\"2019-03-06T08:58:35+00:00\",\"dateModified\":\"2019-04-24T10:51:23+00:00\",\"description\":\"Pol\u00edtica de privacitat de Vichy Catalan Corporation\",\"breadcrumb\":{\"@id\":\"https:\\\/\\\/www.vichycatalan.com\\\/ca\\\/politica-de-privacitat\\\/#breadcrumb\"},\"inLanguage\":\"ca\",\"potentialAction\":[{\"@type\":\"ReadAction\",\"target\":[\"https:\\\/\\\/www.vichycatalan.com\\\/ca\\\/politica-de-privacitat\\\/\"]}]},{\"@type\":\"BreadcrumbList\",\"@id\":\"https:\\\/\\\/www.vichycatalan.com\\\/ca\\\/politica-de-privacitat\\\/#breadcrumb\",\"itemListElement\":[{\"@type\":\"ListItem\",\"position\":1,\"name\":\"Portada\",\"item\":\"https:\\\/\\\/www.vichycatalan.com\\\/ca\\\/\"},{\"@type\":\"ListItem\",\"position\":2,\"name\":\"Pol\u00edtica de privacitat\"}]},{\"@type\":\"WebSite\",\"@id\":\"https:\\\/\\\/www.vichycatalan.com\\\/ca\\\/#website\",\"url\":\"https:\\\/\\\/www.vichycatalan.com\\\/ca\\\/\",\"name\":\"Vichy Catalan Corporation\",\"description\":\"Web de Vichy Catalan Corporation\",\"potentialAction\":[{\"@type\":\"SearchAction\",\"target\":{\"@type\":\"EntryPoint\",\"urlTemplate\":\"https:\\\/\\\/www.vichycatalan.com\\\/ca\\\/?s={search_term_string}\"},\"query-input\":{\"@type\":\"PropertyValueSpecification\",\"valueRequired\":true,\"valueName\":\"search_term_string\"}}],\"inLanguage\":\"ca\"}]}<\/script>\n<!-- \/ Yoast SEO plugin. -->","yoast_head_json":{"title":"Pol\u00edtica de privacitat - Vichy Catalan Corporation","description":"Pol\u00edtica de privacitat de Vichy Catalan Corporation","robots":{"index":"index","follow":"follow","max-snippet":"max-snippet:-1","max-image-preview":"max-image-preview:large","max-video-preview":"max-video-preview:-1"},"canonical":"https:\/\/www.vichycatalan.com\/ca\/politica-de-privacitat\/","og_locale":"ca_ES","og_type":"article","og_title":"Pol\u00edtica de privacitat - Vichy Catalan Corporation","og_description":"Pol\u00edtica de privacitat de Vichy Catalan Corporation","og_url":"https:\/\/www.vichycatalan.com\/ca\/politica-de-privacitat\/","og_site_name":"Vichy Catalan Corporation","article_modified_time":"2019-04-24T10:51:23+00:00","twitter_card":"summary_large_image","twitter_misc":{"Temps estimat de lectura":"11 minuts"},"schema":{"@context":"https:\/\/schema.org","@graph":[{"@type":"WebPage","@id":"https:\/\/www.vichycatalan.com\/ca\/politica-de-privacitat\/","url":"https:\/\/www.vichycatalan.com\/ca\/politica-de-privacitat\/","name":"Pol\u00edtica de privacitat - Vichy Catalan Corporation","isPartOf":{"@id":"https:\/\/www.vichycatalan.com\/ca\/#website"},"datePublished":"2019-03-06T08:58:35+00:00","dateModified":"2019-04-24T10:51:23+00:00","description":"Pol\u00edtica de privacitat de Vichy Catalan Corporation","breadcrumb":{"@id":"https:\/\/www.vichycatalan.com\/ca\/politica-de-privacitat\/#breadcrumb"},"inLanguage":"ca","potentialAction":[{"@type":"ReadAction","target":["https:\/\/www.vichycatalan.com\/ca\/politica-de-privacitat\/"]}]},{"@type":"BreadcrumbList","@id":"https:\/\/www.vichycatalan.com\/ca\/politica-de-privacitat\/#breadcrumb","itemListElement":[{"@type":"ListItem","position":1,"name":"Portada","item":"https:\/\/www.vichycatalan.com\/ca\/"},{"@type":"ListItem","position":2,"name":"Pol\u00edtica de privacitat"}]},{"@type":"WebSite","@id":"https:\/\/www.vichycatalan.com\/ca\/#website","url":"https:\/\/www.vichycatalan.com\/ca\/","name":"Vichy Catalan Corporation","description":"Web de Vichy Catalan Corporation","potentialAction":[{"@type":"SearchAction","target":{"@type":"EntryPoint","urlTemplate":"https:\/\/www.vichycatalan.com\/ca\/?s={search_term_string}"},"query-input":{"@type":"PropertyValueSpecification","valueRequired":true,"valueName":"search_term_string"}}],"inLanguage":"ca"}]}},"_links":{"self":[{"href":"https:\/\/www.vichycatalan.com\/ca\/wp-json\/wp\/v2\/pages\/9592","targetHints":{"allow":["GET"]}}],"collection":[{"href":"https:\/\/www.vichycatalan.com\/ca\/wp-json\/wp\/v2\/pages"}],"about":[{"href":"https:\/\/www.vichycatalan.com\/ca\/wp-json\/wp\/v2\/types\/page"}],"author":[{"embeddable":true,"href":"https:\/\/www.vichycatalan.com\/ca\/wp-json\/wp\/v2\/users\/1"}],"replies":[{"embeddable":true,"href":"https:\/\/www.vichycatalan.com\/ca\/wp-json\/wp\/v2\/comments?post=9592"}],"version-history":[{"count":0,"href":"https:\/\/www.vichycatalan.com\/ca\/wp-json\/wp\/v2\/pages\/9592\/revisions"}],"wp:attachment":[{"href":"https:\/\/www.vichycatalan.com\/ca\/wp-json\/wp\/v2\/media?parent=9592"}],"curies":[{"name":"wp","href":"https:\/\/api.w.org\/{rel}","templated":true}]}}