{"id":9584,"date":"2019-03-06T09:22:16","date_gmt":"2019-03-06T08:22:16","guid":{"rendered":"https:\/\/www.vichycatalan.com\/avis-legal\/"},"modified":"2019-04-24T11:46:00","modified_gmt":"2019-04-24T09:46:00","slug":"avis-legal","status":"publish","type":"page","link":"https:\/\/www.vichycatalan.com\/ca\/avis-legal\/","title":{"rendered":"Av\u00eds legal"},"content":{"rendered":"<p>[et_pb_section bb_built=&#8221;1&#8243; fullwidth=&#8221;on&#8221; _builder_version=&#8221;3.17.2&#8243; custom_padding=&#8221;||||false|false&#8221; bottom_divider_color=&#8221;#ffffff&#8221; bottom_divider_height=&#8221;50px&#8221; next_background_color=&#8221;#000000&#8243;][et_pb_fullwidth_header title=&#8221;Av\u00eds legal&#8221; background_overlay_color=&#8221;rgba(44,42,41,0.44)&#8221; content_max_width=&#8221;60%&#8221; content_max_width_tablet=&#8221;100%&#8221; content_max_width_last_edited=&#8221;on|phone&#8221; _builder_version=&#8221;3.19.16&#8243; title_font=&#8221;Helvetica Neue standar|700|||||||&#8221; title_font_size=&#8221;56px&#8221; title_text_shadow_style=&#8221;preset1&#8243; content_text_align=&#8221;left&#8221; content_font_size=&#8221;23px&#8221; content_line_height=&#8221;1.1em&#8221; content_text_shadow_style=&#8221;preset1&#8243; background_image=&#8221;https:\/\/www.vichycatalan.com\/wp-content\/uploads\/2018\/11\/quienes-somos.jpg&#8221; parallax=&#8221;on&#8221; parallax_method=&#8221;on&#8221; custom_margin=&#8221;0px|0px|0px|0px&#8221; custom_padding=&#8221;100px|0px|200px|0px&#8221; custom_padding_tablet=&#8221;50px|0px|150px|0px&#8221; custom_padding_phone=&#8221;0px||100px&#8221; custom_padding_last_edited=&#8221;on|phone&#8221; text_shadow_style=&#8221;preset1&#8243; divienhancer_set=&#8221;none&#8221; divienhancer_interactive_bg_transform=&#8221;none&#8221; divienhancer_hover_effect=&#8221;none&#8221; divienhancer_sticky_module=&#8221;none&#8221; divienhancer_modal_overlay=&#8221;#333333&#8243; divienhancer_module_menu_button_background=&#8221;#333333&#8243; divienhancer_module_menu_button_color=&#8221;#ffffff&#8221; \/][\/et_pb_section][et_pb_section bb_built=&#8221;1&#8243; _builder_version=&#8221;3.17.6&#8243; background_video_width=&#8221;1280&#8243; background_video_height=&#8221;720&#8243; custom_margin=&#8221;||&#8221; custom_padding=&#8221;0|0px|16px|0px|false|false&#8221; top_divider_color=&#8221;#ffffff&#8221; top_divider_height=&#8221;50px&#8221; bottom_divider_color=&#8221;#c1c1c1&#8243; bottom_divider_height=&#8221;136px&#8221; prev_background_color=&#8221;#000000&#8243; next_background_color=&#8221;#000000&#8243;][et_pb_row][et_pb_column type=&#8221;4_4&#8243;][et_pb_text _builder_version=&#8221;3.19.16&#8243; divienhancer_set=&#8221;none&#8221; divienhancer_interactive_bg_transform=&#8221;none&#8221; divienhancer_hover_effect=&#8221;none&#8221; divienhancer_sticky_module=&#8221;none&#8221; divienhancer_modal_overlay=&#8221;#333333&#8243; divienhancer_module_menu_button_background=&#8221;#333333&#8243; divienhancer_module_menu_button_color=&#8221;#ffffff&#8221;]<\/p>\n<h2>1. OBJECTE<\/h2>\n<p>Aquest av\u00eds legal regula l&#8217;\u00fas del lloc web www.vichycatalan.com, del qual \u00e9s titular PREMIUM MIX GROUP, SL (d&#8217;ara endavant, EL PROPIETARI DEL WEB).<\/p>\n<p>Navegar pel lloc web li atribueix la condici\u00f3 d&#8217;USUARI del lloc i comporta que accepta plenament i sense reserves totes i cadascuna de les condicions d&#8217;aquest av\u00eds legal.<\/p>\n<p>EL PROPIETARI DEL WEB es reserva el dret de modificar la presentaci\u00f3, configuraci\u00f3 i contingut del lloc web, aix\u00ed com les condicions requerides per accedir-hi i fer-lo servir. L&#8217;acc\u00e9s i utilitzaci\u00f3 dels continguts del lloc web despr\u00e9s de l&#8217;entrada en vigor de les seves modificacions o canvis en comporta l&#8217;acceptaci\u00f3.<\/p>\n<p>PREMIUM MIX GROUP, SL, es reserva el dret de modificar sense notificaci\u00f3 pr\u00e8via els termes i les condicions que s&#8217;estipulen aqu\u00ed, totalment o parcialment. Per fer-ho cal que publiqui qualsevol canvi de la mateixa manera com apareixen aquestes condicions d&#8217;\u00fas o per mitj\u00e0 de qualsevol tipus de comunicaci\u00f3 adre\u00e7ada als usuaris.<\/p>\n<p>Per aix\u00f2 \u00e9s recomanable llegir-ne atentament el contingut en cas de voler consultar la informaci\u00f3 i fer servir els serveis que ofereix aquest lloc web.<\/p>\n<p>A m\u00e9s, l&#8217;usuari est\u00e0 obligat a fer un \u00fas correcte del lloc web d&#8217;acord amb les lleis, la bona fe, l&#8217;ordre p\u00fablic, els usos del tr\u00e0nsit i aquest av\u00eds legal, i ha de respondre davant del PROPIETARI DEL WEB o davant de tercers de qualsevol dany i perjudici causat a conseq\u00fc\u00e8ncia de l&#8217;incompliment d&#8217;aquesta obligaci\u00f3.<\/p>\n<p>Qualsevol utilitzaci\u00f3 diferent de l&#8217;autoritzada est\u00e0 prohibida de manera expressa. EL PROPIETARI DEL WEB en pot denegar o retirar l&#8217;acc\u00e9s i l&#8217;\u00fas en qualsevol moment.<\/p>\n<p>[\/et_pb_text][\/et_pb_column][\/et_pb_row][et_pb_row][et_pb_column type=&#8221;4_4&#8243;][et_pb_text _builder_version=&#8221;3.19.16&#8243; divienhancer_set=&#8221;none&#8221; divienhancer_interactive_bg_transform=&#8221;none&#8221; divienhancer_hover_effect=&#8221;none&#8221; divienhancer_sticky_module=&#8221;none&#8221; divienhancer_modal_overlay=&#8221;#333333&#8243; divienhancer_module_menu_button_background=&#8221;#333333&#8243; divienhancer_module_menu_button_color=&#8221;#ffffff&#8221;]<\/p>\n<h2>2. IDENTIFICACI\u00d3<\/h2>\n<p>EL PROPIETARI DEL WEB, en compliment de la Llei 34\/2002, d&#8217;11 de juliol, de serveis de la societat de la informaci\u00f3 i de comer\u00e7 electr\u00f2nic, l&#8217;informa que:<\/p>\n<ul>\n<li>La seva denominaci\u00f3 social \u00e9s PREMIUM MIX GROUP, SL.<\/li>\n<li>La seva denominaci\u00f3 comercial \u00e9s PREMIUM MIX GROUP, SL.<\/li>\n<li>El seu CIF \u00e9s B-59162701.<\/li>\n<li>El seu domicili social \u00e9s al carrer de C\u00f2rsega, 272, 08008 Barcelona (Barcelona).<\/li>\n<li>Inscrita en el Registre Mercantil de Barcelona, al tom 45575, foli 67, secci\u00f3 8, full B-157641, inscripci\u00f3 76.<\/li>\n<\/ul>\n<p>[\/et_pb_text][\/et_pb_column][\/et_pb_row][et_pb_row][et_pb_column type=&#8221;4_4&#8243;][et_pb_text _builder_version=&#8221;3.19.16&#8243; divienhancer_set=&#8221;none&#8221; divienhancer_interactive_bg_transform=&#8221;none&#8221; divienhancer_hover_effect=&#8221;none&#8221; divienhancer_sticky_module=&#8221;none&#8221; divienhancer_modal_overlay=&#8221;#333333&#8243; divienhancer_module_menu_button_background=&#8221;#333333&#8243; divienhancer_module_menu_button_color=&#8221;#ffffff&#8221;]<\/p>\n<h2>3. COMUNICACI\u00d3<\/h2>\n<p>Per comunicar-se amb nosaltres, posem a la seva disposici\u00f3 diversos mitjans de contacte que detallem tot seguit:<\/p>\n<ul>\n<li>Tel\u00e8fon: +34\u00a0932\u00a0387\u00a0900.<\/li>\n<li>Correu electr\u00f2nic: <a href=\"mailto:consumidor@pmg1881.com\">consumidor@pmg1881.com<\/a>.<\/li>\n<\/ul>\n<p>Totes les notificacions i comunicacions entre els usuaris i EL PROPIETARI DEL WEB es consideren eficaces, amb car\u00e0cter general, quan es duen a terme per qualsevol dels mitjans detallats m\u00e9s amunt.<\/p>\n<p>[\/et_pb_text][\/et_pb_column][\/et_pb_row][et_pb_row][et_pb_column type=&#8221;4_4&#8243;][et_pb_text _builder_version=&#8221;3.19.16&#8243; divienhancer_set=&#8221;none&#8221; divienhancer_interactive_bg_transform=&#8221;none&#8221; divienhancer_hover_effect=&#8221;none&#8221; divienhancer_sticky_module=&#8221;none&#8221; divienhancer_modal_overlay=&#8221;#333333&#8243; divienhancer_module_menu_button_background=&#8221;#333333&#8243; divienhancer_module_menu_button_color=&#8221;#ffffff&#8221;]<\/p>\n<h2>4. CONDICIONS D&#8217;ACC\u00c9S I UTILITZACI\u00d3<\/h2>\n<p>Es pot accedir al lloc web i als seus serveis de manera lliure i gratu\u00efta. Tot i aix\u00f2, EL PROPIETARI DEL WEB pot condicionar l&#8217;\u00fas d&#8217;alguns dels serveis oferts al seu web a l&#8217;emplenament previ del formulari corresponent.<\/p>\n<p>L&#8217;usuari garanteix l&#8217;autenticitat i actualitat de totes les dades que comuniqui al PROPIETARI DEL WEB i \u00e9s l&#8217;\u00fanic responsable de les manifestacions falses o inexactes que faci.<\/p>\n<p>L&#8217;usuari es compromet de manera expressa a fer un \u00fas adequat dels continguts i serveis del PROPIETARI DEL WEB i a no fer-los servir, entre d&#8217;altres, amb les finalitats seg\u00fcents:<\/p>\n<p><strong>a)<\/strong> Difondre continguts delictius, violents, pornogr\u00e0fics, racistes, xen\u00f2fobs, ofensius, d&#8217;apologia del terrorisme o, en general, contraris a la llei o a l&#8217;ordre p\u00fablic.<\/p>\n<p><strong>b)<\/strong> Introduir a la xarxa virus inform\u00e0tics o dur a terme actuacions susceptibles d&#8217;alterar, espatllar, interrompre o provocar errors o danys en els documents electr\u00f2nics, dades o sistemes f\u00edsics i l\u00f2gics del PROPIETARI DEL WEB o de terceres persones, aix\u00ed com obstaculitzar l&#8217;acc\u00e9s d&#8217;altres usuaris al lloc web i als seus serveis mitjan\u00e7ant el consum massiu dels recursos inform\u00e0tics per mitj\u00e0 dels quals EL PROPIETARI DEL WEB presta els seus serveis.<\/p>\n<p><strong>c)<\/strong> Intentar accedir als comptes de correu electr\u00f2nic d&#8217;altres usuaris o a \u00e0rees restringides dels sistemes inform\u00e0tics del PROPIETARI DEL WEB o de tercers i, si escau, extreure&#8217;n informaci\u00f3.<\/p>\n<p><strong>d)<\/strong> Vulnerar els drets de propietat intel\u00b7lectual o industrial, aix\u00ed com violar la confidencialitat de la informaci\u00f3 del PROPIETARI DEL WEB o de tercers.<\/p>\n<p><strong>e)<\/strong> Suplantar la identitat de qualsevol altre usuari.<\/p>\n<p><strong>f)<\/strong> Reproduir, copiar, distribuir, posar a la disposici\u00f3 del p\u00fablic o qualsevol altra forma de comunicaci\u00f3 p\u00fablica, transformar o modificar els continguts, tret que es disposi de l&#8217;autoritzaci\u00f3 del titular dels drets corresponents o aix\u00f2 resulti legalment perm\u00e8s.<\/p>\n<p><strong>g)<\/strong> Obtenir dades amb finalitat publicit\u00e0ria i de trametre publicitat de qualsevol tipus i comunicacions amb finalitats de venda o d&#8217;altres de comercials sense la sol\u00b7licitud o el consentiment previs.<\/p>\n<p>Tots els continguts del lloc web, com ara textos, fotografies, gr\u00e0fics, imatges, icones, tecnologia, programari, aix\u00ed com el seu disseny gr\u00e0fic i codis font, constitueixen una obra la propietat de la qual pertany al PROPIETARI DEL WEB. No es poden considerar cedits a l&#8217;usuari cap dels drets d&#8217;explotaci\u00f3 sobre aquests elements a banda del que \u00e9s estrictament necessari per a l&#8217;\u00fas correcte del web.<\/p>\n<p>Per tant, els usuaris que accedeixin a aquest lloc web poden visualitzar els continguts i fer, si escau, c\u00f2pies privades autoritzades sempre que els elements reprodu\u00efts no se cedeixin posteriorment a tercers, ni s&#8217;instal\u00b7lin a servidors connectats a xarxes, ni siguin objecte de cap tipus d&#8217;explotaci\u00f3.<\/p>\n<p>Aix\u00ed mateix, totes les marques, noms comercials o signes distintius de qualsevol tipus que apareixen al lloc web s\u00f3n propietat del PROPIETARI DEL WEB. No es pot considerar que fer servir el web o accedir-hi atribueixi a l&#8217;usuari cap dret sobre aquests elements.<\/p>\n<p>Queden prohibits la distribuci\u00f3, modificaci\u00f3, cessi\u00f3 o comunicaci\u00f3 p\u00fablica dels continguts i qualsevol altre acte que no hagi estat autoritzat de manera expressa pel titular dels drets d&#8217;explotaci\u00f3.<\/p>\n<p>L&#8217;establiment d&#8217;un enlla\u00e7 no implica en cap cas relacions entre EL PROPIETARI DEL WEB i el propietari del lloc web en qu\u00e8 s&#8217;estableixi, ni l&#8217;acceptaci\u00f3 i aprovaci\u00f3 pel PROPIETARI DEL WEB dels seus continguts o serveis.<\/p>\n<p>EL PROPIETARI DEL WEB no es responsabilitza de l&#8217;\u00fas que cada usuari faci dels materials posats a disposici\u00f3 en aquest lloc web ni de les actuacions que faci amb aquests materials.<\/p>\n<h3><\/h3>\n<h3>4.1. EXCLUSI\u00d3 DE GARANTIES I DE RESPONSABILITAT EN L&#8217;ACC\u00c9S I L&#8217;\u00daS<\/h3>\n<p>El contingut d&#8217;aquest lloc web \u00e9s general i t\u00e9 una finalitat purament informativa. No es garanteix plenament l&#8217;acc\u00e9s a tots els continguts, ni l&#8217;exhaustivitat, la correcci\u00f3, la vig\u00e8ncia o actualitat ni la seva idone\u00eftat o utilitat per a un objectiu espec\u00edfic.<\/p>\n<p>EL PROPIETARI DEL WEB exclou, fins on permet l&#8217;ordenament jur\u00eddic, qualsevol responsabilitat pels danys i perjudicis de tot tipus derivats dels fets seg\u00fcents:<\/p>\n<p><strong>a)<\/strong> La impossibilitat d&#8217;accedir al lloc web o la manca de veracitat, exactitud, exhaustivitat o actualitat dels continguts, aix\u00ed com l&#8217;exist\u00e8ncia de vicis i defectes de tota mena dels continguts transmesos, difosos, emmagatzemats, posats a disposici\u00f3, als quals s&#8217;hagi accedit per mitj\u00e0 del lloc web o dels serveis que s&#8217;hi ofereixen.<\/p>\n<p><strong>b)<\/strong> La pres\u00e8ncia de virus o d&#8217;altres elements en els continguts que puguin produir alteracions en els sistemes inform\u00e0tics, documents electr\u00f2nics o dades dels usuaris.<\/p>\n<p><strong>c)<\/strong> L&#8217;incompliment de les lleis, la bona fe, l&#8217;ordre p\u00fablic, els usos del tr\u00e0nsit i aquest av\u00eds legal a conseq\u00fc\u00e8ncia de l&#8217;\u00fas incorrecte del lloc web. En particular, i a tall d&#8217;exemple, EL PROPIETARI DEL WEB no es fa responsable de les actuacions de tercers que vulnerin drets de propietat intel\u00b7lectual i industrial, secrets empresarials, drets de l&#8217;honor, de la intimitat personal i familiar i de la pr\u00f2pia imatge, aix\u00ed com la normativa en mat\u00e8ria de compet\u00e8ncia deslleial i publicitat il\u00b7l\u00edcita.<\/p>\n<p>Aix\u00ed mateix, EL PROPIETARI DEL WEB declina qualsevol responsabilitat respecte de la informaci\u00f3 trobada fora d&#8217;aquest web i que no sigui gestionada directament pel nostre administrador. La funci\u00f3 dels enlla\u00e7os que apareixen en aquesta web \u00e9s exclusivament la d&#8217;informar l&#8217;usuari sobre altres fonts susceptibles d&#8217;ampliar els continguts que ofereix aquest lloc web. EL PROPIETARI DEL WEB no garanteix ni es responsabilitza del funcionament o accessibilitat dels llocs enlla\u00e7ats, ni en suggereix ni en recomana la visita. Per tant, tampoc no \u00e9s responsable del resultat obtingut. EL PROPIETARI DEL WEB no es responsabilitza dels enlla\u00e7os establerts per tercers.<\/p>\n<h3><\/h3>\n<h3>4.2. PROCEDIMENT EN CAS D&#8217;ACTIVITATS IL\u00b7L\u00cdCITES<\/h3>\n<p>En cas que qualsevol usuari o un tercer consideri que hi ha fets o circumst\u00e0ncies que revelin el car\u00e0cter il\u00b7l\u00edcit de la utilitzaci\u00f3 de qualsevol contingut o de qualsevol activitat a les p\u00e0gines web incloses al lloc web o accessibles per mitj\u00e0 del lloc web, ha d&#8217;enviar una notificaci\u00f3 al PROPIETARI DEL WEB en qu\u00e8 s&#8217;identifiqui degudament i especifiqui aquestes suposades infraccions.<\/p>\n<h3><\/h3>\n<h3>4.3. PUBLICACIONS<\/h3>\n<p>La informaci\u00f3 administrativa facilitada per mitj\u00e0 del lloc web no substitueix la publicitat legal de les lleis, normatives, plans, disposicions generals i actes que s&#8217;hagin de publicar formalment als diaris oficials de les administracions p\u00fabliques, que constitueixen l&#8217;\u00fanic instrument que dona fe de la seva autenticitat i contingut. La informaci\u00f3 disponible en aquest lloc web s&#8217;ha d&#8217;entendre com una guia sense prop\u00f2sit de validesa legal.[\/et_pb_text][\/et_pb_column][\/et_pb_row][et_pb_row][et_pb_column type=&#8221;4_4&#8243;][et_pb_text _builder_version=&#8221;3.19.16&#8243; divienhancer_set=&#8221;none&#8221; divienhancer_interactive_bg_transform=&#8221;none&#8221; divienhancer_hover_effect=&#8221;none&#8221; divienhancer_sticky_module=&#8221;none&#8221; divienhancer_modal_overlay=&#8221;#333333&#8243; divienhancer_module_menu_button_background=&#8221;#333333&#8243; divienhancer_module_menu_button_color=&#8221;#ffffff&#8221;]<\/p>\n<h2>5. LEGISLACI\u00d3 APLICABLE<\/h2>\n<p>Aquestes condicions es regeixen per la legislaci\u00f3 espanyola vigent.<\/p>\n<p>[\/et_pb_text][\/et_pb_column][\/et_pb_row][\/et_pb_section][et_pb_section bb_built=&#8221;1&#8243; admin_label=&#8221;fondo colores&#8221; fullwidth=&#8221;on&#8221; module_class=&#8221;stop&#8221; _builder_version=&#8221;3.17.6&#8243; background_image=&#8221;https:\/\/www.vichycatalan.com\/wp-content\/uploads\/2018\/10\/trencadis-corporate.png&#8221; background_position=&#8221;top_center&#8221; background_repeat=&#8221;repeat-x&#8221; custom_padding=&#8221;190px||||false|false&#8221; prev_background_color=&#8221;#ffffff&#8221; global_module=&#8221;634&#8243;][\/et_pb_section]<\/p>\n","protected":false},"excerpt":{"rendered":"<p><div class=\"et_pb_row et_pb_row_0 et_pb_row_empty\">\n\t\t\t\t\n\t\t\t\t\n\t\t\t\t\n\t\t\t\t\n\t\t\t\t\n\t\t\t<\/div> 1. OBJECTE Aquest av\u00eds legal regula l&#8217;\u00fas del lloc web www.vichycatalan.com, del qual \u00e9s titular PREMIUM MIX GROUP, SL (d&#8217;ara endavant, EL PROPIETARI DEL WEB). Navegar pel lloc web li atribueix la condici\u00f3 d&#8217;USUARI del lloc i comporta que accepta plenament i sense reserves totes i cadascuna de les condicions d&#8217;aquest av\u00eds legal. EL [&hellip;]<\/p>\n","protected":false},"author":1,"featured_media":0,"parent":0,"menu_order":0,"comment_status":"closed","ping_status":"closed","template":"","meta":{"_acf_changed":false,"_et_pb_use_builder":"on","_et_pb_old_content":"","_et_gb_content_width":"","footnotes":""},"class_list":["post-9584","page","type-page","status-publish","hentry"],"acf":{"pagina_de_marca":null,"campos_de_marca":null},"yoast_head":"<!-- This site is optimized with the Yoast SEO plugin v27.5 - https:\/\/yoast.com\/product\/yoast-seo-wordpress\/ -->\n<title>Av\u00eds legal - Vichy Catalan Corporation<\/title>\n<meta name=\"description\" content=\"Av\u00eds legal de Vichy Catalan Corporation\" \/>\n<meta name=\"robots\" content=\"index, follow, max-snippet:-1, max-image-preview:large, max-video-preview:-1\" \/>\n<link rel=\"canonical\" href=\"https:\/\/www.vichycatalan.com\/ca\/avis-legal\/\" \/>\n<meta property=\"og:locale\" content=\"ca_ES\" \/>\n<meta property=\"og:type\" content=\"article\" \/>\n<meta property=\"og:title\" content=\"Av\u00eds legal - Vichy Catalan Corporation\" \/>\n<meta property=\"og:description\" content=\"Av\u00eds legal de Vichy Catalan Corporation\" \/>\n<meta property=\"og:url\" content=\"https:\/\/www.vichycatalan.com\/ca\/avis-legal\/\" \/>\n<meta property=\"og:site_name\" content=\"Vichy Catalan Corporation\" \/>\n<meta property=\"article:modified_time\" content=\"2019-04-24T09:46:00+00:00\" \/>\n<meta name=\"twitter:card\" content=\"summary_large_image\" \/>\n<meta name=\"twitter:label1\" content=\"Temps estimat de lectura\" \/>\n\t<meta name=\"twitter:data1\" content=\"10 minuts\" \/>\n<script type=\"application\/ld+json\" class=\"yoast-schema-graph\">{\"@context\":\"https:\\\/\\\/schema.org\",\"@graph\":[{\"@type\":\"WebPage\",\"@id\":\"https:\\\/\\\/www.vichycatalan.com\\\/ca\\\/avis-legal\\\/\",\"url\":\"https:\\\/\\\/www.vichycatalan.com\\\/ca\\\/avis-legal\\\/\",\"name\":\"Av\u00eds legal - Vichy Catalan Corporation\",\"isPartOf\":{\"@id\":\"https:\\\/\\\/www.vichycatalan.com\\\/ca\\\/#website\"},\"datePublished\":\"2019-03-06T08:22:16+00:00\",\"dateModified\":\"2019-04-24T09:46:00+00:00\",\"description\":\"Av\u00eds legal de Vichy Catalan Corporation\",\"breadcrumb\":{\"@id\":\"https:\\\/\\\/www.vichycatalan.com\\\/ca\\\/avis-legal\\\/#breadcrumb\"},\"inLanguage\":\"ca\",\"potentialAction\":[{\"@type\":\"ReadAction\",\"target\":[\"https:\\\/\\\/www.vichycatalan.com\\\/ca\\\/avis-legal\\\/\"]}]},{\"@type\":\"BreadcrumbList\",\"@id\":\"https:\\\/\\\/www.vichycatalan.com\\\/ca\\\/avis-legal\\\/#breadcrumb\",\"itemListElement\":[{\"@type\":\"ListItem\",\"position\":1,\"name\":\"Portada\",\"item\":\"https:\\\/\\\/www.vichycatalan.com\\\/ca\\\/\"},{\"@type\":\"ListItem\",\"position\":2,\"name\":\"Av\u00eds legal\"}]},{\"@type\":\"WebSite\",\"@id\":\"https:\\\/\\\/www.vichycatalan.com\\\/ca\\\/#website\",\"url\":\"https:\\\/\\\/www.vichycatalan.com\\\/ca\\\/\",\"name\":\"Vichy Catalan Corporation\",\"description\":\"Web de Vichy Catalan Corporation\",\"potentialAction\":[{\"@type\":\"SearchAction\",\"target\":{\"@type\":\"EntryPoint\",\"urlTemplate\":\"https:\\\/\\\/www.vichycatalan.com\\\/ca\\\/?s={search_term_string}\"},\"query-input\":{\"@type\":\"PropertyValueSpecification\",\"valueRequired\":true,\"valueName\":\"search_term_string\"}}],\"inLanguage\":\"ca\"}]}<\/script>\n<!-- \/ Yoast SEO plugin. -->","yoast_head_json":{"title":"Av\u00eds legal - Vichy Catalan Corporation","description":"Av\u00eds legal de Vichy Catalan Corporation","robots":{"index":"index","follow":"follow","max-snippet":"max-snippet:-1","max-image-preview":"max-image-preview:large","max-video-preview":"max-video-preview:-1"},"canonical":"https:\/\/www.vichycatalan.com\/ca\/avis-legal\/","og_locale":"ca_ES","og_type":"article","og_title":"Av\u00eds legal - Vichy Catalan Corporation","og_description":"Av\u00eds legal de Vichy Catalan Corporation","og_url":"https:\/\/www.vichycatalan.com\/ca\/avis-legal\/","og_site_name":"Vichy Catalan Corporation","article_modified_time":"2019-04-24T09:46:00+00:00","twitter_card":"summary_large_image","twitter_misc":{"Temps estimat de lectura":"10 minuts"},"schema":{"@context":"https:\/\/schema.org","@graph":[{"@type":"WebPage","@id":"https:\/\/www.vichycatalan.com\/ca\/avis-legal\/","url":"https:\/\/www.vichycatalan.com\/ca\/avis-legal\/","name":"Av\u00eds legal - Vichy Catalan Corporation","isPartOf":{"@id":"https:\/\/www.vichycatalan.com\/ca\/#website"},"datePublished":"2019-03-06T08:22:16+00:00","dateModified":"2019-04-24T09:46:00+00:00","description":"Av\u00eds legal de Vichy Catalan Corporation","breadcrumb":{"@id":"https:\/\/www.vichycatalan.com\/ca\/avis-legal\/#breadcrumb"},"inLanguage":"ca","potentialAction":[{"@type":"ReadAction","target":["https:\/\/www.vichycatalan.com\/ca\/avis-legal\/"]}]},{"@type":"BreadcrumbList","@id":"https:\/\/www.vichycatalan.com\/ca\/avis-legal\/#breadcrumb","itemListElement":[{"@type":"ListItem","position":1,"name":"Portada","item":"https:\/\/www.vichycatalan.com\/ca\/"},{"@type":"ListItem","position":2,"name":"Av\u00eds legal"}]},{"@type":"WebSite","@id":"https:\/\/www.vichycatalan.com\/ca\/#website","url":"https:\/\/www.vichycatalan.com\/ca\/","name":"Vichy Catalan Corporation","description":"Web de Vichy Catalan Corporation","potentialAction":[{"@type":"SearchAction","target":{"@type":"EntryPoint","urlTemplate":"https:\/\/www.vichycatalan.com\/ca\/?s={search_term_string}"},"query-input":{"@type":"PropertyValueSpecification","valueRequired":true,"valueName":"search_term_string"}}],"inLanguage":"ca"}]}},"_links":{"self":[{"href":"https:\/\/www.vichycatalan.com\/ca\/wp-json\/wp\/v2\/pages\/9584","targetHints":{"allow":["GET"]}}],"collection":[{"href":"https:\/\/www.vichycatalan.com\/ca\/wp-json\/wp\/v2\/pages"}],"about":[{"href":"https:\/\/www.vichycatalan.com\/ca\/wp-json\/wp\/v2\/types\/page"}],"author":[{"embeddable":true,"href":"https:\/\/www.vichycatalan.com\/ca\/wp-json\/wp\/v2\/users\/1"}],"replies":[{"embeddable":true,"href":"https:\/\/www.vichycatalan.com\/ca\/wp-json\/wp\/v2\/comments?post=9584"}],"version-history":[{"count":0,"href":"https:\/\/www.vichycatalan.com\/ca\/wp-json\/wp\/v2\/pages\/9584\/revisions"}],"wp:attachment":[{"href":"https:\/\/www.vichycatalan.com\/ca\/wp-json\/wp\/v2\/media?parent=9584"}],"curies":[{"name":"wp","href":"https:\/\/api.w.org\/{rel}","templated":true}]}}