{"id":9553,"date":"2019-03-01T13:59:37","date_gmt":"2019-03-01T12:59:37","guid":{"rendered":"https:\/\/www.vichycatalan.com\/aguas-de-mondariz\/historia\/"},"modified":"2019-05-21T17:17:24","modified_gmt":"2019-05-21T15:17:24","slug":"historia","status":"publish","type":"page","link":"https:\/\/www.vichycatalan.com\/ca\/les-nostres-marques\/aguas-de-mondariz\/historia\/","title":{"rendered":"Hist\u00f2ria"},"content":{"rendered":"<p>[et_pb_section fb_built=&#8221;1&#8243; fullwidth=&#8221;on&#8221; _builder_version=&#8221;3.22.3&#8243; custom_padding=&#8221;||||false|false&#8221; bottom_divider_color=&#8221;#ffffff&#8221; bottom_divider_height=&#8221;50px&#8221;][et_pb_fullwidth_header title=&#8221;Hist\u00f2ria d&#8217;Aguas de Mondariz&#8221; background_overlay_color=&#8221;rgba(44,42,41,0.2)&#8221; content_max_width=&#8221;60%&#8221; content_max_width_tablet=&#8221;100%&#8221; content_max_width_last_edited=&#8221;on|phone&#8221; _builder_version=&#8221;3.19.16&#8243; title_font=&#8221;Helvetica Neue standar|700|||||||&#8221; title_font_size=&#8221;56px&#8221; title_text_shadow_style=&#8221;preset1&#8243; content_text_align=&#8221;left&#8221; content_font_size=&#8221;23px&#8221; content_line_height=&#8221;1.1em&#8221; content_text_shadow_style=&#8221;preset1&#8243; background_image=&#8221;https:\/\/www.vichycatalan.com\/wp-content\/uploads\/2019\/03\/header-mondariz-historia.jpg&#8221; custom_margin=&#8221;0px|0px|0px|0px&#8221; custom_padding=&#8221;100px|0px|200px|0px&#8221; custom_padding_tablet=&#8221;50px|0px|150px|0px&#8221; custom_padding_phone=&#8221;0px||100px&#8221; custom_padding_last_edited=&#8221;on|phone&#8221; text_shadow_style=&#8221;preset1&#8243; divienhancer_set=&#8221;none&#8221;]La hist\u00f2ria de la millor aigua del m\u00f3n.<br \/>\n[\/et_pb_fullwidth_header][\/et_pb_section][et_pb_section fb_built=&#8221;1&#8243; _builder_version=&#8221;3.22.3&#8243; background_video_width=&#8221;1280&#8243; background_video_height=&#8221;720&#8243; custom_margin=&#8221;||&#8221; custom_padding=&#8221;0|0px|16px|0px|false|false&#8221; top_divider_color=&#8221;#ffffff&#8221; top_divider_height=&#8221;50px&#8221; bottom_divider_color=&#8221;#c1c1c1&#8243; bottom_divider_height=&#8221;136px&#8221;][et_pb_row custom_margin=&#8221;40px|||&#8221; _builder_version=&#8221;3.22.3&#8243; background_size=&#8221;initial&#8221; background_position=&#8221;top_left&#8221; background_repeat=&#8221;repeat&#8221;][et_pb_column type=&#8221;1_2&#8243; _builder_version=&#8221;3.0.47&#8243;][et_pb_text _builder_version=&#8221;3.19.16&#8243; animation_style=&#8221;fade&#8221; animation_direction=&#8221;right&#8221; animation_delay=&#8221;100ms&#8221; divienhancer_set=&#8221;none&#8221;]<span class=\"et-dropcap\">L<\/span>a <strong>hist\u00f2ria de Mondariz<\/strong> gira al voltant de l&#8217;explotaci\u00f3 de les seves aig\u00fces mineromedicinals. Hi ha interpretacions documentals que relacionen Mondariz amb l&#8217;antiga vila romana de B\u00farbida i que indiquen que els antics habitants del castell de Sobroso coneixien i feien servir aquestes aig\u00fces en unes instal\u00b7lacions que van ser destru\u00efdes a la batalla d&#8217;Ucl\u00e9s (segle XII).<\/p>\n<p>El ressorgiment de les aig\u00fces (al segle XIX) es deu, en primera inst\u00e0ncia, a <strong>Domingo Blanco Lage<\/strong>, metge de Mondariz, que va observar com els seus ve\u00efns es guarien les ferides dermatol\u00f2giques usant aquestes aig\u00fces, que posteriorment va fer servir amb finalitats terap\u00e8utiques en el desenvolupament de la seva professi\u00f3.<\/p>\n<p>Per\u00f2 els anys de gran esplendor van arribar gr\u00e0cies a <strong>Enrique Peinador Vela i la seva fam\u00edlia<\/strong>. L&#8217;any 1873 s&#8217;aconsegueix la declaraci\u00f3 d&#8217;utilitat p\u00fablica de l&#8217;aigua i des de l&#8217;any 1877 s&#8217;envasa l&#8217;aigua mineral a la planta d&#8217;envasament (situada en aquest moment en un edifici annex a la deu).<br \/>\n[\/et_pb_text][\/et_pb_column][et_pb_column type=&#8221;1_2&#8243; _builder_version=&#8221;3.0.47&#8243;][et_pb_text _builder_version=&#8221;3.19.16&#8243; animation_style=&#8221;fade&#8221; animation_direction=&#8221;right&#8221; animation_delay=&#8221;100ms&#8221; divienhancer_set=&#8221;none&#8221;]Durant molts anys l&#8217;activitat s&#8217;ha desenvolupat paral\u00b7lelament a la del balneari de Mondariz, el centre balneoterap\u00e8utic m\u00e9s modern de Gal\u00edcia, situat a la vall del Tea.<\/p>\n<p>Dels beneficis terap\u00e8utics de l&#8217;aigua de Mondariz n&#8217;han gaudit, al llarg de la hist\u00f2ria, els personatges m\u00e9s il\u00b7lustres del segle passat, com ara Isaac Peral, Echegaray, Arniches, Castelao, W. Fern\u00e1ndez Fl\u00f3rez, Castelar, entre d&#8217;altres.<\/p>\n<p>&#8220;Aix\u00f2 no \u00e9s pas un balneari. \u00c9s el Palau de les Aig\u00fces&#8221;, va afirmar el premi Nobel Jos\u00e9 de Echegaray en con\u00e8ixer els efectes salut\u00edfers de les aig\u00fces de Mondariz.<br \/>\n[\/et_pb_text][\/et_pb_column][\/et_pb_row][\/et_pb_section][et_pb_section fb_built=&#8221;1&#8243; _builder_version=&#8221;3.22.3&#8243;][et_pb_row custom_padding=&#8221;0||0px||false|false&#8221; _builder_version=&#8221;3.22.3&#8243;][et_pb_column type=&#8221;4_4&#8243; _builder_version=&#8221;3.0.47&#8243;][et_pb_divider divider_style=&#8221;double&#8221; divider_position=&#8221;center&#8221; divider_weight=&#8221;7px&#8221; _builder_version=&#8221;3.17.6&#8243; divienhancer_set=&#8221;none&#8221;][\/et_pb_divider][\/et_pb_column][\/et_pb_row][et_pb_row custom_padding=&#8221;32px|0px|7px|0px|false|false&#8221; _builder_version=&#8221;3.22.3&#8243; background_size=&#8221;initial&#8221; background_position=&#8221;top_left&#8221; background_repeat=&#8221;repeat&#8221;][et_pb_column type=&#8221;4_4&#8243; _builder_version=&#8221;3.0.47&#8243;][et_pb_text admin_label=&#8221;Nuestras marcas&#8221; _builder_version=&#8221;3.19.16&#8243; header_2_font=&#8221;Helvetica Neue standar||||||||&#8221; header_2_font_size=&#8221;39px&#8221; background_color=&#8221;#ffffff&#8221; max_width=&#8221;50%&#8221; module_alignment=&#8221;center&#8221; custom_margin=&#8221;-60px||&#8221; divienhancer_set=&#8221;none&#8221; inline_fonts=&#8221;Helvetica Neue bold&#8221;]<\/p>\n<h2 style=\"text-align: center;\">GAMMA DE <span style=\"font-family: 'Helvetica Neue bold';\">MONDARIZ<\/span><\/h2>\n<p>[\/et_pb_text][\/et_pb_column][\/et_pb_row][et_pb_row custom_padding=&#8221;3px|0px|0px|0px|false|false&#8221; custom_margin=&#8221;||49px&#8221; module_class=&#8221;submarcas&#8221; _builder_version=&#8221;3.22.3&#8243;][et_pb_column type=&#8221;1_4&#8243; _builder_version=&#8221;3.0.47&#8243;][et_pb_image src=&#8221;https:\/\/www.vichycatalan.com\/wp-content\/uploads\/2019\/03\/logo-submarca-mondariz-natural-sin-gas.jpg&#8221; url=&#8221;https:\/\/www.vichycatalan.com\/ca\/les-nostres-marques\/aigua-mineral-natural-sense-gas-mondariz\/&#8221; use_overlay=&#8221;on&#8221; overlay_icon_color=&#8221;#ffffff&#8221; hover_overlay_color=&#8221;rgba(252,210,153,0.66)&#8221; hover_icon=&#8221;%%47%%&#8221; show_bottom_space=&#8221;off&#8221; align=&#8221;center&#8221; _builder_version=&#8221;3.22.7&#8243; divienhancer_set=&#8221;none&#8221;][\/et_pb_image][\/et_pb_column][et_pb_column type=&#8221;1_4&#8243; _builder_version=&#8221;3.0.47&#8243;][et_pb_image src=&#8221;https:\/\/www.vichycatalan.com\/wp-content\/uploads\/2019\/03\/logo-submarca-mondariz-natural-con-gas.jpg&#8221; url=&#8221;https:\/\/www.vichycatalan.com\/ca\/les-nostres-marques\/aigua-mineral-natural-amb-gas-mondariz\/&#8221; use_overlay=&#8221;on&#8221; overlay_icon_color=&#8221;#ffffff&#8221; hover_overlay_color=&#8221;rgba(252,210,153,0.66)&#8221; hover_icon=&#8221;%%47%%&#8221; show_bottom_space=&#8221;off&#8221; align=&#8221;center&#8221; _builder_version=&#8221;3.22.7&#8243; divienhancer_set=&#8221;none&#8221;][\/et_pb_image][\/et_pb_column][et_pb_column type=&#8221;1_4&#8243; _builder_version=&#8221;3.0.47&#8243;][et_pb_image src=&#8221;https:\/\/www.vichycatalan.com\/wp-content\/uploads\/2019\/03\/logo-submarca-mondariz-refrescos.jpg&#8221; url=&#8221;https:\/\/www.vichycatalan.com\/ca\/les-nostres-marques\/mondariz-refrescos\/&#8221; use_overlay=&#8221;on&#8221; overlay_icon_color=&#8221;#ffffff&#8221; hover_overlay_color=&#8221;rgba(252,210,153,0.66)&#8221; hover_icon=&#8221;%%47%%&#8221; show_bottom_space=&#8221;off&#8221; align=&#8221;center&#8221; _builder_version=&#8221;3.22.7&#8243; divienhancer_set=&#8221;none&#8221;][\/et_pb_image][\/et_pb_column][et_pb_column type=&#8221;1_4&#8243; _builder_version=&#8221;3.0.47&#8243;][et_pb_image src=&#8221;https:\/\/www.vichycatalan.com\/wp-content\/uploads\/2019\/03\/logo-submarca-mondariz-frutas.jpg&#8221; url=&#8221;https:\/\/www.vichycatalan.com\/ca\/les-nostres-marques\/mondariz-frutas\/&#8221; use_overlay=&#8221;on&#8221; overlay_icon_color=&#8221;#ffffff&#8221; hover_overlay_color=&#8221;rgba(252,210,153,0.66)&#8221; hover_icon=&#8221;%%47%%&#8221; show_bottom_space=&#8221;off&#8221; align=&#8221;center&#8221; _builder_version=&#8221;3.22.7&#8243; divienhancer_set=&#8221;none&#8221;][\/et_pb_image][\/et_pb_column][\/et_pb_row][\/et_pb_section][et_pb_section fb_built=&#8221;1&#8243; fullwidth=&#8221;on&#8221; admin_label=&#8221;fondo colores&#8221; module_class=&#8221;stop&#8221; _builder_version=&#8221;3.22.3&#8243; background_image=&#8221;https:\/\/www.vichycatalan.com\/wp-content\/uploads\/2018\/10\/trencadis-corporate.png&#8221; background_position=&#8221;top_center&#8221; background_repeat=&#8221;repeat-x&#8221; custom_padding=&#8221;190px||||false|false&#8221;][\/et_pb_section]<\/p>\n","protected":false},"excerpt":{"rendered":"<p>La hist\u00f2ria de la millor aigua del m\u00f3n. La hist\u00f2ria de Mondariz gira al voltant de l&#8217;explotaci\u00f3 de les seves aig\u00fces mineromedicinals. Hi ha interpretacions documentals que relacionen Mondariz amb l&#8217;antiga vila romana de B\u00farbida i que indiquen que els antics habitants del castell de Sobroso coneixien i feien servir aquestes aig\u00fces en unes instal\u00b7lacions [&hellip;]<\/p>\n","protected":false},"author":1,"featured_media":0,"parent":9547,"menu_order":0,"comment_status":"closed","ping_status":"closed","template":"","meta":{"_acf_changed":false,"_et_pb_use_builder":"on","_et_pb_old_content":"","_et_gb_content_width":"","footnotes":""},"class_list":["post-9553","page","type-page","status-publish","hentry"],"acf":{"pagina_de_marca":null,"campos_de_marca":null},"yoast_head":"<!-- This site is optimized with the Yoast SEO plugin v27.5 - https:\/\/yoast.com\/product\/yoast-seo-wordpress\/ -->\n<title>Hist\u00f2ria - Vichy Catalan Corporation<\/title>\n<meta name=\"description\" content=\"&quot;Aix\u00f2 no \u00e9s pas un balneari. \u00c9s el Palau de les Aig\u00fces&quot;, va afirmar el premi Nobel Jos\u00e9 de Echegaray en con\u00e8ixer els efectes salut\u00edfers de les aig\u00fces de Mondariz.\" \/>\n<meta name=\"robots\" content=\"index, follow, max-snippet:-1, max-image-preview:large, max-video-preview:-1\" \/>\n<link rel=\"canonical\" href=\"https:\/\/www.vichycatalan.com\/ca\/les-nostres-marques\/aguas-de-mondariz\/historia\/\" \/>\n<meta property=\"og:locale\" content=\"ca_ES\" \/>\n<meta property=\"og:type\" content=\"article\" \/>\n<meta property=\"og:title\" content=\"Hist\u00f2ria - Vichy Catalan Corporation\" \/>\n<meta property=\"og:description\" content=\"&quot;Aix\u00f2 no \u00e9s pas un balneari. \u00c9s el Palau de les Aig\u00fces&quot;, va afirmar el premi Nobel Jos\u00e9 de Echegaray en con\u00e8ixer els efectes salut\u00edfers de les aig\u00fces de Mondariz.\" \/>\n<meta property=\"og:url\" content=\"https:\/\/www.vichycatalan.com\/ca\/les-nostres-marques\/aguas-de-mondariz\/historia\/\" \/>\n<meta property=\"og:site_name\" content=\"Vichy Catalan Corporation\" \/>\n<meta property=\"article:modified_time\" content=\"2019-05-21T15:17:24+00:00\" \/>\n<meta name=\"twitter:card\" content=\"summary_large_image\" \/>\n<meta name=\"twitter:label1\" content=\"Temps estimat de lectura\" \/>\n\t<meta name=\"twitter:data1\" content=\"5 minuts\" \/>\n<script type=\"application\/ld+json\" class=\"yoast-schema-graph\">{\"@context\":\"https:\\\/\\\/schema.org\",\"@graph\":[{\"@type\":\"WebPage\",\"@id\":\"https:\\\/\\\/www.vichycatalan.com\\\/ca\\\/les-nostres-marques\\\/aguas-de-mondariz\\\/historia\\\/\",\"url\":\"https:\\\/\\\/www.vichycatalan.com\\\/ca\\\/les-nostres-marques\\\/aguas-de-mondariz\\\/historia\\\/\",\"name\":\"Hist\u00f2ria - Vichy Catalan Corporation\",\"isPartOf\":{\"@id\":\"https:\\\/\\\/www.vichycatalan.com\\\/ca\\\/#website\"},\"datePublished\":\"2019-03-01T12:59:37+00:00\",\"dateModified\":\"2019-05-21T15:17:24+00:00\",\"description\":\"\\\"Aix\u00f2 no \u00e9s pas un balneari. \u00c9s el Palau de les Aig\u00fces\\\", va afirmar el premi Nobel Jos\u00e9 de Echegaray en con\u00e8ixer els efectes salut\u00edfers de les aig\u00fces de Mondariz.\",\"breadcrumb\":{\"@id\":\"https:\\\/\\\/www.vichycatalan.com\\\/ca\\\/les-nostres-marques\\\/aguas-de-mondariz\\\/historia\\\/#breadcrumb\"},\"inLanguage\":\"ca\",\"potentialAction\":[{\"@type\":\"ReadAction\",\"target\":[\"https:\\\/\\\/www.vichycatalan.com\\\/ca\\\/les-nostres-marques\\\/aguas-de-mondariz\\\/historia\\\/\"]}]},{\"@type\":\"BreadcrumbList\",\"@id\":\"https:\\\/\\\/www.vichycatalan.com\\\/ca\\\/les-nostres-marques\\\/aguas-de-mondariz\\\/historia\\\/#breadcrumb\",\"itemListElement\":[{\"@type\":\"ListItem\",\"position\":1,\"name\":\"Portada\",\"item\":\"https:\\\/\\\/www.vichycatalan.com\\\/ca\\\/\"},{\"@type\":\"ListItem\",\"position\":2,\"name\":\"Les nostres marques\",\"item\":\"https:\\\/\\\/www.vichycatalan.com\\\/ca\\\/les-nostres-marques\\\/\"},{\"@type\":\"ListItem\",\"position\":3,\"name\":\"Aguas de Mondariz\",\"item\":\"https:\\\/\\\/www.vichycatalan.com\\\/ca\\\/les-nostres-marques\\\/aguas-de-mondariz\\\/\"},{\"@type\":\"ListItem\",\"position\":4,\"name\":\"Hist\u00f2ria\"}]},{\"@type\":\"WebSite\",\"@id\":\"https:\\\/\\\/www.vichycatalan.com\\\/ca\\\/#website\",\"url\":\"https:\\\/\\\/www.vichycatalan.com\\\/ca\\\/\",\"name\":\"Vichy Catalan Corporation\",\"description\":\"Web de Vichy Catalan Corporation\",\"potentialAction\":[{\"@type\":\"SearchAction\",\"target\":{\"@type\":\"EntryPoint\",\"urlTemplate\":\"https:\\\/\\\/www.vichycatalan.com\\\/ca\\\/?s={search_term_string}\"},\"query-input\":{\"@type\":\"PropertyValueSpecification\",\"valueRequired\":true,\"valueName\":\"search_term_string\"}}],\"inLanguage\":\"ca\"}]}<\/script>\n<!-- \/ Yoast SEO plugin. -->","yoast_head_json":{"title":"Hist\u00f2ria - Vichy Catalan Corporation","description":"\"Aix\u00f2 no \u00e9s pas un balneari. \u00c9s el Palau de les Aig\u00fces\", va afirmar el premi Nobel Jos\u00e9 de Echegaray en con\u00e8ixer els efectes salut\u00edfers de les aig\u00fces de Mondariz.","robots":{"index":"index","follow":"follow","max-snippet":"max-snippet:-1","max-image-preview":"max-image-preview:large","max-video-preview":"max-video-preview:-1"},"canonical":"https:\/\/www.vichycatalan.com\/ca\/les-nostres-marques\/aguas-de-mondariz\/historia\/","og_locale":"ca_ES","og_type":"article","og_title":"Hist\u00f2ria - Vichy Catalan Corporation","og_description":"\"Aix\u00f2 no \u00e9s pas un balneari. \u00c9s el Palau de les Aig\u00fces\", va afirmar el premi Nobel Jos\u00e9 de Echegaray en con\u00e8ixer els efectes salut\u00edfers de les aig\u00fces de Mondariz.","og_url":"https:\/\/www.vichycatalan.com\/ca\/les-nostres-marques\/aguas-de-mondariz\/historia\/","og_site_name":"Vichy Catalan Corporation","article_modified_time":"2019-05-21T15:17:24+00:00","twitter_card":"summary_large_image","twitter_misc":{"Temps estimat de lectura":"5 minuts"},"schema":{"@context":"https:\/\/schema.org","@graph":[{"@type":"WebPage","@id":"https:\/\/www.vichycatalan.com\/ca\/les-nostres-marques\/aguas-de-mondariz\/historia\/","url":"https:\/\/www.vichycatalan.com\/ca\/les-nostres-marques\/aguas-de-mondariz\/historia\/","name":"Hist\u00f2ria - Vichy Catalan Corporation","isPartOf":{"@id":"https:\/\/www.vichycatalan.com\/ca\/#website"},"datePublished":"2019-03-01T12:59:37+00:00","dateModified":"2019-05-21T15:17:24+00:00","description":"\"Aix\u00f2 no \u00e9s pas un balneari. \u00c9s el Palau de les Aig\u00fces\", va afirmar el premi Nobel Jos\u00e9 de Echegaray en con\u00e8ixer els efectes salut\u00edfers de les aig\u00fces de Mondariz.","breadcrumb":{"@id":"https:\/\/www.vichycatalan.com\/ca\/les-nostres-marques\/aguas-de-mondariz\/historia\/#breadcrumb"},"inLanguage":"ca","potentialAction":[{"@type":"ReadAction","target":["https:\/\/www.vichycatalan.com\/ca\/les-nostres-marques\/aguas-de-mondariz\/historia\/"]}]},{"@type":"BreadcrumbList","@id":"https:\/\/www.vichycatalan.com\/ca\/les-nostres-marques\/aguas-de-mondariz\/historia\/#breadcrumb","itemListElement":[{"@type":"ListItem","position":1,"name":"Portada","item":"https:\/\/www.vichycatalan.com\/ca\/"},{"@type":"ListItem","position":2,"name":"Les nostres marques","item":"https:\/\/www.vichycatalan.com\/ca\/les-nostres-marques\/"},{"@type":"ListItem","position":3,"name":"Aguas de Mondariz","item":"https:\/\/www.vichycatalan.com\/ca\/les-nostres-marques\/aguas-de-mondariz\/"},{"@type":"ListItem","position":4,"name":"Hist\u00f2ria"}]},{"@type":"WebSite","@id":"https:\/\/www.vichycatalan.com\/ca\/#website","url":"https:\/\/www.vichycatalan.com\/ca\/","name":"Vichy Catalan Corporation","description":"Web de Vichy Catalan Corporation","potentialAction":[{"@type":"SearchAction","target":{"@type":"EntryPoint","urlTemplate":"https:\/\/www.vichycatalan.com\/ca\/?s={search_term_string}"},"query-input":{"@type":"PropertyValueSpecification","valueRequired":true,"valueName":"search_term_string"}}],"inLanguage":"ca"}]}},"_links":{"self":[{"href":"https:\/\/www.vichycatalan.com\/ca\/wp-json\/wp\/v2\/pages\/9553","targetHints":{"allow":["GET"]}}],"collection":[{"href":"https:\/\/www.vichycatalan.com\/ca\/wp-json\/wp\/v2\/pages"}],"about":[{"href":"https:\/\/www.vichycatalan.com\/ca\/wp-json\/wp\/v2\/types\/page"}],"author":[{"embeddable":true,"href":"https:\/\/www.vichycatalan.com\/ca\/wp-json\/wp\/v2\/users\/1"}],"replies":[{"embeddable":true,"href":"https:\/\/www.vichycatalan.com\/ca\/wp-json\/wp\/v2\/comments?post=9553"}],"version-history":[{"count":0,"href":"https:\/\/www.vichycatalan.com\/ca\/wp-json\/wp\/v2\/pages\/9553\/revisions"}],"up":[{"embeddable":true,"href":"https:\/\/www.vichycatalan.com\/ca\/wp-json\/wp\/v2\/pages\/9547"}],"wp:attachment":[{"href":"https:\/\/www.vichycatalan.com\/ca\/wp-json\/wp\/v2\/media?parent=9553"}],"curies":[{"name":"wp","href":"https:\/\/api.w.org\/{rel}","templated":true}]}}