{"id":9536,"date":"2019-03-01T12:32:02","date_gmt":"2019-03-01T11:32:02","guid":{"rendered":"https:\/\/www.vichycatalan.com\/malavella\/"},"modified":"2025-02-26T13:22:45","modified_gmt":"2025-02-26T12:22:45","slug":"malavella","status":"publish","type":"page","link":"https:\/\/www.vichycatalan.com\/ca\/les-nostres-marques\/malavella\/","title":{"rendered":"Malavella"},"content":{"rendered":"<p>[et_pb_section fb_built=&#8221;1&#8243; fullwidth=&#8221;on&#8221; _builder_version=&#8221;4.16&#8243; custom_padding=&#8221;||||false|false&#8221; bottom_divider_color=&#8221;#ffffff&#8221; bottom_divider_height=&#8221;50px&#8221; global_colors_info=&#8221;{}&#8221;][et_pb_fullwidth_header title=&#8221;Malavella&#8221; background_overlay_color=&#8221;rgba(44,42,41,0.44)&#8221; content_max_width=&#8221;60%&#8221; content_max_width_tablet=&#8221;100%&#8221; content_max_width_phone=&#8221;&#8221; content_max_width_last_edited=&#8221;on|phone&#8221; _builder_version=&#8221;4.16&#8243; title_font=&#8221;Helvetica Neue standar|700|||||||&#8221; title_font_size=&#8221;56px&#8221; content_text_align=&#8221;left&#8221; content_font_size=&#8221;23px&#8221; content_line_height=&#8221;1.1em&#8221; background_image=&#8221;https:\/\/www.vichycatalan.com\/wp-content\/uploads\/2019\/03\/header-marca-malavella.jpg&#8221; custom_margin=&#8221;0px|0px|0px|0px&#8221; custom_padding=&#8221;100px|0px|200px|0px&#8221; custom_padding_tablet=&#8221;50px|0px|150px|0px&#8221; custom_padding_phone=&#8221;0px||100px&#8221; custom_padding_last_edited=&#8221;on|phone&#8221; title_text_shadow_style=&#8221;preset1&#8243; content_text_shadow_style=&#8221;preset1&#8243; text_shadow_style=&#8221;preset1&#8243; global_colors_info=&#8221;{}&#8221;]M\u00e9s de 10.000 anys de filtraci\u00f3.<br \/>\n[\/et_pb_fullwidth_header][\/et_pb_section][et_pb_section fb_built=&#8221;1&#8243; _builder_version=&#8221;4.16&#8243; background_video_width=&#8221;1280&#8243; background_video_height=&#8221;720&#8243; custom_margin=&#8221;||&#8221; custom_padding=&#8221;0|0px|16px|0px|false|false&#8221; top_divider_color=&#8221;#ffffff&#8221; top_divider_height=&#8221;50px&#8221; bottom_divider_color=&#8221;#c1c1c1&#8243; bottom_divider_height=&#8221;136px&#8221; global_colors_info=&#8221;{}&#8221;][et_pb_row column_structure=&#8221;1_3,2_3&#8243; _builder_version=&#8221;4.16&#8243; background_size=&#8221;initial&#8221; background_position=&#8221;top_left&#8221; background_repeat=&#8221;repeat&#8221; global_colors_info=&#8221;{}&#8221;][et_pb_column type=&#8221;1_3&#8243; _builder_version=&#8221;4.16&#8243; custom_padding=&#8221;|||&#8221; global_colors_info=&#8221;{}&#8221; custom_padding__hover=&#8221;|||&#8221;][et_pb_image src=&#8221;https:\/\/www.vichycatalan.com\/wp-content\/uploads\/2019\/03\/malavella-main-img.jpg&#8221; align=&#8221;center&#8221; align_tablet=&#8221;center&#8221; align_phone=&#8221;center&#8221; align_last_edited=&#8221;on|desktop&#8221; _builder_version=&#8221;4.16&#8243; animation_style=&#8221;slide&#8221; animation_direction=&#8221;bottom&#8221; animation_duration=&#8221;1500ms&#8221; animation_intensity_slide=&#8221;10%&#8221; global_colors_info=&#8221;{}&#8221;][\/et_pb_image][\/et_pb_column][et_pb_column type=&#8221;2_3&#8243; _builder_version=&#8221;4.16&#8243; custom_padding=&#8221;|||&#8221; global_colors_info=&#8221;{}&#8221; custom_padding__hover=&#8221;|||&#8221;][et_pb_image src=&#8221;https:\/\/www.vichycatalan.com\/wp-content\/uploads\/2019\/03\/malavella-logohead.jpg&#8221; _builder_version=&#8221;4.16&#8243; background_color=&#8221;#ffffff&#8221; custom_padding=&#8221;|||&#8221; animation_style=&#8221;slide&#8221; animation_direction=&#8221;left&#8221; animation_duration=&#8221;1500ms&#8221; animation_intensity_slide=&#8221;10%&#8221; always_center_on_mobile=&#8221;off&#8221; global_colors_info=&#8221;{}&#8221;][\/et_pb_image][et_pb_divider divider_style=&#8221;double&#8221; divider_position=&#8221;center&#8221; divider_weight=&#8221;10px&#8221; _builder_version=&#8221;4.16&#8243; height=&#8221;13px&#8221; custom_margin=&#8221;-115px|||&#8221; custom_padding=&#8221;||104px|160px&#8221; global_colors_info=&#8221;{}&#8221;][\/et_pb_divider][et_pb_text _builder_version=&#8221;4.16&#8243; custom_margin=&#8221;||&#8221; animation_style=&#8221;fade&#8221; animation_direction=&#8221;right&#8221; animation_delay=&#8221;100ms&#8221; global_colors_info=&#8221;{}&#8221;]<span class='et-dropcap'>M<\/span>alavella \u00e9s una aigua mineral natural carb\u00f2nica d&#8217;origen termal que brolla a 58\u00a0\u00baC de la deu Font de la Mina de Caldes de\u00a0Malavella (Girona). Les seves qualitats minerals li confereixen una personalitat pr\u00f2pia i original. \u00c9s una aigua bicarbonatada s\u00f2dica.<\/p>\n<p>Malavella emergeix de la deu amb el seu propi gas despr\u00e9s d&#8217;un llarg recorregut de m\u00e9s de 10.000 anys per les profunditats de la terra, segons l&#8217;informe de l&#8217;IGME (Institut Geol\u00f2gic i Miner d&#8217;Espanya) del 1996. Durant aquest trajecte, a una temperatura superior a 100\u00a0\u00baC, l&#8217;aigua es nodreix dels minerals que li confereixen les seves propietats excepcionals.<\/p>\n<p>Es recomana servir-la freda per apreciar-ne m\u00e9s b\u00e9 les qualitats organol\u00e8ptiques. La seva qualitat est\u00e0 certificada per normes internacionals de qualitat i seguretat aliment\u00e0ria.<\/p>\n<p>L&#8217;aigua mineral natural carb\u00f2nica Malavella es presenta en un env\u00e0s de vidre original guardonat amb el premi Best Pack d&#8217;Or 2002 en la XIV edici\u00f3 del Sal\u00f3 Internacional de l&#8217;Alimentaci\u00f3 i les Begudes, Alimentaria, i en un env\u00e0s cl\u00e0ssic guardonat amb el premi Liderpack 2014 al millor env\u00e0s de begudes.[\/et_pb_text][\/et_pb_column][\/et_pb_row][et_pb_row _builder_version=&#8221;4.16&#8243; custom_padding=&#8221;||0px|&#8221; global_colors_info=&#8221;{}&#8221;][et_pb_column type=&#8221;4_4&#8243; _builder_version=&#8221;4.16&#8243; custom_padding=&#8221;|||&#8221; global_colors_info=&#8221;{}&#8221; custom_padding__hover=&#8221;|||&#8221;][et_pb_divider divider_style=&#8221;double&#8221; divider_position=&#8221;center&#8221; divider_weight=&#8221;7px&#8221; _builder_version=&#8221;4.16&#8243; global_colors_info=&#8221;{}&#8221;]<\/p>\n<p>[\/et_pb_divider][\/et_pb_column][\/et_pb_row][et_pb_row _builder_version=&#8221;4.16&#8243; background_size=&#8221;initial&#8221; background_position=&#8221;top_left&#8221; background_repeat=&#8221;repeat&#8221; global_colors_info=&#8221;{}&#8221;][et_pb_column type=&#8221;4_4&#8243; _builder_version=&#8221;4.16&#8243; custom_padding=&#8221;|||&#8221; global_colors_info=&#8221;{}&#8221; custom_padding__hover=&#8221;|||&#8221;][et_pb_text _builder_version=&#8221;4.16&#8243; header_2_font=&#8221;Helvetica Neue standar||||||||&#8221; header_2_font_size=&#8221;39px&#8221; background_color=&#8221;#ffffff&#8221; max_width=&#8221;50%&#8221; module_alignment=&#8221;center&#8221; custom_margin=&#8221;-60px|||&#8221; header_2_font_size_tablet=&#8221;30px&#8221; header_2_font_size_phone=&#8221;22px&#8221; header_2_font_size_last_edited=&#8221;on|phone&#8221; inline_fonts=&#8221;Helvetica Neue bold&#8221; global_colors_info=&#8221;{}&#8221;]<\/p>\n<h2 style=\"text-align: center\">HIST\u00d2RIA DE \u00a0<span style=\"font-family: 'Helvetica Neue bold'\">MALAVELLA<\/span><\/h2>\n<p>[\/et_pb_text][\/et_pb_column][\/et_pb_row][et_pb_row _builder_version=&#8221;4.16&#8243; background_size=&#8221;initial&#8221; background_position=&#8221;top_left&#8221; background_repeat=&#8221;repeat&#8221; global_colors_info=&#8221;{}&#8221;][et_pb_column type=&#8221;4_4&#8243; _builder_version=&#8221;4.16&#8243; custom_padding=&#8221;|||&#8221; global_colors_info=&#8221;{}&#8221; custom_padding__hover=&#8221;|||&#8221;][et_pb_image src=&#8221;https:\/\/www.vichycatalan.com\/wp-content\/uploads\/2023\/03\/bannerweb_1348x411px_Malavella_v3.jpg&#8221; alt=&#8221;malavella banner home&#8221; title_text=&#8221;bannerweb_1348x411px_Malavella_v3&#8243; align_tablet=&#8221;center&#8221; align_phone=&#8221;center&#8221; align_last_edited=&#8221;on|desktop&#8221; _builder_version=&#8221;4.27.4&#8243; custom_margin=&#8221;-40px|||&#8221; animation_style=&#8221;fade&#8221; animation_duration=&#8221;1500ms&#8221; global_colors_info=&#8221;{}&#8221;][\/et_pb_image][\/et_pb_column][\/et_pb_row][et_pb_row column_structure=&#8221;1_2,1_2&#8243; _builder_version=&#8221;4.16&#8243; background_size=&#8221;initial&#8221; background_position=&#8221;top_left&#8221; background_repeat=&#8221;repeat&#8221; global_colors_info=&#8221;{}&#8221;][et_pb_column type=&#8221;1_2&#8243; _builder_version=&#8221;4.16&#8243; custom_padding=&#8221;|||&#8221; global_colors_info=&#8221;{}&#8221; custom_padding__hover=&#8221;|||&#8221;][et_pb_text _builder_version=&#8221;4.16&#8243; custom_margin=&#8221;||&#8221; animation_style=&#8221;fade&#8221; animation_direction=&#8221;right&#8221; animation_delay=&#8221;100ms&#8221; global_colors_info=&#8221;{}&#8221;]<span class='et-dropcap'>C<\/span>aldes de Malavella gaudeix d&#8217;un reconegut prestigi gr\u00e0cies a les seves aig\u00fces termals, conegudes de ben antic i utilitzades pels romans pels seus valors terap\u00e8utics. Al poble hi ha tres pujols principals. D&#8217;un d&#8217;aquests pujols actualment en surt la deu de Vichy Catalan i en un altre hi ha la font de Malavella, que antigament tamb\u00e9 se&#8217;n deia la Mina o la deu Xiberta.<\/p>\n<p>Tal com explica l&#8217;enginyer de mines Llu\u00eds Mari\u00e0 Vidal en la seva mem\u00f2ria geol\u00f2gica, la deu va ser descoberta el 1829 quan es va obrir una mina \u2014d&#8217;aqu\u00ed ve un dels noms de la font\u2014 per assecar un camp massa humit per al conreu.<\/p>\n<p>A mitjan segle XIX la mina era propietat de Tom\u00e0s Xiberta, que el 1841 va cedir a Ramon Font i Roura, ve\u00ed de Canet de Mar, una part del terreny on hi havia la font. Ramon Font va establir un seguit de censos a diversos ve\u00efns de Caldes per fer servir l&#8217;aigua de la Mina.<\/p>\n<p>Va caldre esperar fins al 1940 per parlar d&#8217;una nova empresa dedicada a l&#8217;explotaci\u00f3 i comercialitzaci\u00f3 de l&#8217;aigua de la Font de la Mina, una empresa anomenada Cardoner, Soler, Cugat y Compa\u00f1\u00eda, SL, que un any m\u00e9s tard canviaria de nom per dir-se Malavella, SL, nom que t\u00e9 tamb\u00e9 l&#8217;aigua carbonatada Malavella.<br \/>\n[\/et_pb_text][\/et_pb_column][et_pb_column type=&#8221;1_2&#8243; _builder_version=&#8221;4.16&#8243; custom_padding=&#8221;|||&#8221; global_colors_info=&#8221;{}&#8221; custom_padding__hover=&#8221;|||&#8221;][et_pb_text _builder_version=&#8221;4.16&#8243; custom_margin=&#8221;||&#8221; animation_style=&#8221;fade&#8221; animation_direction=&#8221;right&#8221; animation_delay=&#8221;100ms&#8221; global_colors_info=&#8221;{}&#8221;]L&#8217;empresa Malavella, SL, es va anar consolidant durant les d\u00e8cades dels cinquanta i seixanta en el dif\u00edcil mercat de les aig\u00fces minerals naturals amb gas, i fins al 1975 l&#8217;empresa no es va reestructurar per crear Malavella, SA, fet que va permetre que Vichy Catalan, SA, entr\u00e9s a formar part de l&#8217;accionariat el 1979.<\/p>\n<p>La participaci\u00f3 de Vichy Catalan va augmentar progressivament fins que el 1986 va adquirir el control i hi va introduir noves perspectives empresarials quant a gesti\u00f3 de l&#8217;empresa, difusi\u00f3 i distribuci\u00f3 dels seus productes. La imatge de marca de l&#8217;aigua Malavella tamb\u00e9 va anar canviant per adaptar-se a les noves caracter\u00edstiques de la societat dels vuitanta i dels noranta, que valorava especialment la qualitat dels productes naturals. M\u00e9s orientada al consum com a aigua de taula, Malavella \u00e9s una aigua mineral carb\u00f2nica amb un excel\u00b7lent posicionament, no solament per la qualitat de la seva aigua mineral natural carb\u00f2nica sin\u00f3 tamb\u00e9 pels seus envasos, que han rebut premis i reconeixement internacional.<br \/>\n[\/et_pb_text][\/et_pb_column][\/et_pb_row][et_pb_row module_id=&#8221;malavella-original&#8221; _builder_version=&#8221;4.16&#8243; custom_padding=&#8221;||0px|&#8221; global_colors_info=&#8221;{}&#8221;][et_pb_column type=&#8221;4_4&#8243; _builder_version=&#8221;4.16&#8243; custom_padding=&#8221;|||&#8221; global_colors_info=&#8221;{}&#8221; custom_padding__hover=&#8221;|||&#8221;][et_pb_divider divider_style=&#8221;double&#8221; divider_position=&#8221;center&#8221; divider_weight=&#8221;7px&#8221; _builder_version=&#8221;4.16&#8243; global_colors_info=&#8221;{}&#8221;]<\/p>\n<p>[\/et_pb_divider][\/et_pb_column][\/et_pb_row][et_pb_row _builder_version=&#8221;4.16&#8243; background_size=&#8221;initial&#8221; background_position=&#8221;top_left&#8221; background_repeat=&#8221;repeat&#8221; global_colors_info=&#8221;{}&#8221;][et_pb_column type=&#8221;4_4&#8243; _builder_version=&#8221;4.16&#8243; custom_padding=&#8221;|||&#8221; global_colors_info=&#8221;{}&#8221; custom_padding__hover=&#8221;|||&#8221;][et_pb_text _builder_version=&#8221;4.27.4&#8243; header_2_font=&#8221;Helvetica Neue standar||||||||&#8221; header_2_font_size=&#8221;39px&#8221; background_color=&#8221;#ffffff&#8221; max_width=&#8221;50%&#8221; module_alignment=&#8221;center&#8221; custom_margin=&#8221;-60px|||&#8221; header_2_font_size_tablet=&#8221;30px&#8221; header_2_font_size_phone=&#8221;22px&#8221; header_2_font_size_last_edited=&#8221;on|phone&#8221; inline_fonts=&#8221;Helvetica Neue bold&#8221; global_colors_info=&#8221;{}&#8221;]<\/p>\n<h2 style=\"text-align: center;\"><strong>MALAVELLA<\/strong> VIDRE<\/span><\/h2>\n<p>[\/et_pb_text][\/et_pb_column][\/et_pb_row][et_pb_row column_structure=&#8221;1_2,1_2&#8243; _builder_version=&#8221;4.16&#8243; background_size=&#8221;initial&#8221; background_position=&#8221;top_left&#8221; background_repeat=&#8221;repeat&#8221; global_colors_info=&#8221;{}&#8221;][et_pb_column type=&#8221;1_2&#8243; _builder_version=&#8221;4.16&#8243; custom_padding=&#8221;|||&#8221; global_colors_info=&#8221;{}&#8221; custom_padding__hover=&#8221;|||&#8221;][et_pb_image src=&#8221;https:\/\/www.vichycatalan.com\/wp-content\/uploads\/2023\/03\/Captura.jpg&#8221; alt=&#8221;Malavella propiedades&#8221; title_text=&#8221;Malavella propiedades&#8221; align_tablet=&#8221;center&#8221; align_phone=&#8221;center&#8221; align_last_edited=&#8221;on|desktop&#8221; _builder_version=&#8221;4.23.4&#8243; animation_style=&#8221;slide&#8221; animation_direction=&#8221;left&#8221; animation_duration=&#8221;1500ms&#8221; animation_intensity_slide=&#8221;10%&#8221; box_shadow_style=&#8221;preset2&#8243; box_shadow_horizontal=&#8221;31px&#8221; box_shadow_vertical=&#8221;25px&#8221; box_shadow_blur=&#8221;35px&#8221; box_shadow_spread=&#8221;-22px&#8221; global_colors_info=&#8221;{}&#8221;][\/et_pb_image][\/et_pb_column][et_pb_column type=&#8221;1_2&#8243; _builder_version=&#8221;4.16&#8243; custom_padding=&#8221;|||&#8221; global_colors_info=&#8221;{}&#8221; custom_padding__hover=&#8221;|||&#8221;][et_pb_text _builder_version=&#8221;4.23.4&#8243; custom_margin=&#8221;140px|||&#8221; animation_style=&#8221;fade&#8221; animation_direction=&#8221;right&#8221; animation_delay=&#8221;100ms&#8221; global_colors_info=&#8221;{}&#8221;]<\/p>\n<p><span>Malavella, en formats de\u00a0<\/span><span class=\"hiddenSpellError\" onkeypress=\"MORFOLOGIK_RULE_CA_ES---#---0---#---Possible error ortogr\u00e0fic.---#---1 L---#---1L---#---Malavella, en formats de 1L, 0,75L, 0,5L, 0,3 y 0,33 L, ofereix un disseny avantguardista i un env\u00e0s que mant\u00e9 totes les propietats de l'aigua filtrada durant m\u00e9s de 10.000 anys en el subs\u00f3l de Caldes de Malavella on est\u00e0 ubicat el manantial.---#---25\">1L<\/span><span>,\u00a0<\/span><span class=\"hiddenGrammarError\" onkeypress=\"ESPAI_EN_UNITATS---#---1---#---Hi falta un espai.---#---0,75\u202fL---#---0,75L---#---Malavella, en formats de 1L, 0,75L, 0,5L, 0,3 y 0,33 L, ofereix un disseny avantguardista i un env\u00e0s que mant\u00e9 totes les propietats de l'aigua filtrada durant m\u00e9s de 10.000 anys en el subs\u00f3l de Caldes de Malavella on est\u00e0 ubicat el manantial.---#---29\">0,75L<\/span><span>,\u00a0<\/span><span class=\"hiddenGrammarError\" onkeypress=\"ESPAI_EN_UNITATS---#---1---#---Hi falta un espai.---#---0,5\u202fL---#---0,5L---#---Malavella, en formats de 1L, 0,75L, 0,5L, 0,3 y 0,33 L, ofereix un disseny avantguardista i un env\u00e0s que mant\u00e9 totes les propietats de l'aigua filtrada durant m\u00e9s de 10.000 anys en el subs\u00f3l de Caldes de Malavella on est\u00e0 ubicat el manantial.---#---36\">0,5L<\/span><span>, 0,3\u00a0<\/span><span class=\"hiddenGrammarError\" onkeypress=\"Y_CONJUNCIO---#---1---#---Si \u00e9s conjunci\u00f3, cal escriure \u00abi\u00bb.---#---i---#---y---#---Malavella, en formats de 1L, 0,75L, 0,5L, 0,3 y 0,33 L, ofereix un disseny avantguardista i un env\u00e0s que mant\u00e9 totes les propietats de l'aigua filtrada durant m\u00e9s de 10.000 anys en el subs\u00f3l de Caldes de Malavella on est\u00e0 ubicat el manantial.---#---43\">y<\/span><span>\u00a00,33 L, ofereix un disseny avantguardista i un env\u00e0s que mant\u00e9 totes les propietats de l&#8217;aigua filtrada durant m\u00e9s de\u00a0<\/span><span class=\"hiddenGreenError\" onkeypress=\"SPELLOUT_NUMBERS---#---1---#---\u00c9s preferible escriure aquest nombre amb lletres.---#---deu mil---#---10.000---#---Malavella, en formats de 1L, 0,75L, 0,5L, 0,3 y 0,33 L, ofereix un disseny avantguardista i un env\u00e0s que mant\u00e9 totes les propietats de l'aigua filtrada durant m\u00e9s de 10.000 anys en el subs\u00f3l de Caldes de Malavella on est\u00e0 ubicat el manantial.---#---43---#---https:\/\/aplicacions.llengua.gencat.cat\/llc\/AppJava\/index.html?action=Principal&amp;method=detall&amp;input_cercar=xifres+o+lletres&amp;numPagina=1&amp;database=FITXES_PUB&amp;idFont=11005&amp;idHit=11005&amp;tipusFont=Fitxes+de+l%27Optimot&amp;numeroResultat=2&amp;databases_avansada=&amp;categories_avansada=&amp;clickLink=detall&amp;titol=xifres+o+lletres%3F+cardinals+amb+lletres&amp;tematica=&amp;tipusCerca=cerca.fitxes\">10.000<\/span><span>\u00a0anys en el\u00a0<\/span><span>subs\u00f2l<\/span><span>\u00a0de Caldes de Malavella on est\u00e0 ubicada la\u00a0<\/span><span>font<\/span><span>.<\/span><\/p>\n<p>[\/et_pb_text][\/et_pb_column][\/et_pb_row][et_pb_row column_structure=&#8221;1_4,1_4,1_4,1_4&#8243; use_custom_gutter=&#8221;on&#8221; gutter_width=&#8221;4&#8243; module_class=&#8221;submarcas&#8221; _builder_version=&#8221;4.16&#8243; global_colors_info=&#8221;{}&#8221;][et_pb_column type=&#8221;1_4&#8243; _builder_version=&#8221;4.16&#8243; custom_padding=&#8221;|||&#8221; global_colors_info=&#8221;{}&#8221; custom_padding__hover=&#8221;|||&#8221;][et_pb_image src=&#8221;https:\/\/www.vichycatalan.com\/wp-content\/uploads\/2019\/03\/malavella-classic-0-25-l.jpg&#8221; show_in_lightbox=&#8221;on&#8221; use_overlay=&#8221;on&#8221; overlay_icon_color=&#8221;#ffffff&#8221; hover_overlay_color=&#8221;rgba(252,210,153,0.66)&#8221; hover_icon=&#8221;&#x55;||divi||400&#8243; show_bottom_space=&#8221;off&#8221; align=&#8221;center&#8221; align_tablet=&#8221;center&#8221; align_phone=&#8221;center&#8221; align_last_edited=&#8221;on|desktop&#8221; _builder_version=&#8221;4.16&#8243; global_colors_info=&#8221;{}&#8221;][\/et_pb_image][et_pb_text _builder_version=&#8221;4.16&#8243; global_colors_info=&#8221;{}&#8221;]<\/p>\n<p style=\"text-align: center\">Malavella Classic amb gas 0,25\u00a0L<\/p>\n<p>[\/et_pb_text][\/et_pb_column][et_pb_column type=&#8221;1_4&#8243; _builder_version=&#8221;4.16&#8243; custom_padding=&#8221;|||&#8221; global_colors_info=&#8221;{}&#8221; custom_padding__hover=&#8221;|||&#8221;][et_pb_image src=&#8221;https:\/\/www.vichycatalan.com\/wp-content\/uploads\/2019\/03\/malavella-classic-0-5-l.jpg&#8221; show_in_lightbox=&#8221;on&#8221; use_overlay=&#8221;on&#8221; overlay_icon_color=&#8221;#ffffff&#8221; hover_overlay_color=&#8221;rgba(252,210,153,0.66)&#8221; hover_icon=&#8221;&#x55;||divi||400&#8243; show_bottom_space=&#8221;off&#8221; align=&#8221;center&#8221; align_tablet=&#8221;center&#8221; align_phone=&#8221;center&#8221; align_last_edited=&#8221;on|desktop&#8221; _builder_version=&#8221;4.16&#8243; global_colors_info=&#8221;{}&#8221;][\/et_pb_image][et_pb_text _builder_version=&#8221;4.16&#8243; global_colors_info=&#8221;{}&#8221;]<\/p>\n<p style=\"text-align: center\">Malavella Classic amb gas 0,5\u00a0L<\/p>\n<p>[\/et_pb_text][\/et_pb_column][et_pb_column type=&#8221;1_4&#8243; _builder_version=&#8221;4.16&#8243; custom_padding=&#8221;|||&#8221; global_colors_info=&#8221;{}&#8221; custom_padding__hover=&#8221;|||&#8221;][et_pb_image src=&#8221;https:\/\/www.vichycatalan.com\/wp-content\/uploads\/2019\/03\/malavella-classic-1-l.jpg&#8221; show_in_lightbox=&#8221;on&#8221; use_overlay=&#8221;on&#8221; overlay_icon_color=&#8221;#ffffff&#8221; hover_overlay_color=&#8221;rgba(252,210,153,0.66)&#8221; hover_icon=&#8221;&#x55;||divi||400&#8243; show_bottom_space=&#8221;off&#8221; align=&#8221;center&#8221; align_tablet=&#8221;center&#8221; align_phone=&#8221;center&#8221; align_last_edited=&#8221;on|desktop&#8221; _builder_version=&#8221;4.16&#8243; global_colors_info=&#8221;{}&#8221;][\/et_pb_image][et_pb_text _builder_version=&#8221;4.16&#8243; custom_margin=&#8221;||32px|||&#8221; global_colors_info=&#8221;{}&#8221;]<\/p>\n<p style=\"text-align: center\">Malavella Classic amb gas 1\u00a0L<\/p>\n<p>[\/et_pb_text][\/et_pb_column][et_pb_column type=&#8221;1_4&#8243; _builder_version=&#8221;4.16&#8243; custom_padding=&#8221;|||&#8221; global_colors_info=&#8221;{}&#8221; custom_padding__hover=&#8221;|||&#8221;][\/et_pb_column][\/et_pb_row][et_pb_row module_id=&#8221;malavella-classic&#8221; _builder_version=&#8221;4.16&#8243; custom_padding=&#8221;||0px|&#8221; link_option_url=&#8221;malavella-classic&#8221; global_colors_info=&#8221;{}&#8221;][et_pb_column type=&#8221;4_4&#8243; _builder_version=&#8221;4.16&#8243; custom_padding=&#8221;|||&#8221; global_colors_info=&#8221;{}&#8221; custom_padding__hover=&#8221;|||&#8221;][et_pb_divider divider_style=&#8221;double&#8221; divider_position=&#8221;center&#8221; divider_weight=&#8221;7px&#8221; _builder_version=&#8221;4.16&#8243; global_colors_info=&#8221;{}&#8221;]<\/p>\n<p>[\/et_pb_divider][\/et_pb_column][\/et_pb_row][et_pb_row _builder_version=&#8221;4.16&#8243; background_size=&#8221;initial&#8221; background_position=&#8221;top_left&#8221; background_repeat=&#8221;repeat&#8221; global_colors_info=&#8221;{}&#8221;][et_pb_column type=&#8221;4_4&#8243; _builder_version=&#8221;4.16&#8243; custom_padding=&#8221;|||&#8221; global_colors_info=&#8221;{}&#8221; custom_padding__hover=&#8221;|||&#8221;][et_pb_text _builder_version=&#8221;4.27.4&#8243; header_2_font=&#8221;Helvetica Neue standar||||||||&#8221; header_2_font_size=&#8221;39px&#8221; background_color=&#8221;#ffffff&#8221; max_width=&#8221;50%&#8221; module_alignment=&#8221;center&#8221; custom_margin=&#8221;-60px|||&#8221; header_2_font_size_tablet=&#8221;30px&#8221; header_2_font_size_phone=&#8221;22px&#8221; header_2_font_size_last_edited=&#8221;on|phone&#8221; inline_fonts=&#8221;Helvetica Neue bold&#8221; global_colors_info=&#8221;{}&#8221;]<\/p>\n<h2 style=\"text-align: center;\"><strong>MALAVELLA<\/strong> PET<\/span><\/h2>\n<p>[\/et_pb_text][\/et_pb_column][\/et_pb_row][et_pb_row column_structure=&#8221;1_2,1_2&#8243; _builder_version=&#8221;4.16&#8243; background_size=&#8221;initial&#8221; background_position=&#8221;top_left&#8221; background_repeat=&#8221;repeat&#8221; custom_margin=&#8221;|auto|27px|auto||&#8221; global_colors_info=&#8221;{}&#8221;][et_pb_column type=&#8221;1_2&#8243; _builder_version=&#8221;4.16&#8243; custom_padding=&#8221;|||&#8221; global_colors_info=&#8221;{}&#8221; custom_padding__hover=&#8221;|||&#8221;][et_pb_image src=&#8221;https:\/\/www.vichycatalan.com\/wp-content\/uploads\/2023\/03\/analisietiquetaML_PET.png&#8221; title_text=&#8221;analisietiquetaML_PET&#8221; align_tablet=&#8221;center&#8221; align_phone=&#8221;center&#8221; align_last_edited=&#8221;on|desktop&#8221; _builder_version=&#8221;4.23.4&#8243; animation_style=&#8221;slide&#8221; animation_direction=&#8221;left&#8221; animation_duration=&#8221;1500ms&#8221; animation_intensity_slide=&#8221;10%&#8221; box_shadow_style=&#8221;preset2&#8243; box_shadow_horizontal=&#8221;31px&#8221; box_shadow_vertical=&#8221;29px&#8221; box_shadow_blur=&#8221;35px&#8221; box_shadow_spread=&#8221;-22px&#8221; global_colors_info=&#8221;{}&#8221;][\/et_pb_image][\/et_pb_column][et_pb_column type=&#8221;1_2&#8243; _builder_version=&#8221;4.16&#8243; custom_padding=&#8221;|||&#8221; global_colors_info=&#8221;{}&#8221; custom_padding__hover=&#8221;|||&#8221;][et_pb_text _builder_version=&#8221;4.23.4&#8243; custom_margin=&#8221;180px|||&#8221; animation_style=&#8221;fade&#8221; animation_direction=&#8221;right&#8221; animation_delay=&#8221;100ms&#8221; global_colors_info=&#8221;{}&#8221;]<\/p>\n<p><span class=\"et-dropcap\">M<\/span>alavella PET,\u00a0 un format c\u00f2mode i resistent disponible en formats d&#8217;1,2L i 500ml.<\/p>\n<p>[\/et_pb_text][\/et_pb_column][\/et_pb_row][et_pb_row column_structure=&#8221;1_4,1_4,1_4,1_4&#8243; _builder_version=&#8221;4.27.4&#8243; _module_preset=&#8221;default&#8221; global_colors_info=&#8221;{}&#8221;][et_pb_column type=&#8221;1_4&#8243; _builder_version=&#8221;4.27.4&#8243; _module_preset=&#8221;default&#8221; global_colors_info=&#8221;{}&#8221;][et_pb_image src=&#8221;https:\/\/www.vichycatalan.com\/wp-content\/uploads\/2025\/02\/Malavella-PET-12.jpg&#8221; alt=&#8221;Malavella PET 12&#8243; title_text=&#8221;Malavella-PET-12&#8243; align=&#8221;center&#8221; _builder_version=&#8221;4.27.4&#8243; _module_preset=&#8221;default&#8221; global_colors_info=&#8221;{}&#8221;][\/et_pb_image][et_pb_text _builder_version=&#8221;4.27.4&#8243; _module_preset=&#8221;default&#8221; global_colors_info=&#8221;{}&#8221;]<\/p>\n<p style=\"text-align: center;\">Malavella PET amb gas 1,2L<\/p>\n<p>[\/et_pb_text][\/et_pb_column][et_pb_column type=&#8221;1_4&#8243; _builder_version=&#8221;4.27.4&#8243; _module_preset=&#8221;default&#8221; global_colors_info=&#8221;{}&#8221;][et_pb_image src=&#8221;https:\/\/www.vichycatalan.com\/wp-content\/uploads\/2025\/02\/Malavella-PET-500-ml.jpg&#8221; alt=&#8221;Malavella PET 500 ml&#8221; title_text=&#8221;Malavella-PET-500-ml&#8221; _builder_version=&#8221;4.27.4&#8243; _module_preset=&#8221;default&#8221; global_colors_info=&#8221;{}&#8221;][\/et_pb_image][et_pb_text _builder_version=&#8221;4.27.4&#8243; _module_preset=&#8221;default&#8221; global_colors_info=&#8221;{}&#8221;]<\/p>\n<p style=\"text-align: center;\">Malavella PET amb gas 500ml<\/p>\n<p>[\/et_pb_text][\/et_pb_column][et_pb_column type=&#8221;1_4&#8243; _builder_version=&#8221;4.27.4&#8243; _module_preset=&#8221;default&#8221; global_colors_info=&#8221;{}&#8221;][\/et_pb_column][et_pb_column type=&#8221;1_4&#8243; _builder_version=&#8221;4.27.4&#8243; _module_preset=&#8221;default&#8221; global_colors_info=&#8221;{}&#8221;][\/et_pb_column][\/et_pb_row][\/et_pb_section][et_pb_section fb_built=&#8221;1&#8243; fullwidth=&#8221;on&#8221; admin_label=&#8221;fondo colores&#8221; module_class=&#8221;stop&#8221; _builder_version=&#8221;4.16&#8243; background_image=&#8221;https:\/\/www.vichycatalan.com\/wp-content\/uploads\/2018\/10\/trencadis-corporate.png&#8221; background_position=&#8221;top_center&#8221; background_repeat=&#8221;repeat-x&#8221; custom_padding=&#8221;190px||||false|false&#8221; global_colors_info=&#8221;{}&#8221;][\/et_pb_section]<\/p>\n","protected":false},"excerpt":{"rendered":"<p>M\u00e9s de 10.000 anys de filtraci\u00f3. <span class='et-dropcap'>M<\/span>alavella \u00e9s una aigua mineral natural carb\u00f2nica d&#8217;origen termal que brolla a 58\u00a0\u00baC de la deu Font de la Mina de Caldes de\u00a0Malavella (Girona). Les seves qualitats minerals li confereixen una personalitat pr\u00f2pia i original. \u00c9s una aigua bicarbonatada s\u00f2dica. Malavella emergeix de la deu amb el seu propi [&hellip;]<\/p>\n","protected":false},"author":1,"featured_media":0,"parent":9658,"menu_order":0,"comment_status":"closed","ping_status":"closed","template":"","meta":{"_acf_changed":false,"_et_pb_use_builder":"on","_et_pb_old_content":"","_et_gb_content_width":"","footnotes":""},"class_list":["post-9536","page","type-page","status-publish","hentry"],"acf":{"pagina_de_marca":"no"},"yoast_head":"<!-- This site is optimized with the Yoast SEO plugin v27.5 - https:\/\/yoast.com\/product\/yoast-seo-wordpress\/ -->\n<title>Malavella - Vichy Catalan Corporation<\/title>\n<meta name=\"description\" content=\"Malavella emergeix de la deu de Caldes de Malavella amb el seu propi gas despr\u00e9s d&#039;un llarg recorregut de m\u00e9s de 10.000 anys per les profunditats de la terra.\" \/>\n<meta name=\"robots\" content=\"index, follow, max-snippet:-1, max-image-preview:large, max-video-preview:-1\" \/>\n<link rel=\"canonical\" href=\"https:\/\/www.vichycatalan.com\/ca\/les-nostres-marques\/malavella\/\" \/>\n<meta property=\"og:locale\" content=\"ca_ES\" \/>\n<meta property=\"og:type\" content=\"article\" \/>\n<meta property=\"og:title\" content=\"Malavella - Vichy Catalan Corporation\" \/>\n<meta property=\"og:description\" content=\"Malavella emergeix de la deu de Caldes de Malavella amb el seu propi gas despr\u00e9s d&#039;un llarg recorregut de m\u00e9s de 10.000 anys per les profunditats de la terra.\" \/>\n<meta property=\"og:url\" content=\"https:\/\/www.vichycatalan.com\/ca\/les-nostres-marques\/malavella\/\" \/>\n<meta property=\"og:site_name\" content=\"Vichy Catalan Corporation\" \/>\n<meta property=\"article:modified_time\" content=\"2025-02-26T12:22:45+00:00\" \/>\n<meta name=\"twitter:card\" content=\"summary_large_image\" \/>\n<meta name=\"twitter:label1\" content=\"Temps estimat de lectura\" \/>\n\t<meta name=\"twitter:data1\" content=\"5 minuts\" \/>\n<script type=\"application\/ld+json\" class=\"yoast-schema-graph\">{\"@context\":\"https:\\\/\\\/schema.org\",\"@graph\":[{\"@type\":\"WebPage\",\"@id\":\"https:\\\/\\\/www.vichycatalan.com\\\/ca\\\/les-nostres-marques\\\/malavella\\\/\",\"url\":\"https:\\\/\\\/www.vichycatalan.com\\\/ca\\\/les-nostres-marques\\\/malavella\\\/\",\"name\":\"Malavella - Vichy Catalan Corporation\",\"isPartOf\":{\"@id\":\"https:\\\/\\\/www.vichycatalan.com\\\/ca\\\/#website\"},\"datePublished\":\"2019-03-01T11:32:02+00:00\",\"dateModified\":\"2025-02-26T12:22:45+00:00\",\"description\":\"Malavella emergeix de la deu de Caldes de Malavella amb el seu propi gas despr\u00e9s d'un llarg recorregut de m\u00e9s de 10.000 anys per les profunditats de la terra.\",\"breadcrumb\":{\"@id\":\"https:\\\/\\\/www.vichycatalan.com\\\/ca\\\/les-nostres-marques\\\/malavella\\\/#breadcrumb\"},\"inLanguage\":\"ca\",\"potentialAction\":[{\"@type\":\"ReadAction\",\"target\":[\"https:\\\/\\\/www.vichycatalan.com\\\/ca\\\/les-nostres-marques\\\/malavella\\\/\"]}]},{\"@type\":\"BreadcrumbList\",\"@id\":\"https:\\\/\\\/www.vichycatalan.com\\\/ca\\\/les-nostres-marques\\\/malavella\\\/#breadcrumb\",\"itemListElement\":[{\"@type\":\"ListItem\",\"position\":1,\"name\":\"Portada\",\"item\":\"https:\\\/\\\/www.vichycatalan.com\\\/ca\\\/\"},{\"@type\":\"ListItem\",\"position\":2,\"name\":\"Les nostres marques\",\"item\":\"https:\\\/\\\/www.vichycatalan.com\\\/ca\\\/les-nostres-marques\\\/\"},{\"@type\":\"ListItem\",\"position\":3,\"name\":\"Malavella\"}]},{\"@type\":\"WebSite\",\"@id\":\"https:\\\/\\\/www.vichycatalan.com\\\/ca\\\/#website\",\"url\":\"https:\\\/\\\/www.vichycatalan.com\\\/ca\\\/\",\"name\":\"Vichy Catalan Corporation\",\"description\":\"Web de Vichy Catalan Corporation\",\"potentialAction\":[{\"@type\":\"SearchAction\",\"target\":{\"@type\":\"EntryPoint\",\"urlTemplate\":\"https:\\\/\\\/www.vichycatalan.com\\\/ca\\\/?s={search_term_string}\"},\"query-input\":{\"@type\":\"PropertyValueSpecification\",\"valueRequired\":true,\"valueName\":\"search_term_string\"}}],\"inLanguage\":\"ca\"}]}<\/script>\n<!-- \/ Yoast SEO plugin. -->","yoast_head_json":{"title":"Malavella - Vichy Catalan Corporation","description":"Malavella emergeix de la deu de Caldes de Malavella amb el seu propi gas despr\u00e9s d'un llarg recorregut de m\u00e9s de 10.000 anys per les profunditats de la terra.","robots":{"index":"index","follow":"follow","max-snippet":"max-snippet:-1","max-image-preview":"max-image-preview:large","max-video-preview":"max-video-preview:-1"},"canonical":"https:\/\/www.vichycatalan.com\/ca\/les-nostres-marques\/malavella\/","og_locale":"ca_ES","og_type":"article","og_title":"Malavella - Vichy Catalan Corporation","og_description":"Malavella emergeix de la deu de Caldes de Malavella amb el seu propi gas despr\u00e9s d'un llarg recorregut de m\u00e9s de 10.000 anys per les profunditats de la terra.","og_url":"https:\/\/www.vichycatalan.com\/ca\/les-nostres-marques\/malavella\/","og_site_name":"Vichy Catalan Corporation","article_modified_time":"2025-02-26T12:22:45+00:00","twitter_card":"summary_large_image","twitter_misc":{"Temps estimat de lectura":"5 minuts"},"schema":{"@context":"https:\/\/schema.org","@graph":[{"@type":"WebPage","@id":"https:\/\/www.vichycatalan.com\/ca\/les-nostres-marques\/malavella\/","url":"https:\/\/www.vichycatalan.com\/ca\/les-nostres-marques\/malavella\/","name":"Malavella - Vichy Catalan Corporation","isPartOf":{"@id":"https:\/\/www.vichycatalan.com\/ca\/#website"},"datePublished":"2019-03-01T11:32:02+00:00","dateModified":"2025-02-26T12:22:45+00:00","description":"Malavella emergeix de la deu de Caldes de Malavella amb el seu propi gas despr\u00e9s d'un llarg recorregut de m\u00e9s de 10.000 anys per les profunditats de la terra.","breadcrumb":{"@id":"https:\/\/www.vichycatalan.com\/ca\/les-nostres-marques\/malavella\/#breadcrumb"},"inLanguage":"ca","potentialAction":[{"@type":"ReadAction","target":["https:\/\/www.vichycatalan.com\/ca\/les-nostres-marques\/malavella\/"]}]},{"@type":"BreadcrumbList","@id":"https:\/\/www.vichycatalan.com\/ca\/les-nostres-marques\/malavella\/#breadcrumb","itemListElement":[{"@type":"ListItem","position":1,"name":"Portada","item":"https:\/\/www.vichycatalan.com\/ca\/"},{"@type":"ListItem","position":2,"name":"Les nostres marques","item":"https:\/\/www.vichycatalan.com\/ca\/les-nostres-marques\/"},{"@type":"ListItem","position":3,"name":"Malavella"}]},{"@type":"WebSite","@id":"https:\/\/www.vichycatalan.com\/ca\/#website","url":"https:\/\/www.vichycatalan.com\/ca\/","name":"Vichy Catalan Corporation","description":"Web de Vichy Catalan Corporation","potentialAction":[{"@type":"SearchAction","target":{"@type":"EntryPoint","urlTemplate":"https:\/\/www.vichycatalan.com\/ca\/?s={search_term_string}"},"query-input":{"@type":"PropertyValueSpecification","valueRequired":true,"valueName":"search_term_string"}}],"inLanguage":"ca"}]}},"_links":{"self":[{"href":"https:\/\/www.vichycatalan.com\/ca\/wp-json\/wp\/v2\/pages\/9536","targetHints":{"allow":["GET"]}}],"collection":[{"href":"https:\/\/www.vichycatalan.com\/ca\/wp-json\/wp\/v2\/pages"}],"about":[{"href":"https:\/\/www.vichycatalan.com\/ca\/wp-json\/wp\/v2\/types\/page"}],"author":[{"embeddable":true,"href":"https:\/\/www.vichycatalan.com\/ca\/wp-json\/wp\/v2\/users\/1"}],"replies":[{"embeddable":true,"href":"https:\/\/www.vichycatalan.com\/ca\/wp-json\/wp\/v2\/comments?post=9536"}],"version-history":[{"count":0,"href":"https:\/\/www.vichycatalan.com\/ca\/wp-json\/wp\/v2\/pages\/9536\/revisions"}],"up":[{"embeddable":true,"href":"https:\/\/www.vichycatalan.com\/ca\/wp-json\/wp\/v2\/pages\/9658"}],"wp:attachment":[{"href":"https:\/\/www.vichycatalan.com\/ca\/wp-json\/wp\/v2\/media?parent=9536"}],"curies":[{"name":"wp","href":"https:\/\/api.w.org\/{rel}","templated":true}]}}