{"id":9515,"date":"2019-02-27T15:47:14","date_gmt":"2019-02-27T14:47:14","guid":{"rendered":"https:\/\/www.vichycatalan.com\/vch-barcelona-i-vichy-barcelona-sabores-0-azucares\/"},"modified":"2025-02-21T08:17:52","modified_gmt":"2025-02-21T07:17:52","slug":"vch-barcelona-i-vichy-barcelona-sabores-0-azucares","status":"publish","type":"page","link":"https:\/\/www.vichycatalan.com\/ca\/les-nostres-marques\/vch-barcelona-i-vichy-barcelona-sabores-0-azucares\/","title":{"rendered":"VCH Barcelona i Vichy Barcelona Sabores 0\u00a0% Az\u00facares"},"content":{"rendered":"<p>[et_pb_section fb_built=&#8221;1&#8243; fullwidth=&#8221;on&#8221; _builder_version=&#8221;4.16&#8243; custom_padding=&#8221;||||false|false&#8221; bottom_divider_color=&#8221;#ffffff&#8221; bottom_divider_height=&#8221;50px&#8221; global_colors_info=&#8221;{}&#8221;][et_pb_fullwidth_header title=&#8221;VCH Barcelona i Vichy Barcelona Sabores 0 % Az\u00facares&#8221; background_overlay_color=&#8221;rgba(44,42,41,0.15)&#8221; content_max_width=&#8221;60%&#8221; content_max_width_tablet=&#8221;100%&#8221; content_max_width_phone=&#8221;&#8221; content_max_width_last_edited=&#8221;on|phone&#8221; _builder_version=&#8221;4.16&#8243; title_font=&#8221;Helvetica Neue standar|700|||||||&#8221; title_font_size=&#8221;56px&#8221; content_text_align=&#8221;left&#8221; content_font_size=&#8221;23px&#8221; content_line_height=&#8221;1.1em&#8221; background_image=&#8221;https:\/\/www.vichycatalan.com\/wp-content\/uploads\/2019\/03\/header-vch-barcelona-sabores.jpg&#8221; custom_margin=&#8221;0px|0px|0px|0px&#8221; custom_padding=&#8221;100px|0px|200px|0px&#8221; custom_padding_tablet=&#8221;50px|0px|150px|0px&#8221; custom_padding_phone=&#8221;0px||100px&#8221; custom_padding_last_edited=&#8221;on|phone&#8221; title_text_shadow_style=&#8221;preset1&#8243; content_text_shadow_style=&#8221;preset1&#8243; text_shadow_style=&#8221;preset1&#8243; global_colors_info=&#8221;{}&#8221;]Gustos sense sucres.<br \/>\n[\/et_pb_fullwidth_header][\/et_pb_section][et_pb_section fb_built=&#8221;1&#8243; _builder_version=&#8221;4.16&#8243; background_video_width=&#8221;1280&#8243; background_video_height=&#8221;720&#8243; custom_margin=&#8221;||&#8221; custom_padding=&#8221;0|0px|16px|0px|false|false&#8221; top_divider_color=&#8221;#ffffff&#8221; top_divider_height=&#8221;50px&#8221; bottom_divider_color=&#8221;#c1c1c1&#8243; bottom_divider_height=&#8221;136px&#8221; global_colors_info=&#8221;{}&#8221;][et_pb_row column_structure=&#8221;1_3,2_3&#8243; _builder_version=&#8221;4.16&#8243; background_size=&#8221;initial&#8221; background_position=&#8221;top_left&#8221; background_repeat=&#8221;repeat&#8221; global_colors_info=&#8221;{}&#8221;][et_pb_column type=&#8221;1_3&#8243; _builder_version=&#8221;4.16&#8243; custom_padding=&#8221;|||&#8221; global_colors_info=&#8221;{}&#8221; custom_padding__hover=&#8221;|||&#8221;][et_pb_image src=&#8221;https:\/\/www.vichycatalan.com\/wp-content\/uploads\/2019\/02\/vch-barcelona-sabores-main-img.jpg&#8221; align_tablet=&#8221;center&#8221; align_phone=&#8221;center&#8221; align_last_edited=&#8221;on|desktop&#8221; _builder_version=&#8221;4.16&#8243; animation_style=&#8221;slide&#8221; animation_direction=&#8221;bottom&#8221; animation_duration=&#8221;1500ms&#8221; animation_intensity_slide=&#8221;10%&#8221; global_colors_info=&#8221;{}&#8221;][\/et_pb_image][\/et_pb_column][et_pb_column type=&#8221;2_3&#8243; _builder_version=&#8221;4.16&#8243; custom_padding=&#8221;|||&#8221; global_colors_info=&#8221;{}&#8221; custom_padding__hover=&#8221;|||&#8221;][et_pb_image src=&#8221;https:\/\/www.vichycatalan.com\/wp-content\/uploads\/2019\/03\/vch-vichy-barcelona-sabores.jpg&#8221; _builder_version=&#8221;4.16&#8243; background_color=&#8221;#ffffff&#8221; custom_padding=&#8221;|||&#8221; animation_style=&#8221;slide&#8221; animation_direction=&#8221;left&#8221; animation_duration=&#8221;1500ms&#8221; animation_intensity_slide=&#8221;10%&#8221; always_center_on_mobile=&#8221;off&#8221; global_colors_info=&#8221;{}&#8221;][\/et_pb_image][et_pb_divider divider_style=&#8221;double&#8221; divider_position=&#8221;center&#8221; divider_weight=&#8221;10px&#8221; _builder_version=&#8221;4.16&#8243; height=&#8221;13px&#8221; custom_margin=&#8221;-130px||&#8221; custom_padding=&#8221;||104px|160px&#8221; custom_css_before=&#8221;left:260px !important;&#8221; global_colors_info=&#8221;{}&#8221;][\/et_pb_divider][et_pb_text _builder_version=&#8221;4.16&#8243; custom_margin=&#8221;||&#8221; animation_style=&#8221;fade&#8221; animation_direction=&#8221;right&#8221; animation_delay=&#8221;100ms&#8221; global_colors_info=&#8221;{}&#8221;]<span class='et-dropcap'>V<\/span>CH Barcelona i Vichy Barcelona <strong>Sabores 0\u00a0% Az\u00facares<\/strong> s\u00f3n una gamma d&#8217;aig\u00fces saboritzades elaborades amb la nostra aigua carbonatada i ess\u00e8ncies naturals. Es presenten en una variada gamma de gustos: llimona, taronja, llima-llimona i menta.<\/p>\n<p>S\u00f3n elaborades amb la nostra aigua mineral natural carb\u00f2nica i ingredients naturals i, a m\u00e9s, no contenen sucres ni cap aportaci\u00f3 cal\u00f2rica, fet que les converteix en una <strong>gamma de begudes absolutament saludables<\/strong>.<\/p>\n<p>La gamma Sabores 0\u00a0% Az\u00facares es presenta en dos formats: en ampolla de vidre de 0,25\u00a0L i en llauna de 0,33\u00a0L, la qual porta una tapa protectora que preserva el producte i el mant\u00e9 sempre higienitzat.<br \/>\n[\/et_pb_text][\/et_pb_column][\/et_pb_row][et_pb_row _builder_version=&#8221;4.16&#8243; custom_padding=&#8221;||0px|&#8221; global_colors_info=&#8221;{}&#8221;][et_pb_column type=&#8221;4_4&#8243; _builder_version=&#8221;4.16&#8243; custom_padding=&#8221;|||&#8221; global_colors_info=&#8221;{}&#8221; custom_padding__hover=&#8221;|||&#8221;][et_pb_divider divider_style=&#8221;double&#8221; divider_position=&#8221;center&#8221; divider_weight=&#8221;7px&#8221; _builder_version=&#8221;4.16&#8243; global_colors_info=&#8221;{}&#8221;]<br \/>\n[\/et_pb_divider][\/et_pb_column][\/et_pb_row][\/et_pb_section][et_pb_section fb_built=&#8221;1&#8243; _builder_version=&#8221;4.16&#8243; custom_padding=&#8221;0px||0||false|false&#8221; global_colors_info=&#8221;{}&#8221;][et_pb_row _builder_version=&#8221;4.16&#8243; background_size=&#8221;initial&#8221; background_position=&#8221;top_left&#8221; background_repeat=&#8221;repeat&#8221; global_colors_info=&#8221;{}&#8221;][et_pb_column type=&#8221;4_4&#8243; _builder_version=&#8221;4.16&#8243; custom_padding=&#8221;|||&#8221; global_colors_info=&#8221;{}&#8221; custom_padding__hover=&#8221;|||&#8221;][et_pb_text admin_label=&#8221;Nuestras marcas&#8221; _builder_version=&#8221;4.27.4&#8243; header_2_font=&#8221;Helvetica Neue standar||||||||&#8221; header_2_font_size=&#8221;39px&#8221; background_color=&#8221;#ffffff&#8221; max_width=&#8221;50%&#8221; module_alignment=&#8221;center&#8221; custom_margin=&#8221;-85px|||&#8221; header_2_font_size_tablet=&#8221;30px&#8221; header_2_font_size_phone=&#8221;22px&#8221; header_2_font_size_last_edited=&#8221;on|phone&#8221; inline_fonts=&#8221;Helvetica Neue bold&#8221; global_colors_info=&#8221;{}&#8221;]<\/p>\n<h2 style=\"text-align: center;\">PRODUCTES <span style=\"font-family: 'Helvetica Neue bold';\">VCH BARCELONA I VICHY BARCELONA SABORS 0% SUCRES<\/span><\/h2>\n<p>[\/et_pb_text][\/et_pb_column][\/et_pb_row][et_pb_row column_structure=&#8221;1_4,1_4,1_4,1_4&#8243; use_custom_gutter=&#8221;on&#8221; gutter_width=&#8221;4&#8243; module_class=&#8221;productos-marcas&#8221; _builder_version=&#8221;4.16&#8243; global_colors_info=&#8221;{}&#8221;][et_pb_column type=&#8221;1_4&#8243; _builder_version=&#8221;4.16&#8243; custom_padding=&#8221;|||&#8221; global_colors_info=&#8221;{}&#8221; custom_padding__hover=&#8221;|||&#8221;][et_pb_image src=&#8221;https:\/\/www.vichycatalan.com\/wp-content\/uploads\/2019\/02\/vch-barcelona-sabores-lata-lemon-0-33-l.jpg&#8221; show_in_lightbox=&#8221;on&#8221; use_overlay=&#8221;on&#8221; overlay_icon_color=&#8221;#ffffff&#8221; hover_overlay_color=&#8221;rgba(252,210,153,0.66)&#8221; hover_icon=&#8221;&#x55;||divi||400&#8243; show_bottom_space=&#8221;off&#8221; align=&#8221;center&#8221; align_tablet=&#8221;center&#8221; align_phone=&#8221;center&#8221; align_last_edited=&#8221;on|desktop&#8221; _builder_version=&#8221;4.16&#8243; global_colors_info=&#8221;{}&#8221;][\/et_pb_image][et_pb_text _builder_version=&#8221;4.16&#8243; custom_margin=&#8221;15px|||&#8221; link_option_url=&#8221;https:\/\/latiendavichy.com\/agua\/70.html?utm_source=vichycatalan1L&#038;utm_medium=button&#038;utm_campaign=webs_grup&#038;utm_term=body&#8221; link_option_url_new_window=&#8221;on&#8221; global_colors_info=&#8221;{}&#8221;]<\/p>\n<p style=\"text-align: center;\">VCH Barcelona i Vichy Barcelona Lim\u00f3n llauna 0,33\u00a0L<\/p>\n<p>[\/et_pb_text][\/et_pb_column][et_pb_column type=&#8221;1_4&#8243; _builder_version=&#8221;4.16&#8243; custom_padding=&#8221;|||&#8221; global_colors_info=&#8221;{}&#8221; custom_padding__hover=&#8221;|||&#8221;][et_pb_image src=&#8221;https:\/\/www.vichycatalan.com\/wp-content\/uploads\/2019\/03\/vch-barcelona-sabores-lata-naranja-0-33-l.jpg&#8221; show_in_lightbox=&#8221;on&#8221; use_overlay=&#8221;on&#8221; overlay_icon_color=&#8221;#ffffff&#8221; hover_overlay_color=&#8221;rgba(252,210,153,0.66)&#8221; hover_icon=&#8221;&#x55;||divi||400&#8243; show_bottom_space=&#8221;off&#8221; align=&#8221;center&#8221; align_tablet=&#8221;center&#8221; align_phone=&#8221;center&#8221; align_last_edited=&#8221;on|desktop&#8221; _builder_version=&#8221;4.16&#8243; global_colors_info=&#8221;{}&#8221;][\/et_pb_image][et_pb_text _builder_version=&#8221;4.16&#8243; custom_margin=&#8221;15px|||&#8221; link_option_url=&#8221;https:\/\/latiendavichy.com\/agua\/72.html?utm_source=vichycatalan500ml&#038;utm_medium=button&#038;utm_campaign=webs_grup&#038;utm_term=body&#8221; link_option_url_new_window=&#8221;on&#8221; global_colors_info=&#8221;{}&#8221;]<\/p>\n<p style=\"text-align: center;\">VCH Barcelona i Vichy Barcelona Naranja llauna 0,33\u00a0L<\/p>\n<p>[\/et_pb_text][\/et_pb_column][et_pb_column type=&#8221;1_4&#8243; _builder_version=&#8221;4.16&#8243; custom_padding=&#8221;|||&#8221; global_colors_info=&#8221;{}&#8221; custom_padding__hover=&#8221;|||&#8221;][et_pb_image src=&#8221;https:\/\/www.vichycatalan.com\/wp-content\/uploads\/2019\/02\/vch-barcelona-sabores-lata-lima-limon-0-33-l.jpg&#8221; show_in_lightbox=&#8221;on&#8221; use_overlay=&#8221;on&#8221; overlay_icon_color=&#8221;#ffffff&#8221; hover_overlay_color=&#8221;rgba(252,210,153,0.66)&#8221; hover_icon=&#8221;&#x55;||divi||400&#8243; show_bottom_space=&#8221;off&#8221; align=&#8221;center&#8221; align_tablet=&#8221;center&#8221; align_phone=&#8221;center&#8221; align_last_edited=&#8221;on|desktop&#8221; _builder_version=&#8221;4.16&#8243; global_colors_info=&#8221;{}&#8221;][\/et_pb_image][et_pb_text _builder_version=&#8221;4.16&#8243; custom_margin=&#8221;15px|||&#8221; link_option_url=&#8221;https:\/\/latiendavichy.com\/agua\/73.html?utm_source=vichycatalan250ml&#038;utm_medium=button&#038;utm_campaign=webs_grup&#038;utm_term=body&#8221; link_option_url_new_window=&#8221;on&#8221; global_colors_info=&#8221;{}&#8221;]<\/p>\n<p style=\"text-align: center;\">VCH Barcelona i Vichy Barcelona Lima-Lim\u00f3n llauna 0,33\u00a0L<\/p>\n<p>[\/et_pb_text][\/et_pb_column][et_pb_column type=&#8221;1_4&#8243; _builder_version=&#8221;4.16&#8243; custom_padding=&#8221;|||&#8221; global_colors_info=&#8221;{}&#8221; custom_padding__hover=&#8221;|||&#8221;][et_pb_image src=&#8221;https:\/\/www.vichycatalan.com\/wp-content\/uploads\/2019\/02\/vch-barcelona-sabores-lata-menta-0-33-l.jpg&#8221; show_in_lightbox=&#8221;on&#8221; use_overlay=&#8221;on&#8221; overlay_icon_color=&#8221;#ffffff&#8221; hover_overlay_color=&#8221;rgba(252,210,153,0.66)&#8221; hover_icon=&#8221;&#x55;||divi||400&#8243; show_bottom_space=&#8221;off&#8221; align=&#8221;center&#8221; align_tablet=&#8221;center&#8221; align_phone=&#8221;center&#8221; align_last_edited=&#8221;on|desktop&#8221; _builder_version=&#8221;4.16&#8243; global_colors_info=&#8221;{}&#8221;][\/et_pb_image][et_pb_text _builder_version=&#8221;4.16&#8243; custom_margin=&#8221;15px|||&#8221; link_option_url=&#8221;https:\/\/latiendavichy.com\/agua\/119.html?utm_source=vichycatalan1200ml&#038;utm_medium=button&#038;utm_campaign=webs_grup&#038;utm_term=body&#8221; link_option_url_new_window=&#8221;on&#8221; global_colors_info=&#8221;{}&#8221;]<\/p>\n<p style=\"text-align: center;\">VCH Barcelona i Vichy Barcelona Menta llauna 0,33\u00a0L<\/p>\n<p>[\/et_pb_text][\/et_pb_column][\/et_pb_row][et_pb_row column_structure=&#8221;1_4,1_4,1_4,1_4&#8243; use_custom_gutter=&#8221;on&#8221; gutter_width=&#8221;4&#8243; module_class=&#8221;productos-marcas&#8221; _builder_version=&#8221;4.16&#8243; custom_margin=&#8221;||50px|&#8221; global_colors_info=&#8221;{}&#8221;][et_pb_column type=&#8221;1_4&#8243; _builder_version=&#8221;4.16&#8243; custom_padding=&#8221;|||&#8221; global_colors_info=&#8221;{}&#8221; custom_padding__hover=&#8221;|||&#8221;][et_pb_image src=&#8221;https:\/\/www.vichycatalan.com\/wp-content\/uploads\/2019\/02\/vch-barcelona-sabores-vidrio-lemon-0-25-l.jpg&#8221; show_in_lightbox=&#8221;on&#8221; use_overlay=&#8221;on&#8221; overlay_icon_color=&#8221;#ffffff&#8221; hover_overlay_color=&#8221;rgba(252,210,153,0.66)&#8221; hover_icon=&#8221;&#x55;||divi||400&#8243; show_bottom_space=&#8221;off&#8221; align=&#8221;center&#8221; align_tablet=&#8221;center&#8221; align_phone=&#8221;center&#8221; align_last_edited=&#8221;on|desktop&#8221; _builder_version=&#8221;4.16&#8243; global_colors_info=&#8221;{}&#8221;][\/et_pb_image][et_pb_text _builder_version=&#8221;4.16&#8243; custom_margin=&#8221;15px|||&#8221; link_option_url=&#8221;https:\/\/latiendavichy.com\/agua\/177.html?utm_source=vichycatalanPET500ml&#038;utm_medium=button&#038;utm_campaign=webs_grup&#038;utm_term=body&#8221; link_option_url_new_window=&#8221;on&#8221; global_colors_info=&#8221;{}&#8221;]<\/p>\n<p style=\"text-align: center;\">VCH Barcelona i Vichy Barcelona Lim\u00f3n vidre 0,25\u00a0L<\/p>\n<p>[\/et_pb_text][\/et_pb_column][et_pb_column type=&#8221;1_4&#8243; _builder_version=&#8221;4.16&#8243; custom_padding=&#8221;|||&#8221; global_colors_info=&#8221;{}&#8221; custom_padding__hover=&#8221;|||&#8221;][et_pb_image src=&#8221;https:\/\/www.vichycatalan.com\/wp-content\/uploads\/2019\/03\/vch-barcelona-sabores-vidrio-naranja-0-25-l.jpg&#8221; show_in_lightbox=&#8221;on&#8221; use_overlay=&#8221;on&#8221; overlay_icon_color=&#8221;#ffffff&#8221; hover_overlay_color=&#8221;rgba(252,210,153,0.66)&#8221; hover_icon=&#8221;&#x55;||divi||400&#8243; show_bottom_space=&#8221;off&#8221; align=&#8221;center&#8221; align_tablet=&#8221;center&#8221; align_phone=&#8221;center&#8221; align_last_edited=&#8221;on|desktop&#8221; _builder_version=&#8221;4.16&#8243; global_colors_info=&#8221;{}&#8221;][\/et_pb_image][et_pb_text _builder_version=&#8221;4.16&#8243; custom_margin=&#8221;15px|||&#8221; link_option_url=&#8221;https:\/\/latiendavichy.com\/agua\/1.html?utm_source=vichycatalan330ml&#038;utm_medium=button&#038;utm_campaign=webs_grup&#038;utm_term=body&#8221; link_option_url_new_window=&#8221;on&#8221; global_colors_info=&#8221;{}&#8221;]<\/p>\n<p style=\"text-align: center;\">VCH Barcelona i Vichy Barcelona Naranja vidre 0,25\u00a0L<\/p>\n<p>[\/et_pb_text][\/et_pb_column][et_pb_column type=&#8221;1_4&#8243; _builder_version=&#8221;4.16&#8243; custom_padding=&#8221;|||&#8221; global_colors_info=&#8221;{}&#8221; custom_padding__hover=&#8221;|||&#8221;][et_pb_image src=&#8221;https:\/\/www.vichycatalan.com\/wp-content\/uploads\/2019\/02\/vch-barcelona-sabores-vidrio-lima-limon-0-25-l.jpg&#8221; show_in_lightbox=&#8221;on&#8221; use_overlay=&#8221;on&#8221; overlay_icon_color=&#8221;#ffffff&#8221; hover_overlay_color=&#8221;rgba(252,210,153,0.66)&#8221; hover_icon=&#8221;&#x55;||divi||400&#8243; show_bottom_space=&#8221;off&#8221; align=&#8221;center&#8221; align_tablet=&#8221;center&#8221; align_phone=&#8221;center&#8221; align_last_edited=&#8221;on|desktop&#8221; _builder_version=&#8221;4.16&#8243; global_colors_info=&#8221;{}&#8221;][\/et_pb_image][et_pb_text _builder_version=&#8221;4.16&#8243; custom_margin=&#8221;15px|||&#8221; link_option_url=&#8221;https:\/\/latiendavichy.com\/agua\/1.html?utm_source=vichycatalan330ml&#038;utm_medium=button&#038;utm_campaign=webs_grup&#038;utm_term=body&#8221; link_option_url_new_window=&#8221;on&#8221; global_colors_info=&#8221;{}&#8221;]<\/p>\n<p style=\"text-align: center;\">VCH Barcelona i Vichy Barcelona Lima-Lim\u00f3n vidre 0,25\u00a0L<\/p>\n<p>[\/et_pb_text][\/et_pb_column][et_pb_column type=&#8221;1_4&#8243; _builder_version=&#8221;4.16&#8243; custom_padding=&#8221;|||&#8221; global_colors_info=&#8221;{}&#8221; custom_padding__hover=&#8221;|||&#8221;][et_pb_image src=&#8221;https:\/\/www.vichycatalan.com\/wp-content\/uploads\/2019\/02\/vch-barcelona-sabores-vidrio-menta-0-25-l.jpg&#8221; show_in_lightbox=&#8221;on&#8221; use_overlay=&#8221;on&#8221; overlay_icon_color=&#8221;#ffffff&#8221; hover_overlay_color=&#8221;rgba(252,210,153,0.66)&#8221; hover_icon=&#8221;&#x55;||divi||400&#8243; show_bottom_space=&#8221;off&#8221; align=&#8221;center&#8221; align_tablet=&#8221;center&#8221; align_phone=&#8221;center&#8221; align_last_edited=&#8221;on|desktop&#8221; _builder_version=&#8221;4.16&#8243; global_colors_info=&#8221;{}&#8221;][\/et_pb_image][et_pb_text _builder_version=&#8221;4.16&#8243; custom_margin=&#8221;15px|||&#8221; link_option_url=&#8221;https:\/\/latiendavichy.com\/agua\/1.html?utm_source=vichycatalan330ml&#038;utm_medium=button&#038;utm_campaign=webs_grup&#038;utm_term=body&#8221; link_option_url_new_window=&#8221;on&#8221; global_colors_info=&#8221;{}&#8221;]<\/p>\n<p style=\"text-align: center;\">VCH Barcelona i Vichy Barcelona Menta vidre 0,25\u00a0L<\/p>\n<p>[\/et_pb_text][\/et_pb_column][\/et_pb_row][\/et_pb_section][et_pb_section fb_built=&#8221;1&#8243; _builder_version=&#8221;4.16&#8243; global_colors_info=&#8221;{}&#8221;][et_pb_row _builder_version=&#8221;4.16&#8243; custom_padding=&#8221;0||0px||false|false&#8221; global_colors_info=&#8221;{}&#8221;][et_pb_column type=&#8221;4_4&#8243; _builder_version=&#8221;4.16&#8243; custom_padding=&#8221;|||&#8221; global_colors_info=&#8221;{}&#8221; custom_padding__hover=&#8221;|||&#8221;][et_pb_divider divider_style=&#8221;double&#8221; divider_position=&#8221;center&#8221; divider_weight=&#8221;7px&#8221; _builder_version=&#8221;4.16&#8243; global_colors_info=&#8221;{}&#8221;][\/et_pb_divider][\/et_pb_column][\/et_pb_row][et_pb_row _builder_version=&#8221;4.16&#8243; background_size=&#8221;initial&#8221; background_position=&#8221;top_left&#8221; background_repeat=&#8221;repeat&#8221; custom_padding=&#8221;32px|0px|7px|0px|false|false&#8221; global_colors_info=&#8221;{}&#8221;][et_pb_column type=&#8221;4_4&#8243; _builder_version=&#8221;4.16&#8243; custom_padding=&#8221;|||&#8221; global_colors_info=&#8221;{}&#8221; custom_padding__hover=&#8221;|||&#8221;][et_pb_text admin_label=&#8221;Nuestras marcas&#8221; _builder_version=&#8221;4.16&#8243; header_2_font=&#8221;Helvetica Neue standar||||||||&#8221; header_2_font_size=&#8221;39px&#8221; background_color=&#8221;#ffffff&#8221; max_width=&#8221;50%&#8221; module_alignment=&#8221;center&#8221; custom_margin=&#8221;-60px||&#8221; header_2_font_size_tablet=&#8221;30px&#8221; header_2_font_size_phone=&#8221;22px&#8221; header_2_font_size_last_edited=&#8221;on|phone&#8221; inline_fonts=&#8221;Helvetica Neue bold&#8221; global_colors_info=&#8221;{}&#8221;]<\/p>\n<h2 style=\"text-align: center;\">GAMMA DE <span style=\"font-family: 'Helvetica Neue bold';\">VCH BARCELONA I VICHY BARCELONA<\/span><\/h2>\n<p>[\/et_pb_text][\/et_pb_column][\/et_pb_row][et_pb_row column_structure=&#8221;1_3,1_3,1_3&#8243; _builder_version=&#8221;4.16&#8243; background_size=&#8221;initial&#8221; background_position=&#8221;top_left&#8221; background_repeat=&#8221;repeat&#8221; global_colors_info=&#8221;{}&#8221;][et_pb_column type=&#8221;1_3&#8243; _builder_version=&#8221;4.16&#8243; custom_padding=&#8221;|||&#8221; global_colors_info=&#8221;{}&#8221; custom_padding__hover=&#8221;|||&#8221;][et_pb_image src=&#8221;https:\/\/www.vichycatalan.com\/wp-content\/uploads\/2019\/02\/logo-submarca-vch-genuina.jpg&#8221; url=&#8221;https:\/\/www.vichycatalan.com\/ca\/les-nostres-marques\/vch-barcelona-i-vichy-barcelona-genuina\/&#8221; use_overlay=&#8221;on&#8221; overlay_icon_color=&#8221;#ffffff&#8221; hover_overlay_color=&#8221;rgba(252,210,153,0.66)&#8221; hover_icon=&#8221;&#x50;||divi||400&#8243; show_bottom_space=&#8221;off&#8221; align=&#8221;center&#8221; align_tablet=&#8221;center&#8221; align_phone=&#8221;center&#8221; align_last_edited=&#8221;on|desktop&#8221; _builder_version=&#8221;4.16&#8243; global_colors_info=&#8221;{}&#8221;][\/et_pb_image][\/et_pb_column][et_pb_column type=&#8221;1_3&#8243; _builder_version=&#8221;4.16&#8243; custom_padding=&#8221;|||&#8221; global_colors_info=&#8221;{}&#8221; custom_padding__hover=&#8221;|||&#8221;][et_pb_image src=&#8221;https:\/\/www.vichycatalan.com\/wp-content\/uploads\/2019\/02\/logo-submarca-vch-fruit.jpg&#8221; url=&#8221;https:\/\/www.vichycatalan.com\/ca\/les-nostres-marques\/vch-barcelona-i-vichy-barcelona-fruit\/&#8221; use_overlay=&#8221;on&#8221; overlay_icon_color=&#8221;#ffffff&#8221; hover_overlay_color=&#8221;rgba(252,210,153,0.66)&#8221; hover_icon=&#8221;&#x50;||divi||400&#8243; show_bottom_space=&#8221;off&#8221; align=&#8221;center&#8221; align_tablet=&#8221;center&#8221; align_phone=&#8221;center&#8221; align_last_edited=&#8221;on|desktop&#8221; _builder_version=&#8221;4.16&#8243; global_colors_info=&#8221;{}&#8221;][\/et_pb_image][\/et_pb_column][et_pb_column type=&#8221;1_3&#8243; _builder_version=&#8221;4.16&#8243; custom_padding=&#8221;|||&#8221; global_colors_info=&#8221;{}&#8221; custom_padding__hover=&#8221;|||&#8221;][et_pb_image src=&#8221;https:\/\/www.vichycatalan.com\/wp-content\/uploads\/2019\/02\/logo-submarca-vch-tonic.jpg&#8221; url=&#8221;https:\/\/www.vichycatalan.com\/ca\/les-nostres-marques\/vch-barcelona-i-vichy-barcelona-premium-tonic-water\/&#8221; use_overlay=&#8221;on&#8221; overlay_icon_color=&#8221;#ffffff&#8221; hover_overlay_color=&#8221;rgba(252,210,153,0.66)&#8221; hover_icon=&#8221;&#x50;||divi||400&#8243; show_bottom_space=&#8221;off&#8221; align=&#8221;center&#8221; align_tablet=&#8221;center&#8221; align_phone=&#8221;center&#8221; align_last_edited=&#8221;on|desktop&#8221; _builder_version=&#8221;4.16&#8243; global_colors_info=&#8221;{}&#8221;][\/et_pb_image][\/et_pb_column][\/et_pb_row][\/et_pb_section][et_pb_section fb_built=&#8221;1&#8243; fullwidth=&#8221;on&#8221; admin_label=&#8221;fondo colores&#8221; module_class=&#8221;stop&#8221; _builder_version=&#8221;4.16&#8243; background_image=&#8221;https:\/\/www.vichycatalan.com\/wp-content\/uploads\/2018\/10\/trencadis-corporate.png&#8221; background_position=&#8221;top_center&#8221; background_repeat=&#8221;repeat-x&#8221; custom_padding=&#8221;190px||||false|false&#8221; global_colors_info=&#8221;{}&#8221;][\/et_pb_section]<\/p>\n","protected":false},"excerpt":{"rendered":"<p>Gustos sense sucres. <span class='et-dropcap'>V<\/span>CH Barcelona i Vichy Barcelona Sabores 0\u00a0% Az\u00facares s\u00f3n una gamma d&#8217;aig\u00fces saboritzades elaborades amb la nostra aigua carbonatada i ess\u00e8ncies naturals. Es presenten en una variada gamma de gustos: llimona, taronja, llima-llimona i menta. S\u00f3n elaborades amb la nostra aigua mineral natural carb\u00f2nica i ingredients naturals i, a m\u00e9s, no contenen [&hellip;]<\/p>\n","protected":false},"author":1,"featured_media":0,"parent":9658,"menu_order":0,"comment_status":"closed","ping_status":"closed","template":"","meta":{"_acf_changed":false,"_et_pb_use_builder":"on","_et_pb_old_content":"","_et_gb_content_width":"","footnotes":""},"class_list":["post-9515","page","type-page","status-publish","hentry"],"acf":{"pagina_de_marca":"no"},"yoast_head":"<!-- This site is optimized with the Yoast SEO plugin v27.5 - https:\/\/yoast.com\/product\/yoast-seo-wordpress\/ -->\n<title>VCH Barcelona i Vichy Barcelona Sabores 0\u00a0% Az\u00facares - Vichy Catalan Corporation<\/title>\n<meta name=\"description\" content=\"VCH Barcelona i Vichy Barcelona Sabores 0\u00a0% Az\u00facares s\u00f3n una gamma d&#039;aig\u00fces saboritzades elaborades amb aigua carbonatada i ess\u00e8ncies naturals.\" \/>\n<meta name=\"robots\" content=\"index, follow, max-snippet:-1, max-image-preview:large, max-video-preview:-1\" \/>\n<link rel=\"canonical\" href=\"https:\/\/www.vichycatalan.com\/ca\/les-nostres-marques\/vch-barcelona-i-vichy-barcelona-sabores-0-azucares\/\" \/>\n<meta property=\"og:locale\" content=\"ca_ES\" \/>\n<meta property=\"og:type\" content=\"article\" \/>\n<meta property=\"og:title\" content=\"VCH Barcelona i Vichy Barcelona Sabores 0\u00a0% Az\u00facares - Vichy Catalan Corporation\" \/>\n<meta property=\"og:description\" content=\"VCH Barcelona i Vichy Barcelona Sabores 0\u00a0% Az\u00facares s\u00f3n una gamma d&#039;aig\u00fces saboritzades elaborades amb aigua carbonatada i ess\u00e8ncies naturals.\" \/>\n<meta property=\"og:url\" content=\"https:\/\/www.vichycatalan.com\/ca\/les-nostres-marques\/vch-barcelona-i-vichy-barcelona-sabores-0-azucares\/\" \/>\n<meta property=\"og:site_name\" content=\"Vichy Catalan Corporation\" \/>\n<meta property=\"article:modified_time\" content=\"2025-02-21T07:17:52+00:00\" \/>\n<meta name=\"twitter:card\" content=\"summary_large_image\" \/>\n<meta name=\"twitter:label1\" content=\"Temps estimat de lectura\" \/>\n\t<meta name=\"twitter:data1\" content=\"4 minuts\" \/>\n<script type=\"application\/ld+json\" class=\"yoast-schema-graph\">{\"@context\":\"https:\\\/\\\/schema.org\",\"@graph\":[{\"@type\":\"WebPage\",\"@id\":\"https:\\\/\\\/www.vichycatalan.com\\\/ca\\\/les-nostres-marques\\\/vch-barcelona-i-vichy-barcelona-sabores-0-azucares\\\/\",\"url\":\"https:\\\/\\\/www.vichycatalan.com\\\/ca\\\/les-nostres-marques\\\/vch-barcelona-i-vichy-barcelona-sabores-0-azucares\\\/\",\"name\":\"VCH Barcelona i Vichy Barcelona Sabores 0\u00a0% Az\u00facares - Vichy Catalan Corporation\",\"isPartOf\":{\"@id\":\"https:\\\/\\\/www.vichycatalan.com\\\/ca\\\/#website\"},\"datePublished\":\"2019-02-27T14:47:14+00:00\",\"dateModified\":\"2025-02-21T07:17:52+00:00\",\"description\":\"VCH Barcelona i Vichy Barcelona Sabores 0\u00a0% Az\u00facares s\u00f3n una gamma d'aig\u00fces saboritzades elaborades amb aigua carbonatada i ess\u00e8ncies naturals.\",\"breadcrumb\":{\"@id\":\"https:\\\/\\\/www.vichycatalan.com\\\/ca\\\/les-nostres-marques\\\/vch-barcelona-i-vichy-barcelona-sabores-0-azucares\\\/#breadcrumb\"},\"inLanguage\":\"ca\",\"potentialAction\":[{\"@type\":\"ReadAction\",\"target\":[\"https:\\\/\\\/www.vichycatalan.com\\\/ca\\\/les-nostres-marques\\\/vch-barcelona-i-vichy-barcelona-sabores-0-azucares\\\/\"]}]},{\"@type\":\"BreadcrumbList\",\"@id\":\"https:\\\/\\\/www.vichycatalan.com\\\/ca\\\/les-nostres-marques\\\/vch-barcelona-i-vichy-barcelona-sabores-0-azucares\\\/#breadcrumb\",\"itemListElement\":[{\"@type\":\"ListItem\",\"position\":1,\"name\":\"Portada\",\"item\":\"https:\\\/\\\/www.vichycatalan.com\\\/ca\\\/\"},{\"@type\":\"ListItem\",\"position\":2,\"name\":\"Les nostres marques\",\"item\":\"https:\\\/\\\/www.vichycatalan.com\\\/ca\\\/les-nostres-marques\\\/\"},{\"@type\":\"ListItem\",\"position\":3,\"name\":\"VCH Barcelona i Vichy Barcelona Sabores 0\u00a0% Az\u00facares\"}]},{\"@type\":\"WebSite\",\"@id\":\"https:\\\/\\\/www.vichycatalan.com\\\/ca\\\/#website\",\"url\":\"https:\\\/\\\/www.vichycatalan.com\\\/ca\\\/\",\"name\":\"Vichy Catalan Corporation\",\"description\":\"Web de Vichy Catalan Corporation\",\"potentialAction\":[{\"@type\":\"SearchAction\",\"target\":{\"@type\":\"EntryPoint\",\"urlTemplate\":\"https:\\\/\\\/www.vichycatalan.com\\\/ca\\\/?s={search_term_string}\"},\"query-input\":{\"@type\":\"PropertyValueSpecification\",\"valueRequired\":true,\"valueName\":\"search_term_string\"}}],\"inLanguage\":\"ca\"}]}<\/script>\n<!-- \/ Yoast SEO plugin. -->","yoast_head_json":{"title":"VCH Barcelona i Vichy Barcelona Sabores 0\u00a0% Az\u00facares - Vichy Catalan Corporation","description":"VCH Barcelona i Vichy Barcelona Sabores 0\u00a0% Az\u00facares s\u00f3n una gamma d'aig\u00fces saboritzades elaborades amb aigua carbonatada i ess\u00e8ncies naturals.","robots":{"index":"index","follow":"follow","max-snippet":"max-snippet:-1","max-image-preview":"max-image-preview:large","max-video-preview":"max-video-preview:-1"},"canonical":"https:\/\/www.vichycatalan.com\/ca\/les-nostres-marques\/vch-barcelona-i-vichy-barcelona-sabores-0-azucares\/","og_locale":"ca_ES","og_type":"article","og_title":"VCH Barcelona i Vichy Barcelona Sabores 0\u00a0% Az\u00facares - Vichy Catalan Corporation","og_description":"VCH Barcelona i Vichy Barcelona Sabores 0\u00a0% Az\u00facares s\u00f3n una gamma d'aig\u00fces saboritzades elaborades amb aigua carbonatada i ess\u00e8ncies naturals.","og_url":"https:\/\/www.vichycatalan.com\/ca\/les-nostres-marques\/vch-barcelona-i-vichy-barcelona-sabores-0-azucares\/","og_site_name":"Vichy Catalan Corporation","article_modified_time":"2025-02-21T07:17:52+00:00","twitter_card":"summary_large_image","twitter_misc":{"Temps estimat de lectura":"4 minuts"},"schema":{"@context":"https:\/\/schema.org","@graph":[{"@type":"WebPage","@id":"https:\/\/www.vichycatalan.com\/ca\/les-nostres-marques\/vch-barcelona-i-vichy-barcelona-sabores-0-azucares\/","url":"https:\/\/www.vichycatalan.com\/ca\/les-nostres-marques\/vch-barcelona-i-vichy-barcelona-sabores-0-azucares\/","name":"VCH Barcelona i Vichy Barcelona Sabores 0\u00a0% Az\u00facares - Vichy Catalan Corporation","isPartOf":{"@id":"https:\/\/www.vichycatalan.com\/ca\/#website"},"datePublished":"2019-02-27T14:47:14+00:00","dateModified":"2025-02-21T07:17:52+00:00","description":"VCH Barcelona i Vichy Barcelona Sabores 0\u00a0% Az\u00facares s\u00f3n una gamma d'aig\u00fces saboritzades elaborades amb aigua carbonatada i ess\u00e8ncies naturals.","breadcrumb":{"@id":"https:\/\/www.vichycatalan.com\/ca\/les-nostres-marques\/vch-barcelona-i-vichy-barcelona-sabores-0-azucares\/#breadcrumb"},"inLanguage":"ca","potentialAction":[{"@type":"ReadAction","target":["https:\/\/www.vichycatalan.com\/ca\/les-nostres-marques\/vch-barcelona-i-vichy-barcelona-sabores-0-azucares\/"]}]},{"@type":"BreadcrumbList","@id":"https:\/\/www.vichycatalan.com\/ca\/les-nostres-marques\/vch-barcelona-i-vichy-barcelona-sabores-0-azucares\/#breadcrumb","itemListElement":[{"@type":"ListItem","position":1,"name":"Portada","item":"https:\/\/www.vichycatalan.com\/ca\/"},{"@type":"ListItem","position":2,"name":"Les nostres marques","item":"https:\/\/www.vichycatalan.com\/ca\/les-nostres-marques\/"},{"@type":"ListItem","position":3,"name":"VCH Barcelona i Vichy Barcelona Sabores 0\u00a0% Az\u00facares"}]},{"@type":"WebSite","@id":"https:\/\/www.vichycatalan.com\/ca\/#website","url":"https:\/\/www.vichycatalan.com\/ca\/","name":"Vichy Catalan Corporation","description":"Web de Vichy Catalan Corporation","potentialAction":[{"@type":"SearchAction","target":{"@type":"EntryPoint","urlTemplate":"https:\/\/www.vichycatalan.com\/ca\/?s={search_term_string}"},"query-input":{"@type":"PropertyValueSpecification","valueRequired":true,"valueName":"search_term_string"}}],"inLanguage":"ca"}]}},"_links":{"self":[{"href":"https:\/\/www.vichycatalan.com\/ca\/wp-json\/wp\/v2\/pages\/9515","targetHints":{"allow":["GET"]}}],"collection":[{"href":"https:\/\/www.vichycatalan.com\/ca\/wp-json\/wp\/v2\/pages"}],"about":[{"href":"https:\/\/www.vichycatalan.com\/ca\/wp-json\/wp\/v2\/types\/page"}],"author":[{"embeddable":true,"href":"https:\/\/www.vichycatalan.com\/ca\/wp-json\/wp\/v2\/users\/1"}],"replies":[{"embeddable":true,"href":"https:\/\/www.vichycatalan.com\/ca\/wp-json\/wp\/v2\/comments?post=9515"}],"version-history":[{"count":0,"href":"https:\/\/www.vichycatalan.com\/ca\/wp-json\/wp\/v2\/pages\/9515\/revisions"}],"up":[{"embeddable":true,"href":"https:\/\/www.vichycatalan.com\/ca\/wp-json\/wp\/v2\/pages\/9658"}],"wp:attachment":[{"href":"https:\/\/www.vichycatalan.com\/ca\/wp-json\/wp\/v2\/media?parent=9515"}],"curies":[{"name":"wp","href":"https:\/\/api.w.org\/{rel}","templated":true}]}}