{"id":9477,"date":"2019-02-04T12:21:38","date_gmt":"2019-02-04T11:21:38","guid":{"rendered":"https:\/\/www.vichycatalan.com\/font-dor-maximum\/"},"modified":"2025-02-19T13:24:29","modified_gmt":"2025-02-19T12:24:29","slug":"font-dor-maximum","status":"publish","type":"page","link":"https:\/\/www.vichycatalan.com\/ca\/les-nostres-marques\/font-dor-maximum\/","title":{"rendered":"Font d&#8217;Or Maximum"},"content":{"rendered":"<p>[et_pb_section fb_built=&#8221;1&#8243; fullwidth=&#8221;on&#8221; _builder_version=&#8221;4.16&#8243; custom_padding=&#8221;||||false|false&#8221; bottom_divider_color=&#8221;#ffffff&#8221; bottom_divider_height=&#8221;50px&#8221; global_colors_info=&#8221;{}&#8221;][et_pb_fullwidth_header title=&#8221;Font d&#8217;Or Maximum&#8221; background_overlay_color=&#8221;rgba(44,42,41,0.2)&#8221; content_max_width=&#8221;60%&#8221; content_max_width_tablet=&#8221;100%&#8221; content_max_width_phone=&#8221;&#8221; content_max_width_last_edited=&#8221;on|phone&#8221; _builder_version=&#8221;4.16&#8243; title_font=&#8221;Helvetica Neue standar|700|||||||&#8221; title_font_size=&#8221;56px&#8221; content_text_align=&#8221;left&#8221; content_font_size=&#8221;23px&#8221; content_line_height=&#8221;1.1em&#8221; background_image=&#8221;https:\/\/www.vichycatalan.com\/wp-content\/uploads\/2019\/08\/Header-Font-dOr-Maximum.jpg&#8221; custom_margin=&#8221;0px|0px|0px|0px&#8221; custom_padding=&#8221;100px|0px|200px|0px&#8221; custom_padding_tablet=&#8221;50px|0px|150px|0px&#8221; custom_padding_phone=&#8221;0px||100px&#8221; custom_padding_last_edited=&#8221;on|phone&#8221; title_text_shadow_style=&#8221;preset1&#8243; content_text_shadow_style=&#8221;preset1&#8243; text_shadow_style=&#8221;preset1&#8243; global_colors_info=&#8221;{}&#8221;]L&#8217;eleg\u00e0ncia feta env\u00e0s.<br \/>\n[\/et_pb_fullwidth_header][\/et_pb_section][et_pb_section fb_built=&#8221;1&#8243; _builder_version=&#8221;4.16&#8243; background_video_width=&#8221;1280&#8243; background_video_height=&#8221;720&#8243; custom_margin=&#8221;||&#8221; custom_padding=&#8221;0|0px|16px|0px|false|false&#8221; top_divider_color=&#8221;#ffffff&#8221; top_divider_height=&#8221;50px&#8221; bottom_divider_color=&#8221;#c1c1c1&#8243; bottom_divider_height=&#8221;136px&#8221; global_colors_info=&#8221;{}&#8221;][et_pb_row column_structure=&#8221;1_3,2_3&#8243; _builder_version=&#8221;4.16&#8243; background_size=&#8221;initial&#8221; background_position=&#8221;top_left&#8221; background_repeat=&#8221;repeat&#8221; global_colors_info=&#8221;{}&#8221;][et_pb_column type=&#8221;1_3&#8243; _builder_version=&#8221;4.16&#8243; custom_padding=&#8221;|||&#8221; global_colors_info=&#8221;{}&#8221; custom_padding__hover=&#8221;|||&#8221;][et_pb_image src=&#8221;https:\/\/www.vichycatalan.com\/wp-content\/uploads\/2024\/03\/Font-DOr-MAXIMUM.jpg&#8221; alt=&#8221;Font D&#8217;Or MAXIMUM&#8221; title_text=&#8221;Font D&#8217;Or MAXIMUM&#8221; align=&#8221;center&#8221; align_tablet=&#8221;center&#8221; align_phone=&#8221;&#8221; align_last_edited=&#8221;on|desktop&#8221; _builder_version=&#8221;4.24.2&#8243; animation_style=&#8221;slide&#8221; animation_direction=&#8221;bottom&#8221; animation_duration=&#8221;1500ms&#8221; animation_intensity_slide=&#8221;10%&#8221; global_colors_info=&#8221;{}&#8221;][\/et_pb_image][\/et_pb_column][et_pb_column type=&#8221;2_3&#8243; _builder_version=&#8221;4.16&#8243; custom_padding=&#8221;|||&#8221; global_colors_info=&#8221;{}&#8221; custom_padding__hover=&#8221;|||&#8221;][et_pb_image src=&#8221;https:\/\/www.vichycatalan.com\/wp-content\/uploads\/2019\/02\/font-d-or-logohead-1.jpg&#8221; _builder_version=&#8221;4.16&#8243; background_color=&#8221;#ffffff&#8221; custom_padding=&#8221;|||&#8221; animation_style=&#8221;slide&#8221; animation_direction=&#8221;left&#8221; animation_duration=&#8221;1500ms&#8221; animation_intensity_slide=&#8221;10%&#8221; always_center_on_mobile=&#8221;off&#8221; global_colors_info=&#8221;{}&#8221;][\/et_pb_image][et_pb_divider divider_style=&#8221;double&#8221; divider_position=&#8221;center&#8221; divider_weight=&#8221;10px&#8221; _builder_version=&#8221;4.16&#8243; height=&#8221;13px&#8221; custom_margin=&#8221;-155px||30px|&#8221; custom_padding=&#8221;||104px|160px&#8221; global_colors_info=&#8221;{}&#8221;][\/et_pb_divider][et_pb_text _builder_version=&#8221;4.16&#8243; custom_margin=&#8221;||&#8221; animation_style=&#8221;fade&#8221; animation_direction=&#8221;right&#8221; animation_delay=&#8221;100ms&#8221; global_colors_info=&#8221;{}&#8221;]<span class='et-dropcap'>F<\/span>ont d&#8217;Or es presenta amb un env\u00e0s de categoria fet a la mida de la seva inigualable qualitat. \u00c9s la Font d&#8217;Or Maximum. El resultat \u00e9s eloq\u00fcent. El segell distintiu de Font d&#8217;Or Maximum llueix un etiquetatge elegant que real\u00e7a el disseny refinat de l&#8217;env\u00e0s.<br \/>\n\u00c9s una ampolla elegant, amb un contorn inconfusible de corbes subtils. Es pot sostenir f\u00e0cilment amb una sola m\u00e0 i el seu tacte convida a la car\u00edcia, a l&#8217;hedonisme, al plaer\u2026<\/p>\n<p><strong>La millor aigua per a les millors taules<\/strong><\/p>\n<p>Vestir la taula ser\u00e0 diferent. Font d&#8217;Or Maximum, amb la seva ampolla de vidre blau i disseny refinat, \u00e9s el complement natural de la bona taula, tant si parlem en termes de gust com d&#8217;est\u00e8tica, i es presenta en formats d&#8217;1\u00a0L i 0,5\u00a0L.<br \/>\n[\/et_pb_text][\/et_pb_column][\/et_pb_row][et_pb_row _builder_version=&#8221;4.16&#8243; custom_padding=&#8221;||0px|&#8221; global_colors_info=&#8221;{}&#8221;][et_pb_column type=&#8221;4_4&#8243; _builder_version=&#8221;4.16&#8243; custom_padding=&#8221;|||&#8221; global_colors_info=&#8221;{}&#8221; custom_padding__hover=&#8221;|||&#8221;][et_pb_divider divider_style=&#8221;double&#8221; divider_position=&#8221;center&#8221; divider_weight=&#8221;7px&#8221; _builder_version=&#8221;4.16&#8243; global_colors_info=&#8221;{}&#8221;]<br \/>\n[\/et_pb_divider][\/et_pb_column][\/et_pb_row][\/et_pb_section][et_pb_section fb_built=&#8221;1&#8243; _builder_version=&#8221;4.16&#8243; custom_padding=&#8221;0px||0||false|false&#8221; global_colors_info=&#8221;{}&#8221;][et_pb_row _builder_version=&#8221;4.16&#8243; background_size=&#8221;initial&#8221; background_position=&#8221;top_left&#8221; background_repeat=&#8221;repeat&#8221; global_colors_info=&#8221;{}&#8221;][et_pb_column type=&#8221;4_4&#8243; _builder_version=&#8221;4.16&#8243; custom_padding=&#8221;|||&#8221; global_colors_info=&#8221;{}&#8221; custom_padding__hover=&#8221;|||&#8221;][et_pb_text admin_label=&#8221;Nuestras marcas&#8221; _builder_version=&#8221;4.16&#8243; header_2_font=&#8221;Helvetica Neue standar||||||||&#8221; header_2_font_size=&#8221;39px&#8221; background_color=&#8221;#ffffff&#8221; max_width=&#8221;50%&#8221; module_alignment=&#8221;center&#8221; custom_margin=&#8221;-85px|||&#8221; header_2_font_size_tablet=&#8221;30px&#8221; header_2_font_size_phone=&#8221;22px&#8221; header_2_font_size_last_edited=&#8221;on|phone&#8221; inline_fonts=&#8221;Helvetica Neue bold&#8221; global_colors_info=&#8221;{}&#8221;]<\/p>\n<h2 style=\"text-align: center;\">PRODUCTES <span style=\"font-family: 'Helvetica Neue bold';\">FONT D&#8217;OR<br \/>\nMAXIMUM<\/span><\/h2>\n<p>[\/et_pb_text][\/et_pb_column][\/et_pb_row][et_pb_row column_structure=&#8221;1_4,1_4,1_4,1_4&#8243; use_custom_gutter=&#8221;on&#8221; gutter_width=&#8221;4&#8243; module_class=&#8221;productos-marcas&#8221; _builder_version=&#8221;4.16&#8243; global_colors_info=&#8221;{}&#8221;][et_pb_column type=&#8221;1_4&#8243; _builder_version=&#8221;4.16&#8243; custom_padding=&#8221;|||&#8221; global_colors_info=&#8221;{}&#8221; custom_padding__hover=&#8221;|||&#8221;][et_pb_image src=&#8221;https:\/\/www.vichycatalan.com\/wp-content\/uploads\/2024\/03\/Font-DOr-MAXIMUM-1L.jpg&#8221; alt=&#8221;Font D&#8217;Or MAXIMUM 1L&#8221; title_text=&#8221;Font D&#8217;Or MAXIMUM 1L&#8221; show_in_lightbox=&#8221;on&#8221; use_overlay=&#8221;on&#8221; overlay_icon_color=&#8221;#ffffff&#8221; hover_overlay_color=&#8221;rgba(252,210,153,0.66)&#8221; hover_icon=&#8221;&#x55;||divi||400&#8243; show_bottom_space=&#8221;off&#8221; align=&#8221;center&#8221; align_tablet=&#8221;center&#8221; align_phone=&#8221;&#8221; align_last_edited=&#8221;on|desktop&#8221; _builder_version=&#8221;4.24.2&#8243; global_colors_info=&#8221;{}&#8221;][\/et_pb_image][et_pb_text _builder_version=&#8221;4.16&#8243; custom_margin=&#8221;15px|||&#8221; link_option_url_new_window=&#8221;on&#8221; global_colors_info=&#8221;{}&#8221;]<\/p>\n<p style=\"text-align: center;\">Font d&#8217;Or Maximum 1\u00a0L<\/p>\n<p>[\/et_pb_text][et_pb_button button_url=&#8221;https:\/\/latiendavichy.com\/es\/agua\/agua-mineral-natural\/font-d-or\/&#8221; url_new_window=&#8221;on&#8221; button_text=&#8221;COMPRAR&#8221; button_alignment=&#8221;center&#8221; _builder_version=&#8221;4.27.4&#8243; hover_enabled=&#8221;0&#8243; global_colors_info=&#8221;{}&#8221; sticky_enabled=&#8221;0&#8243;][\/et_pb_button][\/et_pb_column][et_pb_column type=&#8221;1_4&#8243; _builder_version=&#8221;4.16&#8243; custom_padding=&#8221;|||&#8221; global_colors_info=&#8221;{}&#8221; custom_padding__hover=&#8221;|||&#8221;][et_pb_image src=&#8221;https:\/\/www.vichycatalan.com\/wp-content\/uploads\/2024\/03\/Font-DOr-MAXIMUM-500ml-1.jpg&#8221; alt=&#8221;Font D&#8217;Or MAXIMUM 500ml&#8221; title_text=&#8221;Font D&#8217;Or MAXIMUM 500ml&#8221; show_in_lightbox=&#8221;on&#8221; use_overlay=&#8221;on&#8221; overlay_icon_color=&#8221;#ffffff&#8221; hover_overlay_color=&#8221;rgba(252,210,153,0.66)&#8221; hover_icon=&#8221;&#x55;||divi||400&#8243; show_bottom_space=&#8221;off&#8221; align=&#8221;center&#8221; align_tablet=&#8221;center&#8221; align_phone=&#8221;&#8221; align_last_edited=&#8221;on|desktop&#8221; _builder_version=&#8221;4.24.2&#8243; global_colors_info=&#8221;{}&#8221;][\/et_pb_image][et_pb_text _builder_version=&#8221;4.16&#8243; custom_margin=&#8221;15px|||&#8221; link_option_url_new_window=&#8221;on&#8221; global_colors_info=&#8221;{}&#8221;]<\/p>\n<p style=\"text-align: center;\">Font d&#8217;Or Maximum 0,5\u00a0L<\/p>\n<p>[\/et_pb_text][et_pb_button button_url=&#8221;https:\/\/latiendavichy.com\/es\/agua\/agua-mineral-natural\/font-d-or\/&#8221; url_new_window=&#8221;on&#8221; button_text=&#8221;COMPRAR&#8221; button_alignment=&#8221;center&#8221; _builder_version=&#8221;4.27.4&#8243; hover_enabled=&#8221;0&#8243; global_colors_info=&#8221;{}&#8221; sticky_enabled=&#8221;0&#8243;][\/et_pb_button][\/et_pb_column][et_pb_column type=&#8221;1_4&#8243; _builder_version=&#8221;4.16&#8243; custom_padding=&#8221;|||&#8221; global_colors_info=&#8221;{}&#8221; custom_padding__hover=&#8221;|||&#8221;][\/et_pb_column][et_pb_column type=&#8221;1_4&#8243; _builder_version=&#8221;4.16&#8243; custom_padding=&#8221;|||&#8221; global_colors_info=&#8221;{}&#8221; custom_padding__hover=&#8221;|||&#8221;][\/et_pb_column][\/et_pb_row][\/et_pb_section][et_pb_section fb_built=&#8221;1&#8243; _builder_version=&#8221;4.16&#8243; global_colors_info=&#8221;{}&#8221;][et_pb_row _builder_version=&#8221;4.16&#8243; custom_padding=&#8221;0||0px||false|false&#8221; global_colors_info=&#8221;{}&#8221;][et_pb_column type=&#8221;4_4&#8243; _builder_version=&#8221;4.16&#8243; custom_padding=&#8221;|||&#8221; global_colors_info=&#8221;{}&#8221; custom_padding__hover=&#8221;|||&#8221;][et_pb_divider divider_style=&#8221;double&#8221; divider_position=&#8221;center&#8221; divider_weight=&#8221;7px&#8221; _builder_version=&#8221;4.16&#8243; global_colors_info=&#8221;{}&#8221;][\/et_pb_divider][\/et_pb_column][\/et_pb_row][et_pb_row _builder_version=&#8221;4.16&#8243; background_size=&#8221;initial&#8221; background_position=&#8221;top_left&#8221; background_repeat=&#8221;repeat&#8221; custom_padding=&#8221;32px|0px|7px|0px|false|false&#8221; global_colors_info=&#8221;{}&#8221;][et_pb_column type=&#8221;4_4&#8243; _builder_version=&#8221;4.16&#8243; custom_padding=&#8221;|||&#8221; global_colors_info=&#8221;{}&#8221; custom_padding__hover=&#8221;|||&#8221;][et_pb_text admin_label=&#8221;Nuestras marcas&#8221; _builder_version=&#8221;4.16&#8243; header_2_font=&#8221;Helvetica Neue standar||||||||&#8221; header_2_font_size=&#8221;39px&#8221; background_color=&#8221;#ffffff&#8221; max_width=&#8221;40%&#8221; module_alignment=&#8221;center&#8221; custom_margin=&#8221;-60px||&#8221; header_2_font_size_tablet=&#8221;30px&#8221; header_2_font_size_phone=&#8221;22px&#8221; header_2_font_size_last_edited=&#8221;on|phone&#8221; inline_fonts=&#8221;Helvetica Neue bold&#8221; global_colors_info=&#8221;{}&#8221;]<\/p>\n<h2 style=\"text-align: center;\">GAMMA DE <span style=\"font-family: 'Helvetica Neue bold';\">FONT D&#8217;OR<\/span><\/h2>\n<p>[\/et_pb_text][\/et_pb_column][\/et_pb_row][et_pb_row column_structure=&#8221;1_3,1_3,1_3&#8243; _builder_version=&#8221;4.16&#8243; background_size=&#8221;initial&#8221; background_position=&#8221;top_left&#8221; background_repeat=&#8221;repeat&#8221; global_colors_info=&#8221;{}&#8221;][et_pb_column type=&#8221;1_3&#8243; _builder_version=&#8221;4.16&#8243; custom_padding=&#8221;|||&#8221; global_colors_info=&#8221;{}&#8221; custom_padding__hover=&#8221;|||&#8221;][et_pb_image src=&#8221;https:\/\/www.vichycatalan.com\/wp-content\/uploads\/2020\/08\/APARTADO-FONT-DOR-CLASSICjpg.jpg&#8221; url=&#8221;https:\/\/www.vichycatalan.com\/ca\/les-nostres-marques\/font-dor-classic\/&#8221; use_overlay=&#8221;on&#8221; overlay_icon_color=&#8221;#ffffff&#8221; hover_overlay_color=&#8221;rgba(252,210,153,0.66)&#8221; hover_icon=&#8221;&#x50;||divi||400&#8243; show_bottom_space=&#8221;off&#8221; align=&#8221;center&#8221; align_tablet=&#8221;center&#8221; align_phone=&#8221;&#8221; align_last_edited=&#8221;on|desktop&#8221; _builder_version=&#8221;4.16&#8243; global_colors_info=&#8221;{}&#8221;][\/et_pb_image][\/et_pb_column][et_pb_column type=&#8221;1_3&#8243; _builder_version=&#8221;4.16&#8243; custom_padding=&#8221;|||&#8221; global_colors_info=&#8221;{}&#8221; custom_padding__hover=&#8221;|||&#8221;][et_pb_image src=&#8221;https:\/\/www.vichycatalan.com\/wp-content\/uploads\/2020\/08\/APARTADO-FONT-DOR-PET.jpg&#8221; url=&#8221;https:\/\/www.vichycatalan.com\/ca\/les-nostres-marques\/font-dor-pet\/&#8221; use_overlay=&#8221;on&#8221; overlay_icon_color=&#8221;#ffffff&#8221; hover_overlay_color=&#8221;rgba(252,210,153,0.66)&#8221; hover_icon=&#8221;&#x50;||divi||400&#8243; show_bottom_space=&#8221;off&#8221; align=&#8221;center&#8221; align_tablet=&#8221;center&#8221; align_phone=&#8221;&#8221; align_last_edited=&#8221;on|desktop&#8221; _builder_version=&#8221;4.16&#8243; global_colors_info=&#8221;{}&#8221;][\/et_pb_image][\/et_pb_column][et_pb_column type=&#8221;1_3&#8243; _builder_version=&#8221;4.16&#8243; custom_padding=&#8221;|||&#8221; global_colors_info=&#8221;{}&#8221; custom_padding__hover=&#8221;|||&#8221;][et_pb_image src=&#8221;https:\/\/www.vichycatalan.com\/wp-content\/uploads\/2020\/08\/APARTADO-FONT-DOR-LATA.jpg&#8221; url=&#8221;https:\/\/www.vichycatalan.com\/ca\/les-nostres-marques\/font-dor-llauna\/&#8221; use_overlay=&#8221;on&#8221; overlay_icon_color=&#8221;#ffffff&#8221; hover_overlay_color=&#8221;rgba(252,210,153,0.66)&#8221; hover_icon=&#8221;&#x50;||divi||400&#8243; show_bottom_space=&#8221;off&#8221; align=&#8221;center&#8221; align_tablet=&#8221;center&#8221; align_phone=&#8221;&#8221; align_last_edited=&#8221;on|desktop&#8221; _builder_version=&#8221;4.16&#8243; locked=&#8221;off&#8221; global_colors_info=&#8221;{}&#8221;][\/et_pb_image][\/et_pb_column][\/et_pb_row][\/et_pb_section][et_pb_section fb_built=&#8221;1&#8243; fullwidth=&#8221;on&#8221; admin_label=&#8221;fondo colores&#8221; module_class=&#8221;stop&#8221; _builder_version=&#8221;4.16&#8243; background_image=&#8221;https:\/\/www.vichycatalan.com\/wp-content\/uploads\/2018\/10\/trencadis-corporate.png&#8221; background_position=&#8221;top_center&#8221; background_repeat=&#8221;repeat-x&#8221; custom_padding=&#8221;190px||||false|false&#8221; global_colors_info=&#8221;{}&#8221;][\/et_pb_section]<\/p>\n","protected":false},"excerpt":{"rendered":"<p>L&#8217;eleg\u00e0ncia feta env\u00e0s. <span class='et-dropcap'>F<\/span>ont d&#8217;Or es presenta amb un env\u00e0s de categoria fet a la mida de la seva inigualable qualitat. \u00c9s la Font d&#8217;Or Maximum. El resultat \u00e9s eloq\u00fcent. El segell distintiu de Font d&#8217;Or Maximum llueix un etiquetatge elegant que real\u00e7a el disseny refinat de l&#8217;env\u00e0s. \u00c9s una ampolla elegant, amb un contorn [&hellip;]<\/p>\n","protected":false},"author":1,"featured_media":0,"parent":9658,"menu_order":0,"comment_status":"closed","ping_status":"closed","template":"","meta":{"_acf_changed":false,"_et_pb_use_builder":"on","_et_pb_old_content":"","_et_gb_content_width":"","footnotes":""},"class_list":["post-9477","page","type-page","status-publish","hentry"],"acf":{"pagina_de_marca":"no"},"yoast_head":"<!-- This site is optimized with the Yoast SEO plugin v27.5 - https:\/\/yoast.com\/product\/yoast-seo-wordpress\/ -->\n<title>Font d&#039;Or Maximum - Vichy Catalan Corporation<\/title>\n<meta name=\"description\" content=\"Font d&#039;Or es presenta amb un env\u00e0s de categoria fet a la mida de la seva inigualable qualitat. \u00c9s la Font d&#039;Or Maximum. L&#039;eleg\u00e0ncia feta env\u00e0s.\" \/>\n<meta name=\"robots\" content=\"index, follow, max-snippet:-1, max-image-preview:large, max-video-preview:-1\" \/>\n<link rel=\"canonical\" href=\"https:\/\/www.vichycatalan.com\/ca\/les-nostres-marques\/font-dor-maximum\/\" \/>\n<meta property=\"og:locale\" content=\"ca_ES\" \/>\n<meta property=\"og:type\" content=\"article\" \/>\n<meta property=\"og:title\" content=\"Font d&#039;Or Maximum - Vichy Catalan Corporation\" \/>\n<meta property=\"og:description\" content=\"Font d&#039;Or es presenta amb un env\u00e0s de categoria fet a la mida de la seva inigualable qualitat. \u00c9s la Font d&#039;Or Maximum. L&#039;eleg\u00e0ncia feta env\u00e0s.\" \/>\n<meta property=\"og:url\" content=\"https:\/\/www.vichycatalan.com\/ca\/les-nostres-marques\/font-dor-maximum\/\" \/>\n<meta property=\"og:site_name\" content=\"Vichy Catalan Corporation\" \/>\n<meta property=\"article:modified_time\" content=\"2025-02-19T12:24:29+00:00\" \/>\n<meta name=\"twitter:card\" content=\"summary_large_image\" \/>\n<meta name=\"twitter:label1\" content=\"Temps estimat de lectura\" \/>\n\t<meta name=\"twitter:data1\" content=\"3 minuts\" \/>\n<script type=\"application\/ld+json\" class=\"yoast-schema-graph\">{\"@context\":\"https:\\\/\\\/schema.org\",\"@graph\":[{\"@type\":\"WebPage\",\"@id\":\"https:\\\/\\\/www.vichycatalan.com\\\/ca\\\/les-nostres-marques\\\/font-dor-maximum\\\/\",\"url\":\"https:\\\/\\\/www.vichycatalan.com\\\/ca\\\/les-nostres-marques\\\/font-dor-maximum\\\/\",\"name\":\"Font d'Or Maximum - Vichy Catalan Corporation\",\"isPartOf\":{\"@id\":\"https:\\\/\\\/www.vichycatalan.com\\\/ca\\\/#website\"},\"datePublished\":\"2019-02-04T11:21:38+00:00\",\"dateModified\":\"2025-02-19T12:24:29+00:00\",\"description\":\"Font d'Or es presenta amb un env\u00e0s de categoria fet a la mida de la seva inigualable qualitat. \u00c9s la Font d'Or Maximum. L'eleg\u00e0ncia feta env\u00e0s.\",\"breadcrumb\":{\"@id\":\"https:\\\/\\\/www.vichycatalan.com\\\/ca\\\/les-nostres-marques\\\/font-dor-maximum\\\/#breadcrumb\"},\"inLanguage\":\"ca\",\"potentialAction\":[{\"@type\":\"ReadAction\",\"target\":[\"https:\\\/\\\/www.vichycatalan.com\\\/ca\\\/les-nostres-marques\\\/font-dor-maximum\\\/\"]}]},{\"@type\":\"BreadcrumbList\",\"@id\":\"https:\\\/\\\/www.vichycatalan.com\\\/ca\\\/les-nostres-marques\\\/font-dor-maximum\\\/#breadcrumb\",\"itemListElement\":[{\"@type\":\"ListItem\",\"position\":1,\"name\":\"Portada\",\"item\":\"https:\\\/\\\/www.vichycatalan.com\\\/ca\\\/\"},{\"@type\":\"ListItem\",\"position\":2,\"name\":\"Les nostres marques\",\"item\":\"https:\\\/\\\/www.vichycatalan.com\\\/ca\\\/les-nostres-marques\\\/\"},{\"@type\":\"ListItem\",\"position\":3,\"name\":\"Font d'Or Maximum\"}]},{\"@type\":\"WebSite\",\"@id\":\"https:\\\/\\\/www.vichycatalan.com\\\/ca\\\/#website\",\"url\":\"https:\\\/\\\/www.vichycatalan.com\\\/ca\\\/\",\"name\":\"Vichy Catalan Corporation\",\"description\":\"Web de Vichy Catalan Corporation\",\"potentialAction\":[{\"@type\":\"SearchAction\",\"target\":{\"@type\":\"EntryPoint\",\"urlTemplate\":\"https:\\\/\\\/www.vichycatalan.com\\\/ca\\\/?s={search_term_string}\"},\"query-input\":{\"@type\":\"PropertyValueSpecification\",\"valueRequired\":true,\"valueName\":\"search_term_string\"}}],\"inLanguage\":\"ca\"}]}<\/script>\n<!-- \/ Yoast SEO plugin. -->","yoast_head_json":{"title":"Font d'Or Maximum - Vichy Catalan Corporation","description":"Font d'Or es presenta amb un env\u00e0s de categoria fet a la mida de la seva inigualable qualitat. \u00c9s la Font d'Or Maximum. L'eleg\u00e0ncia feta env\u00e0s.","robots":{"index":"index","follow":"follow","max-snippet":"max-snippet:-1","max-image-preview":"max-image-preview:large","max-video-preview":"max-video-preview:-1"},"canonical":"https:\/\/www.vichycatalan.com\/ca\/les-nostres-marques\/font-dor-maximum\/","og_locale":"ca_ES","og_type":"article","og_title":"Font d'Or Maximum - Vichy Catalan Corporation","og_description":"Font d'Or es presenta amb un env\u00e0s de categoria fet a la mida de la seva inigualable qualitat. \u00c9s la Font d'Or Maximum. L'eleg\u00e0ncia feta env\u00e0s.","og_url":"https:\/\/www.vichycatalan.com\/ca\/les-nostres-marques\/font-dor-maximum\/","og_site_name":"Vichy Catalan Corporation","article_modified_time":"2025-02-19T12:24:29+00:00","twitter_card":"summary_large_image","twitter_misc":{"Temps estimat de lectura":"3 minuts"},"schema":{"@context":"https:\/\/schema.org","@graph":[{"@type":"WebPage","@id":"https:\/\/www.vichycatalan.com\/ca\/les-nostres-marques\/font-dor-maximum\/","url":"https:\/\/www.vichycatalan.com\/ca\/les-nostres-marques\/font-dor-maximum\/","name":"Font d'Or Maximum - Vichy Catalan Corporation","isPartOf":{"@id":"https:\/\/www.vichycatalan.com\/ca\/#website"},"datePublished":"2019-02-04T11:21:38+00:00","dateModified":"2025-02-19T12:24:29+00:00","description":"Font d'Or es presenta amb un env\u00e0s de categoria fet a la mida de la seva inigualable qualitat. \u00c9s la Font d'Or Maximum. L'eleg\u00e0ncia feta env\u00e0s.","breadcrumb":{"@id":"https:\/\/www.vichycatalan.com\/ca\/les-nostres-marques\/font-dor-maximum\/#breadcrumb"},"inLanguage":"ca","potentialAction":[{"@type":"ReadAction","target":["https:\/\/www.vichycatalan.com\/ca\/les-nostres-marques\/font-dor-maximum\/"]}]},{"@type":"BreadcrumbList","@id":"https:\/\/www.vichycatalan.com\/ca\/les-nostres-marques\/font-dor-maximum\/#breadcrumb","itemListElement":[{"@type":"ListItem","position":1,"name":"Portada","item":"https:\/\/www.vichycatalan.com\/ca\/"},{"@type":"ListItem","position":2,"name":"Les nostres marques","item":"https:\/\/www.vichycatalan.com\/ca\/les-nostres-marques\/"},{"@type":"ListItem","position":3,"name":"Font d'Or Maximum"}]},{"@type":"WebSite","@id":"https:\/\/www.vichycatalan.com\/ca\/#website","url":"https:\/\/www.vichycatalan.com\/ca\/","name":"Vichy Catalan Corporation","description":"Web de Vichy Catalan Corporation","potentialAction":[{"@type":"SearchAction","target":{"@type":"EntryPoint","urlTemplate":"https:\/\/www.vichycatalan.com\/ca\/?s={search_term_string}"},"query-input":{"@type":"PropertyValueSpecification","valueRequired":true,"valueName":"search_term_string"}}],"inLanguage":"ca"}]}},"_links":{"self":[{"href":"https:\/\/www.vichycatalan.com\/ca\/wp-json\/wp\/v2\/pages\/9477","targetHints":{"allow":["GET"]}}],"collection":[{"href":"https:\/\/www.vichycatalan.com\/ca\/wp-json\/wp\/v2\/pages"}],"about":[{"href":"https:\/\/www.vichycatalan.com\/ca\/wp-json\/wp\/v2\/types\/page"}],"author":[{"embeddable":true,"href":"https:\/\/www.vichycatalan.com\/ca\/wp-json\/wp\/v2\/users\/1"}],"replies":[{"embeddable":true,"href":"https:\/\/www.vichycatalan.com\/ca\/wp-json\/wp\/v2\/comments?post=9477"}],"version-history":[{"count":0,"href":"https:\/\/www.vichycatalan.com\/ca\/wp-json\/wp\/v2\/pages\/9477\/revisions"}],"up":[{"embeddable":true,"href":"https:\/\/www.vichycatalan.com\/ca\/wp-json\/wp\/v2\/pages\/9658"}],"wp:attachment":[{"href":"https:\/\/www.vichycatalan.com\/ca\/wp-json\/wp\/v2\/media?parent=9477"}],"curies":[{"name":"wp","href":"https:\/\/api.w.org\/{rel}","templated":true}]}}