{"id":9455,"date":"2019-02-01T13:35:10","date_gmt":"2019-02-01T12:35:10","guid":{"rendered":"https:\/\/www.vichycatalan.com\/font-dor\/"},"modified":"2025-02-12T11:15:55","modified_gmt":"2025-02-12T10:15:55","slug":"font-dor","status":"publish","type":"page","link":"https:\/\/www.vichycatalan.com\/ca\/les-nostres-marques\/font-dor\/","title":{"rendered":"Font d&#8217;Or"},"content":{"rendered":"<p>[et_pb_section fb_built=&#8221;1&#8243; fullwidth=&#8221;on&#8221; _builder_version=&#8221;4.16&#8243; custom_padding=&#8221;||||false|false&#8221; bottom_divider_color=&#8221;#ffffff&#8221; bottom_divider_height=&#8221;50px&#8221; global_colors_info=&#8221;{}&#8221;][et_pb_fullwidth_header title=&#8221;Font d&#8217;Or&#8221; background_overlay_color=&#8221;rgba(44,42,41,0.2)&#8221; content_max_width=&#8221;60%&#8221; content_max_width_tablet=&#8221;100%&#8221; content_max_width_phone=&#8221;&#8221; content_max_width_last_edited=&#8221;on|phone&#8221; _builder_version=&#8221;4.27.4&#8243; title_font=&#8221;Helvetica Neue standar|700|||||||&#8221; title_font_size=&#8221;56px&#8221; content_text_align=&#8221;left&#8221; content_font_size=&#8221;23px&#8221; content_line_height=&#8221;1.1em&#8221; background_image=&#8221;https:\/\/www.vichycatalan.com\/wp-content\/uploads\/2019\/02\/header-marca-font-d-dor.jpg&#8221; custom_margin=&#8221;0px|0px|0px|0px&#8221; custom_padding=&#8221;100px|0px|200px|0px&#8221; custom_padding_tablet=&#8221;50px|0px|150px|0px&#8221; custom_padding_phone=&#8221;0px||100px&#8221; custom_padding_last_edited=&#8221;on|phone&#8221; hover_enabled=&#8221;0&#8243; title_text_shadow_style=&#8221;preset1&#8243; content_text_shadow_style=&#8221;preset1&#8243; text_shadow_style=&#8221;preset1&#8243; global_colors_info=&#8221;{}&#8221; sticky_enabled=&#8221;0&#8243;]<\/p>\n<div class=\"flex max-w-full flex-col flex-grow\">\n<div class=\"min-h-8 text-message flex w-full flex-col items-end gap-2 whitespace-normal break-words text-start [.text-message+&amp;]:mt-5\" dir=\"auto\" data-message-author-role=\"assistant\" data-message-id=\"2cf4adc5-0ad5-4d56-9c86-6f8b3bffe0e4\" data-message-model-slug=\"gpt-4o\">\n<div class=\"flex w-full flex-col gap-1 empty:hidden first:pt-[3px]\">\n<div class=\"markdown prose w-full break-words dark:prose-invert light\">\n<div class=\"flex max-w-full flex-col flex-grow\">\n<div class=\"min-h-8 text-message flex w-full flex-col items-end gap-2 whitespace-normal break-words text-start [.text-message+&amp;]:mt-5\" dir=\"auto\" data-message-author-role=\"assistant\" data-message-id=\"2cf4adc5-0ad5-4d56-9c86-6f8b3bffe0e4\" data-message-model-slug=\"gpt-4o\">\n<div class=\"flex w-full flex-col gap-1 empty:hidden first:pt-[3px]\">\n<div class=\"markdown prose w-full break-words dark:prose-invert light\">\n<p data-start=\"0\" data-end=\"42\" data-is-last-node=\"\">Origen mil\u00b7lenari a 1000 metres de puresa.<\/p>\n<\/div>\n<\/div>\n<\/div>\n<\/div>\n<\/div>\n<\/div>\n<\/div>\n<\/div>\n<p>[\/et_pb_fullwidth_header][\/et_pb_section][et_pb_section fb_built=&#8221;1&#8243; _builder_version=&#8221;4.16&#8243; background_video_width=&#8221;1280&#8243; background_video_height=&#8221;720&#8243; custom_margin=&#8221;||&#8221; custom_padding=&#8221;0|0px|16px|0px|false|false&#8221; top_divider_color=&#8221;#ffffff&#8221; top_divider_height=&#8221;50px&#8221; bottom_divider_color=&#8221;#c1c1c1&#8243; bottom_divider_height=&#8221;136px&#8221; global_colors_info=&#8221;{}&#8221;][et_pb_row column_structure=&#8221;1_3,2_3&#8243; _builder_version=&#8221;4.16&#8243; background_size=&#8221;initial&#8221; background_position=&#8221;top_left&#8221; background_repeat=&#8221;repeat&#8221; global_colors_info=&#8221;{}&#8221;][et_pb_column type=&#8221;1_3&#8243; _builder_version=&#8221;4.16&#8243; custom_padding=&#8221;|||&#8221; global_colors_info=&#8221;{}&#8221; custom_padding__hover=&#8221;|||&#8221;][et_pb_image src=&#8221;https:\/\/www.vichycatalan.com\/wp-content\/uploads\/2024\/04\/Font-DOr-MAXIMUM_2025_original.jpg&#8221; alt=&#8221;Font Dor Maximum&#8221; title_text=&#8221;Font Dor Maximum&#8221; align=&#8221;center&#8221; align_tablet=&#8221;center&#8221; align_phone=&#8221;&#8221; align_last_edited=&#8221;on|desktop&#8221; _builder_version=&#8221;4.24.2&#8243; animation_style=&#8221;slide&#8221; animation_direction=&#8221;bottom&#8221; animation_duration=&#8221;1500ms&#8221; animation_intensity_slide=&#8221;10%&#8221; global_colors_info=&#8221;{}&#8221;][\/et_pb_image][et_pb_button button_url=&#8221;https:\/\/www.vichycatalan.com\/ca\/les-nostres-marques\/font-dor\/historia\/&#8221; button_text=&#8221;HIST\u00d2RIA&#8221; button_alignment=&#8221;center&#8221; _builder_version=&#8221;4.16&#8243; global_colors_info=&#8221;{}&#8221;][\/et_pb_button][\/et_pb_column][et_pb_column type=&#8221;2_3&#8243; _builder_version=&#8221;4.16&#8243; custom_padding=&#8221;|||&#8221; global_colors_info=&#8221;{}&#8221; custom_padding__hover=&#8221;|||&#8221;][et_pb_image src=&#8221;https:\/\/www.vichycatalan.com\/wp-content\/uploads\/2019\/02\/font-d-or-logohead-1.jpg&#8221; _builder_version=&#8221;4.16&#8243; background_color=&#8221;#ffffff&#8221; custom_padding=&#8221;|||&#8221; animation_style=&#8221;slide&#8221; animation_direction=&#8221;left&#8221; animation_duration=&#8221;1500ms&#8221; animation_intensity_slide=&#8221;10%&#8221; always_center_on_mobile=&#8221;off&#8221; global_colors_info=&#8221;{}&#8221;][\/et_pb_image][et_pb_divider divider_style=&#8221;double&#8221; divider_position=&#8221;center&#8221; divider_weight=&#8221;10px&#8221; _builder_version=&#8221;4.16&#8243; height=&#8221;13px&#8221; custom_margin=&#8221;-155px|||&#8221; custom_padding=&#8221;||104px|160px&#8221; global_colors_info=&#8221;{}&#8221;][\/et_pb_divider][et_pb_text _builder_version=&#8221;4.16&#8243; custom_margin=&#8221;||&#8221; animation_style=&#8221;fade&#8221; animation_direction=&#8221;right&#8221; animation_delay=&#8221;100ms&#8221; global_colors_info=&#8221;{}&#8221;]<span class='et-dropcap'>L<\/span>&#8216;aigua mineral natural Font d&#8217;Or \u00e9s un producte pr\u00e8mium d&#8217;una qualitat excepcional. En l&#8217;origen trobem la seva garantia. Font d&#8217;Or brolla al cor del mass\u00eds gran\u00edtic de les Guilleries, a 1.000\u00a0metres d&#8217;altura. Aquesta particularitat garanteix una composici\u00f3 mineral invariable perqu\u00e8 tota la producci\u00f3 procedeix d&#8217;una deu \u00fanica. Vet aqu\u00ed el secret de la seva gran qualitat.<\/p>\n<p>Captada a 1.000\u00a0metres d&#8217;altura, Font d&#8217;Or \u00e9s una aigua mil\u00b7len\u00e0ria, rica, saludable i que milers de consumidors beuen cada dia. A m\u00e9s, \u00e9s l&#8217;aigua perfecta per elaborar les millors creacions gastron\u00f2miques. De fet, alguns dels xefs de m\u00e9s renom internacional la fan servir per elaborar alguns dels seus millors plats.<\/p>\n<p>Les associacions i entitats espanyoles de m\u00e9s prestigi que apleguen els professionals del m\u00f3n de l&#8217;hostaleria, la restauraci\u00f3, la nutrici\u00f3 i la cocteleria han atorgat a l&#8217;aigua mineral natural Font d&#8217;Or la seva m\u00e0xima distinci\u00f3: les medalles d&#8217;or a la qualitat, un honor que nom\u00e9s est\u00e0 a l&#8217;abast d&#8217;uns pocs elegits.<\/p>\n<p>Les medalles d&#8217;or a la qualitat que llueixen a l&#8217;etiquetatge totes les ampolles i envasos de l&#8217;aigua mineral natural Font d&#8217;Or han estat atorgades per:<\/p>\n<ul>\n<li>Federaci\u00f3n Espa\u00f1ola de Hosteler\u00eda (FEHR).<\/li>\n<li>Asociaci\u00f3n de Barmans de la Comunidad de Madrid.<\/li>\n<li>Institut Catal\u00e0 de la Cuina.<\/li>\n<li>Federaci\u00f3n de Cocineros y Reposteros de Espa\u00f1a (FACYRE).<\/li>\n<li>Euro-Toques Espa\u00f1a, Comunidad Europea de Cocineros.<\/li>\n<li>Fundaci\u00f3n Espa\u00f1ola de la Nutrici\u00f3n (FEN).<\/li>\n<\/ul>\n<p>L&#8217;aigua mineral natural Font d&#8217;Or \u00e9s l&#8217;\u00fanica aigua d&#8217;Espanya que, a m\u00e9s de rebre les medalles d&#8217;or a la qualitat de totes aquestes associacions, tamb\u00e9 ha estat reconeguda per les entitats professionals.<\/p>\n<p>Font d&#8217;Or \u00e9s una aigua d&#8217;or.<br \/>\n[\/et_pb_text][\/et_pb_column][\/et_pb_row][\/et_pb_section][et_pb_section fb_built=&#8221;1&#8243; _builder_version=&#8221;4.16&#8243; global_colors_info=&#8221;{}&#8221;][et_pb_row _builder_version=&#8221;4.16&#8243; custom_padding=&#8221;0||0px||false|false&#8221; global_colors_info=&#8221;{}&#8221;][et_pb_column type=&#8221;4_4&#8243; _builder_version=&#8221;4.16&#8243; custom_padding=&#8221;|||&#8221; global_colors_info=&#8221;{}&#8221; custom_padding__hover=&#8221;|||&#8221;][et_pb_divider divider_style=&#8221;double&#8221; divider_position=&#8221;center&#8221; divider_weight=&#8221;7px&#8221; _builder_version=&#8221;4.16&#8243; global_colors_info=&#8221;{}&#8221;][\/et_pb_divider][\/et_pb_column][\/et_pb_row][et_pb_row _builder_version=&#8221;4.16&#8243; background_size=&#8221;initial&#8221; background_position=&#8221;top_left&#8221; background_repeat=&#8221;repeat&#8221; custom_padding=&#8221;32px|0px|7px|0px|false|false&#8221; global_colors_info=&#8221;{}&#8221;][et_pb_column type=&#8221;4_4&#8243; _builder_version=&#8221;4.16&#8243; custom_padding=&#8221;|||&#8221; global_colors_info=&#8221;{}&#8221; custom_padding__hover=&#8221;|||&#8221;][et_pb_text admin_label=&#8221;Nuestras marcas&#8221; _builder_version=&#8221;4.27.4&#8243; header_2_font=&#8221;Helvetica Neue standar||||||||&#8221; header_2_font_size=&#8221;39px&#8221; background_color=&#8221;#ffffff&#8221; max_width=&#8221;40%&#8221; module_alignment=&#8221;center&#8221; custom_margin=&#8221;-60px||&#8221; header_2_font_size_tablet=&#8221;30px&#8221; header_2_font_size_phone=&#8221;22px&#8221; header_2_font_size_last_edited=&#8221;on|phone&#8221; inline_fonts=&#8221;Helvetica Neue bold&#8221; global_colors_info=&#8221;{}&#8221;]<\/p>\n<h2 style=\"text-align: center;\">GAMMA DE <span style=\"font-family: 'Helvetica Neue bold';\">FONT D&#8217;OR<\/span><\/h2>\n<p>[\/et_pb_text][\/et_pb_column][\/et_pb_row][et_pb_row column_structure=&#8221;1_4,1_4,1_4,1_4&#8243; module_class=&#8221;submarcas&#8221; _builder_version=&#8221;4.16&#8243; custom_margin=&#8221;||49px&#8221; custom_padding=&#8221;3px|0px|0px|0px|false|false&#8221; global_colors_info=&#8221;{}&#8221;][et_pb_column type=&#8221;1_4&#8243; _builder_version=&#8221;4.16&#8243; custom_padding=&#8221;|||&#8221; global_colors_info=&#8221;{}&#8221; custom_padding__hover=&#8221;|||&#8221;][et_pb_image src=&#8221;https:\/\/www.vichycatalan.com\/wp-content\/uploads\/2020\/08\/APARTADO-FONT-DOR-CLASSICjpg.jpg&#8221; url=&#8221;https:\/\/www.vichycatalan.com\/ca\/les-nostres-marques\/font-dor-classic\/&#8221; use_overlay=&#8221;on&#8221; overlay_icon_color=&#8221;#ffffff&#8221; hover_overlay_color=&#8221;rgba(252,210,153,0.66)&#8221; hover_icon=&#8221;&#x50;||divi||400&#8243; show_bottom_space=&#8221;off&#8221; align=&#8221;center&#8221; align_tablet=&#8221;center&#8221; align_phone=&#8221;&#8221; align_last_edited=&#8221;on|desktop&#8221; _builder_version=&#8221;4.16&#8243; global_colors_info=&#8221;{}&#8221;][\/et_pb_image][\/et_pb_column][et_pb_column type=&#8221;1_4&#8243; _builder_version=&#8221;4.16&#8243; custom_padding=&#8221;|||&#8221; global_colors_info=&#8221;{}&#8221; custom_padding__hover=&#8221;|||&#8221;][et_pb_image src=&#8221;https:\/\/www.vichycatalan.com\/wp-content\/uploads\/2020\/08\/APARTADO-FONT-DOR-MAXIMUM.jpg&#8221; url=&#8221;https:\/\/www.vichycatalan.com\/ca\/les-nostres-marques\/font-dor-maximum\/&#8221; use_overlay=&#8221;on&#8221; overlay_icon_color=&#8221;#ffffff&#8221; hover_overlay_color=&#8221;rgba(252,210,153,0.66)&#8221; hover_icon=&#8221;&#x50;||divi||400&#8243; show_bottom_space=&#8221;off&#8221; align=&#8221;center&#8221; align_tablet=&#8221;center&#8221; align_phone=&#8221;&#8221; align_last_edited=&#8221;on|desktop&#8221; _builder_version=&#8221;4.16&#8243; global_colors_info=&#8221;{}&#8221;][\/et_pb_image][\/et_pb_column][et_pb_column type=&#8221;1_4&#8243; _builder_version=&#8221;4.16&#8243; custom_padding=&#8221;|||&#8221; global_colors_info=&#8221;{}&#8221; custom_padding__hover=&#8221;|||&#8221;][et_pb_image src=&#8221;https:\/\/www.vichycatalan.com\/wp-content\/uploads\/2020\/08\/APARTADO-FONT-DOR-PET.jpg&#8221; url=&#8221;https:\/\/www.vichycatalan.com\/ca\/les-nostres-marques\/font-dor-pet\/&#8221; use_overlay=&#8221;on&#8221; overlay_icon_color=&#8221;#ffffff&#8221; hover_overlay_color=&#8221;rgba(252,210,153,0.66)&#8221; hover_icon=&#8221;&#x50;||divi||400&#8243; show_bottom_space=&#8221;off&#8221; align=&#8221;center&#8221; align_tablet=&#8221;center&#8221; align_phone=&#8221;&#8221; align_last_edited=&#8221;on|desktop&#8221; _builder_version=&#8221;4.16&#8243; global_colors_info=&#8221;{}&#8221;][\/et_pb_image][\/et_pb_column][et_pb_column type=&#8221;1_4&#8243; _builder_version=&#8221;4.16&#8243; custom_padding=&#8221;|||&#8221; global_colors_info=&#8221;{}&#8221; custom_padding__hover=&#8221;|||&#8221;][et_pb_image src=&#8221;https:\/\/www.vichycatalan.com\/wp-content\/uploads\/2020\/08\/APARTADO-FONT-DOR-LATA.jpg&#8221; url=&#8221;https:\/\/www.vichycatalan.com\/ca\/les-nostres-marques\/font-dor-llauna\/&#8221; use_overlay=&#8221;on&#8221; overlay_icon_color=&#8221;#ffffff&#8221; hover_overlay_color=&#8221;rgba(252,210,153,0.66)&#8221; hover_icon=&#8221;&#x50;||divi||400&#8243; show_bottom_space=&#8221;off&#8221; align=&#8221;center&#8221; align_tablet=&#8221;center&#8221; align_phone=&#8221;&#8221; align_last_edited=&#8221;on|desktop&#8221; _builder_version=&#8221;4.16&#8243; global_colors_info=&#8221;{}&#8221;][\/et_pb_image][\/et_pb_column][\/et_pb_row][\/et_pb_section][et_pb_section fb_built=&#8221;1&#8243; fullwidth=&#8221;on&#8221; admin_label=&#8221;fondo colores&#8221; module_class=&#8221;stop&#8221; _builder_version=&#8221;4.16&#8243; background_image=&#8221;https:\/\/www.vichycatalan.com\/wp-content\/uploads\/2018\/10\/trencadis-corporate.png&#8221; background_position=&#8221;top_center&#8221; background_repeat=&#8221;repeat-x&#8221; custom_padding=&#8221;190px||||false|false&#8221; global_colors_info=&#8221;{}&#8221;][\/et_pb_section]<\/p>\n","protected":false},"excerpt":{"rendered":"<p>Origen mil\u00b7lenari a 1000 metres de puresa. <span class='et-dropcap'>L<\/span>&#8216;aigua mineral natural Font d&#8217;Or \u00e9s un producte pr\u00e8mium d&#8217;una qualitat excepcional. En l&#8217;origen trobem la seva garantia. Font d&#8217;Or brolla al cor del mass\u00eds gran\u00edtic de les Guilleries, a 1.000\u00a0metres d&#8217;altura. Aquesta particularitat garanteix una composici\u00f3 mineral invariable perqu\u00e8 tota la producci\u00f3 procedeix d&#8217;una deu \u00fanica. Vet [&hellip;]<\/p>\n","protected":false},"author":1,"featured_media":0,"parent":9658,"menu_order":0,"comment_status":"closed","ping_status":"closed","template":"","meta":{"_acf_changed":false,"_et_pb_use_builder":"on","_et_pb_old_content":"","_et_gb_content_width":"","footnotes":""},"class_list":["post-9455","page","type-page","status-publish","hentry"],"acf":{"pagina_de_marca":"no"},"yoast_head":"<!-- This site is optimized with the Yoast SEO plugin v27.5 - https:\/\/yoast.com\/product\/yoast-seo-wordpress\/ -->\n<title>Font d&#039;Or - Vichy Catalan Corporation<\/title>\n<meta name=\"description\" content=\"Font d&#039;Or brolla al cor del mass\u00eds gran\u00edtic de les Guilleries, a 1.000\u00a0metres d&#039;altura. Aix\u00f2 garanteix una composici\u00f3 mineral invariable.\" \/>\n<meta name=\"robots\" content=\"index, follow, max-snippet:-1, max-image-preview:large, max-video-preview:-1\" \/>\n<link rel=\"canonical\" href=\"https:\/\/www.vichycatalan.com\/ca\/les-nostres-marques\/font-dor\/\" \/>\n<meta property=\"og:locale\" content=\"ca_ES\" \/>\n<meta property=\"og:type\" content=\"article\" \/>\n<meta property=\"og:title\" content=\"Font d&#039;Or - Vichy Catalan Corporation\" \/>\n<meta property=\"og:description\" content=\"Font d&#039;Or brolla al cor del mass\u00eds gran\u00edtic de les Guilleries, a 1.000\u00a0metres d&#039;altura. Aix\u00f2 garanteix una composici\u00f3 mineral invariable.\" \/>\n<meta property=\"og:url\" content=\"https:\/\/www.vichycatalan.com\/ca\/les-nostres-marques\/font-dor\/\" \/>\n<meta property=\"og:site_name\" content=\"Vichy Catalan Corporation\" \/>\n<meta property=\"article:modified_time\" content=\"2025-02-12T10:15:55+00:00\" \/>\n<meta name=\"twitter:card\" content=\"summary_large_image\" \/>\n<meta name=\"twitter:label1\" content=\"Temps estimat de lectura\" \/>\n\t<meta name=\"twitter:data1\" content=\"3 minuts\" \/>\n<script type=\"application\/ld+json\" class=\"yoast-schema-graph\">{\"@context\":\"https:\\\/\\\/schema.org\",\"@graph\":[{\"@type\":\"WebPage\",\"@id\":\"https:\\\/\\\/www.vichycatalan.com\\\/ca\\\/les-nostres-marques\\\/font-dor\\\/\",\"url\":\"https:\\\/\\\/www.vichycatalan.com\\\/ca\\\/les-nostres-marques\\\/font-dor\\\/\",\"name\":\"Font d'Or - Vichy Catalan Corporation\",\"isPartOf\":{\"@id\":\"https:\\\/\\\/www.vichycatalan.com\\\/ca\\\/#website\"},\"datePublished\":\"2019-02-01T12:35:10+00:00\",\"dateModified\":\"2025-02-12T10:15:55+00:00\",\"description\":\"Font d'Or brolla al cor del mass\u00eds gran\u00edtic de les Guilleries, a 1.000\u00a0metres d'altura. Aix\u00f2 garanteix una composici\u00f3 mineral invariable.\",\"breadcrumb\":{\"@id\":\"https:\\\/\\\/www.vichycatalan.com\\\/ca\\\/les-nostres-marques\\\/font-dor\\\/#breadcrumb\"},\"inLanguage\":\"ca\",\"potentialAction\":[{\"@type\":\"ReadAction\",\"target\":[\"https:\\\/\\\/www.vichycatalan.com\\\/ca\\\/les-nostres-marques\\\/font-dor\\\/\"]}]},{\"@type\":\"BreadcrumbList\",\"@id\":\"https:\\\/\\\/www.vichycatalan.com\\\/ca\\\/les-nostres-marques\\\/font-dor\\\/#breadcrumb\",\"itemListElement\":[{\"@type\":\"ListItem\",\"position\":1,\"name\":\"Portada\",\"item\":\"https:\\\/\\\/www.vichycatalan.com\\\/ca\\\/\"},{\"@type\":\"ListItem\",\"position\":2,\"name\":\"Les nostres marques\",\"item\":\"https:\\\/\\\/www.vichycatalan.com\\\/ca\\\/les-nostres-marques\\\/\"},{\"@type\":\"ListItem\",\"position\":3,\"name\":\"Font d'Or\"}]},{\"@type\":\"WebSite\",\"@id\":\"https:\\\/\\\/www.vichycatalan.com\\\/ca\\\/#website\",\"url\":\"https:\\\/\\\/www.vichycatalan.com\\\/ca\\\/\",\"name\":\"Vichy Catalan Corporation\",\"description\":\"Web de Vichy Catalan Corporation\",\"potentialAction\":[{\"@type\":\"SearchAction\",\"target\":{\"@type\":\"EntryPoint\",\"urlTemplate\":\"https:\\\/\\\/www.vichycatalan.com\\\/ca\\\/?s={search_term_string}\"},\"query-input\":{\"@type\":\"PropertyValueSpecification\",\"valueRequired\":true,\"valueName\":\"search_term_string\"}}],\"inLanguage\":\"ca\"}]}<\/script>\n<!-- \/ Yoast SEO plugin. -->","yoast_head_json":{"title":"Font d'Or - Vichy Catalan Corporation","description":"Font d'Or brolla al cor del mass\u00eds gran\u00edtic de les Guilleries, a 1.000\u00a0metres d'altura. Aix\u00f2 garanteix una composici\u00f3 mineral invariable.","robots":{"index":"index","follow":"follow","max-snippet":"max-snippet:-1","max-image-preview":"max-image-preview:large","max-video-preview":"max-video-preview:-1"},"canonical":"https:\/\/www.vichycatalan.com\/ca\/les-nostres-marques\/font-dor\/","og_locale":"ca_ES","og_type":"article","og_title":"Font d'Or - Vichy Catalan Corporation","og_description":"Font d'Or brolla al cor del mass\u00eds gran\u00edtic de les Guilleries, a 1.000\u00a0metres d'altura. Aix\u00f2 garanteix una composici\u00f3 mineral invariable.","og_url":"https:\/\/www.vichycatalan.com\/ca\/les-nostres-marques\/font-dor\/","og_site_name":"Vichy Catalan Corporation","article_modified_time":"2025-02-12T10:15:55+00:00","twitter_card":"summary_large_image","twitter_misc":{"Temps estimat de lectura":"3 minuts"},"schema":{"@context":"https:\/\/schema.org","@graph":[{"@type":"WebPage","@id":"https:\/\/www.vichycatalan.com\/ca\/les-nostres-marques\/font-dor\/","url":"https:\/\/www.vichycatalan.com\/ca\/les-nostres-marques\/font-dor\/","name":"Font d'Or - Vichy Catalan Corporation","isPartOf":{"@id":"https:\/\/www.vichycatalan.com\/ca\/#website"},"datePublished":"2019-02-01T12:35:10+00:00","dateModified":"2025-02-12T10:15:55+00:00","description":"Font d'Or brolla al cor del mass\u00eds gran\u00edtic de les Guilleries, a 1.000\u00a0metres d'altura. Aix\u00f2 garanteix una composici\u00f3 mineral invariable.","breadcrumb":{"@id":"https:\/\/www.vichycatalan.com\/ca\/les-nostres-marques\/font-dor\/#breadcrumb"},"inLanguage":"ca","potentialAction":[{"@type":"ReadAction","target":["https:\/\/www.vichycatalan.com\/ca\/les-nostres-marques\/font-dor\/"]}]},{"@type":"BreadcrumbList","@id":"https:\/\/www.vichycatalan.com\/ca\/les-nostres-marques\/font-dor\/#breadcrumb","itemListElement":[{"@type":"ListItem","position":1,"name":"Portada","item":"https:\/\/www.vichycatalan.com\/ca\/"},{"@type":"ListItem","position":2,"name":"Les nostres marques","item":"https:\/\/www.vichycatalan.com\/ca\/les-nostres-marques\/"},{"@type":"ListItem","position":3,"name":"Font d'Or"}]},{"@type":"WebSite","@id":"https:\/\/www.vichycatalan.com\/ca\/#website","url":"https:\/\/www.vichycatalan.com\/ca\/","name":"Vichy Catalan Corporation","description":"Web de Vichy Catalan Corporation","potentialAction":[{"@type":"SearchAction","target":{"@type":"EntryPoint","urlTemplate":"https:\/\/www.vichycatalan.com\/ca\/?s={search_term_string}"},"query-input":{"@type":"PropertyValueSpecification","valueRequired":true,"valueName":"search_term_string"}}],"inLanguage":"ca"}]}},"_links":{"self":[{"href":"https:\/\/www.vichycatalan.com\/ca\/wp-json\/wp\/v2\/pages\/9455","targetHints":{"allow":["GET"]}}],"collection":[{"href":"https:\/\/www.vichycatalan.com\/ca\/wp-json\/wp\/v2\/pages"}],"about":[{"href":"https:\/\/www.vichycatalan.com\/ca\/wp-json\/wp\/v2\/types\/page"}],"author":[{"embeddable":true,"href":"https:\/\/www.vichycatalan.com\/ca\/wp-json\/wp\/v2\/users\/1"}],"replies":[{"embeddable":true,"href":"https:\/\/www.vichycatalan.com\/ca\/wp-json\/wp\/v2\/comments?post=9455"}],"version-history":[{"count":0,"href":"https:\/\/www.vichycatalan.com\/ca\/wp-json\/wp\/v2\/pages\/9455\/revisions"}],"up":[{"embeddable":true,"href":"https:\/\/www.vichycatalan.com\/ca\/wp-json\/wp\/v2\/pages\/9658"}],"wp:attachment":[{"href":"https:\/\/www.vichycatalan.com\/ca\/wp-json\/wp\/v2\/media?parent=9455"}],"curies":[{"name":"wp","href":"https:\/\/api.w.org\/{rel}","templated":true}]}}