{"id":9448,"date":"2019-02-01T11:54:22","date_gmt":"2019-02-01T10:54:22","guid":{"rendered":"https:\/\/www.vichycatalan.com\/font-del-regas\/"},"modified":"2025-02-14T11:35:36","modified_gmt":"2025-02-14T10:35:36","slug":"font-del-regas","status":"publish","type":"page","link":"https:\/\/www.vichycatalan.com\/ca\/les-nostres-marques\/font-del-regas\/","title":{"rendered":"Font del Reg\u00e0s"},"content":{"rendered":"<p>[et_pb_section fb_built=&#8221;1&#8243; fullwidth=&#8221;on&#8221; _builder_version=&#8221;4.16&#8243; custom_padding=&#8221;||||false|false&#8221; bottom_divider_color=&#8221;#ffffff&#8221; bottom_divider_height=&#8221;50px&#8221; global_colors_info=&#8221;{}&#8221;][et_pb_fullwidth_header title=&#8221;Font del Reg\u00e0s&#8221; background_overlay_color=&#8221;rgba(44,42,41,0.2)&#8221; content_max_width=&#8221;60%&#8221; content_max_width_tablet=&#8221;100%&#8221; content_max_width_phone=&#8221;&#8221; content_max_width_last_edited=&#8221;on|phone&#8221; _builder_version=&#8221;4.16&#8243; title_font=&#8221;Helvetica Neue standar|700|||||||&#8221; title_font_size=&#8221;56px&#8221; content_text_align=&#8221;left&#8221; content_font_size=&#8221;23px&#8221; content_line_height=&#8221;1.1em&#8221; background_image=&#8221;https:\/\/www.vichycatalan.com\/wp-content\/uploads\/2019\/02\/header-marca-font-regas.jpg&#8221; custom_margin=&#8221;0px|0px|0px|0px&#8221; custom_padding=&#8221;100px|0px|200px|0px&#8221; custom_padding_tablet=&#8221;50px|0px|150px|0px&#8221; custom_padding_phone=&#8221;0px||100px&#8221; custom_padding_last_edited=&#8221;on|phone&#8221; title_text_shadow_style=&#8221;preset1&#8243; content_text_shadow_style=&#8221;preset1&#8243; text_shadow_style=&#8221;preset1&#8243; global_colors_info=&#8221;{}&#8221;]Gran reserva natural.<br \/>\n[\/et_pb_fullwidth_header][\/et_pb_section][et_pb_section fb_built=&#8221;1&#8243; _builder_version=&#8221;4.16&#8243; background_video_width=&#8221;1280&#8243; background_video_height=&#8221;720&#8243; custom_margin=&#8221;||&#8221; custom_padding=&#8221;0|0px|16px|0px|false|false&#8221; top_divider_color=&#8221;#ffffff&#8221; top_divider_height=&#8221;50px&#8221; bottom_divider_color=&#8221;#c1c1c1&#8243; bottom_divider_height=&#8221;136px&#8221; global_colors_info=&#8221;{}&#8221;][et_pb_row column_structure=&#8221;1_3,2_3&#8243; _builder_version=&#8221;4.27.4&#8243; background_size=&#8221;initial&#8221; background_position=&#8221;top_left&#8221; background_repeat=&#8221;repeat&#8221; hover_enabled=&#8221;0&#8243; global_colors_info=&#8221;{}&#8221; custom_padding=&#8221;60px||||false|false&#8221; sticky_enabled=&#8221;0&#8243;][et_pb_column type=&#8221;1_3&#8243; _builder_version=&#8221;4.16&#8243; custom_padding=&#8221;|||&#8221; global_colors_info=&#8221;{}&#8221; custom_padding__hover=&#8221;|||&#8221;][et_pb_image src=&#8221;https:\/\/www.vichycatalan.com\/wp-content\/uploads\/2025\/02\/font-regas-main-img.png&#8221; align=&#8221;center&#8221; align_tablet=&#8221;center&#8221; align_phone=&#8221;&#8221; align_last_edited=&#8221;on|desktop&#8221; _builder_version=&#8221;4.27.4&#8243; animation_style=&#8221;slide&#8221; animation_direction=&#8221;bottom&#8221; animation_duration=&#8221;1500ms&#8221; animation_intensity_slide=&#8221;10%&#8221; hover_enabled=&#8221;0&#8243; global_colors_info=&#8221;{}&#8221; alt=&#8221;Font del Reg\u00e0s&#8221; title_text=&#8221;Font del Reg\u00e0s&#8221; sticky_enabled=&#8221;0&#8243; custom_padding=&#8221;0px|||||&#8221; custom_margin=&#8221;-19px|||||&#8221;][\/et_pb_image][\/et_pb_column][et_pb_column type=&#8221;2_3&#8243; _builder_version=&#8221;4.16&#8243; custom_padding=&#8221;|||&#8221; global_colors_info=&#8221;{}&#8221; custom_padding__hover=&#8221;|||&#8221;][et_pb_image src=&#8221;https:\/\/www.vichycatalan.com\/wp-content\/uploads\/2019\/02\/font-regas-logohead.jpg&#8221; _builder_version=&#8221;4.16&#8243; background_color=&#8221;#ffffff&#8221; custom_padding=&#8221;|||&#8221; animation_style=&#8221;slide&#8221; animation_direction=&#8221;left&#8221; animation_duration=&#8221;1500ms&#8221; animation_intensity_slide=&#8221;10%&#8221; always_center_on_mobile=&#8221;off&#8221; global_colors_info=&#8221;{}&#8221;][\/et_pb_image][et_pb_divider divider_style=&#8221;double&#8221; divider_position=&#8221;center&#8221; divider_weight=&#8221;10px&#8221; _builder_version=&#8221;4.16&#8243; height=&#8221;13px&#8221; custom_margin=&#8221;-117px|||&#8221; custom_padding=&#8221;||104px|160px&#8221; global_colors_info=&#8221;{}&#8221;][\/et_pb_divider][et_pb_text _builder_version=&#8221;4.16&#8243; custom_margin=&#8221;||&#8221; animation_style=&#8221;fade&#8221; animation_direction=&#8221;right&#8221; animation_delay=&#8221;100ms&#8221; global_colors_info=&#8221;{}&#8221;]<\/p>\n<h3>El gust d&#8217;una &#8220;gran reserva&#8221;<\/h3>\n<p>&nbsp;<\/p>\n<p><span class='et-dropcap'>N<\/span>eix a Arb\u00facies (Girona), al voltant del magn\u00edfic parc natural del Montseny. Aix\u00f2 explica l&#8217;equilibrada puresa de la seva composici\u00f3, not\u00f2ria pel seu refinat gust. La deu va ser descoberta el 1887 i ja llavors la seva aigua va ser reconeguda com a &#8220;excel\u00b7lent&#8221; per les an\u00e0lisis de l&#8217;Acad\u00e8mia Medicofarmac\u00e8utica de Barcelona. Quan el 1890 es van inaugurar les primeres instal\u00b7lacions embotelladores, va passar a dir-se Manantial Reina Regente, en honor de la reina Maria Cristina d&#8217;\u00c0ustria.<br \/>\n[\/et_pb_text][\/et_pb_column][\/et_pb_row][et_pb_row _builder_version=&#8221;4.16&#8243; custom_padding=&#8221;||0px|&#8221; global_colors_info=&#8221;{}&#8221;][et_pb_column type=&#8221;4_4&#8243; _builder_version=&#8221;4.16&#8243; custom_padding=&#8221;|||&#8221; global_colors_info=&#8221;{}&#8221; custom_padding__hover=&#8221;|||&#8221;][et_pb_divider divider_style=&#8221;double&#8221; divider_position=&#8221;center&#8221; divider_weight=&#8221;7px&#8221; _builder_version=&#8221;4.16&#8243; global_colors_info=&#8221;{}&#8221;]<br \/>\n[\/et_pb_divider][\/et_pb_column][\/et_pb_row][et_pb_row _builder_version=&#8221;4.16&#8243; background_size=&#8221;initial&#8221; background_position=&#8221;top_left&#8221; background_repeat=&#8221;repeat&#8221; global_colors_info=&#8221;{}&#8221;][et_pb_column type=&#8221;4_4&#8243; _builder_version=&#8221;4.16&#8243; custom_padding=&#8221;|||&#8221; global_colors_info=&#8221;{}&#8221; custom_padding__hover=&#8221;|||&#8221;][et_pb_text _builder_version=&#8221;4.16&#8243; header_2_font=&#8221;Helvetica Neue standar||||||||&#8221; header_2_font_size=&#8221;39px&#8221; background_color=&#8221;#ffffff&#8221; max_width=&#8221;50%&#8221; module_alignment=&#8221;center&#8221; custom_margin=&#8221;-60px|||&#8221; header_2_font_size_tablet=&#8221;30px&#8221; header_2_font_size_phone=&#8221;22px&#8221; header_2_font_size_last_edited=&#8221;on|phone&#8221; inline_fonts=&#8221;Helvetica Neue bold&#8221; global_colors_info=&#8221;{}&#8221;]<\/p>\n<h2 style=\"text-align: center\">HIST\u00d2RIA DE <span style=\"font-family: 'Helvetica Neue bold'\">FONT DEL REG\u00c0S<\/span><\/h2>\n<p>[\/et_pb_text][\/et_pb_column][\/et_pb_row][et_pb_row _builder_version=&#8221;4.16&#8243; background_size=&#8221;initial&#8221; background_position=&#8221;top_left&#8221; background_repeat=&#8221;repeat&#8221; global_colors_info=&#8221;{}&#8221;][et_pb_column type=&#8221;4_4&#8243; _builder_version=&#8221;4.16&#8243; custom_padding=&#8221;|||&#8221; global_colors_info=&#8221;{}&#8221; custom_padding__hover=&#8221;|||&#8221;][et_pb_image src=&#8221;https:\/\/www.vichycatalan.com\/wp-content\/uploads\/2019\/02\/img-historia-font-regas.jpg&#8221; align_tablet=&#8221;center&#8221; align_phone=&#8221;&#8221; align_last_edited=&#8221;on|desktop&#8221; _builder_version=&#8221;4.16&#8243; custom_margin=&#8221;-40px|||&#8221; animation_style=&#8221;fade&#8221; animation_duration=&#8221;1500ms&#8221; global_colors_info=&#8221;{}&#8221;][\/et_pb_image][\/et_pb_column][\/et_pb_row][et_pb_row column_structure=&#8221;1_2,1_2&#8243; _builder_version=&#8221;4.16&#8243; background_size=&#8221;initial&#8221; background_position=&#8221;top_left&#8221; background_repeat=&#8221;repeat&#8221; global_colors_info=&#8221;{}&#8221;][et_pb_column type=&#8221;1_2&#8243; _builder_version=&#8221;4.16&#8243; custom_padding=&#8221;|||&#8221; global_colors_info=&#8221;{}&#8221; custom_padding__hover=&#8221;|||&#8221;][et_pb_text _builder_version=&#8221;4.16&#8243; custom_margin=&#8221;||&#8221; animation_style=&#8221;fade&#8221; animation_direction=&#8221;right&#8221; animation_delay=&#8221;100ms&#8221; global_colors_info=&#8221;{}&#8221;]<span class='et-dropcap'>U<\/span>na de les nombroses riqueses del poble d&#8217;Arb\u00facies \u00e9s l&#8217;aigua que brolla de les fonts que hi ha a la poblaci\u00f3 i els paratges dels voltants.<\/p>\n<p>Al segle passat ja es coneixien unes aig\u00fces mineromedicinals a la propietat del Reg\u00e0s. El 1887 dos ve\u00efns d&#8217;Arb\u00facies van establir un pacte amb el propietari de Mas Reg\u00e0s per fer emergir unes aig\u00fces situades al paratge anomenat les Fontiques. L&#8217;Acad\u00e8mia Medicofarmac\u00e8utica de Barcelona les va analitzar i les va classificar en el grup d&#8217;aig\u00fces excel\u00b7lents. El 1890 Ricardo Cortada, metge titular i alcalde d&#8217;Arb\u00facies, va publicar una ressenya de les aig\u00fces mineromedicinals d&#8217;Arb\u00facies en qu\u00e8 es feia ress\u00f2 de la troballa de les aig\u00fces i de les seves propietats.<\/p>\n<p>Aquestes aig\u00fces es van fer con\u00e8ixer al p\u00fablic amb el nom de <em>Manantial Reina Regente<\/em>, en honor de la reina Maria Cristina d&#8217;\u00c0ustria, i es van inaugurar el 3 de juliol del 1890 amb gran concurr\u00e8ncia de personalitats en l&#8217;acte.<\/p>\n<p>Passat un llarg par\u00e8ntesi durant el qual la font no es va explotar, als anys cinquanta es va iniciar una nova etapa en qu\u00e8 Josep Reg\u00e0s Matar\u00f3 es va plantejar posar en marxa el projecte d&#8217;explotaci\u00f3 de la font. De primer, va encarregar l&#8217;an\u00e0lisi de les aig\u00fces a la Prefectura Provincial de Girona, al Laboratori Municipal de Barcelona i a l&#8217;Institut Geol\u00f2gic i Miner d&#8217;Espanya, que les van classificar com a oligomet\u00e0l\u00b7liques, perqu\u00e8 contenien poques sals minerals. Gr\u00e0cies a aix\u00f2 van resultar unes aig\u00fces molt fines i, per tant, molt digestives i di\u00fcr\u00e8tiques.[\/et_pb_text][\/et_pb_column][et_pb_column type=&#8221;1_2&#8243; _builder_version=&#8221;4.16&#8243; custom_padding=&#8221;|||&#8221; global_colors_info=&#8221;{}&#8221; custom_padding__hover=&#8221;|||&#8221;][et_pb_text _builder_version=&#8221;4.16&#8243; custom_margin=&#8221;||&#8221; animation_style=&#8221;fade&#8221; animation_direction=&#8221;right&#8221; animation_delay=&#8221;100ms&#8221; global_colors_info=&#8221;{}&#8221;]El paratge on hi havia la font es va condicionar per a les futures tasques d&#8217;embotellament. S&#8217;hi va construir un petit edifici d&#8217;una sola sala on s&#8217;embotellava, en aquella \u00e8poca nom\u00e9s amb garrafes de vidre de 8\u00a0litres. El diumenge 13 de desembre del 1959 es va inaugurar oficialment la nova explotaci\u00f3 de la Font del Reg\u00e0s.<\/p>\n<p>Durant els anys seixanta la distribuci\u00f3 de l&#8217;aigua de la Font del Reg\u00e0s abastava tot l&#8217;Estat espanyol. Els seus consumidors, per\u00f2, se centraven a Catalunya, la zona de Llevant i les Can\u00e0ries. L&#8217;aigua es va difondre amb l&#8217;esl\u00f2gan &#8220;FONT DEL REG\u00c0S del mass\u00eds del Montseny als seus llavis&#8221;, i la tradicional garrafa de 8\u00a0litres es va complementar amb les noves ampolles de litre i mig.<\/p>\n<p>La d\u00e8cada dels setanta va obrir una nova etapa en la hist\u00f2ria de la Font del Reg\u00e0s, amb la constituci\u00f3 de la nova empresa Font del Reg\u00e0s, SA, el 9 d&#8217;abril del 1973, i la construcci\u00f3 d&#8217;una planta d&#8217;embotellament situada a pocs metres de l&#8217;anterior. Les noves instal\u00b7lacions es van posar en marxa en el per\u00edode compr\u00e8s entre el 1975 i el 1976.<\/p>\n<p>L&#8217;impuls definitiu per a Font del Reg\u00e0s, SA, va arribar amb la incorporaci\u00f3 a Vichy Catalan Corporation el 1989, fet que va marcar la traject\u00f2ria de l&#8217;empresa els anys seg\u00fcents fins ara.<br \/>\n[\/et_pb_text][\/et_pb_column][\/et_pb_row][et_pb_row _builder_version=&#8221;4.16&#8243; custom_padding=&#8221;||0px|&#8221; global_colors_info=&#8221;{}&#8221;][et_pb_column type=&#8221;4_4&#8243; _builder_version=&#8221;4.16&#8243; custom_padding=&#8221;|||&#8221; global_colors_info=&#8221;{}&#8221; custom_padding__hover=&#8221;|||&#8221;][et_pb_divider divider_style=&#8221;double&#8221; divider_position=&#8221;center&#8221; divider_weight=&#8221;7px&#8221; _builder_version=&#8221;4.16&#8243; global_colors_info=&#8221;{}&#8221;]<br \/>\n[\/et_pb_divider][\/et_pb_column][\/et_pb_row][et_pb_row _builder_version=&#8221;4.16&#8243; background_size=&#8221;initial&#8221; background_position=&#8221;top_left&#8221; background_repeat=&#8221;repeat&#8221; global_colors_info=&#8221;{}&#8221;][et_pb_column type=&#8221;4_4&#8243; _builder_version=&#8221;4.16&#8243; custom_padding=&#8221;|||&#8221; global_colors_info=&#8221;{}&#8221; custom_padding__hover=&#8221;|||&#8221;][et_pb_text _builder_version=&#8221;4.16&#8243; header_2_font=&#8221;Helvetica Neue standar||||||||&#8221; header_2_font_size=&#8221;39px&#8221; background_color=&#8221;#ffffff&#8221; max_width=&#8221;50%&#8221; module_alignment=&#8221;center&#8221; custom_margin=&#8221;-60px|||&#8221; header_2_font_size_tablet=&#8221;30px&#8221; header_2_font_size_phone=&#8221;22px&#8221; header_2_font_size_last_edited=&#8221;on|phone&#8221; inline_fonts=&#8221;Helvetica Neue bold&#8221; global_colors_info=&#8221;{}&#8221;]<\/p>\n<h2 style=\"text-align: center\">L\u00cdDER EN EL SEGMENT DE<br \/>\n<span style=\"font-family: 'Helvetica Neue bold'\">8 LITRES<\/span><\/h2>\n<p>[\/et_pb_text][\/et_pb_column][\/et_pb_row][et_pb_row column_structure=&#8221;1_2,1_2&#8243; _builder_version=&#8221;4.27.4&#8243; background_size=&#8221;initial&#8221; background_position=&#8221;top_left&#8221; background_repeat=&#8221;repeat&#8221; global_colors_info=&#8221;{}&#8221;][et_pb_column type=&#8221;1_2&#8243; _builder_version=&#8221;4.16&#8243; custom_padding=&#8221;|||&#8221; global_colors_info=&#8221;{}&#8221; custom_padding__hover=&#8221;|||&#8221;][et_pb_image src=&#8221;https:\/\/www.vichycatalan.com\/wp-content\/uploads\/2019\/02\/header-marca-font-regas.jpg&#8221; alt=&#8221;Font Del Reg\u00e0s&#8221; title_text=&#8221;header-marca-font-regas&#8221; align_tablet=&#8221;center&#8221; align_phone=&#8221;&#8221; align_last_edited=&#8221;on|desktop&#8221; _builder_version=&#8221;4.27.4&#8243; custom_margin=&#8221;9px|||||&#8221; animation_style=&#8221;slide&#8221; animation_direction=&#8221;left&#8221; animation_duration=&#8221;1500ms&#8221; animation_intensity_slide=&#8221;10%&#8221; box_shadow_style=&#8221;preset2&#8243; box_shadow_horizontal=&#8221;31px&#8221; box_shadow_vertical=&#8221;25px&#8221; box_shadow_blur=&#8221;35px&#8221; box_shadow_spread=&#8221;-22px&#8221; global_colors_info=&#8221;{}&#8221;][\/et_pb_image][\/et_pb_column][et_pb_column type=&#8221;1_2&#8243; _builder_version=&#8221;4.16&#8243; custom_padding=&#8221;|||&#8221; global_colors_info=&#8221;{}&#8221; custom_padding__hover=&#8221;|||&#8221;][et_pb_text _builder_version=&#8221;4.27.4&#8243; custom_margin=&#8221;1px|||-6px||&#8221; custom_padding=&#8221;4px|||||&#8221; animation_style=&#8221;fade&#8221; animation_direction=&#8221;right&#8221; animation_delay=&#8221;100ms&#8221; global_colors_info=&#8221;{}&#8221;]<\/p>\n<p><span class=\"et-dropcap\">S<\/span>empre s&#8217;ha caracteritzat per trobar solucions pr\u00e0ctiques i c\u00f2modes per als consumidors, els detallistes i els distribu\u00efdors, amb l&#8217;objectiu d&#8217;oferir la millor aigua en el millor env\u00e0s. Ofereix avantatges pr\u00e0ctics i c\u00f2modes: gr\u00e0cies al seu disseny compacte i apilable s&#8217;estalvia espai i la seva nansa ergon\u00f2mica en facilita l&#8217;\u00fas i el transport.<\/p>\n<p>Les caracter\u00edstiques d&#8217;aquesta aigua, de mineralitzaci\u00f3 feble, la converteixen en una aigua molt fina i de gust agradable, motiu pel qual \u00e9s adequada tant per preparar plats de cuina com per acompanyar-los.<\/p>\n<p>[\/et_pb_text][\/et_pb_column][\/et_pb_row][et_pb_row column_structure=&#8221;1_4,1_4,1_4,1_4&#8243; use_custom_gutter=&#8221;on&#8221; gutter_width=&#8221;4&#8243; module_class=&#8221;submarcas&#8221; _builder_version=&#8221;4.16&#8243; global_colors_info=&#8221;{}&#8221;][et_pb_column type=&#8221;1_4&#8243; _builder_version=&#8221;4.16&#8243; custom_padding=&#8221;|||&#8221; global_colors_info=&#8221;{}&#8221; custom_padding__hover=&#8221;|||&#8221;][et_pb_image src=&#8221;https:\/\/www.vichycatalan.com\/wp-content\/uploads\/2019\/02\/font-regas-pet-8-l.jpg&#8221; show_in_lightbox=&#8221;on&#8221; use_overlay=&#8221;on&#8221; overlay_icon_color=&#8221;#ffffff&#8221; hover_overlay_color=&#8221;rgba(252,210,153,0.66)&#8221; hover_icon=&#8221;&#x55;||divi||400&#8243; show_bottom_space=&#8221;off&#8221; align=&#8221;center&#8221; align_tablet=&#8221;center&#8221; align_phone=&#8221;&#8221; align_last_edited=&#8221;on|desktop&#8221; _builder_version=&#8221;4.16&#8243; global_colors_info=&#8221;{}&#8221;][\/et_pb_image][et_pb_text _builder_version=&#8221;4.16&#8243; global_colors_info=&#8221;{}&#8221;]<\/p>\n<p style=\"text-align: center\">Font del Reg\u00e0s PET 8\u00a0L<\/p>\n<p>[\/et_pb_text][et_pb_button button_url=&#8221;https:\/\/latiendavichy.com\/agua\/agua-mineral-natural\/font-del-regas\/&#8221; button_text=&#8221;COMPRAR&#8221; button_alignment=&#8221;center&#8221; _builder_version=&#8221;4.27.4&#8243; _module_preset=&#8221;default&#8221; global_colors_info=&#8221;{}&#8221;][\/et_pb_button][\/et_pb_column][et_pb_column type=&#8221;1_4&#8243; _builder_version=&#8221;4.16&#8243; custom_padding=&#8221;|||&#8221; global_colors_info=&#8221;{}&#8221; custom_padding__hover=&#8221;|||&#8221;][\/et_pb_column][et_pb_column type=&#8221;1_4&#8243; _builder_version=&#8221;4.16&#8243; custom_padding=&#8221;|||&#8221; global_colors_info=&#8221;{}&#8221; custom_padding__hover=&#8221;|||&#8221;][\/et_pb_column][et_pb_column type=&#8221;1_4&#8243; _builder_version=&#8221;4.16&#8243; custom_padding=&#8221;|||&#8221; global_colors_info=&#8221;{}&#8221; custom_padding__hover=&#8221;|||&#8221;][\/et_pb_column][\/et_pb_row][\/et_pb_section][et_pb_section fb_built=&#8221;1&#8243; fullwidth=&#8221;on&#8221; admin_label=&#8221;fondo colores&#8221; module_class=&#8221;stop&#8221; _builder_version=&#8221;4.16&#8243; background_image=&#8221;https:\/\/www.vichycatalan.com\/wp-content\/uploads\/2018\/10\/trencadis-corporate.png&#8221; background_position=&#8221;top_center&#8221; background_repeat=&#8221;repeat-x&#8221; custom_padding=&#8221;190px||||false|false&#8221; global_colors_info=&#8221;{}&#8221;][\/et_pb_section]<\/p>\n","protected":false},"excerpt":{"rendered":"<p>Gran reserva natural. El gust d&#8217;una &#8220;gran reserva&#8221; &nbsp; <span class='et-dropcap'>N<\/span>eix a Arb\u00facies (Girona), al voltant del magn\u00edfic parc natural del Montseny. Aix\u00f2 explica l&#8217;equilibrada puresa de la seva composici\u00f3, not\u00f2ria pel seu refinat gust. La deu va ser descoberta el 1887 i ja llavors la seva aigua va ser reconeguda com a &#8220;excel\u00b7lent&#8221; per les [&hellip;]<\/p>\n","protected":false},"author":1,"featured_media":0,"parent":9658,"menu_order":0,"comment_status":"closed","ping_status":"closed","template":"","meta":{"_acf_changed":false,"_et_pb_use_builder":"on","_et_pb_old_content":"","_et_gb_content_width":"","footnotes":""},"class_list":["post-9448","page","type-page","status-publish","hentry"],"acf":{"pagina_de_marca":"no"},"yoast_head":"<!-- This site is optimized with the Yoast SEO plugin v27.5 - https:\/\/yoast.com\/product\/yoast-seo-wordpress\/ -->\n<title>Font del Reg\u00e0s - Vichy Catalan Corporation<\/title>\n<meta name=\"description\" content=\"Font del Reg\u00e0s neix a Arb\u00facies, en ple parc natural del Montseny. Aix\u00f2 explica l&#039;equilibrada puresa de la seva composici\u00f3, not\u00f2ria pel seu refinat gust.\" \/>\n<meta name=\"robots\" content=\"index, follow, max-snippet:-1, max-image-preview:large, max-video-preview:-1\" \/>\n<link rel=\"canonical\" href=\"https:\/\/www.vichycatalan.com\/ca\/les-nostres-marques\/font-del-regas\/\" \/>\n<meta property=\"og:locale\" content=\"ca_ES\" \/>\n<meta property=\"og:type\" content=\"article\" \/>\n<meta property=\"og:title\" content=\"Font del Reg\u00e0s - Vichy Catalan Corporation\" \/>\n<meta property=\"og:description\" content=\"Font del Reg\u00e0s neix a Arb\u00facies, en ple parc natural del Montseny. Aix\u00f2 explica l&#039;equilibrada puresa de la seva composici\u00f3, not\u00f2ria pel seu refinat gust.\" \/>\n<meta property=\"og:url\" content=\"https:\/\/www.vichycatalan.com\/ca\/les-nostres-marques\/font-del-regas\/\" \/>\n<meta property=\"og:site_name\" content=\"Vichy Catalan Corporation\" \/>\n<meta property=\"article:modified_time\" content=\"2025-02-14T10:35:36+00:00\" \/>\n<meta name=\"twitter:card\" content=\"summary_large_image\" \/>\n<meta name=\"twitter:label1\" content=\"Temps estimat de lectura\" \/>\n\t<meta name=\"twitter:data1\" content=\"5 minuts\" \/>\n<script type=\"application\/ld+json\" class=\"yoast-schema-graph\">{\"@context\":\"https:\\\/\\\/schema.org\",\"@graph\":[{\"@type\":\"WebPage\",\"@id\":\"https:\\\/\\\/www.vichycatalan.com\\\/ca\\\/les-nostres-marques\\\/font-del-regas\\\/\",\"url\":\"https:\\\/\\\/www.vichycatalan.com\\\/ca\\\/les-nostres-marques\\\/font-del-regas\\\/\",\"name\":\"Font del Reg\u00e0s - Vichy Catalan Corporation\",\"isPartOf\":{\"@id\":\"https:\\\/\\\/www.vichycatalan.com\\\/ca\\\/#website\"},\"datePublished\":\"2019-02-01T10:54:22+00:00\",\"dateModified\":\"2025-02-14T10:35:36+00:00\",\"description\":\"Font del Reg\u00e0s neix a Arb\u00facies, en ple parc natural del Montseny. Aix\u00f2 explica l'equilibrada puresa de la seva composici\u00f3, not\u00f2ria pel seu refinat gust.\",\"breadcrumb\":{\"@id\":\"https:\\\/\\\/www.vichycatalan.com\\\/ca\\\/les-nostres-marques\\\/font-del-regas\\\/#breadcrumb\"},\"inLanguage\":\"ca\",\"potentialAction\":[{\"@type\":\"ReadAction\",\"target\":[\"https:\\\/\\\/www.vichycatalan.com\\\/ca\\\/les-nostres-marques\\\/font-del-regas\\\/\"]}]},{\"@type\":\"BreadcrumbList\",\"@id\":\"https:\\\/\\\/www.vichycatalan.com\\\/ca\\\/les-nostres-marques\\\/font-del-regas\\\/#breadcrumb\",\"itemListElement\":[{\"@type\":\"ListItem\",\"position\":1,\"name\":\"Portada\",\"item\":\"https:\\\/\\\/www.vichycatalan.com\\\/ca\\\/\"},{\"@type\":\"ListItem\",\"position\":2,\"name\":\"Les nostres marques\",\"item\":\"https:\\\/\\\/www.vichycatalan.com\\\/ca\\\/les-nostres-marques\\\/\"},{\"@type\":\"ListItem\",\"position\":3,\"name\":\"Font del Reg\u00e0s\"}]},{\"@type\":\"WebSite\",\"@id\":\"https:\\\/\\\/www.vichycatalan.com\\\/ca\\\/#website\",\"url\":\"https:\\\/\\\/www.vichycatalan.com\\\/ca\\\/\",\"name\":\"Vichy Catalan Corporation\",\"description\":\"Web de Vichy Catalan Corporation\",\"potentialAction\":[{\"@type\":\"SearchAction\",\"target\":{\"@type\":\"EntryPoint\",\"urlTemplate\":\"https:\\\/\\\/www.vichycatalan.com\\\/ca\\\/?s={search_term_string}\"},\"query-input\":{\"@type\":\"PropertyValueSpecification\",\"valueRequired\":true,\"valueName\":\"search_term_string\"}}],\"inLanguage\":\"ca\"}]}<\/script>\n<!-- \/ Yoast SEO plugin. -->","yoast_head_json":{"title":"Font del Reg\u00e0s - Vichy Catalan Corporation","description":"Font del Reg\u00e0s neix a Arb\u00facies, en ple parc natural del Montseny. Aix\u00f2 explica l'equilibrada puresa de la seva composici\u00f3, not\u00f2ria pel seu refinat gust.","robots":{"index":"index","follow":"follow","max-snippet":"max-snippet:-1","max-image-preview":"max-image-preview:large","max-video-preview":"max-video-preview:-1"},"canonical":"https:\/\/www.vichycatalan.com\/ca\/les-nostres-marques\/font-del-regas\/","og_locale":"ca_ES","og_type":"article","og_title":"Font del Reg\u00e0s - Vichy Catalan Corporation","og_description":"Font del Reg\u00e0s neix a Arb\u00facies, en ple parc natural del Montseny. Aix\u00f2 explica l'equilibrada puresa de la seva composici\u00f3, not\u00f2ria pel seu refinat gust.","og_url":"https:\/\/www.vichycatalan.com\/ca\/les-nostres-marques\/font-del-regas\/","og_site_name":"Vichy Catalan Corporation","article_modified_time":"2025-02-14T10:35:36+00:00","twitter_card":"summary_large_image","twitter_misc":{"Temps estimat de lectura":"5 minuts"},"schema":{"@context":"https:\/\/schema.org","@graph":[{"@type":"WebPage","@id":"https:\/\/www.vichycatalan.com\/ca\/les-nostres-marques\/font-del-regas\/","url":"https:\/\/www.vichycatalan.com\/ca\/les-nostres-marques\/font-del-regas\/","name":"Font del Reg\u00e0s - Vichy Catalan Corporation","isPartOf":{"@id":"https:\/\/www.vichycatalan.com\/ca\/#website"},"datePublished":"2019-02-01T10:54:22+00:00","dateModified":"2025-02-14T10:35:36+00:00","description":"Font del Reg\u00e0s neix a Arb\u00facies, en ple parc natural del Montseny. Aix\u00f2 explica l'equilibrada puresa de la seva composici\u00f3, not\u00f2ria pel seu refinat gust.","breadcrumb":{"@id":"https:\/\/www.vichycatalan.com\/ca\/les-nostres-marques\/font-del-regas\/#breadcrumb"},"inLanguage":"ca","potentialAction":[{"@type":"ReadAction","target":["https:\/\/www.vichycatalan.com\/ca\/les-nostres-marques\/font-del-regas\/"]}]},{"@type":"BreadcrumbList","@id":"https:\/\/www.vichycatalan.com\/ca\/les-nostres-marques\/font-del-regas\/#breadcrumb","itemListElement":[{"@type":"ListItem","position":1,"name":"Portada","item":"https:\/\/www.vichycatalan.com\/ca\/"},{"@type":"ListItem","position":2,"name":"Les nostres marques","item":"https:\/\/www.vichycatalan.com\/ca\/les-nostres-marques\/"},{"@type":"ListItem","position":3,"name":"Font del Reg\u00e0s"}]},{"@type":"WebSite","@id":"https:\/\/www.vichycatalan.com\/ca\/#website","url":"https:\/\/www.vichycatalan.com\/ca\/","name":"Vichy Catalan Corporation","description":"Web de Vichy Catalan Corporation","potentialAction":[{"@type":"SearchAction","target":{"@type":"EntryPoint","urlTemplate":"https:\/\/www.vichycatalan.com\/ca\/?s={search_term_string}"},"query-input":{"@type":"PropertyValueSpecification","valueRequired":true,"valueName":"search_term_string"}}],"inLanguage":"ca"}]}},"_links":{"self":[{"href":"https:\/\/www.vichycatalan.com\/ca\/wp-json\/wp\/v2\/pages\/9448","targetHints":{"allow":["GET"]}}],"collection":[{"href":"https:\/\/www.vichycatalan.com\/ca\/wp-json\/wp\/v2\/pages"}],"about":[{"href":"https:\/\/www.vichycatalan.com\/ca\/wp-json\/wp\/v2\/types\/page"}],"author":[{"embeddable":true,"href":"https:\/\/www.vichycatalan.com\/ca\/wp-json\/wp\/v2\/users\/1"}],"replies":[{"embeddable":true,"href":"https:\/\/www.vichycatalan.com\/ca\/wp-json\/wp\/v2\/comments?post=9448"}],"version-history":[{"count":0,"href":"https:\/\/www.vichycatalan.com\/ca\/wp-json\/wp\/v2\/pages\/9448\/revisions"}],"up":[{"embeddable":true,"href":"https:\/\/www.vichycatalan.com\/ca\/wp-json\/wp\/v2\/pages\/9658"}],"wp:attachment":[{"href":"https:\/\/www.vichycatalan.com\/ca\/wp-json\/wp\/v2\/media?parent=9448"}],"curies":[{"name":"wp","href":"https:\/\/api.w.org\/{rel}","templated":true}]}}